{"id":8,"date":"2019-06-29T09:45:33","date_gmt":"2019-06-29T07:45:33","guid":{"rendered":"https:\/\/www.boutiquedellarte.it\/?page_id=8"},"modified":"2025-09-22T09:20:46","modified_gmt":"2025-09-22T07:20:46","slug":"produzione-pellicce-italia","status":"publish","type":"page","link":"https:\/\/www.boutiquedellarte.it\/it\/","title":{"rendered":"PRODUZIONE PELLICCE ITALIA"},"content":{"rendered":"\t\t\t\t\t<div class=\"fusion-slider-container fusion-slider-sc-home-it fusion-slider-3\" style=\"height:1080px; max-width:1620px;\" data-id=\"3\" data-full_height=\"\">\n\t\t\t\t\t\t<style type=\"text\/css\">.fusion-slider-3 .flex-direction-nav a {width:40px;height:130px;line-height:130px;font-size:18px;}<\/style>\t\t\t\t\t\t<div class=\"fusion-slider-loading\">Caricamento...<\/div>\n\t\t\t\t\t\t<div class=\"tfs-slider flexslider main-flex\" data-slider_width=\"1620px\" data-slider_height=\"1080px\" data-full_screen=\"1\" data-parallax=\"0\" data-nav_arrows=\"1\" data-nav_box_width=\"40px\" data-nav_box_height=\"130px\" data-nav_arrow_size=\"18px\" data-autoplay=\"1\" data-loop=\"1\" data-orderby=\"date\" data-order=\"DESC\" data-animation=\"slide\" data-slideshow_speed=\"7000\" data-animation_speed=\"600\" data-typo_sensitivity=\".8\" data-typo_factor=\"1.5\" style=\"max-width:1620px;\">\n\t\t\t\t\t\t\t<ul class=\"slides\">\n\t\t\t\t\t\t\t\t\t\t\t\t\t\t\t\t\t<li data-mute=\"yes\" data-loop=\"yes\" data-autoplay=\"yes\">\n\t\t\t\t\t\t\t\t\t\t<div class=\"slide-content-container slide-content-center\" style=\"display: none;\">\n\t\t\t\t\t\t\t\t\t\t\t<div class=\"slide-content\" style=\"\">\n\t\t\t\t\t\t\t\t\t\t\t\t\t\t\t\t\t\t\t\t\t\t\t\t\t<div class=\"heading \">\n\t\t\t\t\t\t\t\t\t\t\t\t\t\t<div class=\"fusion-title-sc-wrapper\" style=\"\">\n\t\t\t\t\t\t\t\t\t\t\t\t\t\t\t<div class=\"fusion-title title fusion-title-1 fusion-sep-none fusion-title-center fusion-title-text fusion-title-size-two\" style=\"--awb-text-color:#ffffff;--awb-margin-bottom:0px;--awb-margin-top-small:0px;--awb-margin-right-small:0px;--awb-margin-bottom-small:20px;--awb-margin-left-small:0px;--awb-sep-color:#ffffff;--awb-font-size:40px;\"><h2 class=\"fusion-title-heading title-heading-center fusion-responsive-typography-calculated\" style=\"margin:0;font-size:1em;--fontSize:40;line-height:1.2;\"><span style=\"font-weight:700;\">ALTA QUALIT\u00c0 MADE IN ITALY<\/span><\/h2><\/div>\t\t\t\t\t\t\t\t\t\t\t\t\t\t<\/div>\n\t\t\t\t\t\t\t\t\t\t\t\t\t<\/div>\n\t\t\t\t\t\t\t\t\t\t\t\t\t\t\t\t\t\t\t\t\t\t\t\t\t\t\t\t\t\t\t\t\t\t\t\t\t<div class=\"caption \">\n\t\t\t\t\t\t\t\t\t\t\t\t\t\t<div class=\"fusion-title-sc-wrapper\" style=\"\">\n\t\t\t\t\t\t\t\t\t\t\t\t\t\t\t<div class=\"fusion-title title fusion-title-2 fusion-sep-none fusion-title-center fusion-title-text fusion-title-size-two\" style=\"--awb-text-color:#ffffff;--awb-margin-bottom:0px;--awb-margin-top-small:0px;--awb-margin-right-small:0px;--awb-margin-bottom-small:20px;--awb-margin-left-small:0px;--awb-sep-color:#ffffff;--awb-font-size:30px;\"><h2 class=\"fusion-title-heading title-heading-center fusion-responsive-typography-calculated\" style=\"margin:0;font-size:1em;--fontSize:30;line-height:1.2;\">Eccellenza italiana da 45 anni<\/h2><\/div>\t\t\t\t\t\t\t\t\t\t\t\t\t\t<\/div>\n\t\t\t\t\t\t\t\t\t\t\t\t\t<\/div>\n\t\t\t\t\t\t\t\t\t\t\t\t\t\t\t\t\t\t\t\t\t\t\t\t\t\t\t\t\t\t\t\t\t\t\t\t\t<div class=\"buttons\" >\n\t\t\t\t\t\t\t\t\t\t\t\t\t\t\t\t\t\t\t\t\t\t\t\t\t\t\t\t\t<div class=\"tfs-button-1\"><div class=\"fusion-button-wrapper fusion-aligncenter\"><a class=\"fusion-button button-flat button-xlarge button-custom fusion-button-default button-1 fusion-button-default-span fusion-button-default-type\" style=\"--button_accent_color:#ffffff;--button_border_color:#cc0000;--button_accent_hover_color:#ffffff;--button_border_hover_color:#cc0000;--button_border_width-top:1px;--button_border_width-right:1px;--button_border_width-bottom:1px;--button_border_width-left:1px;--button_gradient_top_color:#cc0000;--button_gradient_bottom_color:#cc0000;--button_gradient_top_color_hover:#cc0000;--button_gradient_bottom_color_hover:#cc0000;\" target=\"_self\" href=\"https:\/\/www.boutiquedellarte.it\/it\/collezione-donna\/\"><span class=\"fusion-button-text awb-button__text awb-button__text--default\">SCOPRI LA COLLEZIONE<\/span><\/a><\/div><\/div>\n\t\t\t\t\t\t\t\t\t\t\t\t\t\t\t\t\t\t\t\t\t\t\t\t\t\t\t\t\t\t\t\t\t\t\t\t\t\t\t\t\t<\/div>\n\t\t\t\t\t\t\t\t\t\t\t\t\t\t\t\t\t\t\t\t\t\t\t<\/div>\n\t\t\t\t\t\t\t\t\t\t<\/div>\n\t\t\t\t\t\t\t\t\t\t\t\t\t\t\t\t\t\t\t\t\t\t\t\t\t\t\t\t\t\t\t\t\t\t\t\t\t\t\t\t<div class=\"background background-image\" style=\"background-image: url(https:\/\/www.boutiquedellarte.it\/wp-content\/uploads\/2025\/09\/Boutique-dell-Arte-Pellicceria-1.jpg);max-width:1620px;height:1080px;filter: progid:DXImageTransform.Microsoft.AlphaImageLoader(src='https:\/\/www.boutiquedellarte.it\/wp-content\/uploads\/2025\/09\/Boutique-dell-Arte-Pellicceria-1.jpg', sizingMethod='scale');\" data-imgwidth=\"1600\">\n\t\t\t\t\t\t\t\t\t\t\t\t\t\t\t\t\t\t\t\t\t\t\t\t\t\t\t\t\t\t\t\t\t\t\t\t\t\t\t\t\t\t\t\t\t\t\t\t\t\t\t\t\t\t\t\t\t\t\t\t\t\t\t\t\t\t<\/div>\n\t\t\t\t\t\t\t\t\t<\/li>\n\t\t\t\t\t\t\t\t\t\t\t\t\t\t\t\t\t<li data-mute=\"yes\" data-loop=\"yes\" data-autoplay=\"yes\">\n\t\t\t\t\t\t\t\t\t\t<div class=\"slide-content-container slide-content-left\" style=\"display: none;\">\n\t\t\t\t\t\t\t\t\t\t\t<div class=\"slide-content\" style=\"\">\n\t\t\t\t\t\t\t\t\t\t\t\t\t\t\t\t\t\t\t\t\t\t\t\t\t<div class=\"heading with-bg\">\n\t\t\t\t\t\t\t\t\t\t\t\t\t\t<div class=\"fusion-title-sc-wrapper\" style=\"background-color: rgba(0,0,0, 0.4);\">\n\t\t\t\t\t\t\t\t\t\t\t\t\t\t\t<div class=\"fusion-title title fusion-title-3 fusion-sep-none fusion-title-text fusion-title-size-one\" style=\"--awb-text-color:#ffffff;--awb-margin-bottom:0px;--awb-margin-top-small:0px;--awb-margin-right-small:0px;--awb-margin-bottom-small:20px;--awb-margin-left-small:0px;--awb-sep-color:#ffffff;--awb-font-size:48px;\"><h1 class=\"fusion-title-heading title-heading-left fusion-responsive-typography-calculated\" style=\"margin:0;font-size:1em;--fontSize:48;line-height:1.2;\"><span style=\"font-weight:700;\">CAMBIA LA TUA PELLICCIA<\/span><\/h1><\/div>\t\t\t\t\t\t\t\t\t\t\t\t\t\t<\/div>\n\t\t\t\t\t\t\t\t\t\t\t\t\t<\/div>\n\t\t\t\t\t\t\t\t\t\t\t\t\t\t\t\t\t\t\t\t\t\t\t\t\t\t\t\t\t\t\t\t\t\t\t\t\t<div class=\"caption with-bg\">\n\t\t\t\t\t\t\t\t\t\t\t\t\t\t<div class=\"fusion-title-sc-wrapper\" style=\"background-color: rgba(0, 0, 0, 0.4);\">\n\t\t\t\t\t\t\t\t\t\t\t\t\t\t\t<div class=\"fusion-title title fusion-title-4 fusion-sep-none fusion-title-text fusion-title-size-two\" style=\"--awb-text-color:#ffffff;--awb-margin-bottom:0px;--awb-margin-top-small:0px;--awb-margin-right-small:0px;--awb-margin-bottom-small:20px;--awb-margin-left-small:0px;--awb-sep-color:#ffffff;--awb-font-size:30px;\"><h2 class=\"fusion-title-heading title-heading-left fusion-responsive-typography-calculated\" style=\"margin:0;font-size:1em;--fontSize:30;line-height:1.2;\">Valutiamo e permutiamo la tua vecchia pelliccia<\/h2><\/div>\t\t\t\t\t\t\t\t\t\t\t\t\t\t<\/div>\n\t\t\t\t\t\t\t\t\t\t\t\t\t<\/div>\n\t\t\t\t\t\t\t\t\t\t\t\t\t\t\t\t\t\t\t\t\t\t\t\t\t\t\t\t\t\t\t\t\t\t\t\t\t<div class=\"buttons\" >\n\t\t\t\t\t\t\t\t\t\t\t\t\t\t\t\t\t\t\t\t\t\t\t\t\t\t\t\t\t<div class=\"tfs-button-1\"><div class=\"fusion-button-wrapper fusion-alignleft\"><a class=\"fusion-button button-flat button-xlarge button-custom fusion-button-default button-2 fusion-button-default-span fusion-button-default-type\" style=\"--button_accent_color:#ffffff;--button_border_color:#cc0000;--button_accent_hover_color:#ffffff;--button_border_hover_color:#cc0000;--button_border_width-top:1px;--button_border_width-right:1px;--button_border_width-bottom:1px;--button_border_width-left:1px;--button_gradient_top_color:#cc0000;--button_gradient_bottom_color:#cc0000;--button_gradient_top_color_hover:#cc0000;--button_gradient_bottom_color_hover:#cc0000;\" target=\"_self\" href=\"https:\/\/www.boutiquedellarte.it\/it\/cambio-pelliccia\/\"><span class=\"fusion-button-text awb-button__text awb-button__text--default\">SCOPRI TUTTI I VANTAGGI<\/span><\/a><\/div>\r\n\r\n<\/div>\n\t\t\t\t\t\t\t\t\t\t\t\t\t\t\t\t\t\t\t\t\t\t\t\t\t\t\t\t\t\t\t\t\t\t\t\t\t\t\t\t\t<\/div>\n\t\t\t\t\t\t\t\t\t\t\t\t\t\t\t\t\t\t\t\t\t\t\t<\/div>\n\t\t\t\t\t\t\t\t\t\t<\/div>\n\t\t\t\t\t\t\t\t\t\t\t\t\t\t\t\t\t\t\t\t\t\t\t\t\t\t\t\t\t\t\t\t\t\t\t\t\t\t\t\t<div class=\"background background-image\" style=\"background-image: url(https:\/\/www.boutiquedellarte.it\/wp-content\/uploads\/2025\/09\/Boutique-dell-Arte-Pellicceria-2.jpg);max-width:1620px;height:1080px;filter: progid:DXImageTransform.Microsoft.AlphaImageLoader(src='https:\/\/www.boutiquedellarte.it\/wp-content\/uploads\/2025\/09\/Boutique-dell-Arte-Pellicceria-2.jpg', sizingMethod='scale');\" data-imgwidth=\"1600\">\n\t\t\t\t\t\t\t\t\t\t\t\t\t\t\t\t\t\t\t\t\t\t\t\t\t\t\t\t\t\t\t\t\t\t\t\t\t\t\t\t\t\t\t\t\t\t\t\t\t\t\t\t\t\t\t\t\t\t\t\t\t\t\t\t\t\t<\/div>\n\t\t\t\t\t\t\t\t\t<\/li>\n\t\t\t\t\t\t\t\t\t\t\t\t\t\t\t\t\t<li data-mute=\"yes\" data-loop=\"yes\" data-autoplay=\"yes\">\n\t\t\t\t\t\t\t\t\t\t<div class=\"slide-content-container slide-content-left\" style=\"display: none;\">\n\t\t\t\t\t\t\t\t\t\t\t<div class=\"slide-content\" style=\"\">\n\t\t\t\t\t\t\t\t\t\t\t\t\t\t\t\t\t\t\t\t\t\t\t\t\t<div class=\"heading with-bg\">\n\t\t\t\t\t\t\t\t\t\t\t\t\t\t<div class=\"fusion-title-sc-wrapper\" style=\"background-color: rgba(0,0,0, 0.4);\">\n\t\t\t\t\t\t\t\t\t\t\t\t\t\t\t<div class=\"fusion-title title fusion-title-5 fusion-sep-none fusion-title-text fusion-title-size-two\" style=\"--awb-text-color:#ffffff;--awb-margin-bottom:0px;--awb-margin-top-small:0px;--awb-margin-right-small:0px;--awb-margin-bottom-small:20px;--awb-margin-left-small:0px;--awb-sep-color:#ffffff;--awb-font-size:48px;\"><h2 class=\"fusion-title-heading title-heading-left fusion-responsive-typography-calculated\" style=\"margin:0;font-size:1em;--fontSize:48;line-height:1.2;\"><span style=\"font-weight:700;\">ECOPELLICCE E PIUMINI<\/span><\/h2><\/div>\t\t\t\t\t\t\t\t\t\t\t\t\t\t<\/div>\n\t\t\t\t\t\t\t\t\t\t\t\t\t<\/div>\n\t\t\t\t\t\t\t\t\t\t\t\t\t\t\t\t\t\t\t\t\t\t\t\t\t\t\t\t\t\t\t\t\t\t\t\t\t\t\t\t\t\t\t\t\t\t\t\t\t<div class=\"buttons\" >\n\t\t\t\t\t\t\t\t\t\t\t\t\t\t\t\t\t\t\t\t\t\t\t\t\t\t\t\t\t<div class=\"tfs-button-1\"><div class=\"fusion-button-wrapper fusion-alignleft\"><a class=\"fusion-button button-flat button-xlarge button-custom fusion-button-default button-3 fusion-button-default-span fusion-button-default-type\" style=\"--button_accent_color:#ffffff;--button_border_color:#cc0000;--button_accent_hover_color:#ffffff;--button_border_hover_color:#cc0000;--button_border_width-top:1px;--button_border_width-right:1px;--button_border_width-bottom:1px;--button_border_width-left:1px;--button_gradient_top_color:#cc0000;--button_gradient_bottom_color:#cc0000;--button_gradient_top_color_hover:#cc0000;--button_gradient_bottom_color_hover:#cc0000;\" target=\"_self\" href=\"https:\/\/www.boutiquedellarte.it\/it\/ecopellicce\/\"><span class=\"fusion-button-text awb-button__text awb-button__text--default\">SCOPRI LA COLLEZIONE<\/span><\/a><\/div>\r\n\r\n<\/div>\n\t\t\t\t\t\t\t\t\t\t\t\t\t\t\t\t\t\t\t\t\t\t\t\t\t\t\t\t\t\t\t\t\t\t\t\t\t\t\t\t\t<\/div>\n\t\t\t\t\t\t\t\t\t\t\t\t\t\t\t\t\t\t\t\t\t\t\t<\/div>\n\t\t\t\t\t\t\t\t\t\t<\/div>\n\t\t\t\t\t\t\t\t\t\t\t\t\t\t\t\t\t\t\t\t\t\t\t\t\t\t\t\t\t\t\t\t\t\t\t\t\t\t\t\t<div class=\"background background-image\" style=\"background-image: url(https:\/\/www.boutiquedellarte.it\/wp-content\/uploads\/2025\/09\/Boutique-dell-Arte-Pellicceria-3.jpg);max-width:1620px;height:1080px;filter: progid:DXImageTransform.Microsoft.AlphaImageLoader(src='https:\/\/www.boutiquedellarte.it\/wp-content\/uploads\/2025\/09\/Boutique-dell-Arte-Pellicceria-3.jpg', sizingMethod='scale');\" data-imgwidth=\"1600\">\n\t\t\t\t\t\t\t\t\t\t\t\t\t\t\t\t\t\t\t\t\t\t\t\t\t\t\t\t\t\t\t\t\t\t\t\t\t\t\t\t\t\t\t\t\t\t\t\t\t\t\t\t\t\t\t\t\t\t\t\t\t\t\t\t\t\t<\/div>\n\t\t\t\t\t\t\t\t\t<\/li>\n\t\t\t\t\t\t\t\t\t\t\t\t\t\t\t\t\t\t\t\t\t\t\t<\/ul>\n\t\t\t\t\t\t<\/div>\n\t\t\t\t\t<\/div>\n\t\t\t\t\t\t\t\t\n<div class=\"fusion-fullwidth fullwidth-box fusion-builder-row-1 hundred-percent-fullwidth non-hundred-percent-height-scrolling fusion-equal-height-columns\" style=\"--awb-border-radius-top-left:0px;--awb-border-radius-top-right:0px;--awb-border-radius-bottom-right:0px;--awb-border-radius-bottom-left:0px;--awb-padding-top:0px;--awb-padding-right:30px;--awb-padding-bottom:0px;--awb-padding-left:30px;--awb-margin-top:40px;--awb-margin-bottom:60px;--awb-flex-wrap:wrap;\" ><\/p>\n<h1 style=\"text-align: center;\">PRODUZIONE ITALIANA<\/h1>\n<div class=\"fusion-sep-clear\"><\/div><div class=\"fusion-separator\" style=\"margin-left: auto;margin-right: auto;margin-top:5px;margin-bottom:0px;width:100%;max-width:3%;\"><div class=\"fusion-separator-border sep-single sep-solid\" style=\"--awb-height:20px;--awb-amount:20px;--awb-sep-color:#999999;border-color:#999999;border-top-width:1px;\"><\/div><\/div><div class=\"fusion-sep-clear\"><\/div>\n<h2 style=\"text-align: center;\">Boutique dell&#8217;Arte<\/h2>\n<div class=\"fusion-builder-row fusion-row\">\n<div class=\"fusion-layout-column fusion_builder_column fusion-builder-column-0 fusion_builder_column_1_6 1_6 fusion-one-sixth fusion-column-first\" style=\"--awb-bg-size:cover;width:16.666666666667%;width:calc(16.666666666667% - ( ( 4% + 4% ) * 0.16666666666667 ) );margin-right: 4%;\"><div class=\"fusion-column-wrapper fusion-flex-column-wrapper-legacy\"><div class=\"fusion-clearfix\"><\/div><\/div><\/div>\n<div class=\"fusion-layout-column fusion_builder_column fusion-builder-column-1 fusion_builder_column_2_3 2_3 fusion-two-third\" style=\"--awb-bg-size:cover;width:66.666666666667%;width:calc(66.666666666667% - ( ( 4% + 4% ) * 0.66666666666667 ) );margin-right: 4%;\"><div class=\"fusion-column-wrapper fusion-flex-column-wrapper-legacy\">\n<p>Una realt\u00e0 affermata da 45 anni e riconosciuta a livello internazionale.\u2028 Boutique dell\u2019Arte realizza e vende direttamente al pubblico capi di alta qualit\u00e0: pellicce, ecopellicce, shearling, piumini e abbigliamento esclusivo.<\/p>\n<p>Ogni creazione nasce dall\u2019esperienza di artigiani qualificati, che operano secondo la tradizione sartoriale italiana, unendo qualit\u00e0 ed eccellenza del Made in Italy. \u2028Boutique dell\u2019Arte cura ogni minimo dettaglio e seleziona solo tessuti e materiali pregiati, scelti con scrupolosa attenzione.<\/p>\n<p>Tradizione, continua innovazione e ricerca sono i punti di forza di Boutique dell\u2019Arte che, fin dagli esordi, propone capi di altissima qualit\u00e0 con uno stile che dura nel tempo.<\/p>\n<div class=\"fusion-clearfix\"><\/div><\/div><\/div>\n<div class=\"fusion-layout-column fusion_builder_column fusion-builder-column-2 fusion_builder_column_1_6 1_6 fusion-one-sixth fusion-column-last\" style=\"--awb-bg-size:cover;width:16.666666666667%;width:calc(16.666666666667% - ( ( 4% + 4% ) * 0.16666666666667 ) );\"><div class=\"fusion-column-wrapper fusion-flex-column-wrapper-legacy\"><div class=\"fusion-clearfix\"><\/div><\/div><\/div>\n<\/div>\n<p><\/div>\n<div class=\"fusion-fullwidth fullwidth-box fusion-builder-row-2 hundred-percent-fullwidth non-hundred-percent-height-scrolling\" style=\"--awb-border-radius-top-left:0px;--awb-border-radius-top-right:0px;--awb-border-radius-bottom-right:0px;--awb-border-radius-bottom-left:0px;--awb-padding-top:5px;--awb-padding-right:30px;--awb-padding-bottom:30px;--awb-padding-left:30px;--awb-margin-top:60px;--awb-margin-bottom:10px;--awb-background-color:#ffffff;--awb-flex-wrap:wrap;\" ><\/p>\n<div class=\"fusion-sep-clear\"><\/div><div class=\"fusion-separator fusion-full-width-sep\" style=\"margin-left: auto;margin-right: auto;margin-top:-50px;width:100%;\"><\/div><div class=\"fusion-sep-clear\"><\/div>\n<div class=\"fusion-image-carousel fusion-image-carousel-auto fusion-image-carousel-1 lightbox-enabled\"><div class=\"awb-carousel awb-swiper awb-swiper-carousel awb-carousel--carousel awb-swiper-dots-position-bottom\" data-layout=\"carousel\" data-autoplay=\"yes\" data-autoplayspeed=\"5000\" data-autoplaypause=\"no\" data-loop=\"yes\" data-columns=\"3\" data-columnsmedium=\"1\" data-columnssmall=\"1\" data-itemmargin=\"5\" data-itemwidth=\"180\" data-touchscroll=\"drag\" data-freemode=\"no\" data-imagesize=\"auto\" data-scrollitems=\"0\" data-centeredslides=\"no\" data-rotationangle=\"50\" data-depth=\"100\" data-speed=\"500\" data-shadow=\"no\" data-pagination=\"bullets\" style=\"--awb-columns:3;--awb-column-spacing:5px;\"><div class=\"swiper-wrapper awb-image-carousel-wrapper fusion-flex-align-items-center\"><div class=\"swiper-slide\"><div class=\"fusion-carousel-item-wrapper\"><div class=\"fusion-image-wrapper hover-type-zoomin\"><img decoding=\"async\" width=\"2000\" height=\"3000\" src=\"https:\/\/www.boutiquedellarte.it\/wp-content\/uploads\/2025\/09\/01-GIACCHINO-PELLICCIA-ANIMALIER-E-VOLPE-1.jpg\" class=\"attachment-full size-full lazyload\" alt=\"produzione pellicce\" srcset=\"data:image\/svg+xml,%3Csvg%20xmlns%3D%27http%3A%2F%2Fwww.w3.org%2F2000%2Fsvg%27%20width%3D%272000%27%20height%3D%273000%27%20viewBox%3D%270%200%202000%203000%27%3E%3Crect%20width%3D%272000%27%20height%3D%273000%27%20fill-opacity%3D%220%22%2F%3E%3C%2Fsvg%3E\" data-orig-src=\"https:\/\/www.boutiquedellarte.it\/wp-content\/uploads\/2025\/09\/01-GIACCHINO-PELLICCIA-ANIMALIER-E-VOLPE-1.jpg\" data-srcset=\"https:\/\/www.boutiquedellarte.it\/wp-content\/uploads\/2025\/09\/01-GIACCHINO-PELLICCIA-ANIMALIER-E-VOLPE-1-200x300.jpg 200w, https:\/\/www.boutiquedellarte.it\/wp-content\/uploads\/2025\/09\/01-GIACCHINO-PELLICCIA-ANIMALIER-E-VOLPE-1-400x600.jpg 400w, https:\/\/www.boutiquedellarte.it\/wp-content\/uploads\/2025\/09\/01-GIACCHINO-PELLICCIA-ANIMALIER-E-VOLPE-1-600x900.jpg 600w, https:\/\/www.boutiquedellarte.it\/wp-content\/uploads\/2025\/09\/01-GIACCHINO-PELLICCIA-ANIMALIER-E-VOLPE-1-800x1200.jpg 800w, https:\/\/www.boutiquedellarte.it\/wp-content\/uploads\/2025\/09\/01-GIACCHINO-PELLICCIA-ANIMALIER-E-VOLPE-1-1200x1800.jpg 1200w, https:\/\/www.boutiquedellarte.it\/wp-content\/uploads\/2025\/09\/01-GIACCHINO-PELLICCIA-ANIMALIER-E-VOLPE-1.jpg 2000w\" data-sizes=\"auto\" \/><\/div><\/div><\/div><div class=\"swiper-slide\"><div class=\"fusion-carousel-item-wrapper\"><div class=\"fusion-image-wrapper hover-type-zoomin\"><img decoding=\"async\" width=\"2000\" height=\"3000\" src=\"https:\/\/www.boutiquedellarte.it\/wp-content\/uploads\/2025\/09\/06-VISONE-CON-VOILE-E-SWAROVSKI-1.jpg\" class=\"attachment-full size-full lazyload\" alt=\"produzione pellicce\" srcset=\"data:image\/svg+xml,%3Csvg%20xmlns%3D%27http%3A%2F%2Fwww.w3.org%2F2000%2Fsvg%27%20width%3D%272000%27%20height%3D%273000%27%20viewBox%3D%270%200%202000%203000%27%3E%3Crect%20width%3D%272000%27%20height%3D%273000%27%20fill-opacity%3D%220%22%2F%3E%3C%2Fsvg%3E\" data-orig-src=\"https:\/\/www.boutiquedellarte.it\/wp-content\/uploads\/2025\/09\/06-VISONE-CON-VOILE-E-SWAROVSKI-1.jpg\" data-srcset=\"https:\/\/www.boutiquedellarte.it\/wp-content\/uploads\/2025\/09\/06-VISONE-CON-VOILE-E-SWAROVSKI-1-200x300.jpg 200w, https:\/\/www.boutiquedellarte.it\/wp-content\/uploads\/2025\/09\/06-VISONE-CON-VOILE-E-SWAROVSKI-1-400x600.jpg 400w, https:\/\/www.boutiquedellarte.it\/wp-content\/uploads\/2025\/09\/06-VISONE-CON-VOILE-E-SWAROVSKI-1-600x900.jpg 600w, https:\/\/www.boutiquedellarte.it\/wp-content\/uploads\/2025\/09\/06-VISONE-CON-VOILE-E-SWAROVSKI-1-800x1200.jpg 800w, https:\/\/www.boutiquedellarte.it\/wp-content\/uploads\/2025\/09\/06-VISONE-CON-VOILE-E-SWAROVSKI-1-1200x1800.jpg 1200w, https:\/\/www.boutiquedellarte.it\/wp-content\/uploads\/2025\/09\/06-VISONE-CON-VOILE-E-SWAROVSKI-1.jpg 2000w\" data-sizes=\"auto\" \/><\/div><\/div><\/div><div class=\"swiper-slide\"><div class=\"fusion-carousel-item-wrapper\"><div class=\"fusion-image-wrapper hover-type-zoomin\"><img decoding=\"async\" width=\"2000\" height=\"3000\" src=\"https:\/\/www.boutiquedellarte.it\/wp-content\/uploads\/2025\/09\/46-GIUBBOTTO-ANIMALIER-2.jpg\" class=\"attachment-full size-full lazyload\" alt=\"produzione pellicce made in Italy\" srcset=\"data:image\/svg+xml,%3Csvg%20xmlns%3D%27http%3A%2F%2Fwww.w3.org%2F2000%2Fsvg%27%20width%3D%272000%27%20height%3D%273000%27%20viewBox%3D%270%200%202000%203000%27%3E%3Crect%20width%3D%272000%27%20height%3D%273000%27%20fill-opacity%3D%220%22%2F%3E%3C%2Fsvg%3E\" data-orig-src=\"https:\/\/www.boutiquedellarte.it\/wp-content\/uploads\/2025\/09\/46-GIUBBOTTO-ANIMALIER-2.jpg\" data-srcset=\"https:\/\/www.boutiquedellarte.it\/wp-content\/uploads\/2025\/09\/46-GIUBBOTTO-ANIMALIER-2-200x300.jpg 200w, https:\/\/www.boutiquedellarte.it\/wp-content\/uploads\/2025\/09\/46-GIUBBOTTO-ANIMALIER-2-400x600.jpg 400w, https:\/\/www.boutiquedellarte.it\/wp-content\/uploads\/2025\/09\/46-GIUBBOTTO-ANIMALIER-2-600x900.jpg 600w, https:\/\/www.boutiquedellarte.it\/wp-content\/uploads\/2025\/09\/46-GIUBBOTTO-ANIMALIER-2-800x1200.jpg 800w, https:\/\/www.boutiquedellarte.it\/wp-content\/uploads\/2025\/09\/46-GIUBBOTTO-ANIMALIER-2-1200x1800.jpg 1200w, https:\/\/www.boutiquedellarte.it\/wp-content\/uploads\/2025\/09\/46-GIUBBOTTO-ANIMALIER-2.jpg 2000w\" data-sizes=\"auto\" \/><\/div><\/div><\/div><div class=\"swiper-slide\"><div class=\"fusion-carousel-item-wrapper\"><div class=\"fusion-image-wrapper hover-type-zoomin\"><img decoding=\"async\" width=\"2000\" height=\"3000\" src=\"https:\/\/www.boutiquedellarte.it\/wp-content\/uploads\/2025\/09\/15-CAPPOTTINO-VELLUTO-E-PELLICCIA-ANIMALIER-3.jpg\" class=\"attachment-full size-full lazyload\" alt=\"produzione pellicce made in Italy\" srcset=\"data:image\/svg+xml,%3Csvg%20xmlns%3D%27http%3A%2F%2Fwww.w3.org%2F2000%2Fsvg%27%20width%3D%272000%27%20height%3D%273000%27%20viewBox%3D%270%200%202000%203000%27%3E%3Crect%20width%3D%272000%27%20height%3D%273000%27%20fill-opacity%3D%220%22%2F%3E%3C%2Fsvg%3E\" data-orig-src=\"https:\/\/www.boutiquedellarte.it\/wp-content\/uploads\/2025\/09\/15-CAPPOTTINO-VELLUTO-E-PELLICCIA-ANIMALIER-3.jpg\" data-srcset=\"https:\/\/www.boutiquedellarte.it\/wp-content\/uploads\/2025\/09\/15-CAPPOTTINO-VELLUTO-E-PELLICCIA-ANIMALIER-3-200x300.jpg 200w, https:\/\/www.boutiquedellarte.it\/wp-content\/uploads\/2025\/09\/15-CAPPOTTINO-VELLUTO-E-PELLICCIA-ANIMALIER-3-400x600.jpg 400w, https:\/\/www.boutiquedellarte.it\/wp-content\/uploads\/2025\/09\/15-CAPPOTTINO-VELLUTO-E-PELLICCIA-ANIMALIER-3-600x900.jpg 600w, https:\/\/www.boutiquedellarte.it\/wp-content\/uploads\/2025\/09\/15-CAPPOTTINO-VELLUTO-E-PELLICCIA-ANIMALIER-3-800x1200.jpg 800w, https:\/\/www.boutiquedellarte.it\/wp-content\/uploads\/2025\/09\/15-CAPPOTTINO-VELLUTO-E-PELLICCIA-ANIMALIER-3-1200x1800.jpg 1200w, https:\/\/www.boutiquedellarte.it\/wp-content\/uploads\/2025\/09\/15-CAPPOTTINO-VELLUTO-E-PELLICCIA-ANIMALIER-3.jpg 2000w\" data-sizes=\"auto\" \/><\/div><\/div><\/div><div class=\"swiper-slide\"><div class=\"fusion-carousel-item-wrapper\"><div class=\"fusion-image-wrapper hover-type-zoomin\"><img decoding=\"async\" width=\"2000\" height=\"3000\" src=\"https:\/\/www.boutiquedellarte.it\/wp-content\/uploads\/2025\/09\/09-COPRISPALLE-VOLPE-BLACK-13.jpg\" class=\"attachment-full size-full lazyload\" alt=\"produzione pellicce made in Italy\" srcset=\"data:image\/svg+xml,%3Csvg%20xmlns%3D%27http%3A%2F%2Fwww.w3.org%2F2000%2Fsvg%27%20width%3D%272000%27%20height%3D%273000%27%20viewBox%3D%270%200%202000%203000%27%3E%3Crect%20width%3D%272000%27%20height%3D%273000%27%20fill-opacity%3D%220%22%2F%3E%3C%2Fsvg%3E\" data-orig-src=\"https:\/\/www.boutiquedellarte.it\/wp-content\/uploads\/2025\/09\/09-COPRISPALLE-VOLPE-BLACK-13.jpg\" data-srcset=\"https:\/\/www.boutiquedellarte.it\/wp-content\/uploads\/2025\/09\/09-COPRISPALLE-VOLPE-BLACK-13-200x300.jpg 200w, https:\/\/www.boutiquedellarte.it\/wp-content\/uploads\/2025\/09\/09-COPRISPALLE-VOLPE-BLACK-13-400x600.jpg 400w, https:\/\/www.boutiquedellarte.it\/wp-content\/uploads\/2025\/09\/09-COPRISPALLE-VOLPE-BLACK-13-600x900.jpg 600w, https:\/\/www.boutiquedellarte.it\/wp-content\/uploads\/2025\/09\/09-COPRISPALLE-VOLPE-BLACK-13-800x1200.jpg 800w, https:\/\/www.boutiquedellarte.it\/wp-content\/uploads\/2025\/09\/09-COPRISPALLE-VOLPE-BLACK-13-1200x1800.jpg 1200w, https:\/\/www.boutiquedellarte.it\/wp-content\/uploads\/2025\/09\/09-COPRISPALLE-VOLPE-BLACK-13.jpg 2000w\" data-sizes=\"auto\" \/><\/div><\/div><\/div><div class=\"swiper-slide\"><div class=\"fusion-carousel-item-wrapper\"><div class=\"fusion-image-wrapper hover-type-zoomin\"><img decoding=\"async\" width=\"2000\" height=\"3000\" src=\"https:\/\/www.boutiquedellarte.it\/wp-content\/uploads\/2025\/09\/17-GIACCONE-LINCE-CON-CAPPUCCIO-3.jpg\" class=\"attachment-full size-full lazyload\" alt=\"produzione pellicce made in Italy\" srcset=\"data:image\/svg+xml,%3Csvg%20xmlns%3D%27http%3A%2F%2Fwww.w3.org%2F2000%2Fsvg%27%20width%3D%272000%27%20height%3D%273000%27%20viewBox%3D%270%200%202000%203000%27%3E%3Crect%20width%3D%272000%27%20height%3D%273000%27%20fill-opacity%3D%220%22%2F%3E%3C%2Fsvg%3E\" data-orig-src=\"https:\/\/www.boutiquedellarte.it\/wp-content\/uploads\/2025\/09\/17-GIACCONE-LINCE-CON-CAPPUCCIO-3.jpg\" data-srcset=\"https:\/\/www.boutiquedellarte.it\/wp-content\/uploads\/2025\/09\/17-GIACCONE-LINCE-CON-CAPPUCCIO-3-200x300.jpg 200w, https:\/\/www.boutiquedellarte.it\/wp-content\/uploads\/2025\/09\/17-GIACCONE-LINCE-CON-CAPPUCCIO-3-400x600.jpg 400w, https:\/\/www.boutiquedellarte.it\/wp-content\/uploads\/2025\/09\/17-GIACCONE-LINCE-CON-CAPPUCCIO-3-600x900.jpg 600w, https:\/\/www.boutiquedellarte.it\/wp-content\/uploads\/2025\/09\/17-GIACCONE-LINCE-CON-CAPPUCCIO-3-800x1200.jpg 800w, https:\/\/www.boutiquedellarte.it\/wp-content\/uploads\/2025\/09\/17-GIACCONE-LINCE-CON-CAPPUCCIO-3-1200x1800.jpg 1200w, https:\/\/www.boutiquedellarte.it\/wp-content\/uploads\/2025\/09\/17-GIACCONE-LINCE-CON-CAPPUCCIO-3.jpg 2000w\" data-sizes=\"auto\" \/><\/div><\/div><\/div><div class=\"swiper-slide\"><div class=\"fusion-carousel-item-wrapper\"><div class=\"fusion-image-wrapper hover-type-zoomin\"><img decoding=\"async\" width=\"2000\" height=\"3000\" src=\"https:\/\/www.boutiquedellarte.it\/wp-content\/uploads\/2025\/09\/16-CAPPOTTO-LANA-SETA-E-PELLICCIA-2.jpg\" class=\"attachment-full size-full lazyload\" alt=\"produzione pellicce made in Italy\" srcset=\"data:image\/svg+xml,%3Csvg%20xmlns%3D%27http%3A%2F%2Fwww.w3.org%2F2000%2Fsvg%27%20width%3D%272000%27%20height%3D%273000%27%20viewBox%3D%270%200%202000%203000%27%3E%3Crect%20width%3D%272000%27%20height%3D%273000%27%20fill-opacity%3D%220%22%2F%3E%3C%2Fsvg%3E\" data-orig-src=\"https:\/\/www.boutiquedellarte.it\/wp-content\/uploads\/2025\/09\/16-CAPPOTTO-LANA-SETA-E-PELLICCIA-2.jpg\" data-srcset=\"https:\/\/www.boutiquedellarte.it\/wp-content\/uploads\/2025\/09\/16-CAPPOTTO-LANA-SETA-E-PELLICCIA-2-200x300.jpg 200w, https:\/\/www.boutiquedellarte.it\/wp-content\/uploads\/2025\/09\/16-CAPPOTTO-LANA-SETA-E-PELLICCIA-2-400x600.jpg 400w, https:\/\/www.boutiquedellarte.it\/wp-content\/uploads\/2025\/09\/16-CAPPOTTO-LANA-SETA-E-PELLICCIA-2-600x900.jpg 600w, https:\/\/www.boutiquedellarte.it\/wp-content\/uploads\/2025\/09\/16-CAPPOTTO-LANA-SETA-E-PELLICCIA-2-800x1200.jpg 800w, https:\/\/www.boutiquedellarte.it\/wp-content\/uploads\/2025\/09\/16-CAPPOTTO-LANA-SETA-E-PELLICCIA-2-1200x1800.jpg 1200w, https:\/\/www.boutiquedellarte.it\/wp-content\/uploads\/2025\/09\/16-CAPPOTTO-LANA-SETA-E-PELLICCIA-2.jpg 2000w\" data-sizes=\"auto\" \/><\/div><\/div><\/div><div class=\"swiper-slide\"><div class=\"fusion-carousel-item-wrapper\"><div class=\"fusion-image-wrapper hover-type-zoomin\"><img decoding=\"async\" width=\"2000\" height=\"3000\" src=\"https:\/\/www.boutiquedellarte.it\/wp-content\/uploads\/2025\/09\/23-CAPPOTTO-VISONE-2.jpg\" class=\"attachment-full size-full lazyload\" alt=\"produzione pellicce made in Italy\" srcset=\"data:image\/svg+xml,%3Csvg%20xmlns%3D%27http%3A%2F%2Fwww.w3.org%2F2000%2Fsvg%27%20width%3D%272000%27%20height%3D%273000%27%20viewBox%3D%270%200%202000%203000%27%3E%3Crect%20width%3D%272000%27%20height%3D%273000%27%20fill-opacity%3D%220%22%2F%3E%3C%2Fsvg%3E\" data-orig-src=\"https:\/\/www.boutiquedellarte.it\/wp-content\/uploads\/2025\/09\/23-CAPPOTTO-VISONE-2.jpg\" data-srcset=\"https:\/\/www.boutiquedellarte.it\/wp-content\/uploads\/2025\/09\/23-CAPPOTTO-VISONE-2-200x300.jpg 200w, https:\/\/www.boutiquedellarte.it\/wp-content\/uploads\/2025\/09\/23-CAPPOTTO-VISONE-2-400x600.jpg 400w, https:\/\/www.boutiquedellarte.it\/wp-content\/uploads\/2025\/09\/23-CAPPOTTO-VISONE-2-600x900.jpg 600w, https:\/\/www.boutiquedellarte.it\/wp-content\/uploads\/2025\/09\/23-CAPPOTTO-VISONE-2-800x1200.jpg 800w, https:\/\/www.boutiquedellarte.it\/wp-content\/uploads\/2025\/09\/23-CAPPOTTO-VISONE-2-1200x1800.jpg 1200w, https:\/\/www.boutiquedellarte.it\/wp-content\/uploads\/2025\/09\/23-CAPPOTTO-VISONE-2.jpg 2000w\" data-sizes=\"auto\" \/><\/div><\/div><\/div><div class=\"swiper-slide\"><div class=\"fusion-carousel-item-wrapper\"><div class=\"fusion-image-wrapper hover-type-zoomin\"><img decoding=\"async\" width=\"2000\" height=\"3000\" src=\"https:\/\/www.boutiquedellarte.it\/wp-content\/uploads\/2025\/09\/33-CAPPOTTINO-VOLPE-NUVOLA-1.jpg\" class=\"attachment-full size-full lazyload\" alt=\"produzione pellicce made in Italy\" srcset=\"data:image\/svg+xml,%3Csvg%20xmlns%3D%27http%3A%2F%2Fwww.w3.org%2F2000%2Fsvg%27%20width%3D%272000%27%20height%3D%273000%27%20viewBox%3D%270%200%202000%203000%27%3E%3Crect%20width%3D%272000%27%20height%3D%273000%27%20fill-opacity%3D%220%22%2F%3E%3C%2Fsvg%3E\" data-orig-src=\"https:\/\/www.boutiquedellarte.it\/wp-content\/uploads\/2025\/09\/33-CAPPOTTINO-VOLPE-NUVOLA-1.jpg\" data-srcset=\"https:\/\/www.boutiquedellarte.it\/wp-content\/uploads\/2025\/09\/33-CAPPOTTINO-VOLPE-NUVOLA-1-200x300.jpg 200w, https:\/\/www.boutiquedellarte.it\/wp-content\/uploads\/2025\/09\/33-CAPPOTTINO-VOLPE-NUVOLA-1-400x600.jpg 400w, https:\/\/www.boutiquedellarte.it\/wp-content\/uploads\/2025\/09\/33-CAPPOTTINO-VOLPE-NUVOLA-1-600x900.jpg 600w, https:\/\/www.boutiquedellarte.it\/wp-content\/uploads\/2025\/09\/33-CAPPOTTINO-VOLPE-NUVOLA-1-800x1200.jpg 800w, https:\/\/www.boutiquedellarte.it\/wp-content\/uploads\/2025\/09\/33-CAPPOTTINO-VOLPE-NUVOLA-1-1200x1800.jpg 1200w, https:\/\/www.boutiquedellarte.it\/wp-content\/uploads\/2025\/09\/33-CAPPOTTINO-VOLPE-NUVOLA-1.jpg 2000w\" data-sizes=\"auto\" \/><\/div><\/div><\/div><\/div><div class=\"awb-swiper-button awb-swiper-button-prev\"><i class=\"awb-icon-angle-left\" aria-hidden=\"true\"><\/i><\/div><div class=\"awb-swiper-button awb-swiper-button-next\"><i class=\"awb-icon-angle-right\" aria-hidden=\"true\"><\/i><\/div><\/div><\/div>\n<div class=\"fusion-sep-clear\"><\/div><div class=\"fusion-separator\" style=\"margin-left: auto;margin-right: auto;margin-top:15px;width:100%;max-width:3%;\"><\/div><div class=\"fusion-sep-clear\"><\/div>\n<h3 style=\"text-align: center;\">COLLEZIONE PELLICCE<\/h3>\n<div class=\"fusion-sep-clear\"><\/div><div class=\"fusion-separator\" style=\"margin-left: auto;margin-right: auto;margin-top:5px;margin-bottom:0px;width:100%;max-width:3%;\"><div class=\"fusion-separator-border sep-single sep-solid\" style=\"--awb-height:20px;--awb-amount:20px;--awb-sep-color:#999999;border-color:#999999;border-top-width:1px;\"><\/div><\/div><div class=\"fusion-sep-clear\"><\/div>\n<h4 style=\"text-align: center;\">L\u2019eleganza senza tempo<\/h4>\n<div class=\"fusion-builder-row fusion-row\">\n<div class=\"fusion-layout-column fusion_builder_column fusion-builder-column-3 fusion_builder_column_1_6 1_6 fusion-one-sixth fusion-column-first\" style=\"--awb-bg-size:cover;width:16.666666666667%;width:calc(16.666666666667% - ( ( 4% + 4% ) * 0.16666666666667 ) );margin-right: 4%;\"><div class=\"fusion-column-wrapper fusion-flex-column-wrapper-legacy\"><div class=\"fusion-clearfix\"><\/div><\/div><\/div>\n<div class=\"fusion-layout-column fusion_builder_column fusion-builder-column-4 fusion_builder_column_2_3 2_3 fusion-two-third\" style=\"--awb-bg-size:cover;width:66.666666666667%;width:calc(66.666666666667% - ( ( 4% + 4% ) * 0.66666666666667 ) );margin-right: 4%;\"><div class=\"fusion-column-wrapper fusion-flex-column-wrapper-legacy\">\n<p style=\"text-align: center;\">Creazione artigianale e look moderno si fondono per dare vita a una collezione di capi eleganti, unici ed esclusivi realizzati secondo la tradizione della pellicceria italiana con una scrupolosa attenzione per i dettagli e le rifiniture.<\/p>\n<div class=\"fusion-clearfix\"><\/div><\/div><\/div>\n<div class=\"fusion-layout-column fusion_builder_column fusion-builder-column-5 fusion_builder_column_1_6 1_6 fusion-one-sixth fusion-column-last\" style=\"--awb-bg-size:cover;width:16.666666666667%;width:calc(16.666666666667% - ( ( 4% + 4% ) * 0.16666666666667 ) );\"><div class=\"fusion-column-wrapper fusion-flex-column-wrapper-legacy\"><div class=\"fusion-clearfix\"><\/div><\/div><\/div>\n<\/div>\n<div class=\"fusion-sep-clear\"><\/div><div class=\"fusion-separator\" style=\"margin-left: auto;margin-right: auto;margin-top:15px;margin-bottom:15px;width:100%;max-width:3%;\"><\/div><div class=\"fusion-sep-clear\"><\/div>\n<div class=\"fusion-builder-row fusion-row\">\n<div class=\"fusion-layout-column fusion_builder_column fusion-builder-column-6 fusion_builder_column_1_2 1_2 fusion-one-half fusion-column-first\" style=\"--awb-padding-top:65%;--awb-padding-right:20px;--awb-padding-bottom:5%;--awb-padding-left:20px;--awb-bg-position:center center;--awb-bg-size:cover;width:48%; margin-right: 4%;\"><div class=\"fusion-column-wrapper lazyload fusion-column-has-shadow fusion-flex-column-wrapper-legacy fusion-column-has-bg-image\" data-bg-url=\"https:\/\/www.boutiquedellarte.it\/wp-content\/uploads\/2021\/12\/collezione-pellicce-donna-10.jpg\" data-bg=\"https:\/\/www.boutiquedellarte.it\/wp-content\/uploads\/2021\/12\/collezione-pellicce-donna-10.jpg\"><div class=\"fusion-column-content-centered\"><div class=\"fusion-column-content\">\n<h4 class=\"blocco\"><span style=\"background-color: rgba(0, 0, 0, 0.25); padding: 1px 10px 1px 10px;\">PELLICCE DONNA<\/span><\/h4>\n<div class=\"fusion-sep-clear\"><\/div><div class=\"fusion-separator\" style=\"margin-left: auto;margin-right: auto;margin-top:15px;width:100%;max-width:3%;\"><\/div><div class=\"fusion-sep-clear\"><\/div>\n<div class=\"fusion-button-wrapper fusion-aligncenter\"><a class=\"fusion-button button-flat button-medium button-custom fusion-button-default button-4 fusion-button-default-span fusion-button-default-type nobordo\" style=\"--button_accent_color:#f7f7f7;--button_accent_hover_color:#333333;--button_border_hover_color:#333333;--button_border_width-top:1px;--button_border_width-right:1px;--button_border_width-bottom:1px;--button_border_width-left:1px;--button_gradient_top_color:#333333;--button_gradient_bottom_color:#333333;--button_gradient_top_color_hover:#f7f7f7;--button_gradient_bottom_color_hover:#f7f7f7;\" target=\"_self\" href=\"https:\/\/www.boutiquedellarte.it\/it\/collezione-donna\/\"><span class=\"fusion-button-text awb-button__text awb-button__text--default\">Scopri la collezione<\/span><\/a><\/div>\n<\/div><\/div><div class=\"fusion-clearfix\"><\/div><\/div><\/div>\n<div class=\"fusion-layout-column fusion_builder_column fusion-builder-column-7 fusion_builder_column_1_2 1_2 fusion-one-half fusion-column-last\" style=\"--awb-padding-top:65%;--awb-padding-right:20px;--awb-padding-bottom:5%;--awb-padding-left:20px;--awb-bg-position:center center;--awb-bg-size:cover;width:48%;\"><div class=\"fusion-column-wrapper lazyload fusion-column-has-shadow fusion-flex-column-wrapper-legacy fusion-column-has-bg-image\" data-bg-url=\"https:\/\/www.boutiquedellarte.it\/wp-content\/uploads\/2019\/09\/produzione-pellicce-italia-capi-continuativi.jpg\" data-bg=\"https:\/\/www.boutiquedellarte.it\/wp-content\/uploads\/2019\/09\/produzione-pellicce-italia-capi-continuativi.jpg\">\n<h4 class=\"bloccodue\"><span style=\"background-color: rgba(0, 0, 0, 0.25); padding: 1px 10px 1px 10px;\">CAPI CONTINUATIVI<\/span><\/h4>\n<div class=\"fusion-sep-clear\"><\/div><div class=\"fusion-separator\" style=\"margin-left: auto;margin-right: auto;margin-top:15px;width:100%;max-width:3%;\"><\/div><div class=\"fusion-sep-clear\"><\/div>\n<div class=\"fusion-button-wrapper fusion-aligncenter\"><a class=\"fusion-button button-flat button-medium button-custom fusion-button-default button-5 fusion-button-default-span fusion-button-default-type nobordo\" style=\"--button_accent_color:#333333;--button_accent_hover_color:#f7f7f7;--button_border_hover_color:#f7f7f7;--button_border_width-top:1px;--button_border_width-right:1px;--button_border_width-bottom:1px;--button_border_width-left:1px;--button_gradient_top_color:#f7f7f7;--button_gradient_bottom_color:#f7f7f7;--button_gradient_top_color_hover:#333333;--button_gradient_bottom_color_hover:#333333;\" target=\"_self\" href=\"https:\/\/www.boutiquedellarte.it\/it\/collezione-capi-continuativi\/\"><span class=\"fusion-button-text awb-button__text awb-button__text--default\">Scopri la collezione<\/span><\/a><\/div>\n<div class=\"fusion-clearfix\"><\/div><\/div><\/div>\n<\/div>\n<p><\/div>\n<div class=\"fusion-fullwidth fullwidth-box fusion-builder-row-3 hundred-percent-fullwidth non-hundred-percent-height-scrolling fusion-equal-height-columns\" style=\"--awb-border-radius-top-left:0px;--awb-border-radius-top-right:0px;--awb-border-radius-bottom-right:0px;--awb-border-radius-bottom-left:0px;--awb-padding-top:25px;--awb-padding-right:30px;--awb-padding-bottom:0px;--awb-padding-left:30px;--awb-margin-top:-50px;--awb-margin-bottom:0px;--awb-flex-wrap:wrap;\" ><\/p>\n<div class=\"fusion-sep-clear\"><\/div><div class=\"fusion-separator fusion-full-width-sep\" style=\"margin-left: auto;margin-right: auto;margin-top:-50px;width:100%;\"><\/div><div class=\"fusion-sep-clear\"><\/div>\n<div class=\"fusion-image-carousel fusion-image-carousel-auto fusion-image-carousel-2 lightbox-enabled\"><div class=\"awb-carousel awb-swiper awb-swiper-carousel awb-carousel--carousel awb-swiper-dots-position-bottom\" data-layout=\"carousel\" data-autoplay=\"yes\" data-autoplayspeed=\"5000\" data-autoplaypause=\"no\" data-loop=\"yes\" data-columns=\"3\" data-columnsmedium=\"1\" data-columnssmall=\"1\" data-itemmargin=\"5\" data-itemwidth=\"180\" data-touchscroll=\"no\" data-freemode=\"no\" data-imagesize=\"auto\" data-scrollitems=\"0\" data-centeredslides=\"no\" data-rotationangle=\"50\" data-depth=\"100\" data-speed=\"500\" data-shadow=\"no\" data-pagination=\"bullets\" style=\"--awb-columns:3;--awb-column-spacing:5px;\"><div class=\"swiper-wrapper awb-image-carousel-wrapper fusion-flex-align-items-center\"><div class=\"swiper-slide\"><div class=\"fusion-carousel-item-wrapper\"><div class=\"fusion-image-wrapper hover-type-zoomin\"><a data-rel=\"iLightbox[image_carousel_2]\" data-caption=\"VISONE E ZIBELLINO SILVER\" data-title=\"VISONE E ZIBELLINO SILVER\" aria-label=\"VISONE E ZIBELLINO SILVER\" href=\"https:\/\/www.boutiquedellarte.it\/wp-content\/uploads\/2025\/09\/04-VISONE-E-ZIBELLINO-SILVER-2.jpg\" target=\"_self\"><img decoding=\"async\" width=\"2000\" height=\"3000\" src=\"https:\/\/www.boutiquedellarte.it\/wp-content\/uploads\/2025\/09\/04-VISONE-E-ZIBELLINO-SILVER-2.jpg\" class=\"attachment-full size-full lazyload\" alt=\"produzione pellicce\" srcset=\"data:image\/svg+xml,%3Csvg%20xmlns%3D%27http%3A%2F%2Fwww.w3.org%2F2000%2Fsvg%27%20width%3D%272000%27%20height%3D%273000%27%20viewBox%3D%270%200%202000%203000%27%3E%3Crect%20width%3D%272000%27%20height%3D%273000%27%20fill-opacity%3D%220%22%2F%3E%3C%2Fsvg%3E\" data-orig-src=\"https:\/\/www.boutiquedellarte.it\/wp-content\/uploads\/2025\/09\/04-VISONE-E-ZIBELLINO-SILVER-2.jpg\" data-srcset=\"https:\/\/www.boutiquedellarte.it\/wp-content\/uploads\/2025\/09\/04-VISONE-E-ZIBELLINO-SILVER-2-200x300.jpg 200w, https:\/\/www.boutiquedellarte.it\/wp-content\/uploads\/2025\/09\/04-VISONE-E-ZIBELLINO-SILVER-2-400x600.jpg 400w, https:\/\/www.boutiquedellarte.it\/wp-content\/uploads\/2025\/09\/04-VISONE-E-ZIBELLINO-SILVER-2-600x900.jpg 600w, https:\/\/www.boutiquedellarte.it\/wp-content\/uploads\/2025\/09\/04-VISONE-E-ZIBELLINO-SILVER-2-800x1200.jpg 800w, https:\/\/www.boutiquedellarte.it\/wp-content\/uploads\/2025\/09\/04-VISONE-E-ZIBELLINO-SILVER-2-1200x1800.jpg 1200w, https:\/\/www.boutiquedellarte.it\/wp-content\/uploads\/2025\/09\/04-VISONE-E-ZIBELLINO-SILVER-2.jpg 2000w\" data-sizes=\"auto\" \/><\/a><\/div><\/div><\/div><div class=\"swiper-slide\"><div class=\"fusion-carousel-item-wrapper\"><div class=\"fusion-image-wrapper hover-type-zoomin\"><a data-rel=\"iLightbox[image_carousel_2]\" data-caption=\"GIACCA VOLPE E LINCE\" data-title=\"GIACCA VOLPE E LINCE\" aria-label=\"GIACCA VOLPE E LINCE\" href=\"https:\/\/www.boutiquedellarte.it\/wp-content\/uploads\/2025\/09\/14-GIACCA-VOLPE-E-LINCE-2.jpg\" target=\"_self\"><img decoding=\"async\" width=\"2000\" height=\"3000\" src=\"https:\/\/www.boutiquedellarte.it\/wp-content\/uploads\/2025\/09\/14-GIACCA-VOLPE-E-LINCE-2.jpg\" class=\"attachment-full size-full lazyload\" alt=\"produzione pellicce\" srcset=\"data:image\/svg+xml,%3Csvg%20xmlns%3D%27http%3A%2F%2Fwww.w3.org%2F2000%2Fsvg%27%20width%3D%272000%27%20height%3D%273000%27%20viewBox%3D%270%200%202000%203000%27%3E%3Crect%20width%3D%272000%27%20height%3D%273000%27%20fill-opacity%3D%220%22%2F%3E%3C%2Fsvg%3E\" data-orig-src=\"https:\/\/www.boutiquedellarte.it\/wp-content\/uploads\/2025\/09\/14-GIACCA-VOLPE-E-LINCE-2.jpg\" data-srcset=\"https:\/\/www.boutiquedellarte.it\/wp-content\/uploads\/2025\/09\/14-GIACCA-VOLPE-E-LINCE-2-200x300.jpg 200w, https:\/\/www.boutiquedellarte.it\/wp-content\/uploads\/2025\/09\/14-GIACCA-VOLPE-E-LINCE-2-400x600.jpg 400w, https:\/\/www.boutiquedellarte.it\/wp-content\/uploads\/2025\/09\/14-GIACCA-VOLPE-E-LINCE-2-600x900.jpg 600w, https:\/\/www.boutiquedellarte.it\/wp-content\/uploads\/2025\/09\/14-GIACCA-VOLPE-E-LINCE-2-800x1200.jpg 800w, https:\/\/www.boutiquedellarte.it\/wp-content\/uploads\/2025\/09\/14-GIACCA-VOLPE-E-LINCE-2-1200x1800.jpg 1200w, https:\/\/www.boutiquedellarte.it\/wp-content\/uploads\/2025\/09\/14-GIACCA-VOLPE-E-LINCE-2.jpg 2000w\" data-sizes=\"auto\" \/><\/a><\/div><\/div><\/div><div class=\"swiper-slide\"><div class=\"fusion-carousel-item-wrapper\"><div class=\"fusion-image-wrapper hover-type-zoomin\"><a data-rel=\"iLightbox[image_carousel_2]\" data-caption=\"MANTELLA VISONE VOLANT CON CAPPUCCIO\" data-title=\"MANTELLA VISONE VOLANT CON CAPPUCCIO\" aria-label=\"MANTELLA VISONE VOLANT CON CAPPUCCIO\" href=\"https:\/\/www.boutiquedellarte.it\/wp-content\/uploads\/2025\/09\/22-MANTELLA-VISONE-VOLANT-CON-CAPPUCCIO-3.jpg\" target=\"_self\"><img decoding=\"async\" width=\"2000\" height=\"3000\" src=\"https:\/\/www.boutiquedellarte.it\/wp-content\/uploads\/2025\/09\/22-MANTELLA-VISONE-VOLANT-CON-CAPPUCCIO-3.jpg\" class=\"attachment-full size-full lazyload\" alt=\"produzione pellicce\" srcset=\"data:image\/svg+xml,%3Csvg%20xmlns%3D%27http%3A%2F%2Fwww.w3.org%2F2000%2Fsvg%27%20width%3D%272000%27%20height%3D%273000%27%20viewBox%3D%270%200%202000%203000%27%3E%3Crect%20width%3D%272000%27%20height%3D%273000%27%20fill-opacity%3D%220%22%2F%3E%3C%2Fsvg%3E\" data-orig-src=\"https:\/\/www.boutiquedellarte.it\/wp-content\/uploads\/2025\/09\/22-MANTELLA-VISONE-VOLANT-CON-CAPPUCCIO-3.jpg\" data-srcset=\"https:\/\/www.boutiquedellarte.it\/wp-content\/uploads\/2025\/09\/22-MANTELLA-VISONE-VOLANT-CON-CAPPUCCIO-3-200x300.jpg 200w, https:\/\/www.boutiquedellarte.it\/wp-content\/uploads\/2025\/09\/22-MANTELLA-VISONE-VOLANT-CON-CAPPUCCIO-3-400x600.jpg 400w, https:\/\/www.boutiquedellarte.it\/wp-content\/uploads\/2025\/09\/22-MANTELLA-VISONE-VOLANT-CON-CAPPUCCIO-3-600x900.jpg 600w, https:\/\/www.boutiquedellarte.it\/wp-content\/uploads\/2025\/09\/22-MANTELLA-VISONE-VOLANT-CON-CAPPUCCIO-3-800x1200.jpg 800w, https:\/\/www.boutiquedellarte.it\/wp-content\/uploads\/2025\/09\/22-MANTELLA-VISONE-VOLANT-CON-CAPPUCCIO-3-1200x1800.jpg 1200w, https:\/\/www.boutiquedellarte.it\/wp-content\/uploads\/2025\/09\/22-MANTELLA-VISONE-VOLANT-CON-CAPPUCCIO-3.jpg 2000w\" data-sizes=\"auto\" \/><\/a><\/div><\/div><\/div><div class=\"swiper-slide\"><div class=\"fusion-carousel-item-wrapper\"><div class=\"fusion-image-wrapper hover-type-zoomin\"><a data-rel=\"iLightbox[image_carousel_2]\" data-caption=\"GIACCA VOLPE CIELO CON CAPPUCCIO\" data-title=\"GIACCA VOLPE CIELO CON CAPPUCCIO\" aria-label=\"GIACCA VOLPE CIELO CON CAPPUCCIO\" href=\"https:\/\/www.boutiquedellarte.it\/wp-content\/uploads\/2025\/09\/32-GIACCA-VOLPE-CIELO-CON-CAPPUCCIO-1.jpg\" target=\"_self\"><img decoding=\"async\" width=\"2000\" height=\"3000\" src=\"https:\/\/www.boutiquedellarte.it\/wp-content\/uploads\/2025\/09\/32-GIACCA-VOLPE-CIELO-CON-CAPPUCCIO-1.jpg\" class=\"attachment-full size-full lazyload\" alt=\"produzione pellicce\" srcset=\"data:image\/svg+xml,%3Csvg%20xmlns%3D%27http%3A%2F%2Fwww.w3.org%2F2000%2Fsvg%27%20width%3D%272000%27%20height%3D%273000%27%20viewBox%3D%270%200%202000%203000%27%3E%3Crect%20width%3D%272000%27%20height%3D%273000%27%20fill-opacity%3D%220%22%2F%3E%3C%2Fsvg%3E\" data-orig-src=\"https:\/\/www.boutiquedellarte.it\/wp-content\/uploads\/2025\/09\/32-GIACCA-VOLPE-CIELO-CON-CAPPUCCIO-1.jpg\" data-srcset=\"https:\/\/www.boutiquedellarte.it\/wp-content\/uploads\/2025\/09\/32-GIACCA-VOLPE-CIELO-CON-CAPPUCCIO-1-200x300.jpg 200w, https:\/\/www.boutiquedellarte.it\/wp-content\/uploads\/2025\/09\/32-GIACCA-VOLPE-CIELO-CON-CAPPUCCIO-1-400x600.jpg 400w, https:\/\/www.boutiquedellarte.it\/wp-content\/uploads\/2025\/09\/32-GIACCA-VOLPE-CIELO-CON-CAPPUCCIO-1-600x900.jpg 600w, https:\/\/www.boutiquedellarte.it\/wp-content\/uploads\/2025\/09\/32-GIACCA-VOLPE-CIELO-CON-CAPPUCCIO-1-800x1200.jpg 800w, https:\/\/www.boutiquedellarte.it\/wp-content\/uploads\/2025\/09\/32-GIACCA-VOLPE-CIELO-CON-CAPPUCCIO-1-1200x1800.jpg 1200w, https:\/\/www.boutiquedellarte.it\/wp-content\/uploads\/2025\/09\/32-GIACCA-VOLPE-CIELO-CON-CAPPUCCIO-1.jpg 2000w\" data-sizes=\"auto\" \/><\/a><\/div><\/div><\/div><div class=\"swiper-slide\"><div class=\"fusion-carousel-item-wrapper\"><div class=\"fusion-image-wrapper hover-type-zoomin\"><a data-rel=\"iLightbox[image_carousel_2]\" data-caption=\"GIACCA VISONE COLLO GRANDE\" data-title=\"GIACCA VISONE COLLO GRANDE\" aria-label=\"GIACCA VISONE COLLO GRANDE\" href=\"https:\/\/www.boutiquedellarte.it\/wp-content\/uploads\/2025\/09\/51-GIACCA-VISONE-COLLO-GRANDE-1.jpg\" target=\"_self\"><img decoding=\"async\" width=\"2000\" height=\"3000\" src=\"https:\/\/www.boutiquedellarte.it\/wp-content\/uploads\/2025\/09\/51-GIACCA-VISONE-COLLO-GRANDE-1.jpg\" class=\"attachment-full size-full lazyload\" alt=\"produzione pellicce\" srcset=\"data:image\/svg+xml,%3Csvg%20xmlns%3D%27http%3A%2F%2Fwww.w3.org%2F2000%2Fsvg%27%20width%3D%272000%27%20height%3D%273000%27%20viewBox%3D%270%200%202000%203000%27%3E%3Crect%20width%3D%272000%27%20height%3D%273000%27%20fill-opacity%3D%220%22%2F%3E%3C%2Fsvg%3E\" data-orig-src=\"https:\/\/www.boutiquedellarte.it\/wp-content\/uploads\/2025\/09\/51-GIACCA-VISONE-COLLO-GRANDE-1.jpg\" data-srcset=\"https:\/\/www.boutiquedellarte.it\/wp-content\/uploads\/2025\/09\/51-GIACCA-VISONE-COLLO-GRANDE-1-200x300.jpg 200w, https:\/\/www.boutiquedellarte.it\/wp-content\/uploads\/2025\/09\/51-GIACCA-VISONE-COLLO-GRANDE-1-400x600.jpg 400w, https:\/\/www.boutiquedellarte.it\/wp-content\/uploads\/2025\/09\/51-GIACCA-VISONE-COLLO-GRANDE-1-600x900.jpg 600w, https:\/\/www.boutiquedellarte.it\/wp-content\/uploads\/2025\/09\/51-GIACCA-VISONE-COLLO-GRANDE-1-800x1200.jpg 800w, https:\/\/www.boutiquedellarte.it\/wp-content\/uploads\/2025\/09\/51-GIACCA-VISONE-COLLO-GRANDE-1-1200x1800.jpg 1200w, https:\/\/www.boutiquedellarte.it\/wp-content\/uploads\/2025\/09\/51-GIACCA-VISONE-COLLO-GRANDE-1.jpg 2000w\" data-sizes=\"auto\" \/><\/a><\/div><\/div><\/div><div class=\"swiper-slide\"><div class=\"fusion-carousel-item-wrapper\"><div class=\"fusion-image-wrapper hover-type-zoomin\"><a data-rel=\"iLightbox[image_carousel_2]\" data-caption=\"GIACCA VISONE SALVIA CON CAPPUCCIO\" data-title=\"GIACCA VISONE SALVIA CON CAPPUCCIO\" aria-label=\"GIACCA VISONE SALVIA CON CAPPUCCIO\" href=\"https:\/\/www.boutiquedellarte.it\/wp-content\/uploads\/2025\/09\/40-GIACCA-VISONE-SALVIA-CON-CAPPUCCIO-3.jpg\" target=\"_self\"><img decoding=\"async\" width=\"2000\" height=\"3000\" src=\"https:\/\/www.boutiquedellarte.it\/wp-content\/uploads\/2025\/09\/40-GIACCA-VISONE-SALVIA-CON-CAPPUCCIO-3.jpg\" class=\"attachment-full size-full lazyload\" alt=\"produzione pellicce\" srcset=\"data:image\/svg+xml,%3Csvg%20xmlns%3D%27http%3A%2F%2Fwww.w3.org%2F2000%2Fsvg%27%20width%3D%272000%27%20height%3D%273000%27%20viewBox%3D%270%200%202000%203000%27%3E%3Crect%20width%3D%272000%27%20height%3D%273000%27%20fill-opacity%3D%220%22%2F%3E%3C%2Fsvg%3E\" data-orig-src=\"https:\/\/www.boutiquedellarte.it\/wp-content\/uploads\/2025\/09\/40-GIACCA-VISONE-SALVIA-CON-CAPPUCCIO-3.jpg\" data-srcset=\"https:\/\/www.boutiquedellarte.it\/wp-content\/uploads\/2025\/09\/40-GIACCA-VISONE-SALVIA-CON-CAPPUCCIO-3-200x300.jpg 200w, https:\/\/www.boutiquedellarte.it\/wp-content\/uploads\/2025\/09\/40-GIACCA-VISONE-SALVIA-CON-CAPPUCCIO-3-400x600.jpg 400w, https:\/\/www.boutiquedellarte.it\/wp-content\/uploads\/2025\/09\/40-GIACCA-VISONE-SALVIA-CON-CAPPUCCIO-3-600x900.jpg 600w, https:\/\/www.boutiquedellarte.it\/wp-content\/uploads\/2025\/09\/40-GIACCA-VISONE-SALVIA-CON-CAPPUCCIO-3-800x1200.jpg 800w, https:\/\/www.boutiquedellarte.it\/wp-content\/uploads\/2025\/09\/40-GIACCA-VISONE-SALVIA-CON-CAPPUCCIO-3-1200x1800.jpg 1200w, https:\/\/www.boutiquedellarte.it\/wp-content\/uploads\/2025\/09\/40-GIACCA-VISONE-SALVIA-CON-CAPPUCCIO-3.jpg 2000w\" data-sizes=\"auto\" \/><\/a><\/div><\/div><\/div><div class=\"swiper-slide\"><div class=\"fusion-carousel-item-wrapper\"><div class=\"fusion-image-wrapper hover-type-zoomin\"><a data-rel=\"iLightbox[image_carousel_2]\" data-caption=\"GIACCA VISONE BLACK MANICA VOILE E SWAROVSKI\" data-title=\"GIACCA VISONE BLACK MANICA VOILE E SWAROVSKI\" aria-label=\"GIACCA VISONE BLACK MANICA VOILE E SWAROVSKI\" href=\"https:\/\/www.boutiquedellarte.it\/wp-content\/uploads\/2025\/09\/42-GIACCA-VISONE-BLACK-MANICA-VOILE-E-SWAROVSKI-1.jpg\" target=\"_self\"><img decoding=\"async\" width=\"2000\" height=\"3000\" src=\"https:\/\/www.boutiquedellarte.it\/wp-content\/uploads\/2025\/09\/42-GIACCA-VISONE-BLACK-MANICA-VOILE-E-SWAROVSKI-1.jpg\" class=\"attachment-full size-full lazyload\" alt=\"produzione pellicce\" srcset=\"data:image\/svg+xml,%3Csvg%20xmlns%3D%27http%3A%2F%2Fwww.w3.org%2F2000%2Fsvg%27%20width%3D%272000%27%20height%3D%273000%27%20viewBox%3D%270%200%202000%203000%27%3E%3Crect%20width%3D%272000%27%20height%3D%273000%27%20fill-opacity%3D%220%22%2F%3E%3C%2Fsvg%3E\" data-orig-src=\"https:\/\/www.boutiquedellarte.it\/wp-content\/uploads\/2025\/09\/42-GIACCA-VISONE-BLACK-MANICA-VOILE-E-SWAROVSKI-1.jpg\" data-srcset=\"https:\/\/www.boutiquedellarte.it\/wp-content\/uploads\/2025\/09\/42-GIACCA-VISONE-BLACK-MANICA-VOILE-E-SWAROVSKI-1-200x300.jpg 200w, https:\/\/www.boutiquedellarte.it\/wp-content\/uploads\/2025\/09\/42-GIACCA-VISONE-BLACK-MANICA-VOILE-E-SWAROVSKI-1-400x600.jpg 400w, https:\/\/www.boutiquedellarte.it\/wp-content\/uploads\/2025\/09\/42-GIACCA-VISONE-BLACK-MANICA-VOILE-E-SWAROVSKI-1-600x900.jpg 600w, https:\/\/www.boutiquedellarte.it\/wp-content\/uploads\/2025\/09\/42-GIACCA-VISONE-BLACK-MANICA-VOILE-E-SWAROVSKI-1-800x1200.jpg 800w, https:\/\/www.boutiquedellarte.it\/wp-content\/uploads\/2025\/09\/42-GIACCA-VISONE-BLACK-MANICA-VOILE-E-SWAROVSKI-1-1200x1800.jpg 1200w, https:\/\/www.boutiquedellarte.it\/wp-content\/uploads\/2025\/09\/42-GIACCA-VISONE-BLACK-MANICA-VOILE-E-SWAROVSKI-1.jpg 2000w\" data-sizes=\"auto\" \/><\/a><\/div><\/div><\/div><div class=\"swiper-slide\"><div class=\"fusion-carousel-item-wrapper\"><div class=\"fusion-image-wrapper hover-type-zoomin\"><a data-rel=\"iLightbox[image_carousel_2]\" data-caption=\"SMANICATO VISONE\" data-title=\"SMANICATO VISONE\" aria-label=\"SMANICATO VISONE\" href=\"https:\/\/www.boutiquedellarte.it\/wp-content\/uploads\/2025\/09\/50-SMANICATO-VISONE-3.jpg\" target=\"_self\"><img decoding=\"async\" width=\"2000\" height=\"3000\" src=\"https:\/\/www.boutiquedellarte.it\/wp-content\/uploads\/2025\/09\/50-SMANICATO-VISONE-3.jpg\" class=\"attachment-full size-full lazyload\" alt=\"produzione pellicce\" srcset=\"data:image\/svg+xml,%3Csvg%20xmlns%3D%27http%3A%2F%2Fwww.w3.org%2F2000%2Fsvg%27%20width%3D%272000%27%20height%3D%273000%27%20viewBox%3D%270%200%202000%203000%27%3E%3Crect%20width%3D%272000%27%20height%3D%273000%27%20fill-opacity%3D%220%22%2F%3E%3C%2Fsvg%3E\" data-orig-src=\"https:\/\/www.boutiquedellarte.it\/wp-content\/uploads\/2025\/09\/50-SMANICATO-VISONE-3.jpg\" data-srcset=\"https:\/\/www.boutiquedellarte.it\/wp-content\/uploads\/2025\/09\/50-SMANICATO-VISONE-3-200x300.jpg 200w, https:\/\/www.boutiquedellarte.it\/wp-content\/uploads\/2025\/09\/50-SMANICATO-VISONE-3-400x600.jpg 400w, https:\/\/www.boutiquedellarte.it\/wp-content\/uploads\/2025\/09\/50-SMANICATO-VISONE-3-600x900.jpg 600w, https:\/\/www.boutiquedellarte.it\/wp-content\/uploads\/2025\/09\/50-SMANICATO-VISONE-3-800x1200.jpg 800w, https:\/\/www.boutiquedellarte.it\/wp-content\/uploads\/2025\/09\/50-SMANICATO-VISONE-3-1200x1800.jpg 1200w, https:\/\/www.boutiquedellarte.it\/wp-content\/uploads\/2025\/09\/50-SMANICATO-VISONE-3.jpg 2000w\" data-sizes=\"auto\" \/><\/a><\/div><\/div><\/div><\/div><div class=\"awb-swiper-button awb-swiper-button-prev\"><i class=\"awb-icon-angle-left\" aria-hidden=\"true\"><\/i><\/div><div class=\"awb-swiper-button awb-swiper-button-next\"><i class=\"awb-icon-angle-right\" aria-hidden=\"true\"><\/i><\/div><\/div><\/div>\n<div class=\"fusion-sep-clear\"><\/div><div class=\"fusion-separator\" style=\"margin-left: auto;margin-right: auto;margin-top:15px;width:100%;max-width:3%;\"><\/div><div class=\"fusion-sep-clear\"><\/div>\n<p><\/div>\n<div class=\"fusion-fullwidth fullwidth-box fusion-builder-row-4 hundred-percent-fullwidth non-hundred-percent-height-scrolling fusion-equal-height-columns\" style=\"--awb-border-radius-top-left:0px;--awb-border-radius-top-right:0px;--awb-border-radius-bottom-right:0px;--awb-border-radius-bottom-left:0px;--awb-padding-top:25px;--awb-padding-right:30px;--awb-padding-bottom:0px;--awb-padding-left:30px;--awb-margin-top:-50px;--awb-margin-bottom:0px;--awb-flex-wrap:wrap;\" ><\/p>\n<div class=\"fusion-builder-row fusion-row\">\n<div class=\"fusion-layout-column fusion_builder_column fusion-builder-column-8 fusion_builder_column_3_5 3_5 fusion-three-fifth fusion-column-first fusion-animated\" style=\"--awb-bg-size:cover;\" data-animationType=\"slideInLeft\" data-animationDuration=\"0.5\" data-animationOffset=\"top-into-view\"><div class=\"fusion-column-wrapper fusion-column-has-shadow fusion-flex-column-wrapper-legacy\"><div class=\"fusion-column-content-centered\"><div class=\"fusion-column-content\">\n<div class=\"fusion-image-carousel fusion-image-carousel-auto fusion-image-carousel-3 lightbox-enabled\"><div class=\"awb-carousel awb-swiper awb-swiper-carousel awb-carousel--carousel awb-swiper-dots-position-bottom\" data-layout=\"carousel\" data-autoplay=\"yes\" data-autoplayspeed=\"5000\" data-autoplaypause=\"no\" data-loop=\"yes\" data-columns=\"2\" data-columnsmedium=\"1\" data-columnssmall=\"1\" data-itemmargin=\"5\" data-itemwidth=\"180\" data-touchscroll=\"drag\" data-freemode=\"no\" data-imagesize=\"auto\" data-scrollitems=\"0\" data-centeredslides=\"no\" data-rotationangle=\"50\" data-depth=\"100\" data-speed=\"500\" data-shadow=\"no\" data-pagination=\"bullets\" style=\"--awb-columns:2;--awb-column-spacing:5px;\"><div class=\"swiper-wrapper awb-image-carousel-wrapper fusion-flex-align-items-center\"><div class=\"swiper-slide\"><div class=\"fusion-carousel-item-wrapper\"><div class=\"fusion-image-wrapper hover-type-zoomin\"><img decoding=\"async\" width=\"2000\" height=\"3000\" src=\"https:\/\/www.boutiquedellarte.it\/wp-content\/uploads\/2025\/09\/11-GIUBBOTTO-SHEARLING-CON-ZIP-1.jpg\" class=\"attachment-full size-full lazyload\" alt=\"GIUBBOTTO SHEARLING CON ZIP\" srcset=\"data:image\/svg+xml,%3Csvg%20xmlns%3D%27http%3A%2F%2Fwww.w3.org%2F2000%2Fsvg%27%20width%3D%272000%27%20height%3D%273000%27%20viewBox%3D%270%200%202000%203000%27%3E%3Crect%20width%3D%272000%27%20height%3D%273000%27%20fill-opacity%3D%220%22%2F%3E%3C%2Fsvg%3E\" data-orig-src=\"https:\/\/www.boutiquedellarte.it\/wp-content\/uploads\/2025\/09\/11-GIUBBOTTO-SHEARLING-CON-ZIP-1.jpg\" data-srcset=\"https:\/\/www.boutiquedellarte.it\/wp-content\/uploads\/2025\/09\/11-GIUBBOTTO-SHEARLING-CON-ZIP-1-200x300.jpg 200w, https:\/\/www.boutiquedellarte.it\/wp-content\/uploads\/2025\/09\/11-GIUBBOTTO-SHEARLING-CON-ZIP-1-400x600.jpg 400w, https:\/\/www.boutiquedellarte.it\/wp-content\/uploads\/2025\/09\/11-GIUBBOTTO-SHEARLING-CON-ZIP-1-600x900.jpg 600w, https:\/\/www.boutiquedellarte.it\/wp-content\/uploads\/2025\/09\/11-GIUBBOTTO-SHEARLING-CON-ZIP-1-800x1200.jpg 800w, https:\/\/www.boutiquedellarte.it\/wp-content\/uploads\/2025\/09\/11-GIUBBOTTO-SHEARLING-CON-ZIP-1-1200x1800.jpg 1200w, https:\/\/www.boutiquedellarte.it\/wp-content\/uploads\/2025\/09\/11-GIUBBOTTO-SHEARLING-CON-ZIP-1.jpg 2000w\" data-sizes=\"auto\" \/><\/div><\/div><\/div><div class=\"swiper-slide\"><div class=\"fusion-carousel-item-wrapper\"><div class=\"fusion-image-wrapper hover-type-zoomin\"><img decoding=\"async\" width=\"2000\" height=\"3000\" src=\"https:\/\/www.boutiquedellarte.it\/wp-content\/uploads\/2025\/09\/12-CAPPOTTO-SHEARLING-E-PELLE-2.jpg\" class=\"attachment-full size-full lazyload\" alt=\"CAPPOTTO SHEARLING E PELLE\" srcset=\"data:image\/svg+xml,%3Csvg%20xmlns%3D%27http%3A%2F%2Fwww.w3.org%2F2000%2Fsvg%27%20width%3D%272000%27%20height%3D%273000%27%20viewBox%3D%270%200%202000%203000%27%3E%3Crect%20width%3D%272000%27%20height%3D%273000%27%20fill-opacity%3D%220%22%2F%3E%3C%2Fsvg%3E\" data-orig-src=\"https:\/\/www.boutiquedellarte.it\/wp-content\/uploads\/2025\/09\/12-CAPPOTTO-SHEARLING-E-PELLE-2.jpg\" data-srcset=\"https:\/\/www.boutiquedellarte.it\/wp-content\/uploads\/2025\/09\/12-CAPPOTTO-SHEARLING-E-PELLE-2-200x300.jpg 200w, https:\/\/www.boutiquedellarte.it\/wp-content\/uploads\/2025\/09\/12-CAPPOTTO-SHEARLING-E-PELLE-2-400x600.jpg 400w, https:\/\/www.boutiquedellarte.it\/wp-content\/uploads\/2025\/09\/12-CAPPOTTO-SHEARLING-E-PELLE-2-600x900.jpg 600w, https:\/\/www.boutiquedellarte.it\/wp-content\/uploads\/2025\/09\/12-CAPPOTTO-SHEARLING-E-PELLE-2-800x1200.jpg 800w, https:\/\/www.boutiquedellarte.it\/wp-content\/uploads\/2025\/09\/12-CAPPOTTO-SHEARLING-E-PELLE-2-1200x1800.jpg 1200w, https:\/\/www.boutiquedellarte.it\/wp-content\/uploads\/2025\/09\/12-CAPPOTTO-SHEARLING-E-PELLE-2.jpg 2000w\" data-sizes=\"auto\" \/><\/div><\/div><\/div><div class=\"swiper-slide\"><div class=\"fusion-carousel-item-wrapper\"><div class=\"fusion-image-wrapper hover-type-zoomin\"><img decoding=\"async\" width=\"2000\" height=\"3000\" src=\"https:\/\/www.boutiquedellarte.it\/wp-content\/uploads\/2025\/09\/13-CAPPOTTO-VISONE-SHEARLING-E-LANA-VENEZIA-3.jpg\" class=\"attachment-full size-full lazyload\" alt=\"CAPPOTTO VISONE SHEARLING E LANA VENEZIA\" srcset=\"data:image\/svg+xml,%3Csvg%20xmlns%3D%27http%3A%2F%2Fwww.w3.org%2F2000%2Fsvg%27%20width%3D%272000%27%20height%3D%273000%27%20viewBox%3D%270%200%202000%203000%27%3E%3Crect%20width%3D%272000%27%20height%3D%273000%27%20fill-opacity%3D%220%22%2F%3E%3C%2Fsvg%3E\" data-orig-src=\"https:\/\/www.boutiquedellarte.it\/wp-content\/uploads\/2025\/09\/13-CAPPOTTO-VISONE-SHEARLING-E-LANA-VENEZIA-3.jpg\" data-srcset=\"https:\/\/www.boutiquedellarte.it\/wp-content\/uploads\/2025\/09\/13-CAPPOTTO-VISONE-SHEARLING-E-LANA-VENEZIA-3-200x300.jpg 200w, https:\/\/www.boutiquedellarte.it\/wp-content\/uploads\/2025\/09\/13-CAPPOTTO-VISONE-SHEARLING-E-LANA-VENEZIA-3-400x600.jpg 400w, https:\/\/www.boutiquedellarte.it\/wp-content\/uploads\/2025\/09\/13-CAPPOTTO-VISONE-SHEARLING-E-LANA-VENEZIA-3-600x900.jpg 600w, https:\/\/www.boutiquedellarte.it\/wp-content\/uploads\/2025\/09\/13-CAPPOTTO-VISONE-SHEARLING-E-LANA-VENEZIA-3-800x1200.jpg 800w, https:\/\/www.boutiquedellarte.it\/wp-content\/uploads\/2025\/09\/13-CAPPOTTO-VISONE-SHEARLING-E-LANA-VENEZIA-3-1200x1800.jpg 1200w, https:\/\/www.boutiquedellarte.it\/wp-content\/uploads\/2025\/09\/13-CAPPOTTO-VISONE-SHEARLING-E-LANA-VENEZIA-3.jpg 2000w\" data-sizes=\"auto\" \/><\/div><\/div><\/div><div class=\"swiper-slide\"><div class=\"fusion-carousel-item-wrapper\"><div class=\"fusion-image-wrapper hover-type-zoomin\"><img decoding=\"async\" width=\"2000\" height=\"3000\" src=\"https:\/\/www.boutiquedellarte.it\/wp-content\/uploads\/2025\/09\/24-GIUBBOTTO-PELLE-OVER-1.jpg\" class=\"attachment-full size-full lazyload\" alt=\"GIUBBOTTO PELLE OVER\" srcset=\"data:image\/svg+xml,%3Csvg%20xmlns%3D%27http%3A%2F%2Fwww.w3.org%2F2000%2Fsvg%27%20width%3D%272000%27%20height%3D%273000%27%20viewBox%3D%270%200%202000%203000%27%3E%3Crect%20width%3D%272000%27%20height%3D%273000%27%20fill-opacity%3D%220%22%2F%3E%3C%2Fsvg%3E\" data-orig-src=\"https:\/\/www.boutiquedellarte.it\/wp-content\/uploads\/2025\/09\/24-GIUBBOTTO-PELLE-OVER-1.jpg\" data-srcset=\"https:\/\/www.boutiquedellarte.it\/wp-content\/uploads\/2025\/09\/24-GIUBBOTTO-PELLE-OVER-1-200x300.jpg 200w, https:\/\/www.boutiquedellarte.it\/wp-content\/uploads\/2025\/09\/24-GIUBBOTTO-PELLE-OVER-1-400x600.jpg 400w, https:\/\/www.boutiquedellarte.it\/wp-content\/uploads\/2025\/09\/24-GIUBBOTTO-PELLE-OVER-1-600x900.jpg 600w, https:\/\/www.boutiquedellarte.it\/wp-content\/uploads\/2025\/09\/24-GIUBBOTTO-PELLE-OVER-1-800x1200.jpg 800w, https:\/\/www.boutiquedellarte.it\/wp-content\/uploads\/2025\/09\/24-GIUBBOTTO-PELLE-OVER-1-1200x1800.jpg 1200w, https:\/\/www.boutiquedellarte.it\/wp-content\/uploads\/2025\/09\/24-GIUBBOTTO-PELLE-OVER-1.jpg 2000w\" data-sizes=\"auto\" \/><\/div><\/div><\/div><div class=\"swiper-slide\"><div class=\"fusion-carousel-item-wrapper\"><div class=\"fusion-image-wrapper hover-type-zoomin\"><img decoding=\"async\" width=\"2000\" height=\"3000\" src=\"https:\/\/www.boutiquedellarte.it\/wp-content\/uploads\/2025\/09\/27-PIUMINO-CIOCCOLATO-2.jpg\" class=\"attachment-full size-full lazyload\" alt=\"PIUMINO CIOCCOLATO\" srcset=\"data:image\/svg+xml,%3Csvg%20xmlns%3D%27http%3A%2F%2Fwww.w3.org%2F2000%2Fsvg%27%20width%3D%272000%27%20height%3D%273000%27%20viewBox%3D%270%200%202000%203000%27%3E%3Crect%20width%3D%272000%27%20height%3D%273000%27%20fill-opacity%3D%220%22%2F%3E%3C%2Fsvg%3E\" data-orig-src=\"https:\/\/www.boutiquedellarte.it\/wp-content\/uploads\/2025\/09\/27-PIUMINO-CIOCCOLATO-2.jpg\" data-srcset=\"https:\/\/www.boutiquedellarte.it\/wp-content\/uploads\/2025\/09\/27-PIUMINO-CIOCCOLATO-2-200x300.jpg 200w, https:\/\/www.boutiquedellarte.it\/wp-content\/uploads\/2025\/09\/27-PIUMINO-CIOCCOLATO-2-400x600.jpg 400w, https:\/\/www.boutiquedellarte.it\/wp-content\/uploads\/2025\/09\/27-PIUMINO-CIOCCOLATO-2-600x900.jpg 600w, https:\/\/www.boutiquedellarte.it\/wp-content\/uploads\/2025\/09\/27-PIUMINO-CIOCCOLATO-2-800x1200.jpg 800w, https:\/\/www.boutiquedellarte.it\/wp-content\/uploads\/2025\/09\/27-PIUMINO-CIOCCOLATO-2-1200x1800.jpg 1200w, https:\/\/www.boutiquedellarte.it\/wp-content\/uploads\/2025\/09\/27-PIUMINO-CIOCCOLATO-2.jpg 2000w\" data-sizes=\"auto\" \/><\/div><\/div><\/div><div class=\"swiper-slide\"><div class=\"fusion-carousel-item-wrapper\"><div class=\"fusion-image-wrapper hover-type-zoomin\"><img decoding=\"async\" width=\"2000\" height=\"3000\" src=\"https:\/\/www.boutiquedellarte.it\/wp-content\/uploads\/2025\/09\/29-GIUBBOTTO-PIUMINO-WHITE-1.jpg\" class=\"attachment-full size-full lazyload\" alt=\"GIUBBOTTO PIUMINO WHITE\" srcset=\"data:image\/svg+xml,%3Csvg%20xmlns%3D%27http%3A%2F%2Fwww.w3.org%2F2000%2Fsvg%27%20width%3D%272000%27%20height%3D%273000%27%20viewBox%3D%270%200%202000%203000%27%3E%3Crect%20width%3D%272000%27%20height%3D%273000%27%20fill-opacity%3D%220%22%2F%3E%3C%2Fsvg%3E\" data-orig-src=\"https:\/\/www.boutiquedellarte.it\/wp-content\/uploads\/2025\/09\/29-GIUBBOTTO-PIUMINO-WHITE-1.jpg\" data-srcset=\"https:\/\/www.boutiquedellarte.it\/wp-content\/uploads\/2025\/09\/29-GIUBBOTTO-PIUMINO-WHITE-1-200x300.jpg 200w, https:\/\/www.boutiquedellarte.it\/wp-content\/uploads\/2025\/09\/29-GIUBBOTTO-PIUMINO-WHITE-1-400x600.jpg 400w, https:\/\/www.boutiquedellarte.it\/wp-content\/uploads\/2025\/09\/29-GIUBBOTTO-PIUMINO-WHITE-1-600x900.jpg 600w, https:\/\/www.boutiquedellarte.it\/wp-content\/uploads\/2025\/09\/29-GIUBBOTTO-PIUMINO-WHITE-1-800x1200.jpg 800w, https:\/\/www.boutiquedellarte.it\/wp-content\/uploads\/2025\/09\/29-GIUBBOTTO-PIUMINO-WHITE-1-1200x1800.jpg 1200w, https:\/\/www.boutiquedellarte.it\/wp-content\/uploads\/2025\/09\/29-GIUBBOTTO-PIUMINO-WHITE-1.jpg 2000w\" data-sizes=\"auto\" \/><\/div><\/div><\/div><div class=\"swiper-slide\"><div class=\"fusion-carousel-item-wrapper\"><div class=\"fusion-image-wrapper hover-type-zoomin\"><img decoding=\"async\" width=\"2000\" height=\"3000\" src=\"https:\/\/www.boutiquedellarte.it\/wp-content\/uploads\/2025\/09\/44-CAPPOTTINO-SHEARLING-E-PELLICCIA-CON-CAPPUCCIO-1.jpg\" class=\"attachment-full size-full lazyload\" alt=\"CAPPOTTINO SHEARLING E PELLICCIA CON CAPPUCCIO\" srcset=\"data:image\/svg+xml,%3Csvg%20xmlns%3D%27http%3A%2F%2Fwww.w3.org%2F2000%2Fsvg%27%20width%3D%272000%27%20height%3D%273000%27%20viewBox%3D%270%200%202000%203000%27%3E%3Crect%20width%3D%272000%27%20height%3D%273000%27%20fill-opacity%3D%220%22%2F%3E%3C%2Fsvg%3E\" data-orig-src=\"https:\/\/www.boutiquedellarte.it\/wp-content\/uploads\/2025\/09\/44-CAPPOTTINO-SHEARLING-E-PELLICCIA-CON-CAPPUCCIO-1.jpg\" data-srcset=\"https:\/\/www.boutiquedellarte.it\/wp-content\/uploads\/2025\/09\/44-CAPPOTTINO-SHEARLING-E-PELLICCIA-CON-CAPPUCCIO-1-200x300.jpg 200w, https:\/\/www.boutiquedellarte.it\/wp-content\/uploads\/2025\/09\/44-CAPPOTTINO-SHEARLING-E-PELLICCIA-CON-CAPPUCCIO-1-400x600.jpg 400w, https:\/\/www.boutiquedellarte.it\/wp-content\/uploads\/2025\/09\/44-CAPPOTTINO-SHEARLING-E-PELLICCIA-CON-CAPPUCCIO-1-600x900.jpg 600w, https:\/\/www.boutiquedellarte.it\/wp-content\/uploads\/2025\/09\/44-CAPPOTTINO-SHEARLING-E-PELLICCIA-CON-CAPPUCCIO-1-800x1200.jpg 800w, https:\/\/www.boutiquedellarte.it\/wp-content\/uploads\/2025\/09\/44-CAPPOTTINO-SHEARLING-E-PELLICCIA-CON-CAPPUCCIO-1-1200x1800.jpg 1200w, https:\/\/www.boutiquedellarte.it\/wp-content\/uploads\/2025\/09\/44-CAPPOTTINO-SHEARLING-E-PELLICCIA-CON-CAPPUCCIO-1.jpg 2000w\" data-sizes=\"auto\" \/><\/div><\/div><\/div><div class=\"swiper-slide\"><div class=\"fusion-carousel-item-wrapper\"><div class=\"fusion-image-wrapper hover-type-zoomin\"><img decoding=\"async\" width=\"2000\" height=\"3000\" src=\"https:\/\/www.boutiquedellarte.it\/wp-content\/uploads\/2025\/09\/18-SMANICATO-SHEARLING-CON-RICAMI-2.jpg\" class=\"attachment-full size-full lazyload\" alt=\"SMANICATO SHEARLING CON RICAMI\" srcset=\"data:image\/svg+xml,%3Csvg%20xmlns%3D%27http%3A%2F%2Fwww.w3.org%2F2000%2Fsvg%27%20width%3D%272000%27%20height%3D%273000%27%20viewBox%3D%270%200%202000%203000%27%3E%3Crect%20width%3D%272000%27%20height%3D%273000%27%20fill-opacity%3D%220%22%2F%3E%3C%2Fsvg%3E\" data-orig-src=\"https:\/\/www.boutiquedellarte.it\/wp-content\/uploads\/2025\/09\/18-SMANICATO-SHEARLING-CON-RICAMI-2.jpg\" data-srcset=\"https:\/\/www.boutiquedellarte.it\/wp-content\/uploads\/2025\/09\/18-SMANICATO-SHEARLING-CON-RICAMI-2-200x300.jpg 200w, https:\/\/www.boutiquedellarte.it\/wp-content\/uploads\/2025\/09\/18-SMANICATO-SHEARLING-CON-RICAMI-2-400x600.jpg 400w, https:\/\/www.boutiquedellarte.it\/wp-content\/uploads\/2025\/09\/18-SMANICATO-SHEARLING-CON-RICAMI-2-600x900.jpg 600w, https:\/\/www.boutiquedellarte.it\/wp-content\/uploads\/2025\/09\/18-SMANICATO-SHEARLING-CON-RICAMI-2-800x1200.jpg 800w, https:\/\/www.boutiquedellarte.it\/wp-content\/uploads\/2025\/09\/18-SMANICATO-SHEARLING-CON-RICAMI-2-1200x1800.jpg 1200w, https:\/\/www.boutiquedellarte.it\/wp-content\/uploads\/2025\/09\/18-SMANICATO-SHEARLING-CON-RICAMI-2.jpg 2000w\" data-sizes=\"auto\" \/><\/div><\/div><\/div><\/div><div class=\"awb-swiper-button awb-swiper-button-prev\"><i class=\"awb-icon-angle-left\" aria-hidden=\"true\"><\/i><\/div><div class=\"awb-swiper-button awb-swiper-button-next\"><i class=\"awb-icon-angle-right\" aria-hidden=\"true\"><\/i><\/div><\/div><\/div>\n<\/div><\/div><div class=\"fusion-clearfix\"><\/div><\/div><\/div>\n<div class=\"fusion-layout-column fusion_builder_column fusion-builder-column-9 fusion_builder_column_2_5 2_5 fusion-two-fifth fusion-column-last fusion-animated\" style=\"--awb-padding-top:15px;--awb-padding-right:15px;--awb-padding-bottom:15px;--awb-padding-left:15px;--awb-bg-size:cover;\" data-animationType=\"slideInRight\" data-animationDuration=\"0.9\" data-animationOffset=\"top-into-view\"><div class=\"fusion-column-wrapper fusion-column-has-shadow fusion-flex-column-wrapper-legacy\"><div class=\"fusion-column-content-centered\"><div class=\"fusion-column-content\">\n<h3 style=\"text-align: center;\">CAPI IN PELLE, PIUMINI, ECOPELLICCE E SHEARLING<\/h3>\n<div class=\"fusion-sep-clear\"><\/div><div class=\"fusion-separator\" style=\"margin-left: auto;margin-right: auto;margin-top:5px;margin-bottom:0px;width:100%;max-width:5%;\"><div class=\"fusion-separator-border sep-single sep-solid\" style=\"--awb-height:20px;--awb-amount:20px;--awb-sep-color:#999999;border-color:#999999;border-top-width:1px;\"><\/div><\/div><div class=\"fusion-sep-clear\"><\/div>\n<h4 style=\"text-align: center;\">I must have di stagione<\/h4>\n<p>Una collezione ricercata ed esclusiva di capi in pelle, shearling, ecopellicce e piumini per una donna contemporanea ed elegante.<\/p>\n<p>Tutti i capi sono realizzati nei nostri laboratori con le migliori pelli selezionate, tessuti e materiali di eccellente qualit\u00e0.<\/p>\n<div class=\"fusion-sep-clear\"><\/div><div class=\"fusion-separator\" style=\"margin-left: auto;margin-right: auto;margin-top:15px;width:100%;max-width:3%;\"><\/div><div class=\"fusion-sep-clear\"><\/div>\n<div class=\"fusion-button-wrapper fusion-aligncenter\"><a class=\"fusion-button button-flat button-medium button-custom fusion-button-default button-6 fusion-button-default-span fusion-button-default-type\" style=\"--button_accent_color:#ffffff;--button_accent_hover_color:#000000;--button_border_hover_color:#000000;--button_border_width-top:1px;--button_border_width-right:1px;--button_border_width-bottom:1px;--button_border_width-left:1px;--button_gradient_top_color:#000000;--button_gradient_bottom_color:#000000;--button_gradient_top_color_hover:#ffffff;--button_gradient_bottom_color_hover:#ffffff;\" target=\"_self\" href=\"https:\/\/www.boutiquedellarte.it\/it\/fashion-show\/\"><span class=\"fusion-button-text awb-button__text awb-button__text--default\">SCOPRI LA NUOVA COLLEZIONE<\/span><\/a><\/div>\n<\/div><\/div><div class=\"fusion-clearfix\"><\/div><\/div><\/div>\n<\/div>\n<p><\/div>\n<div class=\"fusion-fullwidth fullwidth-box fusion-builder-row-5 hundred-percent-fullwidth non-hundred-percent-height-scrolling fusion-equal-height-columns\" style=\"--awb-border-radius-top-left:0px;--awb-border-radius-top-right:0px;--awb-border-radius-bottom-right:0px;--awb-border-radius-bottom-left:0px;--awb-padding-top:0px;--awb-padding-right:30px;--awb-padding-bottom:0px;--awb-padding-left:30px;--awb-margin-top:-80px;--awb-margin-bottom:0px;--awb-flex-wrap:wrap;\" ><\/p>\n<div class=\"fusion-builder-row fusion-row\">\n<div class=\"fusion-layout-column fusion_builder_column fusion-builder-column-10 fusion_builder_column_1_1 1_1 fusion-one-full fusion-column-first fusion-column-last banner\" style=\"--awb-padding-top:10px;--awb-padding-right:10px;--awb-padding-bottom:10px;--awb-padding-left:10px;--awb-bg-size:cover;\"><div class=\"fusion-column-wrapper fusion-column-has-shadow fusion-flex-column-wrapper-legacy\">\n<div class=\"fusion-builder-row fusion-builder-row-inner fusion-row\">\n<div class=\"fusion-layout-column fusion_builder_column_inner fusion-builder-nested-column-0 fusion_builder_column_inner_3_5 3_5 fusion-three-fifth fusion-column-first\" style=\"--awb-padding-top:20px;--awb-padding-right:20px;--awb-padding-bottom:20px;--awb-padding-left:20px;--awb-bg-color:#f9f9fb;--awb-bg-color-hover:#f9f9fb;--awb-bg-position:center center;--awb-bg-size:cover;--awb-margin-bottom:0px;\"><div class=\"fusion-column-wrapper fusion-column-has-shadow fusion-flex-column-wrapper-legacy\"><div class=\"fusion-column-content-centered\"><div class=\"fusion-column-content\">\n<h4 class=\"cambio\">CAMBIO PELLICCIA<\/h4>\n<div class=\"fusion-sep-clear\"><\/div><div class=\"fusion-separator\" style=\"margin-left: auto;margin-right: auto;margin-top:5px;margin-bottom:25px;width:100%;max-width:15%;\"><div class=\"fusion-separator-border sep-single sep-solid\" style=\"--awb-height:20px;--awb-amount:20px;--awb-sep-color:#999999;border-color:#999999;border-top-width:1px;\"><\/div><\/div><div class=\"fusion-sep-clear\"><\/div>\n<p class=\"bannerhome\">Da Boutique dell\u2019Arte il <strong>cambio pelliccia<\/strong> \u00e8 molto vantaggioso grazie alle ottime e sorprendenti <strong>valutazioni<\/strong> di pellicce, montoni e capi in pelle.<\/p>\n<p class=\"bannerhome\">Il cambio \u00e8 pi\u00f9 conveniente con la <strong>possibilit\u00e0 di permutare<\/strong> anche pi\u00f9 capi sul tuo nuovo acquisto.<\/p>\n<div class=\"fusion-sep-clear\"><\/div><div class=\"fusion-separator\" style=\"margin-left: auto;margin-right: auto;margin-top:15px;width:100%;max-width:3%;\"><\/div><div class=\"fusion-sep-clear\"><\/div>\n<div class=\"fusion-button-wrapper fusion-aligncenter\"><a class=\"fusion-button button-flat button-xlarge button-custom fusion-button-default button-7 fusion-button-default-span fusion-button-default-type\" style=\"--button_accent_color:#ffffff;--button_border_color:#cc0000;--button_accent_hover_color:#cc0000;--button_border_hover_color:#cc0000;--button_border_width-top:1px;--button_border_width-right:1px;--button_border_width-bottom:1px;--button_border_width-left:1px;--button_gradient_top_color:#cc0000;--button_gradient_bottom_color:#cc0000;--button_gradient_top_color_hover:rgba(255, 255, 255, 0);--button_gradient_bottom_color_hover:rgba(255, 255, 255, 0);\" target=\"_self\" href=\"https:\/\/www.boutiquedellarte.it\/it\/cambio-pelliccia\/\"><span class=\"fusion-button-text awb-button__text awb-button__text--default\">SCOPRI TUTTI I VANTAGGI<\/span><\/a><\/div>\n<\/div><\/div><div class=\"fusion-clearfix\"><\/div><\/div><\/div>\n<div class=\"fusion-layout-column fusion_builder_column_inner fusion-builder-nested-column-1 fusion_builder_column_inner_2_5 2_5 fusion-two-fifth fusion-column-last\" style=\"--awb-bg-color:#f9f9fb;--awb-bg-color-hover:#f9f9fb;--awb-bg-position:center center;--awb-bg-size:cover;--awb-margin-bottom:0px;\"><div class=\"fusion-column-wrapper fusion-column-has-shadow fusion-flex-column-wrapper-legacy\"><div class=\"fusion-column-content-centered\"><div class=\"fusion-column-content\">\n<div class=\"fusion-image-element fusion-image-align-center in-legacy-container\" style=\"text-align:center;--awb-caption-title-font-family:var(--h2_typography-font-family);--awb-caption-title-font-weight:var(--h2_typography-font-weight);--awb-caption-title-font-style:var(--h2_typography-font-style);--awb-caption-title-size:var(--h2_typography-font-size);--awb-caption-title-transform:var(--h2_typography-text-transform);--awb-caption-title-line-height:var(--h2_typography-line-height);--awb-caption-title-letter-spacing:var(--h2_typography-letter-spacing);\"><div class=\"imageframe-align-center\"><span class=\" fusion-imageframe imageframe-none imageframe-1 hover-type-zoomin fusion-animated\" style=\"border:10px solid rgba(246,246,246,0);\" data-animationType=\"zoomIn\" data-animationDuration=\"0.5\" data-animationOffset=\"top-into-view\"><img decoding=\"async\" width=\"1100\" height=\"619\" alt=\"permuta e cambio vecchia pelliccia\" title=\"cambio pelliccia\" src=\"https:\/\/www.boutiquedellarte.it\/wp-content\/uploads\/2019\/10\/cambio-pelliccia.jpg\" data-orig-src=\"https:\/\/www.boutiquedellarte.it\/wp-content\/uploads\/2019\/10\/cambio-pelliccia.jpg\" class=\"lazyload img-responsive wp-image-1428\" srcset=\"data:image\/svg+xml,%3Csvg%20xmlns%3D%27http%3A%2F%2Fwww.w3.org%2F2000%2Fsvg%27%20width%3D%271100%27%20height%3D%27619%27%20viewBox%3D%270%200%201100%20619%27%3E%3Crect%20width%3D%271100%27%20height%3D%27619%27%20fill-opacity%3D%220%22%2F%3E%3C%2Fsvg%3E\" data-srcset=\"https:\/\/www.boutiquedellarte.it\/wp-content\/uploads\/2019\/10\/cambio-pelliccia-200x113.jpg 200w, https:\/\/www.boutiquedellarte.it\/wp-content\/uploads\/2019\/10\/cambio-pelliccia-400x225.jpg 400w, https:\/\/www.boutiquedellarte.it\/wp-content\/uploads\/2019\/10\/cambio-pelliccia-600x338.jpg 600w, https:\/\/www.boutiquedellarte.it\/wp-content\/uploads\/2019\/10\/cambio-pelliccia-800x450.jpg 800w, https:\/\/www.boutiquedellarte.it\/wp-content\/uploads\/2019\/10\/cambio-pelliccia.jpg 1100w\" data-sizes=\"auto\" data-orig-sizes=\"(max-width: 800px) 100vw, 600px\" \/><\/span><\/div><\/div>\n<\/div><\/div><div class=\"fusion-clearfix\"><\/div><\/div><\/div>\n<\/div>\n<div class=\"fusion-clearfix\"><\/div><\/div><\/div>\n<\/div>\n<p><\/div>\n<div class=\"fusion-fullwidth fullwidth-box fusion-builder-row-6 hundred-percent-fullwidth non-hundred-percent-height-scrolling fusion-equal-height-columns\" style=\"--awb-border-radius-top-left:0px;--awb-border-radius-top-right:0px;--awb-border-radius-bottom-right:0px;--awb-border-radius-bottom-left:0px;--awb-padding-top:5px;--awb-padding-right:30px;--awb-padding-bottom:0px;--awb-padding-left:30px;--awb-margin-top:40px;--awb-margin-bottom:40px;--awb-flex-wrap:wrap;\" ><\/p>\n<div class=\"fusion-builder-row fusion-row\">\n<div class=\"fusion-layout-column fusion_builder_column fusion-builder-column-11 fusion_builder_column_2_3 2_3 fusion-two-third fusion-column-first\" style=\"--awb-bg-position:center center;--awb-bg-size:cover;\"><div class=\"fusion-column-wrapper fusion-column-has-shadow fusion-flex-column-wrapper-legacy\"><div class=\"fusion-column-content-centered\"><div class=\"fusion-column-content\">\n<div class=\"fusion-image-element fusion-image-align-center in-legacy-container\" style=\"text-align:center;--awb-caption-title-font-family:var(--h2_typography-font-family);--awb-caption-title-font-weight:var(--h2_typography-font-weight);--awb-caption-title-font-style:var(--h2_typography-font-style);--awb-caption-title-size:var(--h2_typography-font-size);--awb-caption-title-transform:var(--h2_typography-text-transform);--awb-caption-title-line-height:var(--h2_typography-line-height);--awb-caption-title-letter-spacing:var(--h2_typography-letter-spacing);\"><div class=\"imageframe-align-center\"><span class=\" fusion-imageframe imageframe-none imageframe-2 hover-type-zoomin fusion-animated\" style=\"border:10px solid rgba(246,246,246,0);\" data-animationType=\"zoomIn\" data-animationDuration=\"0.5\" data-animationOffset=\"top-into-view\"><img decoding=\"async\" width=\"1100\" height=\"619\" alt=\"produzione pellicce italia\" title=\"produzione pellicce lusso pregiate made in Italy\" src=\"https:\/\/www.boutiquedellarte.it\/wp-content\/uploads\/2019\/10\/produzione-pellicce-lusso-pregiate-made-in-italy.jpg\" data-orig-src=\"https:\/\/www.boutiquedellarte.it\/wp-content\/uploads\/2019\/10\/produzione-pellicce-lusso-pregiate-made-in-italy.jpg\" class=\"lazyload img-responsive wp-image-1434\" srcset=\"data:image\/svg+xml,%3Csvg%20xmlns%3D%27http%3A%2F%2Fwww.w3.org%2F2000%2Fsvg%27%20width%3D%271100%27%20height%3D%27619%27%20viewBox%3D%270%200%201100%20619%27%3E%3Crect%20width%3D%271100%27%20height%3D%27619%27%20fill-opacity%3D%220%22%2F%3E%3C%2Fsvg%3E\" data-srcset=\"https:\/\/www.boutiquedellarte.it\/wp-content\/uploads\/2019\/10\/produzione-pellicce-lusso-pregiate-made-in-italy-200x113.jpg 200w, https:\/\/www.boutiquedellarte.it\/wp-content\/uploads\/2019\/10\/produzione-pellicce-lusso-pregiate-made-in-italy-400x225.jpg 400w, https:\/\/www.boutiquedellarte.it\/wp-content\/uploads\/2019\/10\/produzione-pellicce-lusso-pregiate-made-in-italy-600x338.jpg 600w, https:\/\/www.boutiquedellarte.it\/wp-content\/uploads\/2019\/10\/produzione-pellicce-lusso-pregiate-made-in-italy-800x450.jpg 800w, https:\/\/www.boutiquedellarte.it\/wp-content\/uploads\/2019\/10\/produzione-pellicce-lusso-pregiate-made-in-italy.jpg 1100w\" data-sizes=\"auto\" data-orig-sizes=\"(max-width: 800px) 100vw, 1100px\" \/><\/span><\/div><\/div>\n<\/div><\/div><div class=\"fusion-clearfix\"><\/div><\/div><\/div>\n<div class=\"fusion-layout-column fusion_builder_column fusion-builder-column-12 fusion_builder_column_1_3 1_3 fusion-one-third fusion-column-last fusion-animated\" style=\"--awb-padding-top:15px;--awb-padding-right:15px;--awb-padding-bottom:15px;--awb-padding-left:15px;--awb-bg-size:cover;\" data-animationType=\"zoomIn\" data-animationDuration=\"0.3\" data-animationOffset=\"top-into-view\"><div class=\"fusion-column-wrapper fusion-column-has-shadow fusion-flex-column-wrapper-legacy\"><div class=\"fusion-column-content-centered\"><div class=\"fusion-column-content\">\n<h3 style=\"text-align: center;\">LUXURY SELECTION<\/h3>\n<div class=\"fusion-sep-clear\"><\/div><div class=\"fusion-separator\" style=\"margin-left: auto;margin-right: auto;margin-top:5px;margin-bottom:0px;width:100%;max-width:5%;\"><div class=\"fusion-separator-border sep-single sep-solid\" style=\"--awb-height:20px;--awb-amount:20px;--awb-sep-color:#999999;border-color:#999999;border-top-width:1px;\"><\/div><\/div><div class=\"fusion-sep-clear\"><\/div>\n<h4 style=\"text-align: center;\">Le Icone<\/h4>\n<p>Alta manifattura Made in Italy e materiali pregiatissimi per la collezione pi\u00f9 esclusiva, preziosa e dall\u2019eleganza senza tempo.<\/p>\n<div class=\"fusion-sep-clear\"><\/div><div class=\"fusion-separator\" style=\"margin-left: auto;margin-right: auto;margin-top:15px;width:100%;max-width:3%;\"><\/div><div class=\"fusion-sep-clear\"><\/div>\n<div class=\"fusion-button-wrapper fusion-aligncenter\"><a class=\"fusion-button button-flat button-large button-custom fusion-button-default button-8 fusion-button-default-span fusion-button-default-type\" style=\"--button_accent_color:#ffffff;--button_accent_hover_color:#ffffff;--button_border_hover_color:#ffffff;--button_border_width-top:1px;--button_border_width-right:1px;--button_border_width-bottom:1px;--button_border_width-left:1px;--button_gradient_top_color:#333333;--button_gradient_bottom_color:#333333;--button_gradient_top_color_hover:#333333;--button_gradient_bottom_color_hover:#333333;\" target=\"_self\" href=\"https:\/\/www.boutiquedellarte.it\/it\/categoria\/le-icone\/\"><span class=\"fusion-button-text awb-button__text awb-button__text--default\">SCOPRI LE ICONE<\/span><\/a><\/div>\n<\/div><\/div><div class=\"fusion-clearfix\"><\/div><\/div><\/div>\n<\/div>\n<p><\/div>\n<div class=\"fusion-fullwidth fullwidth-box fusion-builder-row-7 hundred-percent-fullwidth non-hundred-percent-height-scrolling fusion-equal-height-columns\" style=\"--awb-border-radius-top-left:0px;--awb-border-radius-top-right:0px;--awb-border-radius-bottom-right:0px;--awb-border-radius-bottom-left:0px;--awb-padding-top:5px;--awb-padding-right:30px;--awb-padding-left:30px;--awb-margin-top:0px;--awb-background-color:#f7f7f7;--awb-flex-wrap:wrap;\" ><\/p>\n<div class=\"fusion-builder-row fusion-row\">\n<div class=\"fusion-layout-column fusion_builder_column fusion-builder-column-13 fusion_builder_column_2_5 2_5 fusion-two-fifth fusion-column-first fusion-animated\" style=\"--awb-padding-top:15px;--awb-padding-right:15px;--awb-padding-bottom:15px;--awb-padding-left:15px;--awb-bg-size:cover;\" data-animationType=\"slideInLeft\" data-animationDuration=\"0.8\" data-animationOffset=\"top-into-view\"><div class=\"fusion-column-wrapper fusion-column-has-shadow fusion-flex-column-wrapper-legacy\"><div class=\"fusion-column-content-centered\"><div class=\"fusion-column-content\">\n<h3 style=\"text-align: center;\">TRADIZIONE ARTIGIANALE ITALIANA<\/h3>\n<div class=\"fusion-sep-clear\"><\/div><div class=\"fusion-separator\" style=\"margin-left: auto;margin-right: auto;margin-top:5px;margin-bottom:0px;width:100%;max-width:5%;\"><div class=\"fusion-separator-border sep-single sep-solid\" style=\"--awb-height:20px;--awb-amount:20px;--awb-sep-color:#999999;border-color:#999999;border-top-width:1px;\"><\/div><\/div><div class=\"fusion-sep-clear\"><\/div>\n<h4 style=\"text-align: center;\">Collezione Pellicce Uomo<\/h4>\n<div class=\"fusion-sep-clear\"><\/div><div class=\"fusion-separator fusion-full-width-sep\" style=\"margin-left: auto;margin-right: auto;margin-top:10px;width:100%;\"><\/div><div class=\"fusion-sep-clear\"><\/div>\n<p>Giacche e cappotti moderni, dinamici e ricercati realizzati con materiali e pelli selezionate, curati nei minimi dettagli secondo i pi\u00f9 alti standard di qualit\u00e0.<\/p>\n<div class=\"fusion-sep-clear\"><\/div><div class=\"fusion-separator\" style=\"margin-left: auto;margin-right: auto;margin-top:15px;width:100%;max-width:3%;\"><\/div><div class=\"fusion-sep-clear\"><\/div>\n<\/div><\/div><div class=\"fusion-clearfix\"><\/div><\/div><\/div>\n<div class=\"fusion-layout-column fusion_builder_column fusion-builder-column-14 fusion_builder_column_3_5 3_5 fusion-three-fifth fusion-column-last\" style=\"--awb-padding-top:15px;--awb-padding-right:15px;--awb-padding-bottom:15px;--awb-padding-left:15px;--awb-bg-size:cover;\"><div class=\"fusion-column-wrapper fusion-column-has-shadow fusion-flex-column-wrapper-legacy\"><div class=\"fusion-column-content-centered\"><div class=\"fusion-column-content\">\n<div class=\"fusion-image-carousel fusion-image-carousel-auto fusion-image-carousel-4 lightbox-enabled\"><div class=\"awb-carousel awb-swiper awb-swiper-carousel awb-carousel--carousel awb-swiper-dots-position-bottom\" data-layout=\"carousel\" data-autoplay=\"yes\" data-autoplayspeed=\"5000\" data-autoplaypause=\"no\" data-loop=\"yes\" data-columns=\"2\" data-columnsmedium=\"1\" data-columnssmall=\"1\" data-itemmargin=\"5\" data-itemwidth=\"180\" data-touchscroll=\"no\" data-freemode=\"no\" data-imagesize=\"auto\" data-scrollitems=\"0\" data-centeredslides=\"no\" data-rotationangle=\"50\" data-depth=\"100\" data-speed=\"500\" data-shadow=\"no\" data-pagination=\"bullets\" style=\"--awb-columns:2;--awb-column-spacing:5px;\"><div class=\"swiper-wrapper awb-image-carousel-wrapper fusion-flex-align-items-center\"><div class=\"swiper-slide\"><div class=\"fusion-carousel-item-wrapper\"><div class=\"fusion-image-wrapper hover-type-zoomin\"><a data-rel=\"iLightbox[image_carousel_4]\" data-caption=\"GIACCONE CAVALLINO ANIMALIER E PELLE\" data-title=\"GIACCONE CAVALLINO ANIMALIER E PELLE\" aria-label=\"GIACCONE CAVALLINO ANIMALIER E PELLE\" href=\"https:\/\/www.boutiquedellarte.it\/wp-content\/uploads\/2025\/09\/02-GIACCONE-CAVALLINO-ANIMALIER-E-PELLE-2.jpg\" target=\"_self\"><img decoding=\"async\" width=\"2000\" height=\"3000\" src=\"https:\/\/www.boutiquedellarte.it\/wp-content\/uploads\/2025\/09\/02-GIACCONE-CAVALLINO-ANIMALIER-E-PELLE-2.jpg\" class=\"attachment-full size-full lazyload\" alt=\"produzione pellicce\" srcset=\"data:image\/svg+xml,%3Csvg%20xmlns%3D%27http%3A%2F%2Fwww.w3.org%2F2000%2Fsvg%27%20width%3D%272000%27%20height%3D%273000%27%20viewBox%3D%270%200%202000%203000%27%3E%3Crect%20width%3D%272000%27%20height%3D%273000%27%20fill-opacity%3D%220%22%2F%3E%3C%2Fsvg%3E\" data-orig-src=\"https:\/\/www.boutiquedellarte.it\/wp-content\/uploads\/2025\/09\/02-GIACCONE-CAVALLINO-ANIMALIER-E-PELLE-2.jpg\" data-srcset=\"https:\/\/www.boutiquedellarte.it\/wp-content\/uploads\/2025\/09\/02-GIACCONE-CAVALLINO-ANIMALIER-E-PELLE-2-200x300.jpg 200w, https:\/\/www.boutiquedellarte.it\/wp-content\/uploads\/2025\/09\/02-GIACCONE-CAVALLINO-ANIMALIER-E-PELLE-2-400x600.jpg 400w, https:\/\/www.boutiquedellarte.it\/wp-content\/uploads\/2025\/09\/02-GIACCONE-CAVALLINO-ANIMALIER-E-PELLE-2-600x900.jpg 600w, https:\/\/www.boutiquedellarte.it\/wp-content\/uploads\/2025\/09\/02-GIACCONE-CAVALLINO-ANIMALIER-E-PELLE-2-800x1200.jpg 800w, https:\/\/www.boutiquedellarte.it\/wp-content\/uploads\/2025\/09\/02-GIACCONE-CAVALLINO-ANIMALIER-E-PELLE-2-1200x1800.jpg 1200w, https:\/\/www.boutiquedellarte.it\/wp-content\/uploads\/2025\/09\/02-GIACCONE-CAVALLINO-ANIMALIER-E-PELLE-2.jpg 2000w\" data-sizes=\"auto\" \/><\/a><\/div><\/div><\/div><div class=\"swiper-slide\"><div class=\"fusion-carousel-item-wrapper\"><div class=\"fusion-image-wrapper hover-type-zoomin\"><a data-rel=\"iLightbox[image_carousel_4]\" data-caption=\"BOMBER CAVALLINO\" data-title=\"BOMBER CAVALLINO\" aria-label=\"BOMBER CAVALLINO\" href=\"https:\/\/www.boutiquedellarte.it\/wp-content\/uploads\/2025\/09\/03-BOMBER-CAVALLINO-2.jpg\" target=\"_self\"><img decoding=\"async\" width=\"2000\" height=\"3000\" src=\"https:\/\/www.boutiquedellarte.it\/wp-content\/uploads\/2025\/09\/03-BOMBER-CAVALLINO-2.jpg\" class=\"attachment-full size-full lazyload\" alt=\"produzione pellicce\" srcset=\"data:image\/svg+xml,%3Csvg%20xmlns%3D%27http%3A%2F%2Fwww.w3.org%2F2000%2Fsvg%27%20width%3D%272000%27%20height%3D%273000%27%20viewBox%3D%270%200%202000%203000%27%3E%3Crect%20width%3D%272000%27%20height%3D%273000%27%20fill-opacity%3D%220%22%2F%3E%3C%2Fsvg%3E\" data-orig-src=\"https:\/\/www.boutiquedellarte.it\/wp-content\/uploads\/2025\/09\/03-BOMBER-CAVALLINO-2.jpg\" data-srcset=\"https:\/\/www.boutiquedellarte.it\/wp-content\/uploads\/2025\/09\/03-BOMBER-CAVALLINO-2-200x300.jpg 200w, https:\/\/www.boutiquedellarte.it\/wp-content\/uploads\/2025\/09\/03-BOMBER-CAVALLINO-2-400x600.jpg 400w, https:\/\/www.boutiquedellarte.it\/wp-content\/uploads\/2025\/09\/03-BOMBER-CAVALLINO-2-600x900.jpg 600w, https:\/\/www.boutiquedellarte.it\/wp-content\/uploads\/2025\/09\/03-BOMBER-CAVALLINO-2-800x1200.jpg 800w, https:\/\/www.boutiquedellarte.it\/wp-content\/uploads\/2025\/09\/03-BOMBER-CAVALLINO-2-1200x1800.jpg 1200w, https:\/\/www.boutiquedellarte.it\/wp-content\/uploads\/2025\/09\/03-BOMBER-CAVALLINO-2.jpg 2000w\" data-sizes=\"auto\" \/><\/a><\/div><\/div><\/div><div class=\"swiper-slide\"><div class=\"fusion-carousel-item-wrapper\"><div class=\"fusion-image-wrapper hover-type-zoomin\"><a data-rel=\"iLightbox[image_carousel_4]\" data-caption=\"BOMBER VISONE\" data-title=\"BOMBER VISONE\" aria-label=\"BOMBER VISONE\" href=\"https:\/\/www.boutiquedellarte.it\/wp-content\/uploads\/2025\/09\/10-BOMBER-VISONE-3.jpg\" target=\"_self\"><img decoding=\"async\" width=\"2000\" height=\"3000\" src=\"https:\/\/www.boutiquedellarte.it\/wp-content\/uploads\/2025\/09\/10-BOMBER-VISONE-3.jpg\" class=\"attachment-full size-full lazyload\" alt=\"produzione pellicce\" srcset=\"data:image\/svg+xml,%3Csvg%20xmlns%3D%27http%3A%2F%2Fwww.w3.org%2F2000%2Fsvg%27%20width%3D%272000%27%20height%3D%273000%27%20viewBox%3D%270%200%202000%203000%27%3E%3Crect%20width%3D%272000%27%20height%3D%273000%27%20fill-opacity%3D%220%22%2F%3E%3C%2Fsvg%3E\" data-orig-src=\"https:\/\/www.boutiquedellarte.it\/wp-content\/uploads\/2025\/09\/10-BOMBER-VISONE-3.jpg\" data-srcset=\"https:\/\/www.boutiquedellarte.it\/wp-content\/uploads\/2025\/09\/10-BOMBER-VISONE-3-200x300.jpg 200w, https:\/\/www.boutiquedellarte.it\/wp-content\/uploads\/2025\/09\/10-BOMBER-VISONE-3-400x600.jpg 400w, https:\/\/www.boutiquedellarte.it\/wp-content\/uploads\/2025\/09\/10-BOMBER-VISONE-3-600x900.jpg 600w, https:\/\/www.boutiquedellarte.it\/wp-content\/uploads\/2025\/09\/10-BOMBER-VISONE-3-800x1200.jpg 800w, https:\/\/www.boutiquedellarte.it\/wp-content\/uploads\/2025\/09\/10-BOMBER-VISONE-3-1200x1800.jpg 1200w, https:\/\/www.boutiquedellarte.it\/wp-content\/uploads\/2025\/09\/10-BOMBER-VISONE-3.jpg 2000w\" data-sizes=\"auto\" \/><\/a><\/div><\/div><\/div><div class=\"swiper-slide\"><div class=\"fusion-carousel-item-wrapper\"><div class=\"fusion-image-wrapper hover-type-zoomin\"><a data-rel=\"iLightbox[image_carousel_4]\" data-caption=\"CAPPOTTINO VISONE RASATO\" data-title=\"CAPPOTTINO VISONE RASATO\" aria-label=\"CAPPOTTINO VISONE RASATO\" href=\"https:\/\/www.boutiquedellarte.it\/wp-content\/uploads\/2025\/09\/11-CAPPOTTINO-VISONE-RASATO-3.jpg\" target=\"_self\"><img decoding=\"async\" width=\"2000\" height=\"3000\" src=\"https:\/\/www.boutiquedellarte.it\/wp-content\/uploads\/2025\/09\/11-CAPPOTTINO-VISONE-RASATO-3.jpg\" class=\"attachment-full size-full lazyload\" alt=\"produzione pellicce\" srcset=\"data:image\/svg+xml,%3Csvg%20xmlns%3D%27http%3A%2F%2Fwww.w3.org%2F2000%2Fsvg%27%20width%3D%272000%27%20height%3D%273000%27%20viewBox%3D%270%200%202000%203000%27%3E%3Crect%20width%3D%272000%27%20height%3D%273000%27%20fill-opacity%3D%220%22%2F%3E%3C%2Fsvg%3E\" data-orig-src=\"https:\/\/www.boutiquedellarte.it\/wp-content\/uploads\/2025\/09\/11-CAPPOTTINO-VISONE-RASATO-3.jpg\" data-srcset=\"https:\/\/www.boutiquedellarte.it\/wp-content\/uploads\/2025\/09\/11-CAPPOTTINO-VISONE-RASATO-3-200x300.jpg 200w, https:\/\/www.boutiquedellarte.it\/wp-content\/uploads\/2025\/09\/11-CAPPOTTINO-VISONE-RASATO-3-400x600.jpg 400w, https:\/\/www.boutiquedellarte.it\/wp-content\/uploads\/2025\/09\/11-CAPPOTTINO-VISONE-RASATO-3-600x900.jpg 600w, https:\/\/www.boutiquedellarte.it\/wp-content\/uploads\/2025\/09\/11-CAPPOTTINO-VISONE-RASATO-3-800x1200.jpg 800w, https:\/\/www.boutiquedellarte.it\/wp-content\/uploads\/2025\/09\/11-CAPPOTTINO-VISONE-RASATO-3-1200x1800.jpg 1200w, https:\/\/www.boutiquedellarte.it\/wp-content\/uploads\/2025\/09\/11-CAPPOTTINO-VISONE-RASATO-3.jpg 2000w\" data-sizes=\"auto\" \/><\/a><\/div><\/div><\/div><\/div><div class=\"awb-swiper-button awb-swiper-button-prev\"><i class=\"awb-icon-angle-left\" aria-hidden=\"true\"><\/i><\/div><div class=\"awb-swiper-button awb-swiper-button-next\"><i class=\"awb-icon-angle-right\" aria-hidden=\"true\"><\/i><\/div><\/div><\/div>\n<\/div><\/div><div class=\"fusion-clearfix\"><\/div><\/div><\/div>\n<\/div>\n<\/div>\n<div class=\"fusion-fullwidth fullwidth-box fusion-builder-row-8 hundred-percent-fullwidth non-hundred-percent-height-scrolling fusion-equal-height-columns\" style=\"--awb-border-radius-top-left:0px;--awb-border-radius-top-right:0px;--awb-border-radius-bottom-right:0px;--awb-border-radius-bottom-left:0px;--awb-padding-top:5px;--awb-padding-right:30px;--awb-padding-bottom:30px;--awb-padding-left:30px;--awb-margin-top:-50px;--awb-margin-bottom:12px;--awb-background-color:#f7f7f7;--awb-flex-wrap:wrap;\" ><\/p>\n<div class=\"fusion-builder-row fusion-row\">\n<div class=\"fusion-layout-column fusion_builder_column fusion-builder-column-15 fusion_builder_column_3_5 3_5 fusion-three-fifth fusion-column-first\" style=\"--awb-bg-color:#f7f7f7;--awb-bg-color-hover:#f7f7f7;--awb-bg-size:cover;\"><div class=\"fusion-column-wrapper fusion-column-has-shadow fusion-flex-column-wrapper-legacy\"><div class=\"fusion-column-content-centered\"><div class=\"fusion-column-content\">\n<div class=\"fusion-image-carousel fusion-image-carousel-auto fusion-image-carousel-5 lightbox-enabled\"><div class=\"awb-carousel awb-swiper awb-swiper-carousel awb-carousel--carousel awb-swiper-dots-position-bottom\" data-layout=\"carousel\" data-autoplay=\"yes\" data-autoplayspeed=\"5000\" data-autoplaypause=\"no\" data-loop=\"yes\" data-columns=\"2\" data-columnsmedium=\"1\" data-columnssmall=\"1\" data-itemmargin=\"5\" data-itemwidth=\"180\" data-touchscroll=\"no\" data-freemode=\"no\" data-imagesize=\"auto\" data-scrollitems=\"0\" data-centeredslides=\"no\" data-rotationangle=\"50\" data-depth=\"100\" data-speed=\"500\" data-shadow=\"no\" data-pagination=\"bullets\" style=\"--awb-columns:2;--awb-column-spacing:5px;\"><div class=\"swiper-wrapper awb-image-carousel-wrapper fusion-flex-align-items-center\"><div class=\"swiper-slide\"><div class=\"fusion-carousel-item-wrapper\"><div class=\"fusion-image-wrapper hover-type-zoomin\"><a data-rel=\"iLightbox[image_carousel_5]\" data-caption=\"BOMBER SHEARLING\" data-title=\"BOMBER SHEARLING\" aria-label=\"BOMBER SHEARLING\" href=\"https:\/\/www.boutiquedellarte.it\/wp-content\/uploads\/2025\/09\/12-BOMBER-SHEARLING-2.jpg\" target=\"_self\"><img decoding=\"async\" width=\"2000\" height=\"3000\" src=\"https:\/\/www.boutiquedellarte.it\/wp-content\/uploads\/2025\/09\/12-BOMBER-SHEARLING-2.jpg\" class=\"attachment-full size-full lazyload\" alt=\"produzione pellicce\" srcset=\"data:image\/svg+xml,%3Csvg%20xmlns%3D%27http%3A%2F%2Fwww.w3.org%2F2000%2Fsvg%27%20width%3D%272000%27%20height%3D%273000%27%20viewBox%3D%270%200%202000%203000%27%3E%3Crect%20width%3D%272000%27%20height%3D%273000%27%20fill-opacity%3D%220%22%2F%3E%3C%2Fsvg%3E\" data-orig-src=\"https:\/\/www.boutiquedellarte.it\/wp-content\/uploads\/2025\/09\/12-BOMBER-SHEARLING-2.jpg\" data-srcset=\"https:\/\/www.boutiquedellarte.it\/wp-content\/uploads\/2025\/09\/12-BOMBER-SHEARLING-2-200x300.jpg 200w, https:\/\/www.boutiquedellarte.it\/wp-content\/uploads\/2025\/09\/12-BOMBER-SHEARLING-2-400x600.jpg 400w, https:\/\/www.boutiquedellarte.it\/wp-content\/uploads\/2025\/09\/12-BOMBER-SHEARLING-2-600x900.jpg 600w, https:\/\/www.boutiquedellarte.it\/wp-content\/uploads\/2025\/09\/12-BOMBER-SHEARLING-2-800x1200.jpg 800w, https:\/\/www.boutiquedellarte.it\/wp-content\/uploads\/2025\/09\/12-BOMBER-SHEARLING-2-1200x1800.jpg 1200w, https:\/\/www.boutiquedellarte.it\/wp-content\/uploads\/2025\/09\/12-BOMBER-SHEARLING-2.jpg 2000w\" data-sizes=\"auto\" \/><\/a><\/div><\/div><\/div><div class=\"swiper-slide\"><div class=\"fusion-carousel-item-wrapper\"><div class=\"fusion-image-wrapper hover-type-zoomin\"><a data-rel=\"iLightbox[image_carousel_5]\" data-caption=\"BOMBER SHEARLING E PELLE\" data-title=\"BOMBER SHEARLING E PELLE\" aria-label=\"BOMBER SHEARLING E PELLE\" href=\"https:\/\/www.boutiquedellarte.it\/wp-content\/uploads\/2025\/09\/13-BOMBER-SHEARLING-E-PELLE-2.jpg\" target=\"_self\"><img decoding=\"async\" width=\"2000\" height=\"3000\" src=\"https:\/\/www.boutiquedellarte.it\/wp-content\/uploads\/2025\/09\/13-BOMBER-SHEARLING-E-PELLE-2.jpg\" class=\"attachment-full size-full lazyload\" alt=\"produzione pellicce\" srcset=\"data:image\/svg+xml,%3Csvg%20xmlns%3D%27http%3A%2F%2Fwww.w3.org%2F2000%2Fsvg%27%20width%3D%272000%27%20height%3D%273000%27%20viewBox%3D%270%200%202000%203000%27%3E%3Crect%20width%3D%272000%27%20height%3D%273000%27%20fill-opacity%3D%220%22%2F%3E%3C%2Fsvg%3E\" data-orig-src=\"https:\/\/www.boutiquedellarte.it\/wp-content\/uploads\/2025\/09\/13-BOMBER-SHEARLING-E-PELLE-2.jpg\" data-srcset=\"https:\/\/www.boutiquedellarte.it\/wp-content\/uploads\/2025\/09\/13-BOMBER-SHEARLING-E-PELLE-2-200x300.jpg 200w, https:\/\/www.boutiquedellarte.it\/wp-content\/uploads\/2025\/09\/13-BOMBER-SHEARLING-E-PELLE-2-400x600.jpg 400w, https:\/\/www.boutiquedellarte.it\/wp-content\/uploads\/2025\/09\/13-BOMBER-SHEARLING-E-PELLE-2-600x900.jpg 600w, https:\/\/www.boutiquedellarte.it\/wp-content\/uploads\/2025\/09\/13-BOMBER-SHEARLING-E-PELLE-2-800x1200.jpg 800w, https:\/\/www.boutiquedellarte.it\/wp-content\/uploads\/2025\/09\/13-BOMBER-SHEARLING-E-PELLE-2-1200x1800.jpg 1200w, https:\/\/www.boutiquedellarte.it\/wp-content\/uploads\/2025\/09\/13-BOMBER-SHEARLING-E-PELLE-2.jpg 2000w\" data-sizes=\"auto\" \/><\/a><\/div><\/div><\/div><div class=\"swiper-slide\"><div class=\"fusion-carousel-item-wrapper\"><div class=\"fusion-image-wrapper hover-type-zoomin\"><a data-rel=\"iLightbox[image_carousel_5]\" data-caption=\"BOMBER SHEARLING\" data-title=\"BOMBER SHEARLING\" aria-label=\"BOMBER SHEARLING\" href=\"https:\/\/www.boutiquedellarte.it\/wp-content\/uploads\/2025\/09\/14-BOMBER-SHEARLING-1.jpg\" target=\"_self\"><img decoding=\"async\" width=\"2000\" height=\"3000\" src=\"https:\/\/www.boutiquedellarte.it\/wp-content\/uploads\/2025\/09\/14-BOMBER-SHEARLING-1.jpg\" class=\"attachment-full size-full lazyload\" alt=\"produzione pellicce\" srcset=\"data:image\/svg+xml,%3Csvg%20xmlns%3D%27http%3A%2F%2Fwww.w3.org%2F2000%2Fsvg%27%20width%3D%272000%27%20height%3D%273000%27%20viewBox%3D%270%200%202000%203000%27%3E%3Crect%20width%3D%272000%27%20height%3D%273000%27%20fill-opacity%3D%220%22%2F%3E%3C%2Fsvg%3E\" data-orig-src=\"https:\/\/www.boutiquedellarte.it\/wp-content\/uploads\/2025\/09\/14-BOMBER-SHEARLING-1.jpg\" data-srcset=\"https:\/\/www.boutiquedellarte.it\/wp-content\/uploads\/2025\/09\/14-BOMBER-SHEARLING-1-200x300.jpg 200w, https:\/\/www.boutiquedellarte.it\/wp-content\/uploads\/2025\/09\/14-BOMBER-SHEARLING-1-400x600.jpg 400w, https:\/\/www.boutiquedellarte.it\/wp-content\/uploads\/2025\/09\/14-BOMBER-SHEARLING-1-600x900.jpg 600w, https:\/\/www.boutiquedellarte.it\/wp-content\/uploads\/2025\/09\/14-BOMBER-SHEARLING-1-800x1200.jpg 800w, https:\/\/www.boutiquedellarte.it\/wp-content\/uploads\/2025\/09\/14-BOMBER-SHEARLING-1-1200x1800.jpg 1200w, https:\/\/www.boutiquedellarte.it\/wp-content\/uploads\/2025\/09\/14-BOMBER-SHEARLING-1.jpg 2000w\" data-sizes=\"auto\" \/><\/a><\/div><\/div><\/div><div class=\"swiper-slide\"><div class=\"fusion-carousel-item-wrapper\"><div class=\"fusion-image-wrapper hover-type-zoomin\"><a data-rel=\"iLightbox[image_carousel_5]\" data-caption=\"GIUBBINO PELLE GREEN\" data-title=\"GIUBBINO PELLE GREEN\" aria-label=\"GIUBBINO PELLE GREEN\" href=\"https:\/\/www.boutiquedellarte.it\/wp-content\/uploads\/2025\/09\/17-GIUBBINO-PELLE-GREEN-3.jpg\" target=\"_self\"><img decoding=\"async\" width=\"2000\" height=\"3000\" src=\"https:\/\/www.boutiquedellarte.it\/wp-content\/uploads\/2025\/09\/17-GIUBBINO-PELLE-GREEN-3.jpg\" class=\"attachment-full size-full lazyload\" alt=\"produzione pellicce\" srcset=\"data:image\/svg+xml,%3Csvg%20xmlns%3D%27http%3A%2F%2Fwww.w3.org%2F2000%2Fsvg%27%20width%3D%272000%27%20height%3D%273000%27%20viewBox%3D%270%200%202000%203000%27%3E%3Crect%20width%3D%272000%27%20height%3D%273000%27%20fill-opacity%3D%220%22%2F%3E%3C%2Fsvg%3E\" data-orig-src=\"https:\/\/www.boutiquedellarte.it\/wp-content\/uploads\/2025\/09\/17-GIUBBINO-PELLE-GREEN-3.jpg\" data-srcset=\"https:\/\/www.boutiquedellarte.it\/wp-content\/uploads\/2025\/09\/17-GIUBBINO-PELLE-GREEN-3-200x300.jpg 200w, https:\/\/www.boutiquedellarte.it\/wp-content\/uploads\/2025\/09\/17-GIUBBINO-PELLE-GREEN-3-400x600.jpg 400w, https:\/\/www.boutiquedellarte.it\/wp-content\/uploads\/2025\/09\/17-GIUBBINO-PELLE-GREEN-3-600x900.jpg 600w, https:\/\/www.boutiquedellarte.it\/wp-content\/uploads\/2025\/09\/17-GIUBBINO-PELLE-GREEN-3-800x1200.jpg 800w, https:\/\/www.boutiquedellarte.it\/wp-content\/uploads\/2025\/09\/17-GIUBBINO-PELLE-GREEN-3-1200x1800.jpg 1200w, https:\/\/www.boutiquedellarte.it\/wp-content\/uploads\/2025\/09\/17-GIUBBINO-PELLE-GREEN-3.jpg 2000w\" data-sizes=\"auto\" \/><\/a><\/div><\/div><\/div><div class=\"swiper-slide\"><div class=\"fusion-carousel-item-wrapper\"><div class=\"fusion-image-wrapper hover-type-zoomin\"><a data-rel=\"iLightbox[image_carousel_5]\" data-caption=\"GIUBBINO PELLE BLU\" data-title=\"GIUBBINO PELLE BLU\" aria-label=\"GIUBBINO PELLE BLU\" href=\"https:\/\/www.boutiquedellarte.it\/wp-content\/uploads\/2025\/09\/18-GIUBBINO-PELLE-BLU-2.jpg\" target=\"_self\"><img decoding=\"async\" width=\"2000\" height=\"3000\" src=\"https:\/\/www.boutiquedellarte.it\/wp-content\/uploads\/2025\/09\/18-GIUBBINO-PELLE-BLU-2.jpg\" class=\"attachment-full size-full lazyload\" alt=\"produzione pellicce\" srcset=\"data:image\/svg+xml,%3Csvg%20xmlns%3D%27http%3A%2F%2Fwww.w3.org%2F2000%2Fsvg%27%20width%3D%272000%27%20height%3D%273000%27%20viewBox%3D%270%200%202000%203000%27%3E%3Crect%20width%3D%272000%27%20height%3D%273000%27%20fill-opacity%3D%220%22%2F%3E%3C%2Fsvg%3E\" data-orig-src=\"https:\/\/www.boutiquedellarte.it\/wp-content\/uploads\/2025\/09\/18-GIUBBINO-PELLE-BLU-2.jpg\" data-srcset=\"https:\/\/www.boutiquedellarte.it\/wp-content\/uploads\/2025\/09\/18-GIUBBINO-PELLE-BLU-2-200x300.jpg 200w, https:\/\/www.boutiquedellarte.it\/wp-content\/uploads\/2025\/09\/18-GIUBBINO-PELLE-BLU-2-400x600.jpg 400w, https:\/\/www.boutiquedellarte.it\/wp-content\/uploads\/2025\/09\/18-GIUBBINO-PELLE-BLU-2-600x900.jpg 600w, https:\/\/www.boutiquedellarte.it\/wp-content\/uploads\/2025\/09\/18-GIUBBINO-PELLE-BLU-2-800x1200.jpg 800w, https:\/\/www.boutiquedellarte.it\/wp-content\/uploads\/2025\/09\/18-GIUBBINO-PELLE-BLU-2-1200x1800.jpg 1200w, https:\/\/www.boutiquedellarte.it\/wp-content\/uploads\/2025\/09\/18-GIUBBINO-PELLE-BLU-2.jpg 2000w\" data-sizes=\"auto\" \/><\/a><\/div><\/div><\/div><div class=\"swiper-slide\"><div class=\"fusion-carousel-item-wrapper\"><div class=\"fusion-image-wrapper hover-type-zoomin\"><a data-rel=\"iLightbox[image_carousel_5]\" data-caption=\"MONTGOMERY SHEARLING\" data-title=\"MONTGOMERY SHEARLING\" aria-label=\"MONTGOMERY SHEARLING\" href=\"https:\/\/www.boutiquedellarte.it\/wp-content\/uploads\/2025\/09\/15-MONTGOMERY-SHEARLING-2.jpg\" target=\"_self\"><img decoding=\"async\" width=\"2000\" height=\"3000\" src=\"https:\/\/www.boutiquedellarte.it\/wp-content\/uploads\/2025\/09\/15-MONTGOMERY-SHEARLING-2.jpg\" class=\"attachment-full size-full lazyload\" alt=\"produzione pellicce\" srcset=\"data:image\/svg+xml,%3Csvg%20xmlns%3D%27http%3A%2F%2Fwww.w3.org%2F2000%2Fsvg%27%20width%3D%272000%27%20height%3D%273000%27%20viewBox%3D%270%200%202000%203000%27%3E%3Crect%20width%3D%272000%27%20height%3D%273000%27%20fill-opacity%3D%220%22%2F%3E%3C%2Fsvg%3E\" data-orig-src=\"https:\/\/www.boutiquedellarte.it\/wp-content\/uploads\/2025\/09\/15-MONTGOMERY-SHEARLING-2.jpg\" data-srcset=\"https:\/\/www.boutiquedellarte.it\/wp-content\/uploads\/2025\/09\/15-MONTGOMERY-SHEARLING-2-200x300.jpg 200w, https:\/\/www.boutiquedellarte.it\/wp-content\/uploads\/2025\/09\/15-MONTGOMERY-SHEARLING-2-400x600.jpg 400w, https:\/\/www.boutiquedellarte.it\/wp-content\/uploads\/2025\/09\/15-MONTGOMERY-SHEARLING-2-600x900.jpg 600w, https:\/\/www.boutiquedellarte.it\/wp-content\/uploads\/2025\/09\/15-MONTGOMERY-SHEARLING-2-800x1200.jpg 800w, https:\/\/www.boutiquedellarte.it\/wp-content\/uploads\/2025\/09\/15-MONTGOMERY-SHEARLING-2-1200x1800.jpg 1200w, https:\/\/www.boutiquedellarte.it\/wp-content\/uploads\/2025\/09\/15-MONTGOMERY-SHEARLING-2.jpg 2000w\" data-sizes=\"auto\" \/><\/a><\/div><\/div><\/div><div class=\"swiper-slide\"><div class=\"fusion-carousel-item-wrapper\"><div class=\"fusion-image-wrapper hover-type-zoomin\"><a data-rel=\"iLightbox[image_carousel_5]\" data-caption=\"GIUBBOTTO SHEARLING\" data-title=\"GIUBBOTTO SHEARLING\" aria-label=\"GIUBBOTTO SHEARLING\" href=\"https:\/\/www.boutiquedellarte.it\/wp-content\/uploads\/2025\/09\/20-GIUBBOTTO-SHEARLING-2.jpg\" target=\"_self\"><img decoding=\"async\" width=\"2000\" height=\"3000\" src=\"https:\/\/www.boutiquedellarte.it\/wp-content\/uploads\/2025\/09\/20-GIUBBOTTO-SHEARLING-2.jpg\" class=\"attachment-full size-full lazyload\" alt=\"produzione pellicce\" srcset=\"data:image\/svg+xml,%3Csvg%20xmlns%3D%27http%3A%2F%2Fwww.w3.org%2F2000%2Fsvg%27%20width%3D%272000%27%20height%3D%273000%27%20viewBox%3D%270%200%202000%203000%27%3E%3Crect%20width%3D%272000%27%20height%3D%273000%27%20fill-opacity%3D%220%22%2F%3E%3C%2Fsvg%3E\" data-orig-src=\"https:\/\/www.boutiquedellarte.it\/wp-content\/uploads\/2025\/09\/20-GIUBBOTTO-SHEARLING-2.jpg\" data-srcset=\"https:\/\/www.boutiquedellarte.it\/wp-content\/uploads\/2025\/09\/20-GIUBBOTTO-SHEARLING-2-200x300.jpg 200w, https:\/\/www.boutiquedellarte.it\/wp-content\/uploads\/2025\/09\/20-GIUBBOTTO-SHEARLING-2-400x600.jpg 400w, https:\/\/www.boutiquedellarte.it\/wp-content\/uploads\/2025\/09\/20-GIUBBOTTO-SHEARLING-2-600x900.jpg 600w, https:\/\/www.boutiquedellarte.it\/wp-content\/uploads\/2025\/09\/20-GIUBBOTTO-SHEARLING-2-800x1200.jpg 800w, https:\/\/www.boutiquedellarte.it\/wp-content\/uploads\/2025\/09\/20-GIUBBOTTO-SHEARLING-2-1200x1800.jpg 1200w, https:\/\/www.boutiquedellarte.it\/wp-content\/uploads\/2025\/09\/20-GIUBBOTTO-SHEARLING-2.jpg 2000w\" data-sizes=\"auto\" \/><\/a><\/div><\/div><\/div><div class=\"swiper-slide\"><div class=\"fusion-carousel-item-wrapper\"><div class=\"fusion-image-wrapper hover-type-zoomin\"><a data-rel=\"iLightbox[image_carousel_5]\" data-caption=\"CAPPOTTO IMPERMEABILE E SHEARLING\" data-title=\"CAPPOTTO IMPERMEABILE E SHEARLING\" aria-label=\"CAPPOTTO IMPERMEABILE E SHEARLING\" href=\"https:\/\/www.boutiquedellarte.it\/wp-content\/uploads\/2025\/09\/31-CAPPOTTO-IMPERMEABILE-E-SHEARLING-2.jpg\" target=\"_self\"><img decoding=\"async\" width=\"2000\" height=\"3000\" src=\"https:\/\/www.boutiquedellarte.it\/wp-content\/uploads\/2025\/09\/31-CAPPOTTO-IMPERMEABILE-E-SHEARLING-2.jpg\" class=\"attachment-full size-full lazyload\" alt=\"produzione pellicce\" srcset=\"data:image\/svg+xml,%3Csvg%20xmlns%3D%27http%3A%2F%2Fwww.w3.org%2F2000%2Fsvg%27%20width%3D%272000%27%20height%3D%273000%27%20viewBox%3D%270%200%202000%203000%27%3E%3Crect%20width%3D%272000%27%20height%3D%273000%27%20fill-opacity%3D%220%22%2F%3E%3C%2Fsvg%3E\" data-orig-src=\"https:\/\/www.boutiquedellarte.it\/wp-content\/uploads\/2025\/09\/31-CAPPOTTO-IMPERMEABILE-E-SHEARLING-2.jpg\" data-srcset=\"https:\/\/www.boutiquedellarte.it\/wp-content\/uploads\/2025\/09\/31-CAPPOTTO-IMPERMEABILE-E-SHEARLING-2-200x300.jpg 200w, https:\/\/www.boutiquedellarte.it\/wp-content\/uploads\/2025\/09\/31-CAPPOTTO-IMPERMEABILE-E-SHEARLING-2-400x600.jpg 400w, https:\/\/www.boutiquedellarte.it\/wp-content\/uploads\/2025\/09\/31-CAPPOTTO-IMPERMEABILE-E-SHEARLING-2-600x900.jpg 600w, https:\/\/www.boutiquedellarte.it\/wp-content\/uploads\/2025\/09\/31-CAPPOTTO-IMPERMEABILE-E-SHEARLING-2-800x1200.jpg 800w, https:\/\/www.boutiquedellarte.it\/wp-content\/uploads\/2025\/09\/31-CAPPOTTO-IMPERMEABILE-E-SHEARLING-2-1200x1800.jpg 1200w, https:\/\/www.boutiquedellarte.it\/wp-content\/uploads\/2025\/09\/31-CAPPOTTO-IMPERMEABILE-E-SHEARLING-2.jpg 2000w\" data-sizes=\"auto\" \/><\/a><\/div><\/div><\/div><div class=\"swiper-slide\"><div class=\"fusion-carousel-item-wrapper\"><div class=\"fusion-image-wrapper hover-type-zoomin\"><a data-rel=\"iLightbox[image_carousel_5]\" data-caption=\"GIACCONE PIUMINO E PELLE\" data-title=\"GIACCONE PIUMINO E PELLE\" aria-label=\"GIACCONE PIUMINO E PELLE\" href=\"https:\/\/www.boutiquedellarte.it\/wp-content\/uploads\/2025\/09\/32-GIACCONE-PIUMINO-E-PELLE-1.jpg\" target=\"_self\"><img decoding=\"async\" width=\"2000\" height=\"3000\" src=\"https:\/\/www.boutiquedellarte.it\/wp-content\/uploads\/2025\/09\/32-GIACCONE-PIUMINO-E-PELLE-1.jpg\" class=\"attachment-full size-full lazyload\" alt=\"produzione pellicce\" srcset=\"data:image\/svg+xml,%3Csvg%20xmlns%3D%27http%3A%2F%2Fwww.w3.org%2F2000%2Fsvg%27%20width%3D%272000%27%20height%3D%273000%27%20viewBox%3D%270%200%202000%203000%27%3E%3Crect%20width%3D%272000%27%20height%3D%273000%27%20fill-opacity%3D%220%22%2F%3E%3C%2Fsvg%3E\" data-orig-src=\"https:\/\/www.boutiquedellarte.it\/wp-content\/uploads\/2025\/09\/32-GIACCONE-PIUMINO-E-PELLE-1.jpg\" data-srcset=\"https:\/\/www.boutiquedellarte.it\/wp-content\/uploads\/2025\/09\/32-GIACCONE-PIUMINO-E-PELLE-1-200x300.jpg 200w, https:\/\/www.boutiquedellarte.it\/wp-content\/uploads\/2025\/09\/32-GIACCONE-PIUMINO-E-PELLE-1-400x600.jpg 400w, https:\/\/www.boutiquedellarte.it\/wp-content\/uploads\/2025\/09\/32-GIACCONE-PIUMINO-E-PELLE-1-600x900.jpg 600w, https:\/\/www.boutiquedellarte.it\/wp-content\/uploads\/2025\/09\/32-GIACCONE-PIUMINO-E-PELLE-1-800x1200.jpg 800w, https:\/\/www.boutiquedellarte.it\/wp-content\/uploads\/2025\/09\/32-GIACCONE-PIUMINO-E-PELLE-1-1200x1800.jpg 1200w, https:\/\/www.boutiquedellarte.it\/wp-content\/uploads\/2025\/09\/32-GIACCONE-PIUMINO-E-PELLE-1.jpg 2000w\" data-sizes=\"auto\" \/><\/a><\/div><\/div><\/div><div class=\"swiper-slide\"><div class=\"fusion-carousel-item-wrapper\"><div class=\"fusion-image-wrapper hover-type-zoomin\"><a data-rel=\"iLightbox[image_carousel_5]\" data-caption=\"GIACCA PIUMINO PELLE E SHEARLING\" data-title=\"GIACCA PIUMINO PELLE E SHEARLING\" aria-label=\"GIACCA PIUMINO PELLE E SHEARLING\" href=\"https:\/\/www.boutiquedellarte.it\/wp-content\/uploads\/2025\/09\/33-GIACCA-PIUMINO-PELLE-E-SHEARLING-2.jpg\" target=\"_self\"><img decoding=\"async\" width=\"2000\" height=\"3000\" src=\"https:\/\/www.boutiquedellarte.it\/wp-content\/uploads\/2025\/09\/33-GIACCA-PIUMINO-PELLE-E-SHEARLING-2.jpg\" class=\"attachment-full size-full lazyload\" alt=\"produzione pellicce\" srcset=\"data:image\/svg+xml,%3Csvg%20xmlns%3D%27http%3A%2F%2Fwww.w3.org%2F2000%2Fsvg%27%20width%3D%272000%27%20height%3D%273000%27%20viewBox%3D%270%200%202000%203000%27%3E%3Crect%20width%3D%272000%27%20height%3D%273000%27%20fill-opacity%3D%220%22%2F%3E%3C%2Fsvg%3E\" data-orig-src=\"https:\/\/www.boutiquedellarte.it\/wp-content\/uploads\/2025\/09\/33-GIACCA-PIUMINO-PELLE-E-SHEARLING-2.jpg\" data-srcset=\"https:\/\/www.boutiquedellarte.it\/wp-content\/uploads\/2025\/09\/33-GIACCA-PIUMINO-PELLE-E-SHEARLING-2-200x300.jpg 200w, https:\/\/www.boutiquedellarte.it\/wp-content\/uploads\/2025\/09\/33-GIACCA-PIUMINO-PELLE-E-SHEARLING-2-400x600.jpg 400w, https:\/\/www.boutiquedellarte.it\/wp-content\/uploads\/2025\/09\/33-GIACCA-PIUMINO-PELLE-E-SHEARLING-2-600x900.jpg 600w, https:\/\/www.boutiquedellarte.it\/wp-content\/uploads\/2025\/09\/33-GIACCA-PIUMINO-PELLE-E-SHEARLING-2-800x1200.jpg 800w, https:\/\/www.boutiquedellarte.it\/wp-content\/uploads\/2025\/09\/33-GIACCA-PIUMINO-PELLE-E-SHEARLING-2-1200x1800.jpg 1200w, https:\/\/www.boutiquedellarte.it\/wp-content\/uploads\/2025\/09\/33-GIACCA-PIUMINO-PELLE-E-SHEARLING-2.jpg 2000w\" data-sizes=\"auto\" \/><\/a><\/div><\/div><\/div><\/div><div class=\"awb-swiper-button awb-swiper-button-prev\"><i class=\"awb-icon-angle-left\" aria-hidden=\"true\"><\/i><\/div><div class=\"awb-swiper-button awb-swiper-button-next\"><i class=\"awb-icon-angle-right\" aria-hidden=\"true\"><\/i><\/div><\/div><\/div>\n<\/div><\/div><div class=\"fusion-clearfix\"><\/div><\/div><\/div>\n<div class=\"fusion-layout-column fusion_builder_column fusion-builder-column-16 fusion_builder_column_2_5 2_5 fusion-two-fifth fusion-column-last fusion-animated\" style=\"--awb-padding-top:15px;--awb-padding-right:15px;--awb-padding-bottom:15px;--awb-padding-left:15px;--awb-bg-color:#f7f7f7;--awb-bg-color-hover:#f7f7f7;--awb-bg-size:cover;\" data-animationType=\"slideInRight\" data-animationDuration=\"0.8\" data-animationOffset=\"top-into-view\"><div class=\"fusion-column-wrapper fusion-column-has-shadow fusion-flex-column-wrapper-legacy\"><div class=\"fusion-column-content-centered\"><div class=\"fusion-column-content\">\n<h3 style=\"text-align: center;\">CAPI ESCLUSIVI<\/h3>\n<div class=\"fusion-sep-clear\"><\/div><div class=\"fusion-separator\" style=\"margin-left: auto;margin-right: auto;margin-top:5px;margin-bottom:0px;width:100%;max-width:5%;\"><div class=\"fusion-separator-border sep-single sep-solid\" style=\"--awb-height:20px;--awb-amount:20px;--awb-sep-color:#999999;border-color:#999999;border-top-width:1px;\"><\/div><\/div><div class=\"fusion-sep-clear\"><\/div>\n<h4 style=\"text-align: center;\">Giacche in pelle, ecopellicce, piumini e shearling<\/h4>\n<div class=\"fusion-sep-clear\"><\/div><div class=\"fusion-separator fusion-full-width-sep\" style=\"margin-left: auto;margin-right: auto;margin-top:10px;width:100%;\"><\/div><div class=\"fusion-sep-clear\"><\/div>\n<p>Capi in pelle, ecopellicce, piumini e shearling: una collezione versatile e contemporanea, dal design accattivante e dalle rifiniture estremamente curate. Le creazioni uniscono materiali pregiati e tessuti tecnici impermeabili e antivento, garantendo qualit\u00e0, comfort e stile in ogni dettaglio.<\/p>\n<div class=\"fusion-sep-clear\"><\/div><div class=\"fusion-separator\" style=\"margin-left: auto;margin-right: auto;margin-top:15px;width:100%;max-width:3%;\"><\/div><div class=\"fusion-sep-clear\"><\/div>\n<\/div><\/div><div class=\"fusion-clearfix\"><\/div><\/div><\/div>\n<\/div>\n<p><\/div>\n<div class=\"fusion-fullwidth fullwidth-box fusion-builder-row-9 hundred-percent-fullwidth non-hundred-percent-height-scrolling fusion-equal-height-columns\" style=\"--awb-border-radius-top-left:0px;--awb-border-radius-top-right:0px;--awb-border-radius-bottom-right:0px;--awb-border-radius-bottom-left:0px;--awb-padding-top:5px;--awb-padding-right:30px;--awb-padding-bottom:30px;--awb-padding-left:30px;--awb-margin-top:-50px;--awb-margin-bottom:40px;--awb-flex-wrap:wrap;\" ><\/p>\n<div class=\"fusion-sep-clear\"><\/div><div class=\"fusion-separator\" style=\"margin-left: auto;margin-right: auto;margin-top:5px;margin-bottom:20px;width:100%;max-width:5%;\"><\/div><div class=\"fusion-sep-clear\"><\/div>\n<div class=\"fusion-builder-row fusion-row\">\n<div class=\"fusion-layout-column fusion_builder_column fusion-builder-column-17 fusion_builder_column_1_1 1_1 fusion-one-full fusion-column-first fusion-column-last\" style=\"--awb-padding-top:25px;--awb-bg-size:cover;\"><div class=\"fusion-column-wrapper fusion-column-has-shadow fusion-flex-column-wrapper-legacy\">\n<div class=\"fusion-builder-row fusion-builder-row-inner fusion-row\">\n<div class=\"fusion-layout-column fusion_builder_column_inner fusion-builder-nested-column-2 fusion_builder_column_inner_3_5 3_5 fusion-three-fifth fusion-column-first\" style=\"--awb-padding-top:10px;--awb-padding-right:10px;--awb-padding-bottom:10px;--awb-padding-left:10px;--awb-bg-size:cover;\"><div class=\"fusion-column-wrapper fusion-column-has-shadow fusion-flex-column-wrapper-legacy\"><div class=\"fusion-column-content-centered\"><div class=\"fusion-column-content\">\n<h3 style=\"text-align: center;\">PRODUZIONE MADE IN ITALY<\/h3>\n<div class=\"fusion-sep-clear\"><\/div><div class=\"fusion-separator\" style=\"margin-left: auto;margin-right: auto;margin-top:5px;margin-bottom:10px;width:100%;max-width:10%;\"><div class=\"fusion-separator-border sep-single sep-solid\" style=\"--awb-height:20px;--awb-amount:20px;--awb-sep-color:#999999;border-color:#999999;border-top-width:1px;\"><\/div><\/div><div class=\"fusion-sep-clear\"><\/div>\n<h5 style=\"text-align: center;\">Show room con oltre 3.000 capi in esposizione<\/h5>\n<div class=\"fusion-sep-clear\"><\/div><div class=\"fusion-separator\" style=\"margin-left: auto;margin-right: auto;margin-top:5px;margin-bottom:20px;width:100%;max-width:5%;\"><\/div><div class=\"fusion-sep-clear\"><\/div>\n<p>Lo show room di Boutique dell\u2019Arte si trova a Desenzano del Garda (Brescia) a poche centinaia di metri dal casello autostradale di Sirmione.<\/p>\n<p>Boutique dell\u2019Arte offre una produzione pellicce di altissima qualit\u00e0, oltre alla collezione di giacche, cappotti, gilet e stole, anche collezioni di capi in pelle, ecopelle, ecopellicce, shearling, piumini, tessuti impermeabili imbottiti e capi realizzati con l\u2019accostamento di materiali diversi fra loro.<\/p>\n<p>Il personale altamente specializzato \u00e8 in grado di fornire la migliore consulenza riguardo alla valutazione dei capi usati ed ha la competenza per indirizzare la clientela verso la scelta del capo pi\u00f9 adatto.<br \/>\nBoutique dell\u2019Arte mette inoltre a disposizione della clientela numerosi servizi tra cui il cambio pelliccia, la cura e la manutenzione dei capi e un personal shopper in grado di guidare e consigliare il cliente verso il miglior acquisto.<\/p>\n<div class=\"fusion-sep-clear\"><\/div><div class=\"fusion-separator\" style=\"margin-left: auto;margin-right: auto;margin-top:15px;width:100%;max-width:3%;\"><\/div><div class=\"fusion-sep-clear\"><\/div>\n<div class=\"fusion-button-wrapper fusion-align-block\"><a class=\"fusion-button button-flat button-large button-custom fusion-button-default button-9 fusion-button-span-yes fusion-button-default-type\" style=\"--button_accent_color:#f7f7f7;--button_accent_hover_color:#333333;--button_border_hover_color:#333333;--button_border_width-top:1px;--button_border_width-right:1px;--button_border_width-bottom:1px;--button_border_width-left:1px;--button_gradient_top_color:#333333;--button_gradient_bottom_color:#333333;--button_gradient_top_color_hover:rgba(255,255,255,0);--button_gradient_bottom_color_hover:rgba(255,255,255,0);\" target=\"_self\" href=\"https:\/\/www.boutiquedellarte.it\/it\/contatti\/\"><span class=\"fusion-button-text awb-button__text awb-button__text--default\">VEDI DOVE SIAMO E COME RAGGIUNGERCI<\/span><\/a><\/div>\n<\/div><\/div><div class=\"fusion-clearfix\"><\/div><\/div><\/div>\n<div class=\"fusion-layout-column fusion_builder_column_inner fusion-builder-nested-column-3 fusion_builder_column_inner_2_5 2_5 fusion-two-fifth fusion-column-last\" style=\"--awb-bg-size:cover;\"><div class=\"fusion-column-wrapper fusion-column-has-shadow fusion-flex-column-wrapper-legacy\"><div class=\"fusion-column-content-centered\"><div class=\"fusion-column-content\">\n<div class=\"fusion-slider-sc fusion-flexslider-loading flexslider fusion-aligncenter flexslider-hover-type-none\" data-slideshow_autoplay=\"1\" data-slideshow_smooth_height=\"0\" data-slideshow_speed=\"5000\" style=\"max-width:100%;height:100%;\"><ul class=\"slides\">\n<li class=\"image\"><span class=\"lazyload fusion-image-hover-element hover-type-none\"><img decoding=\"async\" src=\"https:\/\/www.boutiquedellarte.it\/wp-content\/uploads\/2019\/10\/Pellicceria-Veneto-Lombardia.jpg\" data-orig-src=\"https:\/\/www.boutiquedellarte.it\/wp-content\/uploads\/2019\/10\/Pellicceria-Veneto-Lombardia.jpg\" alt=\"Boutique dell&#039;Arte Pellicceria Veneto Lombardia\" width=\"1400\" height=\"1200\" class=\"lazyload wp-image-1451\" srcset=\"data:image\/svg+xml,%3Csvg%20xmlns%3D%27http%3A%2F%2Fwww.w3.org%2F2000%2Fsvg%27%20width%3D%271400%27%20height%3D%271200%27%20viewBox%3D%270%200%201400%201200%27%3E%3Crect%20width%3D%271400%27%20height%3D%271200%27%20fill-opacity%3D%220%22%2F%3E%3C%2Fsvg%3E\" data-srcset=\"https:\/\/www.boutiquedellarte.it\/wp-content\/uploads\/2019\/10\/Pellicceria-Veneto-Lombardia-200x171.jpg 200w, https:\/\/www.boutiquedellarte.it\/wp-content\/uploads\/2019\/10\/Pellicceria-Veneto-Lombardia-400x343.jpg 400w, https:\/\/www.boutiquedellarte.it\/wp-content\/uploads\/2019\/10\/Pellicceria-Veneto-Lombardia-600x514.jpg 600w, https:\/\/www.boutiquedellarte.it\/wp-content\/uploads\/2019\/10\/Pellicceria-Veneto-Lombardia-800x686.jpg 800w, https:\/\/www.boutiquedellarte.it\/wp-content\/uploads\/2019\/10\/Pellicceria-Veneto-Lombardia-1200x1029.jpg 1200w, https:\/\/www.boutiquedellarte.it\/wp-content\/uploads\/2019\/10\/Pellicceria-Veneto-Lombardia.jpg 1400w\" data-sizes=\"auto\" data-orig-sizes=\"(max-width: 800px) 100vw, 600px\" \/><\/span><\/li>\n<li class=\"image\"><span class=\"lazyload fusion-image-hover-element hover-type-none\"><img decoding=\"async\" src=\"https:\/\/www.boutiquedellarte.it\/wp-content\/uploads\/2019\/10\/Pellicce-produzione-italiana-Veneto-Lombardia.jpg\" data-orig-src=\"https:\/\/www.boutiquedellarte.it\/wp-content\/uploads\/2019\/10\/Pellicce-produzione-italiana-Veneto-Lombardia.jpg\" alt=\"Boutique dell&#039;Arte Pellicce produzione italiana Veneto Lombardia\" width=\"1400\" height=\"1200\" class=\"lazyload wp-image-1449\" srcset=\"data:image\/svg+xml,%3Csvg%20xmlns%3D%27http%3A%2F%2Fwww.w3.org%2F2000%2Fsvg%27%20width%3D%271400%27%20height%3D%271200%27%20viewBox%3D%270%200%201400%201200%27%3E%3Crect%20width%3D%271400%27%20height%3D%271200%27%20fill-opacity%3D%220%22%2F%3E%3C%2Fsvg%3E\" data-srcset=\"https:\/\/www.boutiquedellarte.it\/wp-content\/uploads\/2019\/10\/Pellicce-produzione-italiana-Veneto-Lombardia-200x171.jpg 200w, https:\/\/www.boutiquedellarte.it\/wp-content\/uploads\/2019\/10\/Pellicce-produzione-italiana-Veneto-Lombardia-400x343.jpg 400w, https:\/\/www.boutiquedellarte.it\/wp-content\/uploads\/2019\/10\/Pellicce-produzione-italiana-Veneto-Lombardia-600x514.jpg 600w, https:\/\/www.boutiquedellarte.it\/wp-content\/uploads\/2019\/10\/Pellicce-produzione-italiana-Veneto-Lombardia-800x686.jpg 800w, https:\/\/www.boutiquedellarte.it\/wp-content\/uploads\/2019\/10\/Pellicce-produzione-italiana-Veneto-Lombardia-1200x1029.jpg 1200w, https:\/\/www.boutiquedellarte.it\/wp-content\/uploads\/2019\/10\/Pellicce-produzione-italiana-Veneto-Lombardia.jpg 1400w\" data-sizes=\"auto\" data-orig-sizes=\"(max-width: 800px) 100vw, 600px\" \/><\/span><\/li><\/ul><\/div>\n<\/div><\/div><div class=\"fusion-clearfix\"><\/div><\/div><\/div><\/div>\n<div class=\"fusion-clearfix\"><\/div><\/div><\/div>\n<\/div>\n<p><\/div>\n","protected":false},"excerpt":{"rendered":"","protected":false},"author":1,"featured_media":4057,"parent":0,"menu_order":0,"comment_status":"closed","ping_status":"closed","template":"100-width.php","meta":{"footnotes":""},"class_list":["post-8","page","type-page","status-publish","has-post-thumbnail","hentry"],"yoast_head":"<!-- This site is optimized with the Yoast SEO plugin v28.3 - https:\/\/yoast.com\/product\/yoast-seo-wordpress\/ -->\n<title>Produzione pellicce made in Italy | Boutique dell&#039;Arte<\/title>\n<meta name=\"description\" content=\"Produzione pellicce e vendita diretta. Pellicce, capi in pelle e shearling. Altissima qualit\u00e0 ed eccellenza della pellicceria Made in Italy.\" \/>\n<meta name=\"robots\" content=\"index, follow, max-snippet:-1, max-image-preview:large, max-video-preview:-1\" \/>\n<link rel=\"canonical\" href=\"https:\/\/www.boutiquedellarte.it\/it\/\" \/>\n<meta property=\"og:locale\" content=\"it_IT\" \/>\n<meta property=\"og:type\" content=\"article\" \/>\n<meta property=\"og:title\" content=\"Produzione pellicce made in Italy | Boutique dell&#039;Arte\" \/>\n<meta property=\"og:description\" content=\"Produzione pellicce e vendita diretta. Pellicce, capi in pelle e shearling. Altissima qualit\u00e0 ed eccellenza della pellicceria Made in Italy.\" \/>\n<meta property=\"og:url\" content=\"https:\/\/www.boutiquedellarte.it\/it\/\" \/>\n<meta property=\"og:site_name\" content=\"Boutique dell&#039;Arte\" \/>\n<meta property=\"article:publisher\" content=\"https:\/\/www.facebook.com\/boutiquedellarte\/\" \/>\n<meta property=\"article:modified_time\" content=\"2025-09-22T07:20:46+00:00\" \/>\n<meta property=\"og:image\" content=\"https:\/\/www.boutiquedellarte.it\/wp-content\/uploads\/2023\/12\/29-PARKA-AZZURRO.jpg\" \/>\n\t<meta property=\"og:image:width\" content=\"2000\" \/>\n\t<meta property=\"og:image:height\" content=\"3000\" \/>\n\t<meta property=\"og:image:type\" content=\"image\/jpeg\" \/>\n<meta name=\"twitter:card\" content=\"summary_large_image\" \/>\n<meta name=\"twitter:label1\" content=\"Tempo di lettura stimato\" \/>\n\t<meta name=\"twitter:data1\" content=\"12 minuti\" \/>\n<script type=\"application\/ld+json\" class=\"yoast-schema-graph\">{\"@context\":\"https:\\\/\\\/schema.org\",\"@graph\":[{\"@type\":\"WebPage\",\"@id\":\"https:\\\/\\\/www.boutiquedellarte.it\\\/it\\\/\",\"url\":\"https:\\\/\\\/www.boutiquedellarte.it\\\/it\\\/\",\"name\":\"Produzione pellicce made in Italy | Boutique dell'Arte\",\"isPartOf\":{\"@id\":\"https:\\\/\\\/www.boutiquedellarte.it\\\/it\\\/#website\"},\"primaryImageOfPage\":{\"@id\":\"https:\\\/\\\/www.boutiquedellarte.it\\\/it\\\/#primaryimage\"},\"image\":{\"@id\":\"https:\\\/\\\/www.boutiquedellarte.it\\\/it\\\/#primaryimage\"},\"thumbnailUrl\":\"https:\\\/\\\/www.boutiquedellarte.it\\\/wp-content\\\/uploads\\\/2023\\\/12\\\/29-PARKA-AZZURRO.jpg\",\"datePublished\":\"2019-06-29T07:45:33+00:00\",\"dateModified\":\"2025-09-22T07:20:46+00:00\",\"description\":\"Produzione pellicce e vendita diretta. Pellicce, capi in pelle e shearling. Altissima qualit\u00e0 ed eccellenza della pellicceria Made in Italy.\",\"breadcrumb\":{\"@id\":\"https:\\\/\\\/www.boutiquedellarte.it\\\/it\\\/#breadcrumb\"},\"inLanguage\":\"it-IT\",\"potentialAction\":[{\"@type\":\"ReadAction\",\"target\":[\"https:\\\/\\\/www.boutiquedellarte.it\\\/it\\\/\"]}]},{\"@type\":\"ImageObject\",\"inLanguage\":\"it-IT\",\"@id\":\"https:\\\/\\\/www.boutiquedellarte.it\\\/it\\\/#primaryimage\",\"url\":\"https:\\\/\\\/www.boutiquedellarte.it\\\/wp-content\\\/uploads\\\/2023\\\/12\\\/29-PARKA-AZZURRO.jpg\",\"contentUrl\":\"https:\\\/\\\/www.boutiquedellarte.it\\\/wp-content\\\/uploads\\\/2023\\\/12\\\/29-PARKA-AZZURRO.jpg\",\"width\":2000,\"height\":3000,\"caption\":\"PARKA AZZURRO\"},{\"@type\":\"BreadcrumbList\",\"@id\":\"https:\\\/\\\/www.boutiquedellarte.it\\\/it\\\/#breadcrumb\",\"itemListElement\":[{\"@type\":\"ListItem\",\"position\":1,\"name\":\"Home\",\"item\":\"https:\\\/\\\/www.boutiquedellarte.it\\\/it\\\/\"},{\"@type\":\"ListItem\",\"position\":2,\"name\":\"PRODUZIONE PELLICCE ITALIA\"}]},{\"@type\":\"WebSite\",\"@id\":\"https:\\\/\\\/www.boutiquedellarte.it\\\/it\\\/#website\",\"url\":\"https:\\\/\\\/www.boutiquedellarte.it\\\/it\\\/\",\"name\":\"Boutique dell&#039;Arte\",\"description\":\"Produzione Pellicce Italia\",\"publisher\":{\"@id\":\"https:\\\/\\\/www.boutiquedellarte.it\\\/it\\\/#organization\"},\"potentialAction\":[{\"@type\":\"SearchAction\",\"target\":{\"@type\":\"EntryPoint\",\"urlTemplate\":\"https:\\\/\\\/www.boutiquedellarte.it\\\/it\\\/?s={search_term_string}\"},\"query-input\":{\"@type\":\"PropertyValueSpecification\",\"valueRequired\":true,\"valueName\":\"search_term_string\"}}],\"inLanguage\":\"it-IT\"},{\"@type\":\"Organization\",\"@id\":\"https:\\\/\\\/www.boutiquedellarte.it\\\/it\\\/#organization\",\"name\":\"Boutique dell\u2019Arte\",\"url\":\"https:\\\/\\\/www.boutiquedellarte.it\\\/it\\\/\",\"logo\":{\"@type\":\"ImageObject\",\"inLanguage\":\"it-IT\",\"@id\":\"https:\\\/\\\/www.boutiquedellarte.it\\\/it\\\/#\\\/schema\\\/logo\\\/image\\\/\",\"url\":\"https:\\\/\\\/www.boutiquedellarte.it\\\/wp-content\\\/uploads\\\/2019\\\/10\\\/boutique-arte-logo-retina-mobile.png\",\"contentUrl\":\"https:\\\/\\\/www.boutiquedellarte.it\\\/wp-content\\\/uploads\\\/2019\\\/10\\\/boutique-arte-logo-retina-mobile.png\",\"width\":740,\"height\":80,\"caption\":\"Boutique dell\u2019Arte\"},\"image\":{\"@id\":\"https:\\\/\\\/www.boutiquedellarte.it\\\/it\\\/#\\\/schema\\\/logo\\\/image\\\/\"},\"sameAs\":[\"https:\\\/\\\/www.facebook.com\\\/boutiquedellarte\\\/\",\"https:\\\/\\\/www.instagram.com\\\/boutiquedellartefurs\\\/\"]}]}<\/script>\n<!-- \/ Yoast SEO plugin. -->","yoast_head_json":{"title":"Produzione pellicce made in Italy | Boutique dell'Arte","description":"Produzione pellicce e vendita diretta. Pellicce, capi in pelle e shearling. Altissima qualit\u00e0 ed eccellenza della pellicceria Made in Italy.","robots":{"index":"index","follow":"follow","max-snippet":"max-snippet:-1","max-image-preview":"max-image-preview:large","max-video-preview":"max-video-preview:-1"},"canonical":"https:\/\/www.boutiquedellarte.it\/it\/","og_locale":"it_IT","og_type":"article","og_title":"Produzione pellicce made in Italy | Boutique dell'Arte","og_description":"Produzione pellicce e vendita diretta. Pellicce, capi in pelle e shearling. Altissima qualit\u00e0 ed eccellenza della pellicceria Made in Italy.","og_url":"https:\/\/www.boutiquedellarte.it\/it\/","og_site_name":"Boutique dell&#039;Arte","article_publisher":"https:\/\/www.facebook.com\/boutiquedellarte\/","article_modified_time":"2025-09-22T07:20:46+00:00","og_image":[{"width":2000,"height":3000,"url":"https:\/\/www.boutiquedellarte.it\/wp-content\/uploads\/2023\/12\/29-PARKA-AZZURRO.jpg","type":"image\/jpeg"}],"twitter_card":"summary_large_image","twitter_misc":{"Tempo di lettura stimato":"12 minuti"},"schema":{"@context":"https:\/\/schema.org","@graph":[{"@type":"WebPage","@id":"https:\/\/www.boutiquedellarte.it\/it\/","url":"https:\/\/www.boutiquedellarte.it\/it\/","name":"Produzione pellicce made in Italy | Boutique dell'Arte","isPartOf":{"@id":"https:\/\/www.boutiquedellarte.it\/it\/#website"},"primaryImageOfPage":{"@id":"https:\/\/www.boutiquedellarte.it\/it\/#primaryimage"},"image":{"@id":"https:\/\/www.boutiquedellarte.it\/it\/#primaryimage"},"thumbnailUrl":"https:\/\/www.boutiquedellarte.it\/wp-content\/uploads\/2023\/12\/29-PARKA-AZZURRO.jpg","datePublished":"2019-06-29T07:45:33+00:00","dateModified":"2025-09-22T07:20:46+00:00","description":"Produzione pellicce e vendita diretta. Pellicce, capi in pelle e shearling. Altissima qualit\u00e0 ed eccellenza della pellicceria Made in Italy.","breadcrumb":{"@id":"https:\/\/www.boutiquedellarte.it\/it\/#breadcrumb"},"inLanguage":"it-IT","potentialAction":[{"@type":"ReadAction","target":["https:\/\/www.boutiquedellarte.it\/it\/"]}]},{"@type":"ImageObject","inLanguage":"it-IT","@id":"https:\/\/www.boutiquedellarte.it\/it\/#primaryimage","url":"https:\/\/www.boutiquedellarte.it\/wp-content\/uploads\/2023\/12\/29-PARKA-AZZURRO.jpg","contentUrl":"https:\/\/www.boutiquedellarte.it\/wp-content\/uploads\/2023\/12\/29-PARKA-AZZURRO.jpg","width":2000,"height":3000,"caption":"PARKA AZZURRO"},{"@type":"BreadcrumbList","@id":"https:\/\/www.boutiquedellarte.it\/it\/#breadcrumb","itemListElement":[{"@type":"ListItem","position":1,"name":"Home","item":"https:\/\/www.boutiquedellarte.it\/it\/"},{"@type":"ListItem","position":2,"name":"PRODUZIONE PELLICCE ITALIA"}]},{"@type":"WebSite","@id":"https:\/\/www.boutiquedellarte.it\/it\/#website","url":"https:\/\/www.boutiquedellarte.it\/it\/","name":"Boutique dell&#039;Arte","description":"Produzione Pellicce Italia","publisher":{"@id":"https:\/\/www.boutiquedellarte.it\/it\/#organization"},"potentialAction":[{"@type":"SearchAction","target":{"@type":"EntryPoint","urlTemplate":"https:\/\/www.boutiquedellarte.it\/it\/?s={search_term_string}"},"query-input":{"@type":"PropertyValueSpecification","valueRequired":true,"valueName":"search_term_string"}}],"inLanguage":"it-IT"},{"@type":"Organization","@id":"https:\/\/www.boutiquedellarte.it\/it\/#organization","name":"Boutique dell\u2019Arte","url":"https:\/\/www.boutiquedellarte.it\/it\/","logo":{"@type":"ImageObject","inLanguage":"it-IT","@id":"https:\/\/www.boutiquedellarte.it\/it\/#\/schema\/logo\/image\/","url":"https:\/\/www.boutiquedellarte.it\/wp-content\/uploads\/2019\/10\/boutique-arte-logo-retina-mobile.png","contentUrl":"https:\/\/www.boutiquedellarte.it\/wp-content\/uploads\/2019\/10\/boutique-arte-logo-retina-mobile.png","width":740,"height":80,"caption":"Boutique dell\u2019Arte"},"image":{"@id":"https:\/\/www.boutiquedellarte.it\/it\/#\/schema\/logo\/image\/"},"sameAs":["https:\/\/www.facebook.com\/boutiquedellarte\/","https:\/\/www.instagram.com\/boutiquedellartefurs\/"]}]}},"_links":{"self":[{"href":"https:\/\/www.boutiquedellarte.it\/it\/wp-json\/wp\/v2\/pages\/8","targetHints":{"allow":["GET"]}}],"collection":[{"href":"https:\/\/www.boutiquedellarte.it\/it\/wp-json\/wp\/v2\/pages"}],"about":[{"href":"https:\/\/www.boutiquedellarte.it\/it\/wp-json\/wp\/v2\/types\/page"}],"author":[{"embeddable":true,"href":"https:\/\/www.boutiquedellarte.it\/it\/wp-json\/wp\/v2\/users\/1"}],"replies":[{"embeddable":true,"href":"https:\/\/www.boutiquedellarte.it\/it\/wp-json\/wp\/v2\/comments?post=8"}],"version-history":[{"count":15,"href":"https:\/\/www.boutiquedellarte.it\/it\/wp-json\/wp\/v2\/pages\/8\/revisions"}],"predecessor-version":[{"id":5208,"href":"https:\/\/www.boutiquedellarte.it\/it\/wp-json\/wp\/v2\/pages\/8\/revisions\/5208"}],"wp:featuredmedia":[{"embeddable":true,"href":"https:\/\/www.boutiquedellarte.it\/it\/wp-json\/wp\/v2\/media\/4057"}],"wp:attachment":[{"href":"https:\/\/www.boutiquedellarte.it\/it\/wp-json\/wp\/v2\/media?parent=8"}],"curies":[{"name":"wp","href":"https:\/\/api.w.org\/{rel}","templated":true}]}}