{"id":4796,"date":"2025-09-11T18:54:08","date_gmt":"2025-09-11T16:54:08","guid":{"rendered":"https:\/\/www.boutiquedellarte.it\/?page_id=4796"},"modified":"2025-09-21T13:17:50","modified_gmt":"2025-09-21T11:17:50","slug":"ecopellicce","status":"publish","type":"page","link":"https:\/\/www.boutiquedellarte.it\/it\/ecopellicce\/","title":{"rendered":"ECOPELLICCE"},"content":{"rendered":"<div class=\"fusion-fullwidth fullwidth-box fusion-builder-row-1 fusion-flex-container nonhundred-percent-fullwidth non-hundred-percent-height-scrolling\" style=\"--awb-border-radius-top-left:0px;--awb-border-radius-top-right:0px;--awb-border-radius-bottom-right:0px;--awb-border-radius-bottom-left:0px;--awb-flex-wrap:wrap;\" ><\/p>\n<div class=\"fusion-builder-row fusion-row fusion-flex-align-items-flex-start fusion-flex-content-wrap\" style=\"max-width:1331.2px;margin-left: calc(-4% \/ 2 );margin-right: calc(-4% \/ 2 );\">\n<div class=\"fusion-layout-column fusion_builder_column fusion-builder-column-0 fusion_builder_column_1_1 1_1 fusion-flex-column\" style=\"--awb-bg-size:cover;--awb-width-large:100%;--awb-margin-top-large:0px;--awb-spacing-right-large:1.92%;--awb-margin-bottom-large:20px;--awb-spacing-left-large:1.92%;--awb-width-medium:100%;--awb-order-medium:0;--awb-spacing-right-medium:1.92%;--awb-spacing-left-medium:1.92%;--awb-width-small:100%;--awb-order-small:0;--awb-spacing-right-small:1.92%;--awb-spacing-left-small:1.92%;\"><div class=\"fusion-column-wrapper fusion-flex-justify-content-flex-start fusion-content-layout-column\">\n<div class=\"fusion-image-element\" style=\"--awb-caption-title-font-family:var(--h2_typography-font-family);--awb-caption-title-font-weight:var(--h2_typography-font-weight);--awb-caption-title-font-style:var(--h2_typography-font-style);--awb-caption-title-size:var(--h2_typography-font-size);--awb-caption-title-transform:var(--h2_typography-text-transform);--awb-caption-title-line-height:var(--h2_typography-line-height);--awb-caption-title-letter-spacing:var(--h2_typography-letter-spacing);\"><span class=\" fusion-imageframe imageframe-none imageframe-1 hover-type-none\" style=\"border:10px solid rgba(246,246,246,0);\"><img decoding=\"async\" width=\"1920\" height=\"1080\" alt=\"Boutique dell Arte Collezione Ecopellicce\" title=\"Boutique dell Arte Collezione Ecopellicce\" src=\"https:\/\/www.boutiquedellarte.it\/wp-content\/uploads\/2025\/09\/Boutique-dell-Arte-Collezione-Ecopellicce.jpg\" data-orig-src=\"https:\/\/www.boutiquedellarte.it\/wp-content\/uploads\/2025\/09\/Boutique-dell-Arte-Collezione-Ecopellicce.jpg\" class=\"lazyload img-responsive wp-image-4532\" srcset=\"data:image\/svg+xml,%3Csvg%20xmlns%3D%27http%3A%2F%2Fwww.w3.org%2F2000%2Fsvg%27%20width%3D%271920%27%20height%3D%271080%27%20viewBox%3D%270%200%201920%201080%27%3E%3Crect%20width%3D%271920%27%20height%3D%271080%27%20fill-opacity%3D%220%22%2F%3E%3C%2Fsvg%3E\" data-srcset=\"https:\/\/www.boutiquedellarte.it\/wp-content\/uploads\/2025\/09\/Boutique-dell-Arte-Collezione-Ecopellicce-200x113.jpg 200w, https:\/\/www.boutiquedellarte.it\/wp-content\/uploads\/2025\/09\/Boutique-dell-Arte-Collezione-Ecopellicce-400x225.jpg 400w, https:\/\/www.boutiquedellarte.it\/wp-content\/uploads\/2025\/09\/Boutique-dell-Arte-Collezione-Ecopellicce-600x338.jpg 600w, https:\/\/www.boutiquedellarte.it\/wp-content\/uploads\/2025\/09\/Boutique-dell-Arte-Collezione-Ecopellicce-800x450.jpg 800w, https:\/\/www.boutiquedellarte.it\/wp-content\/uploads\/2025\/09\/Boutique-dell-Arte-Collezione-Ecopellicce-1200x675.jpg 1200w, https:\/\/www.boutiquedellarte.it\/wp-content\/uploads\/2025\/09\/Boutique-dell-Arte-Collezione-Ecopellicce.jpg 1920w\" data-sizes=\"auto\" data-orig-sizes=\"(max-width: 1024px) 100vw, (max-width: 640px) 100vw, 1920px\" \/><\/span><\/div>\n<\/div><\/div>\n<\/div>\n<\/div>\n<div class=\"fusion-fullwidth fullwidth-box fusion-builder-row-2 fusion-flex-container nonhundred-percent-fullwidth non-hundred-percent-height-scrolling\" style=\"--awb-border-radius-top-left:0px;--awb-border-radius-top-right:0px;--awb-border-radius-bottom-right:0px;--awb-border-radius-bottom-left:0px;--awb-margin-top:3%;--awb-margin-bottom:3%;--awb-flex-wrap:wrap;\" ><\/p>\n<div class=\"fusion-builder-row fusion-row fusion-flex-align-items-center fusion-flex-justify-content-center fusion-flex-content-wrap\" style=\"max-width:1331.2px;margin-left: calc(-4% \/ 2 );margin-right: calc(-4% \/ 2 );\">\n<div class=\"fusion-layout-column fusion_builder_column fusion-builder-column-1 fusion_builder_column_3_4 3_4 fusion-flex-column\" style=\"--awb-bg-size:cover;--awb-width-large:75%;--awb-margin-top-large:0px;--awb-spacing-right-large:2.56%;--awb-margin-bottom-large:20px;--awb-spacing-left-large:2.56%;--awb-width-medium:80%;--awb-order-medium:0;--awb-spacing-right-medium:2.4%;--awb-spacing-left-medium:2.4%;--awb-width-small:100%;--awb-order-small:0;--awb-spacing-right-small:1.92%;--awb-spacing-left-small:1.92%;\"><div class=\"fusion-column-wrapper fusion-flex-justify-content-flex-start fusion-content-layout-column\">\n<div class=\"fusion-text fusion-text-1\"><h1 style=\"text-align: center\">ECOPELLICCE<\/h1>\n<\/div>\n<div class=\"fusion-separator\" style=\"align-self: center;margin-left: auto;margin-right: auto;margin-top:5px;margin-bottom:0px;width:100%;max-width:3%;\"><div class=\"fusion-separator-border sep-single sep-solid\" style=\"--awb-height:20px;--awb-amount:20px;--awb-sep-color:#999999;border-color:#999999;border-top-width:1px;\"><\/div><\/div>\n<div class=\"fusion-text fusion-text-2\"><h2 style=\"text-align: center;\"><span style=\"color: #cc0001;\">Eleganza moderna e qualit\u00e0 senza compromessi<\/span><\/h2>\n<p style=\"text-align: left;\">\nLe nostre ecopellicce uniscono eleganza e modernit\u00e0, seguendo i fashion trend pi\u00f9 attuali. Realizzate con materiali di altissima qualit\u00e0, le nostre giacche si distinguono per l\u2019ampia variet\u00e0 di modelli, pensati per chi desidera stile, comfort e un\u2019alternativa sostenibile senza rinunciare al lusso.<\/p>\n<\/div>\n<\/div><\/div>\n<\/div>\n<\/div>\n<div class=\"fusion-fullwidth fullwidth-box fusion-builder-row-3 fusion-flex-container nonhundred-percent-fullwidth non-hundred-percent-height-scrolling\" style=\"--awb-border-radius-top-left:0px;--awb-border-radius-top-right:0px;--awb-border-radius-bottom-right:0px;--awb-border-radius-bottom-left:0px;--awb-flex-wrap:wrap;\" ><\/p>\n<div class=\"fusion-builder-row fusion-row fusion-flex-align-items-center fusion-flex-justify-content-center fusion-flex-content-wrap\" style=\"max-width:1331.2px;margin-left: calc(-4% \/ 2 );margin-right: calc(-4% \/ 2 );\">\n<div class=\"fusion-layout-column fusion_builder_column fusion-builder-column-2 fusion_builder_column_1_1 1_1 fusion-flex-column\" style=\"--awb-bg-size:cover;--awb-width-large:100%;--awb-margin-top-large:0px;--awb-spacing-right-large:1.92%;--awb-margin-bottom-large:20px;--awb-spacing-left-large:1.92%;--awb-width-medium:100%;--awb-order-medium:0;--awb-spacing-right-medium:1.92%;--awb-spacing-left-medium:1.92%;--awb-width-small:100%;--awb-order-small:0;--awb-spacing-right-small:1.92%;--awb-spacing-left-small:1.92%;\"><div class=\"fusion-column-wrapper fusion-flex-justify-content-flex-start fusion-content-layout-column\">\n<div class=\"awb-gallery-wrapper awb-gallery-wrapper-1 button-span-no\" style=\"--more-btn-alignment:center;\"><div style=\"margin:-2px;--awb-bordersize:0px;--awb-caption-title-color:#000000;--awb-caption-text-color:#ffffff;--awb-caption-overlay-color:#000000;--awb-caption-title-font-family:&quot;Poppins&quot;;--awb-caption-title-font-style:normal;--awb-caption-title-font-weight:500;--awb-caption-text-font-family:&quot;Poppins&quot;;--awb-caption-text-font-style:normal;--awb-caption-text-font-weight:500;--awb-columns-medium:33.3333%;--awb-columns-small:50%;\" class=\"fusion-gallery fusion-gallery-container fusion-grid-3 fusion-columns-total-42 fusion-gallery-layout-grid fusion-gallery-1\"><div style=\"padding:2.5px;\" class=\"fusion-grid-column fusion-gallery-column fusion-gallery-column-3\"><div class=\"fusion-gallery-image awb-imageframe-style awb-imageframe-style-resa\"><a href=\"https:\/\/www.boutiquedellarte.it\/wp-content\/uploads\/2025\/09\/0441-CAPPOTTINO-ECOPELLICCIA-PERSIANO-1.jpg\" data-title=\"CAPPOTTINO ECOPELLICCIA PERSIANO\" title=\"CAPPOTTINO ECOPELLICCIA PERSIANO\" rel=\"noreferrer\" data-rel=\"iLightbox[gallery_image_1]\" class=\"fusion-lightbox\" target=\"_self\"><img decoding=\"async\" src=\"https:\/\/www.boutiquedellarte.it\/wp-content\/uploads\/2025\/09\/0441-CAPPOTTINO-ECOPELLICCIA-PERSIANO-1.jpg\" data-orig-src=\"https:\/\/www.boutiquedellarte.it\/wp-content\/uploads\/2025\/09\/0441-CAPPOTTINO-ECOPELLICCIA-PERSIANO-1.jpg\" width=\"2000\" height=\"3000\" alt=\"CAPPOTTINO ECOPELLICCIA PERSIANO\" title=\"CAPPOTTINO ECOPELLICCIA PERSIANO\" aria-label=\"CAPPOTTINO ECOPELLICCIA PERSIANO\" class=\"lazyload img-responsive wp-image-4586\" srcset=\"data:image\/svg+xml,%3Csvg%20xmlns%3D%27http%3A%2F%2Fwww.w3.org%2F2000%2Fsvg%27%20width%3D%272000%27%20height%3D%273000%27%20viewBox%3D%270%200%202000%203000%27%3E%3Crect%20width%3D%272000%27%20height%3D%273000%27%20fill-opacity%3D%220%22%2F%3E%3C%2Fsvg%3E\" data-srcset=\"https:\/\/www.boutiquedellarte.it\/wp-content\/uploads\/2025\/09\/0441-CAPPOTTINO-ECOPELLICCIA-PERSIANO-1-200x300.jpg 200w, https:\/\/www.boutiquedellarte.it\/wp-content\/uploads\/2025\/09\/0441-CAPPOTTINO-ECOPELLICCIA-PERSIANO-1-400x600.jpg 400w, https:\/\/www.boutiquedellarte.it\/wp-content\/uploads\/2025\/09\/0441-CAPPOTTINO-ECOPELLICCIA-PERSIANO-1-600x900.jpg 600w, https:\/\/www.boutiquedellarte.it\/wp-content\/uploads\/2025\/09\/0441-CAPPOTTINO-ECOPELLICCIA-PERSIANO-1-800x1200.jpg 800w, https:\/\/www.boutiquedellarte.it\/wp-content\/uploads\/2025\/09\/0441-CAPPOTTINO-ECOPELLICCIA-PERSIANO-1-1200x1800.jpg 1200w, https:\/\/www.boutiquedellarte.it\/wp-content\/uploads\/2025\/09\/0441-CAPPOTTINO-ECOPELLICCIA-PERSIANO-1.jpg 2000w\" data-sizes=\"auto\" data-orig-sizes=\"(min-width: 2200px) 100vw, (min-width: 784px) 425px, (min-width: 712px) 638px, (min-width: 640px) 712px, \" \/><div class=\"awb-imageframe-caption-container\"><div class=\"awb-imageframe-caption\"><h3 class=\"awb-imageframe-caption-title\">CAPPOTTINO ECOPELLICCIA PERSIANO<\/h3><p class=\"awb-imageframe-caption-text\">CAPPOTTINO ECOPELLICCIA PERSIANO<\/p><\/div><\/div><\/a><\/div><\/div><div style=\"padding:2.5px;\" class=\"fusion-grid-column fusion-gallery-column fusion-gallery-column-3\"><div class=\"fusion-gallery-image awb-imageframe-style awb-imageframe-style-resa\"><a href=\"https:\/\/www.boutiquedellarte.it\/wp-content\/uploads\/2025\/09\/0441-CAPPOTTINO-ECOPELLICCIA-PERSIANO-2.jpg\" data-title=\"CAPPOTTINO ECOPELLICCIA PERSIANO\" title=\"CAPPOTTINO ECOPELLICCIA PERSIANO\" rel=\"noreferrer\" data-rel=\"iLightbox[gallery_image_1]\" class=\"fusion-lightbox\" target=\"_self\"><img decoding=\"async\" src=\"https:\/\/www.boutiquedellarte.it\/wp-content\/uploads\/2025\/09\/0441-CAPPOTTINO-ECOPELLICCIA-PERSIANO-2.jpg\" data-orig-src=\"https:\/\/www.boutiquedellarte.it\/wp-content\/uploads\/2025\/09\/0441-CAPPOTTINO-ECOPELLICCIA-PERSIANO-2.jpg\" width=\"2000\" height=\"3000\" alt=\"CAPPOTTINO ECOPELLICCIA PERSIANO\" title=\"CAPPOTTINO ECOPELLICCIA PERSIANO\" aria-label=\"CAPPOTTINO ECOPELLICCIA PERSIANO\" class=\"lazyload img-responsive wp-image-4588\" srcset=\"data:image\/svg+xml,%3Csvg%20xmlns%3D%27http%3A%2F%2Fwww.w3.org%2F2000%2Fsvg%27%20width%3D%272000%27%20height%3D%273000%27%20viewBox%3D%270%200%202000%203000%27%3E%3Crect%20width%3D%272000%27%20height%3D%273000%27%20fill-opacity%3D%220%22%2F%3E%3C%2Fsvg%3E\" data-srcset=\"https:\/\/www.boutiquedellarte.it\/wp-content\/uploads\/2025\/09\/0441-CAPPOTTINO-ECOPELLICCIA-PERSIANO-2-200x300.jpg 200w, https:\/\/www.boutiquedellarte.it\/wp-content\/uploads\/2025\/09\/0441-CAPPOTTINO-ECOPELLICCIA-PERSIANO-2-400x600.jpg 400w, https:\/\/www.boutiquedellarte.it\/wp-content\/uploads\/2025\/09\/0441-CAPPOTTINO-ECOPELLICCIA-PERSIANO-2-600x900.jpg 600w, https:\/\/www.boutiquedellarte.it\/wp-content\/uploads\/2025\/09\/0441-CAPPOTTINO-ECOPELLICCIA-PERSIANO-2-800x1200.jpg 800w, https:\/\/www.boutiquedellarte.it\/wp-content\/uploads\/2025\/09\/0441-CAPPOTTINO-ECOPELLICCIA-PERSIANO-2-1200x1800.jpg 1200w, https:\/\/www.boutiquedellarte.it\/wp-content\/uploads\/2025\/09\/0441-CAPPOTTINO-ECOPELLICCIA-PERSIANO-2.jpg 2000w\" data-sizes=\"auto\" data-orig-sizes=\"(min-width: 2200px) 100vw, (min-width: 784px) 425px, (min-width: 712px) 638px, (min-width: 640px) 712px, \" \/><div class=\"awb-imageframe-caption-container\"><div class=\"awb-imageframe-caption\"><h3 class=\"awb-imageframe-caption-title\">CAPPOTTINO ECOPELLICCIA PERSIANO<\/h3><p class=\"awb-imageframe-caption-text\">CAPPOTTINO ECOPELLICCIA PERSIANO<\/p><\/div><\/div><\/a><\/div><\/div><div style=\"padding:2.5px;\" class=\"fusion-grid-column fusion-gallery-column fusion-gallery-column-3\"><div class=\"fusion-gallery-image awb-imageframe-style awb-imageframe-style-resa\"><a href=\"https:\/\/www.boutiquedellarte.it\/wp-content\/uploads\/2025\/09\/0441-CAPPOTTINO-ECOPELLICCIA-PERSIANO-3.jpg\" data-title=\"CAPPOTTINO ECOPELLICCIA PERSIANO\" title=\"CAPPOTTINO ECOPELLICCIA PERSIANO\" rel=\"noreferrer\" data-rel=\"iLightbox[gallery_image_1]\" class=\"fusion-lightbox\" target=\"_self\"><img decoding=\"async\" src=\"https:\/\/www.boutiquedellarte.it\/wp-content\/uploads\/2025\/09\/0441-CAPPOTTINO-ECOPELLICCIA-PERSIANO-3.jpg\" data-orig-src=\"https:\/\/www.boutiquedellarte.it\/wp-content\/uploads\/2025\/09\/0441-CAPPOTTINO-ECOPELLICCIA-PERSIANO-3.jpg\" width=\"2000\" height=\"3000\" alt=\"CAPPOTTINO ECOPELLICCIA PERSIANO\" title=\"CAPPOTTINO ECOPELLICCIA PERSIANO\" aria-label=\"CAPPOTTINO ECOPELLICCIA PERSIANO\" class=\"lazyload img-responsive wp-image-4590\" srcset=\"data:image\/svg+xml,%3Csvg%20xmlns%3D%27http%3A%2F%2Fwww.w3.org%2F2000%2Fsvg%27%20width%3D%272000%27%20height%3D%273000%27%20viewBox%3D%270%200%202000%203000%27%3E%3Crect%20width%3D%272000%27%20height%3D%273000%27%20fill-opacity%3D%220%22%2F%3E%3C%2Fsvg%3E\" data-srcset=\"https:\/\/www.boutiquedellarte.it\/wp-content\/uploads\/2025\/09\/0441-CAPPOTTINO-ECOPELLICCIA-PERSIANO-3-200x300.jpg 200w, https:\/\/www.boutiquedellarte.it\/wp-content\/uploads\/2025\/09\/0441-CAPPOTTINO-ECOPELLICCIA-PERSIANO-3-400x600.jpg 400w, https:\/\/www.boutiquedellarte.it\/wp-content\/uploads\/2025\/09\/0441-CAPPOTTINO-ECOPELLICCIA-PERSIANO-3-600x900.jpg 600w, https:\/\/www.boutiquedellarte.it\/wp-content\/uploads\/2025\/09\/0441-CAPPOTTINO-ECOPELLICCIA-PERSIANO-3-800x1200.jpg 800w, https:\/\/www.boutiquedellarte.it\/wp-content\/uploads\/2025\/09\/0441-CAPPOTTINO-ECOPELLICCIA-PERSIANO-3-1200x1800.jpg 1200w, https:\/\/www.boutiquedellarte.it\/wp-content\/uploads\/2025\/09\/0441-CAPPOTTINO-ECOPELLICCIA-PERSIANO-3.jpg 2000w\" data-sizes=\"auto\" data-orig-sizes=\"(min-width: 2200px) 100vw, (min-width: 784px) 425px, (min-width: 712px) 638px, (min-width: 640px) 712px, \" \/><div class=\"awb-imageframe-caption-container\"><div class=\"awb-imageframe-caption\"><h3 class=\"awb-imageframe-caption-title\">CAPPOTTINO ECOPELLICCIA PERSIANO<\/h3><p class=\"awb-imageframe-caption-text\">CAPPOTTINO ECOPELLICCIA PERSIANO<\/p><\/div><\/div><\/a><\/div><\/div><div class=\"clearfix\"><\/div><div style=\"padding:2.5px;\" class=\"fusion-grid-column fusion-gallery-column fusion-gallery-column-3\"><div class=\"fusion-gallery-image awb-imageframe-style awb-imageframe-style-resa\"><a href=\"https:\/\/www.boutiquedellarte.it\/wp-content\/uploads\/2025\/09\/0442-BOMBER-ECOPELLICCIA-VOLPE-1.jpg\" data-title=\"BOMBER ECOPELLICCIA VOLPE\" title=\"BOMBER ECOPELLICCIA VOLPE\" rel=\"noreferrer\" data-rel=\"iLightbox[gallery_image_1]\" class=\"fusion-lightbox\" target=\"_self\"><img decoding=\"async\" src=\"https:\/\/www.boutiquedellarte.it\/wp-content\/uploads\/2025\/09\/0442-BOMBER-ECOPELLICCIA-VOLPE-1.jpg\" data-orig-src=\"https:\/\/www.boutiquedellarte.it\/wp-content\/uploads\/2025\/09\/0442-BOMBER-ECOPELLICCIA-VOLPE-1.jpg\" width=\"2000\" height=\"3000\" alt=\"BOMBER ECOPELLICCIA VOLPE\" title=\"BOMBER ECOPELLICCIA VOLPE\" aria-label=\"BOMBER ECOPELLICCIA VOLPE\" class=\"lazyload img-responsive wp-image-4592\" srcset=\"data:image\/svg+xml,%3Csvg%20xmlns%3D%27http%3A%2F%2Fwww.w3.org%2F2000%2Fsvg%27%20width%3D%272000%27%20height%3D%273000%27%20viewBox%3D%270%200%202000%203000%27%3E%3Crect%20width%3D%272000%27%20height%3D%273000%27%20fill-opacity%3D%220%22%2F%3E%3C%2Fsvg%3E\" data-srcset=\"https:\/\/www.boutiquedellarte.it\/wp-content\/uploads\/2025\/09\/0442-BOMBER-ECOPELLICCIA-VOLPE-1-200x300.jpg 200w, https:\/\/www.boutiquedellarte.it\/wp-content\/uploads\/2025\/09\/0442-BOMBER-ECOPELLICCIA-VOLPE-1-400x600.jpg 400w, https:\/\/www.boutiquedellarte.it\/wp-content\/uploads\/2025\/09\/0442-BOMBER-ECOPELLICCIA-VOLPE-1-600x900.jpg 600w, https:\/\/www.boutiquedellarte.it\/wp-content\/uploads\/2025\/09\/0442-BOMBER-ECOPELLICCIA-VOLPE-1-800x1200.jpg 800w, https:\/\/www.boutiquedellarte.it\/wp-content\/uploads\/2025\/09\/0442-BOMBER-ECOPELLICCIA-VOLPE-1-1200x1800.jpg 1200w, https:\/\/www.boutiquedellarte.it\/wp-content\/uploads\/2025\/09\/0442-BOMBER-ECOPELLICCIA-VOLPE-1.jpg 2000w\" data-sizes=\"auto\" data-orig-sizes=\"(min-width: 2200px) 100vw, (min-width: 784px) 425px, (min-width: 712px) 638px, (min-width: 640px) 712px, \" \/><div class=\"awb-imageframe-caption-container\"><div class=\"awb-imageframe-caption\"><h3 class=\"awb-imageframe-caption-title\">BOMBER ECOPELLICCIA VOLPE<\/h3><p class=\"awb-imageframe-caption-text\">BOMBER ECOPELLICCIA VOLPE<\/p><\/div><\/div><\/a><\/div><\/div><div style=\"padding:2.5px;\" class=\"fusion-grid-column fusion-gallery-column fusion-gallery-column-3\"><div class=\"fusion-gallery-image awb-imageframe-style awb-imageframe-style-resa\"><a href=\"https:\/\/www.boutiquedellarte.it\/wp-content\/uploads\/2025\/09\/0442-BOMBER-ECOPELLICCIA-VOLPE-2.jpg\" data-title=\"BOMBER ECOPELLICCIA VOLPE\" title=\"BOMBER ECOPELLICCIA VOLPE\" rel=\"noreferrer\" data-rel=\"iLightbox[gallery_image_1]\" class=\"fusion-lightbox\" target=\"_self\"><img decoding=\"async\" src=\"https:\/\/www.boutiquedellarte.it\/wp-content\/uploads\/2025\/09\/0442-BOMBER-ECOPELLICCIA-VOLPE-2.jpg\" data-orig-src=\"https:\/\/www.boutiquedellarte.it\/wp-content\/uploads\/2025\/09\/0442-BOMBER-ECOPELLICCIA-VOLPE-2.jpg\" width=\"2000\" height=\"3000\" alt=\"BOMBER ECOPELLICCIA VOLPE\" title=\"BOMBER ECOPELLICCIA VOLPE\" aria-label=\"BOMBER ECOPELLICCIA VOLPE\" class=\"lazyload img-responsive wp-image-4594\" srcset=\"data:image\/svg+xml,%3Csvg%20xmlns%3D%27http%3A%2F%2Fwww.w3.org%2F2000%2Fsvg%27%20width%3D%272000%27%20height%3D%273000%27%20viewBox%3D%270%200%202000%203000%27%3E%3Crect%20width%3D%272000%27%20height%3D%273000%27%20fill-opacity%3D%220%22%2F%3E%3C%2Fsvg%3E\" data-srcset=\"https:\/\/www.boutiquedellarte.it\/wp-content\/uploads\/2025\/09\/0442-BOMBER-ECOPELLICCIA-VOLPE-2-200x300.jpg 200w, https:\/\/www.boutiquedellarte.it\/wp-content\/uploads\/2025\/09\/0442-BOMBER-ECOPELLICCIA-VOLPE-2-400x600.jpg 400w, https:\/\/www.boutiquedellarte.it\/wp-content\/uploads\/2025\/09\/0442-BOMBER-ECOPELLICCIA-VOLPE-2-600x900.jpg 600w, https:\/\/www.boutiquedellarte.it\/wp-content\/uploads\/2025\/09\/0442-BOMBER-ECOPELLICCIA-VOLPE-2-800x1200.jpg 800w, https:\/\/www.boutiquedellarte.it\/wp-content\/uploads\/2025\/09\/0442-BOMBER-ECOPELLICCIA-VOLPE-2-1200x1800.jpg 1200w, https:\/\/www.boutiquedellarte.it\/wp-content\/uploads\/2025\/09\/0442-BOMBER-ECOPELLICCIA-VOLPE-2.jpg 2000w\" data-sizes=\"auto\" data-orig-sizes=\"(min-width: 2200px) 100vw, (min-width: 784px) 425px, (min-width: 712px) 638px, (min-width: 640px) 712px, \" \/><div class=\"awb-imageframe-caption-container\"><div class=\"awb-imageframe-caption\"><h3 class=\"awb-imageframe-caption-title\">BOMBER ECOPELLICCIA VOLPE<\/h3><p class=\"awb-imageframe-caption-text\">BOMBER ECOPELLICCIA VOLPE<\/p><\/div><\/div><\/a><\/div><\/div><div style=\"padding:2.5px;\" class=\"fusion-grid-column fusion-gallery-column fusion-gallery-column-3\"><div class=\"fusion-gallery-image awb-imageframe-style awb-imageframe-style-resa\"><a href=\"https:\/\/www.boutiquedellarte.it\/wp-content\/uploads\/2025\/09\/0442-BOMBER-ECOPELLICCIA-VOLPE-3.jpg\" data-title=\"BOMBER ECOPELLICCIA VOLPE\" title=\"BOMBER ECOPELLICCIA VOLPE\" rel=\"noreferrer\" data-rel=\"iLightbox[gallery_image_1]\" class=\"fusion-lightbox\" target=\"_self\"><img decoding=\"async\" src=\"https:\/\/www.boutiquedellarte.it\/wp-content\/uploads\/2025\/09\/0442-BOMBER-ECOPELLICCIA-VOLPE-3.jpg\" data-orig-src=\"https:\/\/www.boutiquedellarte.it\/wp-content\/uploads\/2025\/09\/0442-BOMBER-ECOPELLICCIA-VOLPE-3.jpg\" width=\"2000\" height=\"3000\" alt=\"BOMBER ECOPELLICCIA VOLPE\" title=\"BOMBER ECOPELLICCIA VOLPE\" aria-label=\"BOMBER ECOPELLICCIA VOLPE\" class=\"lazyload img-responsive wp-image-4596\" srcset=\"data:image\/svg+xml,%3Csvg%20xmlns%3D%27http%3A%2F%2Fwww.w3.org%2F2000%2Fsvg%27%20width%3D%272000%27%20height%3D%273000%27%20viewBox%3D%270%200%202000%203000%27%3E%3Crect%20width%3D%272000%27%20height%3D%273000%27%20fill-opacity%3D%220%22%2F%3E%3C%2Fsvg%3E\" data-srcset=\"https:\/\/www.boutiquedellarte.it\/wp-content\/uploads\/2025\/09\/0442-BOMBER-ECOPELLICCIA-VOLPE-3-200x300.jpg 200w, https:\/\/www.boutiquedellarte.it\/wp-content\/uploads\/2025\/09\/0442-BOMBER-ECOPELLICCIA-VOLPE-3-400x600.jpg 400w, https:\/\/www.boutiquedellarte.it\/wp-content\/uploads\/2025\/09\/0442-BOMBER-ECOPELLICCIA-VOLPE-3-600x900.jpg 600w, https:\/\/www.boutiquedellarte.it\/wp-content\/uploads\/2025\/09\/0442-BOMBER-ECOPELLICCIA-VOLPE-3-800x1200.jpg 800w, https:\/\/www.boutiquedellarte.it\/wp-content\/uploads\/2025\/09\/0442-BOMBER-ECOPELLICCIA-VOLPE-3-1200x1800.jpg 1200w, https:\/\/www.boutiquedellarte.it\/wp-content\/uploads\/2025\/09\/0442-BOMBER-ECOPELLICCIA-VOLPE-3.jpg 2000w\" data-sizes=\"auto\" data-orig-sizes=\"(min-width: 2200px) 100vw, (min-width: 784px) 425px, (min-width: 712px) 638px, (min-width: 640px) 712px, \" \/><div class=\"awb-imageframe-caption-container\"><div class=\"awb-imageframe-caption\"><h3 class=\"awb-imageframe-caption-title\">BOMBER ECOPELLICCIA VOLPE<\/h3><p class=\"awb-imageframe-caption-text\">BOMBER ECOPELLICCIA VOLPE<\/p><\/div><\/div><\/a><\/div><\/div><div class=\"clearfix\"><\/div><div style=\"padding:2.5px;\" class=\"fusion-grid-column fusion-gallery-column fusion-gallery-column-3\"><div class=\"fusion-gallery-image awb-imageframe-style awb-imageframe-style-resa\"><a href=\"https:\/\/www.boutiquedellarte.it\/wp-content\/uploads\/2025\/09\/01-CAPPOTTO-ECOPELLICCIA-VISONE-1.jpg\" data-title=\"CAPPOTTO ECOPELLICCIA VISONE\" title=\"CAPPOTTO ECOPELLICCIA VISONE\" rel=\"noreferrer\" data-rel=\"iLightbox[gallery_image_1]\" class=\"fusion-lightbox\" target=\"_self\"><img decoding=\"async\" src=\"https:\/\/www.boutiquedellarte.it\/wp-content\/uploads\/2025\/09\/01-CAPPOTTO-ECOPELLICCIA-VISONE-1.jpg\" data-orig-src=\"https:\/\/www.boutiquedellarte.it\/wp-content\/uploads\/2025\/09\/01-CAPPOTTO-ECOPELLICCIA-VISONE-1.jpg\" width=\"2000\" height=\"3000\" alt=\"CAPPOTTO ECOPELLICCIA VISONE\" title=\"CAPPOTTO ECOPELLICCIA VISONE\" aria-label=\"CAPPOTTO ECOPELLICCIA VISONE\" class=\"lazyload img-responsive wp-image-4536\" srcset=\"data:image\/svg+xml,%3Csvg%20xmlns%3D%27http%3A%2F%2Fwww.w3.org%2F2000%2Fsvg%27%20width%3D%272000%27%20height%3D%273000%27%20viewBox%3D%270%200%202000%203000%27%3E%3Crect%20width%3D%272000%27%20height%3D%273000%27%20fill-opacity%3D%220%22%2F%3E%3C%2Fsvg%3E\" data-srcset=\"https:\/\/www.boutiquedellarte.it\/wp-content\/uploads\/2025\/09\/01-CAPPOTTO-ECOPELLICCIA-VISONE-1-200x300.jpg 200w, https:\/\/www.boutiquedellarte.it\/wp-content\/uploads\/2025\/09\/01-CAPPOTTO-ECOPELLICCIA-VISONE-1-400x600.jpg 400w, https:\/\/www.boutiquedellarte.it\/wp-content\/uploads\/2025\/09\/01-CAPPOTTO-ECOPELLICCIA-VISONE-1-600x900.jpg 600w, https:\/\/www.boutiquedellarte.it\/wp-content\/uploads\/2025\/09\/01-CAPPOTTO-ECOPELLICCIA-VISONE-1-800x1200.jpg 800w, https:\/\/www.boutiquedellarte.it\/wp-content\/uploads\/2025\/09\/01-CAPPOTTO-ECOPELLICCIA-VISONE-1-1200x1800.jpg 1200w, https:\/\/www.boutiquedellarte.it\/wp-content\/uploads\/2025\/09\/01-CAPPOTTO-ECOPELLICCIA-VISONE-1.jpg 2000w\" data-sizes=\"auto\" data-orig-sizes=\"(min-width: 2200px) 100vw, (min-width: 784px) 425px, (min-width: 712px) 638px, (min-width: 640px) 712px, \" \/><div class=\"awb-imageframe-caption-container\"><div class=\"awb-imageframe-caption\"><h3 class=\"awb-imageframe-caption-title\">CAPPOTTO ECOPELLICCIA VISONE<\/h3><p class=\"awb-imageframe-caption-text\">CAPPOTTO ECOPELLICCIA VISONE<\/p><\/div><\/div><\/a><\/div><\/div><div style=\"padding:2.5px;\" class=\"fusion-grid-column fusion-gallery-column fusion-gallery-column-3\"><div class=\"fusion-gallery-image awb-imageframe-style awb-imageframe-style-resa\"><a href=\"https:\/\/www.boutiquedellarte.it\/wp-content\/uploads\/2025\/09\/01-CAPPOTTO-ECOPELLICCIA-VISONE-2.jpg\" data-title=\"CAPPOTTO ECOPELLICCIA VISONE\" title=\"CAPPOTTO ECOPELLICCIA VISONE\" rel=\"noreferrer\" data-rel=\"iLightbox[gallery_image_1]\" class=\"fusion-lightbox\" target=\"_self\"><img decoding=\"async\" src=\"https:\/\/www.boutiquedellarte.it\/wp-content\/uploads\/2025\/09\/01-CAPPOTTO-ECOPELLICCIA-VISONE-2.jpg\" data-orig-src=\"https:\/\/www.boutiquedellarte.it\/wp-content\/uploads\/2025\/09\/01-CAPPOTTO-ECOPELLICCIA-VISONE-2.jpg\" width=\"2000\" height=\"3000\" alt=\"CAPPOTTO ECOPELLICCIA VISONE\" title=\"CAPPOTTO ECOPELLICCIA VISONE\" aria-label=\"CAPPOTTO ECOPELLICCIA VISONE\" class=\"lazyload img-responsive wp-image-4538\" srcset=\"data:image\/svg+xml,%3Csvg%20xmlns%3D%27http%3A%2F%2Fwww.w3.org%2F2000%2Fsvg%27%20width%3D%272000%27%20height%3D%273000%27%20viewBox%3D%270%200%202000%203000%27%3E%3Crect%20width%3D%272000%27%20height%3D%273000%27%20fill-opacity%3D%220%22%2F%3E%3C%2Fsvg%3E\" data-srcset=\"https:\/\/www.boutiquedellarte.it\/wp-content\/uploads\/2025\/09\/01-CAPPOTTO-ECOPELLICCIA-VISONE-2-200x300.jpg 200w, https:\/\/www.boutiquedellarte.it\/wp-content\/uploads\/2025\/09\/01-CAPPOTTO-ECOPELLICCIA-VISONE-2-400x600.jpg 400w, https:\/\/www.boutiquedellarte.it\/wp-content\/uploads\/2025\/09\/01-CAPPOTTO-ECOPELLICCIA-VISONE-2-600x900.jpg 600w, https:\/\/www.boutiquedellarte.it\/wp-content\/uploads\/2025\/09\/01-CAPPOTTO-ECOPELLICCIA-VISONE-2-800x1200.jpg 800w, https:\/\/www.boutiquedellarte.it\/wp-content\/uploads\/2025\/09\/01-CAPPOTTO-ECOPELLICCIA-VISONE-2-1200x1800.jpg 1200w, https:\/\/www.boutiquedellarte.it\/wp-content\/uploads\/2025\/09\/01-CAPPOTTO-ECOPELLICCIA-VISONE-2.jpg 2000w\" data-sizes=\"auto\" data-orig-sizes=\"(min-width: 2200px) 100vw, (min-width: 784px) 425px, (min-width: 712px) 638px, (min-width: 640px) 712px, \" \/><div class=\"awb-imageframe-caption-container\"><div class=\"awb-imageframe-caption\"><h3 class=\"awb-imageframe-caption-title\">CAPPOTTO ECOPELLICCIA VISONE<\/h3><p class=\"awb-imageframe-caption-text\">CAPPOTTO ECOPELLICCIA VISONE<\/p><\/div><\/div><\/a><\/div><\/div><div style=\"padding:2.5px;\" class=\"fusion-grid-column fusion-gallery-column fusion-gallery-column-3\"><div class=\"fusion-gallery-image awb-imageframe-style awb-imageframe-style-resa\"><a href=\"https:\/\/www.boutiquedellarte.it\/wp-content\/uploads\/2025\/09\/01-CAPPOTTO-ECOPELLICCIA-VISONE-3.jpg\" data-title=\"CAPPOTTO ECOPELLICCIA VISONE\" title=\"CAPPOTTO ECOPELLICCIA VISONE\" rel=\"noreferrer\" data-rel=\"iLightbox[gallery_image_1]\" class=\"fusion-lightbox\" target=\"_self\"><img decoding=\"async\" src=\"https:\/\/www.boutiquedellarte.it\/wp-content\/uploads\/2025\/09\/01-CAPPOTTO-ECOPELLICCIA-VISONE-3.jpg\" data-orig-src=\"https:\/\/www.boutiquedellarte.it\/wp-content\/uploads\/2025\/09\/01-CAPPOTTO-ECOPELLICCIA-VISONE-3.jpg\" width=\"2000\" height=\"3000\" alt=\"CAPPOTTO ECOPELLICCIA VISONE\" title=\"CAPPOTTO ECOPELLICCIA VISONE\" aria-label=\"CAPPOTTO ECOPELLICCIA VISONE\" class=\"lazyload img-responsive wp-image-4540\" srcset=\"data:image\/svg+xml,%3Csvg%20xmlns%3D%27http%3A%2F%2Fwww.w3.org%2F2000%2Fsvg%27%20width%3D%272000%27%20height%3D%273000%27%20viewBox%3D%270%200%202000%203000%27%3E%3Crect%20width%3D%272000%27%20height%3D%273000%27%20fill-opacity%3D%220%22%2F%3E%3C%2Fsvg%3E\" data-srcset=\"https:\/\/www.boutiquedellarte.it\/wp-content\/uploads\/2025\/09\/01-CAPPOTTO-ECOPELLICCIA-VISONE-3-200x300.jpg 200w, https:\/\/www.boutiquedellarte.it\/wp-content\/uploads\/2025\/09\/01-CAPPOTTO-ECOPELLICCIA-VISONE-3-400x600.jpg 400w, https:\/\/www.boutiquedellarte.it\/wp-content\/uploads\/2025\/09\/01-CAPPOTTO-ECOPELLICCIA-VISONE-3-600x900.jpg 600w, https:\/\/www.boutiquedellarte.it\/wp-content\/uploads\/2025\/09\/01-CAPPOTTO-ECOPELLICCIA-VISONE-3-800x1200.jpg 800w, https:\/\/www.boutiquedellarte.it\/wp-content\/uploads\/2025\/09\/01-CAPPOTTO-ECOPELLICCIA-VISONE-3-1200x1800.jpg 1200w, https:\/\/www.boutiquedellarte.it\/wp-content\/uploads\/2025\/09\/01-CAPPOTTO-ECOPELLICCIA-VISONE-3.jpg 2000w\" data-sizes=\"auto\" data-orig-sizes=\"(min-width: 2200px) 100vw, (min-width: 784px) 425px, (min-width: 712px) 638px, (min-width: 640px) 712px, \" \/><div class=\"awb-imageframe-caption-container\"><div class=\"awb-imageframe-caption\"><h3 class=\"awb-imageframe-caption-title\">CAPPOTTO ECOPELLICCIA VISONE<\/h3><p class=\"awb-imageframe-caption-text\">CAPPOTTO ECOPELLICCIA VISONE<\/p><\/div><\/div><\/a><\/div><\/div><div class=\"clearfix\"><\/div><div style=\"padding:2.5px;\" class=\"fusion-grid-column fusion-gallery-column fusion-gallery-column-3\"><div class=\"fusion-gallery-image awb-imageframe-style awb-imageframe-style-resa\"><a href=\"https:\/\/www.boutiquedellarte.it\/wp-content\/uploads\/2025\/09\/02-CAPPOTTO-ECOPELLICCIA-PERSIANO-1.jpg\" data-title=\"CAPPOTTO ECOPELLICCIA PERSIANO\" title=\"CAPPOTTO ECOPELLICCIA PERSIANO\" rel=\"noreferrer\" data-rel=\"iLightbox[gallery_image_1]\" class=\"fusion-lightbox\" target=\"_self\"><img decoding=\"async\" src=\"https:\/\/www.boutiquedellarte.it\/wp-content\/uploads\/2025\/09\/02-CAPPOTTO-ECOPELLICCIA-PERSIANO-1.jpg\" data-orig-src=\"https:\/\/www.boutiquedellarte.it\/wp-content\/uploads\/2025\/09\/02-CAPPOTTO-ECOPELLICCIA-PERSIANO-1.jpg\" width=\"2000\" height=\"3000\" alt=\"CAPPOTTO ECOPELLICCIA PERSIANO\" title=\"CAPPOTTO ECOPELLICCIA PERSIANO\" aria-label=\"CAPPOTTO ECOPELLICCIA PERSIANO\" class=\"lazyload img-responsive wp-image-4542\" srcset=\"data:image\/svg+xml,%3Csvg%20xmlns%3D%27http%3A%2F%2Fwww.w3.org%2F2000%2Fsvg%27%20width%3D%272000%27%20height%3D%273000%27%20viewBox%3D%270%200%202000%203000%27%3E%3Crect%20width%3D%272000%27%20height%3D%273000%27%20fill-opacity%3D%220%22%2F%3E%3C%2Fsvg%3E\" data-srcset=\"https:\/\/www.boutiquedellarte.it\/wp-content\/uploads\/2025\/09\/02-CAPPOTTO-ECOPELLICCIA-PERSIANO-1-200x300.jpg 200w, https:\/\/www.boutiquedellarte.it\/wp-content\/uploads\/2025\/09\/02-CAPPOTTO-ECOPELLICCIA-PERSIANO-1-400x600.jpg 400w, https:\/\/www.boutiquedellarte.it\/wp-content\/uploads\/2025\/09\/02-CAPPOTTO-ECOPELLICCIA-PERSIANO-1-600x900.jpg 600w, https:\/\/www.boutiquedellarte.it\/wp-content\/uploads\/2025\/09\/02-CAPPOTTO-ECOPELLICCIA-PERSIANO-1-800x1200.jpg 800w, https:\/\/www.boutiquedellarte.it\/wp-content\/uploads\/2025\/09\/02-CAPPOTTO-ECOPELLICCIA-PERSIANO-1-1200x1800.jpg 1200w, https:\/\/www.boutiquedellarte.it\/wp-content\/uploads\/2025\/09\/02-CAPPOTTO-ECOPELLICCIA-PERSIANO-1.jpg 2000w\" data-sizes=\"auto\" data-orig-sizes=\"(min-width: 2200px) 100vw, (min-width: 784px) 425px, (min-width: 712px) 638px, (min-width: 640px) 712px, \" \/><div class=\"awb-imageframe-caption-container\"><div class=\"awb-imageframe-caption\"><h3 class=\"awb-imageframe-caption-title\">CAPPOTTO ECOPELLICCIA PERSIANO<\/h3><p class=\"awb-imageframe-caption-text\">CAPPOTTO ECOPELLICCIA PERSIANO<\/p><\/div><\/div><\/a><\/div><\/div><div style=\"padding:2.5px;\" class=\"fusion-grid-column fusion-gallery-column fusion-gallery-column-3\"><div class=\"fusion-gallery-image awb-imageframe-style awb-imageframe-style-resa\"><a href=\"https:\/\/www.boutiquedellarte.it\/wp-content\/uploads\/2025\/09\/02-CAPPOTTO-ECOPELLICCIA-PERSIANO-2.jpg\" data-title=\"CAPPOTTO ECOPELLICCIA PERSIANO\" title=\"CAPPOTTO ECOPELLICCIA PERSIANO\" rel=\"noreferrer\" data-rel=\"iLightbox[gallery_image_1]\" class=\"fusion-lightbox\" target=\"_self\"><img decoding=\"async\" src=\"https:\/\/www.boutiquedellarte.it\/wp-content\/uploads\/2025\/09\/02-CAPPOTTO-ECOPELLICCIA-PERSIANO-2.jpg\" data-orig-src=\"https:\/\/www.boutiquedellarte.it\/wp-content\/uploads\/2025\/09\/02-CAPPOTTO-ECOPELLICCIA-PERSIANO-2.jpg\" width=\"2000\" height=\"3000\" alt=\"CAPPOTTO ECOPELLICCIA PERSIANO\" title=\"CAPPOTTO ECOPELLICCIA PERSIANO\" aria-label=\"CAPPOTTO ECOPELLICCIA PERSIANO\" class=\"lazyload img-responsive wp-image-4544\" srcset=\"data:image\/svg+xml,%3Csvg%20xmlns%3D%27http%3A%2F%2Fwww.w3.org%2F2000%2Fsvg%27%20width%3D%272000%27%20height%3D%273000%27%20viewBox%3D%270%200%202000%203000%27%3E%3Crect%20width%3D%272000%27%20height%3D%273000%27%20fill-opacity%3D%220%22%2F%3E%3C%2Fsvg%3E\" data-srcset=\"https:\/\/www.boutiquedellarte.it\/wp-content\/uploads\/2025\/09\/02-CAPPOTTO-ECOPELLICCIA-PERSIANO-2-200x300.jpg 200w, https:\/\/www.boutiquedellarte.it\/wp-content\/uploads\/2025\/09\/02-CAPPOTTO-ECOPELLICCIA-PERSIANO-2-400x600.jpg 400w, https:\/\/www.boutiquedellarte.it\/wp-content\/uploads\/2025\/09\/02-CAPPOTTO-ECOPELLICCIA-PERSIANO-2-600x900.jpg 600w, https:\/\/www.boutiquedellarte.it\/wp-content\/uploads\/2025\/09\/02-CAPPOTTO-ECOPELLICCIA-PERSIANO-2-800x1200.jpg 800w, https:\/\/www.boutiquedellarte.it\/wp-content\/uploads\/2025\/09\/02-CAPPOTTO-ECOPELLICCIA-PERSIANO-2-1200x1800.jpg 1200w, https:\/\/www.boutiquedellarte.it\/wp-content\/uploads\/2025\/09\/02-CAPPOTTO-ECOPELLICCIA-PERSIANO-2.jpg 2000w\" data-sizes=\"auto\" data-orig-sizes=\"(min-width: 2200px) 100vw, (min-width: 784px) 425px, (min-width: 712px) 638px, (min-width: 640px) 712px, \" \/><div class=\"awb-imageframe-caption-container\"><div class=\"awb-imageframe-caption\"><h3 class=\"awb-imageframe-caption-title\">CAPPOTTO ECOPELLICCIA PERSIANO<\/h3><p class=\"awb-imageframe-caption-text\">CAPPOTTO ECOPELLICCIA PERSIANO<\/p><\/div><\/div><\/a><\/div><\/div><div style=\"padding:2.5px;\" class=\"fusion-grid-column fusion-gallery-column fusion-gallery-column-3\"><div class=\"fusion-gallery-image awb-imageframe-style awb-imageframe-style-resa\"><a href=\"https:\/\/www.boutiquedellarte.it\/wp-content\/uploads\/2025\/09\/02-CAPPOTTO-ECOPELLICCIA-PERSIANO-3.jpg\" data-title=\"CAPPOTTO ECOPELLICCIA PERSIANO\" title=\"CAPPOTTO ECOPELLICCIA PERSIANO\" rel=\"noreferrer\" data-rel=\"iLightbox[gallery_image_1]\" class=\"fusion-lightbox\" target=\"_self\"><img decoding=\"async\" src=\"https:\/\/www.boutiquedellarte.it\/wp-content\/uploads\/2025\/09\/02-CAPPOTTO-ECOPELLICCIA-PERSIANO-3.jpg\" data-orig-src=\"https:\/\/www.boutiquedellarte.it\/wp-content\/uploads\/2025\/09\/02-CAPPOTTO-ECOPELLICCIA-PERSIANO-3.jpg\" width=\"2000\" height=\"3000\" alt=\"CAPPOTTO ECOPELLICCIA PERSIANO\" title=\"CAPPOTTO ECOPELLICCIA PERSIANO\" aria-label=\"CAPPOTTO ECOPELLICCIA PERSIANO\" class=\"lazyload img-responsive wp-image-4546\" srcset=\"data:image\/svg+xml,%3Csvg%20xmlns%3D%27http%3A%2F%2Fwww.w3.org%2F2000%2Fsvg%27%20width%3D%272000%27%20height%3D%273000%27%20viewBox%3D%270%200%202000%203000%27%3E%3Crect%20width%3D%272000%27%20height%3D%273000%27%20fill-opacity%3D%220%22%2F%3E%3C%2Fsvg%3E\" data-srcset=\"https:\/\/www.boutiquedellarte.it\/wp-content\/uploads\/2025\/09\/02-CAPPOTTO-ECOPELLICCIA-PERSIANO-3-200x300.jpg 200w, https:\/\/www.boutiquedellarte.it\/wp-content\/uploads\/2025\/09\/02-CAPPOTTO-ECOPELLICCIA-PERSIANO-3-400x600.jpg 400w, https:\/\/www.boutiquedellarte.it\/wp-content\/uploads\/2025\/09\/02-CAPPOTTO-ECOPELLICCIA-PERSIANO-3-600x900.jpg 600w, https:\/\/www.boutiquedellarte.it\/wp-content\/uploads\/2025\/09\/02-CAPPOTTO-ECOPELLICCIA-PERSIANO-3-800x1200.jpg 800w, https:\/\/www.boutiquedellarte.it\/wp-content\/uploads\/2025\/09\/02-CAPPOTTO-ECOPELLICCIA-PERSIANO-3-1200x1800.jpg 1200w, https:\/\/www.boutiquedellarte.it\/wp-content\/uploads\/2025\/09\/02-CAPPOTTO-ECOPELLICCIA-PERSIANO-3.jpg 2000w\" data-sizes=\"auto\" data-orig-sizes=\"(min-width: 2200px) 100vw, (min-width: 784px) 425px, (min-width: 712px) 638px, (min-width: 640px) 712px, \" \/><div class=\"awb-imageframe-caption-container\"><div class=\"awb-imageframe-caption\"><h3 class=\"awb-imageframe-caption-title\">CAPPOTTO ECOPELLICCIA PERSIANO<\/h3><p class=\"awb-imageframe-caption-text\">CAPPOTTO ECOPELLICCIA PERSIANO<\/p><\/div><\/div><\/a><\/div><\/div><div class=\"clearfix\"><\/div><div style=\"padding:2.5px;\" class=\"fusion-grid-column fusion-gallery-column fusion-gallery-column-3\"><div class=\"fusion-gallery-image awb-imageframe-style awb-imageframe-style-resa\"><a href=\"https:\/\/www.boutiquedellarte.it\/wp-content\/uploads\/2025\/09\/03-CAPPOTTO-ECOPELLICIA-ANIMALIER-1.jpg\" data-title=\"CAPPOTTO ECOPELLICIA ANIMALIER\" title=\"CAPPOTTO ECOPELLICIA ANIMALIER\" rel=\"noreferrer\" data-rel=\"iLightbox[gallery_image_1]\" class=\"fusion-lightbox\" target=\"_self\"><img decoding=\"async\" src=\"https:\/\/www.boutiquedellarte.it\/wp-content\/uploads\/2025\/09\/03-CAPPOTTO-ECOPELLICIA-ANIMALIER-1.jpg\" data-orig-src=\"https:\/\/www.boutiquedellarte.it\/wp-content\/uploads\/2025\/09\/03-CAPPOTTO-ECOPELLICIA-ANIMALIER-1.jpg\" width=\"2000\" height=\"3000\" alt=\"CAPPOTTO ECOPELLICIA ANIMALIER\" title=\"CAPPOTTO ECOPELLICIA ANIMALIER\" aria-label=\"CAPPOTTO ECOPELLICIA ANIMALIER\" class=\"lazyload img-responsive wp-image-4548\" srcset=\"data:image\/svg+xml,%3Csvg%20xmlns%3D%27http%3A%2F%2Fwww.w3.org%2F2000%2Fsvg%27%20width%3D%272000%27%20height%3D%273000%27%20viewBox%3D%270%200%202000%203000%27%3E%3Crect%20width%3D%272000%27%20height%3D%273000%27%20fill-opacity%3D%220%22%2F%3E%3C%2Fsvg%3E\" data-srcset=\"https:\/\/www.boutiquedellarte.it\/wp-content\/uploads\/2025\/09\/03-CAPPOTTO-ECOPELLICIA-ANIMALIER-1-200x300.jpg 200w, https:\/\/www.boutiquedellarte.it\/wp-content\/uploads\/2025\/09\/03-CAPPOTTO-ECOPELLICIA-ANIMALIER-1-400x600.jpg 400w, https:\/\/www.boutiquedellarte.it\/wp-content\/uploads\/2025\/09\/03-CAPPOTTO-ECOPELLICIA-ANIMALIER-1-600x900.jpg 600w, https:\/\/www.boutiquedellarte.it\/wp-content\/uploads\/2025\/09\/03-CAPPOTTO-ECOPELLICIA-ANIMALIER-1-800x1200.jpg 800w, https:\/\/www.boutiquedellarte.it\/wp-content\/uploads\/2025\/09\/03-CAPPOTTO-ECOPELLICIA-ANIMALIER-1-1200x1800.jpg 1200w, https:\/\/www.boutiquedellarte.it\/wp-content\/uploads\/2025\/09\/03-CAPPOTTO-ECOPELLICIA-ANIMALIER-1.jpg 2000w\" data-sizes=\"auto\" data-orig-sizes=\"(min-width: 2200px) 100vw, (min-width: 784px) 425px, (min-width: 712px) 638px, (min-width: 640px) 712px, \" \/><div class=\"awb-imageframe-caption-container\"><div class=\"awb-imageframe-caption\"><h3 class=\"awb-imageframe-caption-title\">CAPPOTTO ECOPELLICIA ANIMALIER<\/h3><p class=\"awb-imageframe-caption-text\">CAPPOTTO ECOPELLICIA ANIMALIER<\/p><\/div><\/div><\/a><\/div><\/div><div style=\"padding:2.5px;\" class=\"fusion-grid-column fusion-gallery-column fusion-gallery-column-3\"><div class=\"fusion-gallery-image awb-imageframe-style awb-imageframe-style-resa\"><a href=\"https:\/\/www.boutiquedellarte.it\/wp-content\/uploads\/2025\/09\/03-CAPPOTTO-ECOPELLICIA-ANIMALIER-2.jpg\" data-title=\"CAPPOTTO ECOPELLICIA ANIMALIER\" title=\"CAPPOTTO ECOPELLICIA ANIMALIER\" rel=\"noreferrer\" data-rel=\"iLightbox[gallery_image_1]\" class=\"fusion-lightbox\" target=\"_self\"><img decoding=\"async\" src=\"https:\/\/www.boutiquedellarte.it\/wp-content\/uploads\/2025\/09\/03-CAPPOTTO-ECOPELLICIA-ANIMALIER-2.jpg\" data-orig-src=\"https:\/\/www.boutiquedellarte.it\/wp-content\/uploads\/2025\/09\/03-CAPPOTTO-ECOPELLICIA-ANIMALIER-2.jpg\" width=\"2000\" height=\"3000\" alt=\"CAPPOTTO ECOPELLICIA ANIMALIER\" title=\"CAPPOTTO ECOPELLICIA ANIMALIER\" aria-label=\"CAPPOTTO ECOPELLICIA ANIMALIER\" class=\"lazyload img-responsive wp-image-4550\" srcset=\"data:image\/svg+xml,%3Csvg%20xmlns%3D%27http%3A%2F%2Fwww.w3.org%2F2000%2Fsvg%27%20width%3D%272000%27%20height%3D%273000%27%20viewBox%3D%270%200%202000%203000%27%3E%3Crect%20width%3D%272000%27%20height%3D%273000%27%20fill-opacity%3D%220%22%2F%3E%3C%2Fsvg%3E\" data-srcset=\"https:\/\/www.boutiquedellarte.it\/wp-content\/uploads\/2025\/09\/03-CAPPOTTO-ECOPELLICIA-ANIMALIER-2-200x300.jpg 200w, https:\/\/www.boutiquedellarte.it\/wp-content\/uploads\/2025\/09\/03-CAPPOTTO-ECOPELLICIA-ANIMALIER-2-400x600.jpg 400w, https:\/\/www.boutiquedellarte.it\/wp-content\/uploads\/2025\/09\/03-CAPPOTTO-ECOPELLICIA-ANIMALIER-2-600x900.jpg 600w, https:\/\/www.boutiquedellarte.it\/wp-content\/uploads\/2025\/09\/03-CAPPOTTO-ECOPELLICIA-ANIMALIER-2-800x1200.jpg 800w, https:\/\/www.boutiquedellarte.it\/wp-content\/uploads\/2025\/09\/03-CAPPOTTO-ECOPELLICIA-ANIMALIER-2-1200x1800.jpg 1200w, https:\/\/www.boutiquedellarte.it\/wp-content\/uploads\/2025\/09\/03-CAPPOTTO-ECOPELLICIA-ANIMALIER-2.jpg 2000w\" data-sizes=\"auto\" data-orig-sizes=\"(min-width: 2200px) 100vw, (min-width: 784px) 425px, (min-width: 712px) 638px, (min-width: 640px) 712px, \" \/><div class=\"awb-imageframe-caption-container\"><div class=\"awb-imageframe-caption\"><h3 class=\"awb-imageframe-caption-title\">CAPPOTTO ECOPELLICIA ANIMALIER<\/h3><p class=\"awb-imageframe-caption-text\">CAPPOTTO ECOPELLICIA ANIMALIER<\/p><\/div><\/div><\/a><\/div><\/div><div style=\"padding:2.5px;\" class=\"fusion-grid-column fusion-gallery-column fusion-gallery-column-3\"><div class=\"fusion-gallery-image awb-imageframe-style awb-imageframe-style-resa\"><a href=\"https:\/\/www.boutiquedellarte.it\/wp-content\/uploads\/2025\/09\/03-CAPPOTTO-ECOPELLICIA-ANIMALIER-3.jpg\" data-title=\"CAPPOTTO ECOPELLICIA ANIMALIER\" title=\"CAPPOTTO ECOPELLICIA ANIMALIER\" rel=\"noreferrer\" data-rel=\"iLightbox[gallery_image_1]\" class=\"fusion-lightbox\" target=\"_self\"><img decoding=\"async\" src=\"https:\/\/www.boutiquedellarte.it\/wp-content\/uploads\/2025\/09\/03-CAPPOTTO-ECOPELLICIA-ANIMALIER-3.jpg\" data-orig-src=\"https:\/\/www.boutiquedellarte.it\/wp-content\/uploads\/2025\/09\/03-CAPPOTTO-ECOPELLICIA-ANIMALIER-3.jpg\" width=\"2000\" height=\"3000\" alt=\"CAPPOTTO ECOPELLICIA ANIMALIER\" title=\"CAPPOTTO ECOPELLICIA ANIMALIER\" aria-label=\"CAPPOTTO ECOPELLICIA ANIMALIER\" class=\"lazyload img-responsive wp-image-4552\" srcset=\"data:image\/svg+xml,%3Csvg%20xmlns%3D%27http%3A%2F%2Fwww.w3.org%2F2000%2Fsvg%27%20width%3D%272000%27%20height%3D%273000%27%20viewBox%3D%270%200%202000%203000%27%3E%3Crect%20width%3D%272000%27%20height%3D%273000%27%20fill-opacity%3D%220%22%2F%3E%3C%2Fsvg%3E\" data-srcset=\"https:\/\/www.boutiquedellarte.it\/wp-content\/uploads\/2025\/09\/03-CAPPOTTO-ECOPELLICIA-ANIMALIER-3-200x300.jpg 200w, https:\/\/www.boutiquedellarte.it\/wp-content\/uploads\/2025\/09\/03-CAPPOTTO-ECOPELLICIA-ANIMALIER-3-400x600.jpg 400w, https:\/\/www.boutiquedellarte.it\/wp-content\/uploads\/2025\/09\/03-CAPPOTTO-ECOPELLICIA-ANIMALIER-3-600x900.jpg 600w, https:\/\/www.boutiquedellarte.it\/wp-content\/uploads\/2025\/09\/03-CAPPOTTO-ECOPELLICIA-ANIMALIER-3-800x1200.jpg 800w, https:\/\/www.boutiquedellarte.it\/wp-content\/uploads\/2025\/09\/03-CAPPOTTO-ECOPELLICIA-ANIMALIER-3-1200x1800.jpg 1200w, https:\/\/www.boutiquedellarte.it\/wp-content\/uploads\/2025\/09\/03-CAPPOTTO-ECOPELLICIA-ANIMALIER-3.jpg 2000w\" data-sizes=\"auto\" data-orig-sizes=\"(min-width: 2200px) 100vw, (min-width: 784px) 425px, (min-width: 712px) 638px, (min-width: 640px) 712px, \" \/><div class=\"awb-imageframe-caption-container\"><div class=\"awb-imageframe-caption\"><h3 class=\"awb-imageframe-caption-title\">CAPPOTTO ECOPELLICIA ANIMALIER<\/h3><p class=\"awb-imageframe-caption-text\">CAPPOTTO ECOPELLICIA ANIMALIER<\/p><\/div><\/div><\/a><\/div><\/div><div class=\"clearfix\"><\/div><div style=\"padding:2.5px;\" class=\"fusion-grid-column fusion-gallery-column fusion-gallery-column-3\"><div class=\"fusion-gallery-image awb-imageframe-style awb-imageframe-style-resa\"><a href=\"https:\/\/www.boutiquedellarte.it\/wp-content\/uploads\/2025\/09\/04-SMANICATO-ECOPELLICCIA-MONGOLIA-1.jpg\" data-title=\"SMANICATO ECOPELLICCIA MONGOLIA\" title=\"SMANICATO ECOPELLICCIA MONGOLIA\" rel=\"noreferrer\" data-rel=\"iLightbox[gallery_image_1]\" class=\"fusion-lightbox\" target=\"_self\"><img decoding=\"async\" src=\"https:\/\/www.boutiquedellarte.it\/wp-content\/uploads\/2025\/09\/04-SMANICATO-ECOPELLICCIA-MONGOLIA-1.jpg\" data-orig-src=\"https:\/\/www.boutiquedellarte.it\/wp-content\/uploads\/2025\/09\/04-SMANICATO-ECOPELLICCIA-MONGOLIA-1.jpg\" width=\"2000\" height=\"3000\" alt=\"SMANICATO ECOPELLICCIA MONGOLIA\" title=\"SMANICATO ECOPELLICCIA MONGOLIA\" aria-label=\"SMANICATO ECOPELLICCIA MONGOLIA\" class=\"lazyload img-responsive wp-image-4554\" srcset=\"data:image\/svg+xml,%3Csvg%20xmlns%3D%27http%3A%2F%2Fwww.w3.org%2F2000%2Fsvg%27%20width%3D%272000%27%20height%3D%273000%27%20viewBox%3D%270%200%202000%203000%27%3E%3Crect%20width%3D%272000%27%20height%3D%273000%27%20fill-opacity%3D%220%22%2F%3E%3C%2Fsvg%3E\" data-srcset=\"https:\/\/www.boutiquedellarte.it\/wp-content\/uploads\/2025\/09\/04-SMANICATO-ECOPELLICCIA-MONGOLIA-1-200x300.jpg 200w, https:\/\/www.boutiquedellarte.it\/wp-content\/uploads\/2025\/09\/04-SMANICATO-ECOPELLICCIA-MONGOLIA-1-400x600.jpg 400w, https:\/\/www.boutiquedellarte.it\/wp-content\/uploads\/2025\/09\/04-SMANICATO-ECOPELLICCIA-MONGOLIA-1-600x900.jpg 600w, https:\/\/www.boutiquedellarte.it\/wp-content\/uploads\/2025\/09\/04-SMANICATO-ECOPELLICCIA-MONGOLIA-1-800x1200.jpg 800w, https:\/\/www.boutiquedellarte.it\/wp-content\/uploads\/2025\/09\/04-SMANICATO-ECOPELLICCIA-MONGOLIA-1-1200x1800.jpg 1200w, https:\/\/www.boutiquedellarte.it\/wp-content\/uploads\/2025\/09\/04-SMANICATO-ECOPELLICCIA-MONGOLIA-1.jpg 2000w\" data-sizes=\"auto\" data-orig-sizes=\"(min-width: 2200px) 100vw, (min-width: 784px) 425px, (min-width: 712px) 638px, (min-width: 640px) 712px, \" \/><div class=\"awb-imageframe-caption-container\"><div class=\"awb-imageframe-caption\"><h3 class=\"awb-imageframe-caption-title\">SMANICATO ECOPELLICCIA MONGOLIA<\/h3><p class=\"awb-imageframe-caption-text\">SMANICATO ECOPELLICCIA MONGOLIA<\/p><\/div><\/div><\/a><\/div><\/div><div style=\"padding:2.5px;\" class=\"fusion-grid-column fusion-gallery-column fusion-gallery-column-3\"><div class=\"fusion-gallery-image awb-imageframe-style awb-imageframe-style-resa\"><a href=\"https:\/\/www.boutiquedellarte.it\/wp-content\/uploads\/2025\/09\/04-SMANICATO-ECOPELLICCIA-MONGOLIA-2.jpg\" data-title=\"SMANICATO ECOPELLICCIA MONGOLIA\" title=\"SMANICATO ECOPELLICCIA MONGOLIA\" rel=\"noreferrer\" data-rel=\"iLightbox[gallery_image_1]\" class=\"fusion-lightbox\" target=\"_self\"><img decoding=\"async\" src=\"https:\/\/www.boutiquedellarte.it\/wp-content\/uploads\/2025\/09\/04-SMANICATO-ECOPELLICCIA-MONGOLIA-2.jpg\" data-orig-src=\"https:\/\/www.boutiquedellarte.it\/wp-content\/uploads\/2025\/09\/04-SMANICATO-ECOPELLICCIA-MONGOLIA-2.jpg\" width=\"2000\" height=\"3000\" alt=\"SMANICATO ECOPELLICCIA MONGOLIA\" title=\"SMANICATO ECOPELLICCIA MONGOLIA\" aria-label=\"SMANICATO ECOPELLICCIA MONGOLIA\" class=\"lazyload img-responsive wp-image-4556\" srcset=\"data:image\/svg+xml,%3Csvg%20xmlns%3D%27http%3A%2F%2Fwww.w3.org%2F2000%2Fsvg%27%20width%3D%272000%27%20height%3D%273000%27%20viewBox%3D%270%200%202000%203000%27%3E%3Crect%20width%3D%272000%27%20height%3D%273000%27%20fill-opacity%3D%220%22%2F%3E%3C%2Fsvg%3E\" data-srcset=\"https:\/\/www.boutiquedellarte.it\/wp-content\/uploads\/2025\/09\/04-SMANICATO-ECOPELLICCIA-MONGOLIA-2-200x300.jpg 200w, https:\/\/www.boutiquedellarte.it\/wp-content\/uploads\/2025\/09\/04-SMANICATO-ECOPELLICCIA-MONGOLIA-2-400x600.jpg 400w, https:\/\/www.boutiquedellarte.it\/wp-content\/uploads\/2025\/09\/04-SMANICATO-ECOPELLICCIA-MONGOLIA-2-600x900.jpg 600w, https:\/\/www.boutiquedellarte.it\/wp-content\/uploads\/2025\/09\/04-SMANICATO-ECOPELLICCIA-MONGOLIA-2-800x1200.jpg 800w, https:\/\/www.boutiquedellarte.it\/wp-content\/uploads\/2025\/09\/04-SMANICATO-ECOPELLICCIA-MONGOLIA-2-1200x1800.jpg 1200w, https:\/\/www.boutiquedellarte.it\/wp-content\/uploads\/2025\/09\/04-SMANICATO-ECOPELLICCIA-MONGOLIA-2.jpg 2000w\" data-sizes=\"auto\" data-orig-sizes=\"(min-width: 2200px) 100vw, (min-width: 784px) 425px, (min-width: 712px) 638px, (min-width: 640px) 712px, \" \/><div class=\"awb-imageframe-caption-container\"><div class=\"awb-imageframe-caption\"><h3 class=\"awb-imageframe-caption-title\">SMANICATO ECOPELLICCIA MONGOLIA<\/h3><p class=\"awb-imageframe-caption-text\">SMANICATO ECOPELLICCIA MONGOLIA<\/p><\/div><\/div><\/a><\/div><\/div><div style=\"padding:2.5px;\" class=\"fusion-grid-column fusion-gallery-column fusion-gallery-column-3\"><div class=\"fusion-gallery-image awb-imageframe-style awb-imageframe-style-resa\"><a href=\"https:\/\/www.boutiquedellarte.it\/wp-content\/uploads\/2025\/09\/04-SMANICATO-ECOPELLICCIA-MONGOLIA-3.jpg\" data-title=\"SMANICATO ECOPELLICCIA MONGOLIA\" title=\"SMANICATO ECOPELLICCIA MONGOLIA\" rel=\"noreferrer\" data-rel=\"iLightbox[gallery_image_1]\" class=\"fusion-lightbox\" target=\"_self\"><img decoding=\"async\" src=\"https:\/\/www.boutiquedellarte.it\/wp-content\/uploads\/2025\/09\/04-SMANICATO-ECOPELLICCIA-MONGOLIA-3.jpg\" data-orig-src=\"https:\/\/www.boutiquedellarte.it\/wp-content\/uploads\/2025\/09\/04-SMANICATO-ECOPELLICCIA-MONGOLIA-3.jpg\" width=\"2000\" height=\"3000\" alt=\"SMANICATO ECOPELLICCIA MONGOLIA\" title=\"SMANICATO ECOPELLICCIA MONGOLIA\" aria-label=\"SMANICATO ECOPELLICCIA MONGOLIA\" class=\"lazyload img-responsive wp-image-4558\" srcset=\"data:image\/svg+xml,%3Csvg%20xmlns%3D%27http%3A%2F%2Fwww.w3.org%2F2000%2Fsvg%27%20width%3D%272000%27%20height%3D%273000%27%20viewBox%3D%270%200%202000%203000%27%3E%3Crect%20width%3D%272000%27%20height%3D%273000%27%20fill-opacity%3D%220%22%2F%3E%3C%2Fsvg%3E\" data-srcset=\"https:\/\/www.boutiquedellarte.it\/wp-content\/uploads\/2025\/09\/04-SMANICATO-ECOPELLICCIA-MONGOLIA-3-200x300.jpg 200w, https:\/\/www.boutiquedellarte.it\/wp-content\/uploads\/2025\/09\/04-SMANICATO-ECOPELLICCIA-MONGOLIA-3-400x600.jpg 400w, https:\/\/www.boutiquedellarte.it\/wp-content\/uploads\/2025\/09\/04-SMANICATO-ECOPELLICCIA-MONGOLIA-3-600x900.jpg 600w, https:\/\/www.boutiquedellarte.it\/wp-content\/uploads\/2025\/09\/04-SMANICATO-ECOPELLICCIA-MONGOLIA-3-800x1200.jpg 800w, https:\/\/www.boutiquedellarte.it\/wp-content\/uploads\/2025\/09\/04-SMANICATO-ECOPELLICCIA-MONGOLIA-3-1200x1800.jpg 1200w, https:\/\/www.boutiquedellarte.it\/wp-content\/uploads\/2025\/09\/04-SMANICATO-ECOPELLICCIA-MONGOLIA-3.jpg 2000w\" data-sizes=\"auto\" data-orig-sizes=\"(min-width: 2200px) 100vw, (min-width: 784px) 425px, (min-width: 712px) 638px, (min-width: 640px) 712px, \" \/><div class=\"awb-imageframe-caption-container\"><div class=\"awb-imageframe-caption\"><h3 class=\"awb-imageframe-caption-title\">SMANICATO ECOPELLICCIA MONGOLIA<\/h3><p class=\"awb-imageframe-caption-text\">SMANICATO ECOPELLICCIA MONGOLIA<\/p><\/div><\/div><\/a><\/div><\/div><div class=\"clearfix\"><\/div><div style=\"padding:2.5px;\" class=\"fusion-grid-column fusion-gallery-column fusion-gallery-column-3\"><div class=\"fusion-gallery-image awb-imageframe-style awb-imageframe-style-resa\"><a href=\"https:\/\/www.boutiquedellarte.it\/wp-content\/uploads\/2025\/09\/05-GIACCA-ECOPELLICCIA-E-PIUMINO-1.jpg\" data-title=\"GIACCA ECOPELLICCIA E PIUMINO\" title=\"GIACCA ECOPELLICCIA E PIUMINO\" rel=\"noreferrer\" data-rel=\"iLightbox[gallery_image_1]\" class=\"fusion-lightbox\" target=\"_self\"><img decoding=\"async\" src=\"https:\/\/www.boutiquedellarte.it\/wp-content\/uploads\/2025\/09\/05-GIACCA-ECOPELLICCIA-E-PIUMINO-1.jpg\" data-orig-src=\"https:\/\/www.boutiquedellarte.it\/wp-content\/uploads\/2025\/09\/05-GIACCA-ECOPELLICCIA-E-PIUMINO-1.jpg\" width=\"2000\" height=\"3000\" alt=\"GIACCA ECOPELLICCIA E PIUMINO\" title=\"GIACCA ECOPELLICCIA E PIUMINO\" aria-label=\"GIACCA ECOPELLICCIA E PIUMINO\" class=\"lazyload img-responsive wp-image-4560\" srcset=\"data:image\/svg+xml,%3Csvg%20xmlns%3D%27http%3A%2F%2Fwww.w3.org%2F2000%2Fsvg%27%20width%3D%272000%27%20height%3D%273000%27%20viewBox%3D%270%200%202000%203000%27%3E%3Crect%20width%3D%272000%27%20height%3D%273000%27%20fill-opacity%3D%220%22%2F%3E%3C%2Fsvg%3E\" data-srcset=\"https:\/\/www.boutiquedellarte.it\/wp-content\/uploads\/2025\/09\/05-GIACCA-ECOPELLICCIA-E-PIUMINO-1-200x300.jpg 200w, https:\/\/www.boutiquedellarte.it\/wp-content\/uploads\/2025\/09\/05-GIACCA-ECOPELLICCIA-E-PIUMINO-1-400x600.jpg 400w, https:\/\/www.boutiquedellarte.it\/wp-content\/uploads\/2025\/09\/05-GIACCA-ECOPELLICCIA-E-PIUMINO-1-600x900.jpg 600w, https:\/\/www.boutiquedellarte.it\/wp-content\/uploads\/2025\/09\/05-GIACCA-ECOPELLICCIA-E-PIUMINO-1-800x1200.jpg 800w, https:\/\/www.boutiquedellarte.it\/wp-content\/uploads\/2025\/09\/05-GIACCA-ECOPELLICCIA-E-PIUMINO-1-1200x1800.jpg 1200w, https:\/\/www.boutiquedellarte.it\/wp-content\/uploads\/2025\/09\/05-GIACCA-ECOPELLICCIA-E-PIUMINO-1.jpg 2000w\" data-sizes=\"auto\" data-orig-sizes=\"(min-width: 2200px) 100vw, (min-width: 784px) 425px, (min-width: 712px) 638px, (min-width: 640px) 712px, \" \/><div class=\"awb-imageframe-caption-container\"><div class=\"awb-imageframe-caption\"><h3 class=\"awb-imageframe-caption-title\">GIACCA ECOPELLICCIA E PIUMINO<\/h3><p class=\"awb-imageframe-caption-text\">GIACCA ECOPELLICCIA E PIUMINO<\/p><\/div><\/div><\/a><\/div><\/div><div style=\"padding:2.5px;\" class=\"fusion-grid-column fusion-gallery-column fusion-gallery-column-3\"><div class=\"fusion-gallery-image awb-imageframe-style awb-imageframe-style-resa\"><a href=\"https:\/\/www.boutiquedellarte.it\/wp-content\/uploads\/2025\/09\/05-GIACCA-ECOPELLICCIA-E-PIUMINO-2.jpg\" data-title=\"GIACCA ECOPELLICCIA E PIUMINO\" title=\"GIACCA ECOPELLICCIA E PIUMINO\" rel=\"noreferrer\" data-rel=\"iLightbox[gallery_image_1]\" class=\"fusion-lightbox\" target=\"_self\"><img decoding=\"async\" src=\"https:\/\/www.boutiquedellarte.it\/wp-content\/uploads\/2025\/09\/05-GIACCA-ECOPELLICCIA-E-PIUMINO-2.jpg\" data-orig-src=\"https:\/\/www.boutiquedellarte.it\/wp-content\/uploads\/2025\/09\/05-GIACCA-ECOPELLICCIA-E-PIUMINO-2.jpg\" width=\"2000\" height=\"3000\" alt=\"GIACCA ECOPELLICCIA E PIUMINO\" title=\"GIACCA ECOPELLICCIA E PIUMINO\" aria-label=\"GIACCA ECOPELLICCIA E PIUMINO\" class=\"lazyload img-responsive wp-image-4562\" srcset=\"data:image\/svg+xml,%3Csvg%20xmlns%3D%27http%3A%2F%2Fwww.w3.org%2F2000%2Fsvg%27%20width%3D%272000%27%20height%3D%273000%27%20viewBox%3D%270%200%202000%203000%27%3E%3Crect%20width%3D%272000%27%20height%3D%273000%27%20fill-opacity%3D%220%22%2F%3E%3C%2Fsvg%3E\" data-srcset=\"https:\/\/www.boutiquedellarte.it\/wp-content\/uploads\/2025\/09\/05-GIACCA-ECOPELLICCIA-E-PIUMINO-2-200x300.jpg 200w, https:\/\/www.boutiquedellarte.it\/wp-content\/uploads\/2025\/09\/05-GIACCA-ECOPELLICCIA-E-PIUMINO-2-400x600.jpg 400w, https:\/\/www.boutiquedellarte.it\/wp-content\/uploads\/2025\/09\/05-GIACCA-ECOPELLICCIA-E-PIUMINO-2-600x900.jpg 600w, https:\/\/www.boutiquedellarte.it\/wp-content\/uploads\/2025\/09\/05-GIACCA-ECOPELLICCIA-E-PIUMINO-2-800x1200.jpg 800w, https:\/\/www.boutiquedellarte.it\/wp-content\/uploads\/2025\/09\/05-GIACCA-ECOPELLICCIA-E-PIUMINO-2-1200x1800.jpg 1200w, https:\/\/www.boutiquedellarte.it\/wp-content\/uploads\/2025\/09\/05-GIACCA-ECOPELLICCIA-E-PIUMINO-2.jpg 2000w\" data-sizes=\"auto\" data-orig-sizes=\"(min-width: 2200px) 100vw, (min-width: 784px) 425px, (min-width: 712px) 638px, (min-width: 640px) 712px, \" \/><div class=\"awb-imageframe-caption-container\"><div class=\"awb-imageframe-caption\"><h3 class=\"awb-imageframe-caption-title\">GIACCA ECOPELLICCIA E PIUMINO<\/h3><p class=\"awb-imageframe-caption-text\">GIACCA ECOPELLICCIA E PIUMINO<\/p><\/div><\/div><\/a><\/div><\/div><div style=\"padding:2.5px;\" class=\"fusion-grid-column fusion-gallery-column fusion-gallery-column-3\"><div class=\"fusion-gallery-image awb-imageframe-style awb-imageframe-style-resa\"><a href=\"https:\/\/www.boutiquedellarte.it\/wp-content\/uploads\/2025\/09\/05-GIACCA-ECOPELLICCIA-E-PIUMINO-3.jpg\" data-title=\"GIACCA ECOPELLICCIA E PIUMINO\" title=\"GIACCA ECOPELLICCIA E PIUMINO\" rel=\"noreferrer\" data-rel=\"iLightbox[gallery_image_1]\" class=\"fusion-lightbox\" target=\"_self\"><img decoding=\"async\" src=\"https:\/\/www.boutiquedellarte.it\/wp-content\/uploads\/2025\/09\/05-GIACCA-ECOPELLICCIA-E-PIUMINO-3.jpg\" data-orig-src=\"https:\/\/www.boutiquedellarte.it\/wp-content\/uploads\/2025\/09\/05-GIACCA-ECOPELLICCIA-E-PIUMINO-3.jpg\" width=\"2000\" height=\"3000\" alt=\"GIACCA ECOPELLICCIA E PIUMINO\" title=\"GIACCA ECOPELLICCIA E PIUMINO\" aria-label=\"GIACCA ECOPELLICCIA E PIUMINO\" class=\"lazyload img-responsive wp-image-4564\" srcset=\"data:image\/svg+xml,%3Csvg%20xmlns%3D%27http%3A%2F%2Fwww.w3.org%2F2000%2Fsvg%27%20width%3D%272000%27%20height%3D%273000%27%20viewBox%3D%270%200%202000%203000%27%3E%3Crect%20width%3D%272000%27%20height%3D%273000%27%20fill-opacity%3D%220%22%2F%3E%3C%2Fsvg%3E\" data-srcset=\"https:\/\/www.boutiquedellarte.it\/wp-content\/uploads\/2025\/09\/05-GIACCA-ECOPELLICCIA-E-PIUMINO-3-200x300.jpg 200w, https:\/\/www.boutiquedellarte.it\/wp-content\/uploads\/2025\/09\/05-GIACCA-ECOPELLICCIA-E-PIUMINO-3-400x600.jpg 400w, https:\/\/www.boutiquedellarte.it\/wp-content\/uploads\/2025\/09\/05-GIACCA-ECOPELLICCIA-E-PIUMINO-3-600x900.jpg 600w, https:\/\/www.boutiquedellarte.it\/wp-content\/uploads\/2025\/09\/05-GIACCA-ECOPELLICCIA-E-PIUMINO-3-800x1200.jpg 800w, https:\/\/www.boutiquedellarte.it\/wp-content\/uploads\/2025\/09\/05-GIACCA-ECOPELLICCIA-E-PIUMINO-3-1200x1800.jpg 1200w, https:\/\/www.boutiquedellarte.it\/wp-content\/uploads\/2025\/09\/05-GIACCA-ECOPELLICCIA-E-PIUMINO-3.jpg 2000w\" data-sizes=\"auto\" data-orig-sizes=\"(min-width: 2200px) 100vw, (min-width: 784px) 425px, (min-width: 712px) 638px, (min-width: 640px) 712px, \" \/><div class=\"awb-imageframe-caption-container\"><div class=\"awb-imageframe-caption\"><h3 class=\"awb-imageframe-caption-title\">GIACCA ECOPELLICCIA E PIUMINO<\/h3><p class=\"awb-imageframe-caption-text\">GIACCA ECOPELLICCIA E PIUMINO<\/p><\/div><\/div><\/a><\/div><\/div><div class=\"clearfix\"><\/div><div style=\"padding:2.5px;\" class=\"fusion-grid-column fusion-gallery-column fusion-gallery-column-3\"><div class=\"fusion-gallery-image awb-imageframe-style awb-imageframe-style-resa\"><a href=\"https:\/\/www.boutiquedellarte.it\/wp-content\/uploads\/2025\/09\/06-GIACCA-ECOPELLICCIA-VOLPE-CON-CAPPUCCIO-1.jpg\" data-title=\"GIACCA ECOPELLICCIA VOLPE CON CAPPUCCIO\" title=\"GIACCA ECOPELLICCIA VOLPE CON CAPPUCCIO\" rel=\"noreferrer\" data-rel=\"iLightbox[gallery_image_1]\" class=\"fusion-lightbox\" target=\"_self\"><img decoding=\"async\" src=\"https:\/\/www.boutiquedellarte.it\/wp-content\/uploads\/2025\/09\/06-GIACCA-ECOPELLICCIA-VOLPE-CON-CAPPUCCIO-1.jpg\" data-orig-src=\"https:\/\/www.boutiquedellarte.it\/wp-content\/uploads\/2025\/09\/06-GIACCA-ECOPELLICCIA-VOLPE-CON-CAPPUCCIO-1.jpg\" width=\"2000\" height=\"3000\" alt=\"GIACCA ECOPELLICCIA VOLPE CON CAPPUCCIO\" title=\"GIACCA ECOPELLICCIA VOLPE CON CAPPUCCIO\" aria-label=\"GIACCA ECOPELLICCIA VOLPE CON CAPPUCCIO\" class=\"lazyload img-responsive wp-image-4566\" srcset=\"data:image\/svg+xml,%3Csvg%20xmlns%3D%27http%3A%2F%2Fwww.w3.org%2F2000%2Fsvg%27%20width%3D%272000%27%20height%3D%273000%27%20viewBox%3D%270%200%202000%203000%27%3E%3Crect%20width%3D%272000%27%20height%3D%273000%27%20fill-opacity%3D%220%22%2F%3E%3C%2Fsvg%3E\" data-srcset=\"https:\/\/www.boutiquedellarte.it\/wp-content\/uploads\/2025\/09\/06-GIACCA-ECOPELLICCIA-VOLPE-CON-CAPPUCCIO-1-200x300.jpg 200w, https:\/\/www.boutiquedellarte.it\/wp-content\/uploads\/2025\/09\/06-GIACCA-ECOPELLICCIA-VOLPE-CON-CAPPUCCIO-1-400x600.jpg 400w, https:\/\/www.boutiquedellarte.it\/wp-content\/uploads\/2025\/09\/06-GIACCA-ECOPELLICCIA-VOLPE-CON-CAPPUCCIO-1-600x900.jpg 600w, https:\/\/www.boutiquedellarte.it\/wp-content\/uploads\/2025\/09\/06-GIACCA-ECOPELLICCIA-VOLPE-CON-CAPPUCCIO-1-800x1200.jpg 800w, https:\/\/www.boutiquedellarte.it\/wp-content\/uploads\/2025\/09\/06-GIACCA-ECOPELLICCIA-VOLPE-CON-CAPPUCCIO-1-1200x1800.jpg 1200w, https:\/\/www.boutiquedellarte.it\/wp-content\/uploads\/2025\/09\/06-GIACCA-ECOPELLICCIA-VOLPE-CON-CAPPUCCIO-1.jpg 2000w\" data-sizes=\"auto\" data-orig-sizes=\"(min-width: 2200px) 100vw, (min-width: 784px) 425px, (min-width: 712px) 638px, (min-width: 640px) 712px, \" \/><div class=\"awb-imageframe-caption-container\"><div class=\"awb-imageframe-caption\"><h3 class=\"awb-imageframe-caption-title\">GIACCA ECOPELLICCIA VOLPE CON CAPPUCCIO<\/h3><p class=\"awb-imageframe-caption-text\">GIACCA ECOPELLICCIA VOLPE CON CAPPUCCIO<\/p><\/div><\/div><\/a><\/div><\/div><div style=\"padding:2.5px;\" class=\"fusion-grid-column fusion-gallery-column fusion-gallery-column-3\"><div class=\"fusion-gallery-image awb-imageframe-style awb-imageframe-style-resa\"><a href=\"https:\/\/www.boutiquedellarte.it\/wp-content\/uploads\/2025\/09\/06-GIACCA-ECOPELLICCIA-VOLPE-CON-CAPPUCCIO-2.jpg\" data-title=\"GIACCA ECOPELLICCIA VOLPE CON CAPPUCCIO\" title=\"GIACCA ECOPELLICCIA VOLPE CON CAPPUCCIO\" rel=\"noreferrer\" data-rel=\"iLightbox[gallery_image_1]\" class=\"fusion-lightbox\" target=\"_self\"><img decoding=\"async\" src=\"https:\/\/www.boutiquedellarte.it\/wp-content\/uploads\/2025\/09\/06-GIACCA-ECOPELLICCIA-VOLPE-CON-CAPPUCCIO-2.jpg\" data-orig-src=\"https:\/\/www.boutiquedellarte.it\/wp-content\/uploads\/2025\/09\/06-GIACCA-ECOPELLICCIA-VOLPE-CON-CAPPUCCIO-2.jpg\" width=\"2000\" height=\"3000\" alt=\"GIACCA ECOPELLICCIA VOLPE CON CAPPUCCIO\" title=\"GIACCA ECOPELLICCIA VOLPE CON CAPPUCCIO\" aria-label=\"GIACCA ECOPELLICCIA VOLPE CON CAPPUCCIO\" class=\"lazyload img-responsive wp-image-4568\" srcset=\"data:image\/svg+xml,%3Csvg%20xmlns%3D%27http%3A%2F%2Fwww.w3.org%2F2000%2Fsvg%27%20width%3D%272000%27%20height%3D%273000%27%20viewBox%3D%270%200%202000%203000%27%3E%3Crect%20width%3D%272000%27%20height%3D%273000%27%20fill-opacity%3D%220%22%2F%3E%3C%2Fsvg%3E\" data-srcset=\"https:\/\/www.boutiquedellarte.it\/wp-content\/uploads\/2025\/09\/06-GIACCA-ECOPELLICCIA-VOLPE-CON-CAPPUCCIO-2-200x300.jpg 200w, https:\/\/www.boutiquedellarte.it\/wp-content\/uploads\/2025\/09\/06-GIACCA-ECOPELLICCIA-VOLPE-CON-CAPPUCCIO-2-400x600.jpg 400w, https:\/\/www.boutiquedellarte.it\/wp-content\/uploads\/2025\/09\/06-GIACCA-ECOPELLICCIA-VOLPE-CON-CAPPUCCIO-2-600x900.jpg 600w, https:\/\/www.boutiquedellarte.it\/wp-content\/uploads\/2025\/09\/06-GIACCA-ECOPELLICCIA-VOLPE-CON-CAPPUCCIO-2-800x1200.jpg 800w, https:\/\/www.boutiquedellarte.it\/wp-content\/uploads\/2025\/09\/06-GIACCA-ECOPELLICCIA-VOLPE-CON-CAPPUCCIO-2-1200x1800.jpg 1200w, https:\/\/www.boutiquedellarte.it\/wp-content\/uploads\/2025\/09\/06-GIACCA-ECOPELLICCIA-VOLPE-CON-CAPPUCCIO-2.jpg 2000w\" data-sizes=\"auto\" data-orig-sizes=\"(min-width: 2200px) 100vw, (min-width: 784px) 425px, (min-width: 712px) 638px, (min-width: 640px) 712px, \" \/><div class=\"awb-imageframe-caption-container\"><div class=\"awb-imageframe-caption\"><h3 class=\"awb-imageframe-caption-title\">GIACCA ECOPELLICCIA VOLPE CON CAPPUCCIO<\/h3><p class=\"awb-imageframe-caption-text\">GIACCA ECOPELLICCIA VOLPE CON CAPPUCCIO<\/p><\/div><\/div><\/a><\/div><\/div><div style=\"padding:2.5px;\" class=\"fusion-grid-column fusion-gallery-column fusion-gallery-column-3\"><div class=\"fusion-gallery-image awb-imageframe-style awb-imageframe-style-resa\"><a href=\"https:\/\/www.boutiquedellarte.it\/wp-content\/uploads\/2025\/09\/07-GIACCA-ECOPELLICCIA-VOLPE-CON-CAPPUCCIO-1.jpg\" data-title=\"GIACCA ECOPELLICCIA VOLPE CON CAPPUCCIO\" title=\"GIACCA ECOPELLICCIA VOLPE CON CAPPUCCIO\" rel=\"noreferrer\" data-rel=\"iLightbox[gallery_image_1]\" class=\"fusion-lightbox\" target=\"_self\"><img decoding=\"async\" src=\"https:\/\/www.boutiquedellarte.it\/wp-content\/uploads\/2025\/09\/07-GIACCA-ECOPELLICCIA-VOLPE-CON-CAPPUCCIO-1.jpg\" data-orig-src=\"https:\/\/www.boutiquedellarte.it\/wp-content\/uploads\/2025\/09\/07-GIACCA-ECOPELLICCIA-VOLPE-CON-CAPPUCCIO-1.jpg\" width=\"2000\" height=\"3000\" alt=\"GIACCA ECOPELLICCIA VOLPE CON CAPPUCCIO\" title=\"GIACCA ECOPELLICCIA VOLPE CON CAPPUCCIO\" aria-label=\"GIACCA ECOPELLICCIA VOLPE CON CAPPUCCIO\" class=\"lazyload img-responsive wp-image-4570\" srcset=\"data:image\/svg+xml,%3Csvg%20xmlns%3D%27http%3A%2F%2Fwww.w3.org%2F2000%2Fsvg%27%20width%3D%272000%27%20height%3D%273000%27%20viewBox%3D%270%200%202000%203000%27%3E%3Crect%20width%3D%272000%27%20height%3D%273000%27%20fill-opacity%3D%220%22%2F%3E%3C%2Fsvg%3E\" data-srcset=\"https:\/\/www.boutiquedellarte.it\/wp-content\/uploads\/2025\/09\/07-GIACCA-ECOPELLICCIA-VOLPE-CON-CAPPUCCIO-1-200x300.jpg 200w, https:\/\/www.boutiquedellarte.it\/wp-content\/uploads\/2025\/09\/07-GIACCA-ECOPELLICCIA-VOLPE-CON-CAPPUCCIO-1-400x600.jpg 400w, https:\/\/www.boutiquedellarte.it\/wp-content\/uploads\/2025\/09\/07-GIACCA-ECOPELLICCIA-VOLPE-CON-CAPPUCCIO-1-600x900.jpg 600w, https:\/\/www.boutiquedellarte.it\/wp-content\/uploads\/2025\/09\/07-GIACCA-ECOPELLICCIA-VOLPE-CON-CAPPUCCIO-1-800x1200.jpg 800w, https:\/\/www.boutiquedellarte.it\/wp-content\/uploads\/2025\/09\/07-GIACCA-ECOPELLICCIA-VOLPE-CON-CAPPUCCIO-1-1200x1800.jpg 1200w, https:\/\/www.boutiquedellarte.it\/wp-content\/uploads\/2025\/09\/07-GIACCA-ECOPELLICCIA-VOLPE-CON-CAPPUCCIO-1.jpg 2000w\" data-sizes=\"auto\" data-orig-sizes=\"(min-width: 2200px) 100vw, (min-width: 784px) 425px, (min-width: 712px) 638px, (min-width: 640px) 712px, \" \/><div class=\"awb-imageframe-caption-container\"><div class=\"awb-imageframe-caption\"><h3 class=\"awb-imageframe-caption-title\">GIACCA ECOPELLICCIA VOLPE CON CAPPUCCIO<\/h3><p class=\"awb-imageframe-caption-text\">GIACCA ECOPELLICCIA VOLPE CON CAPPUCCIO<\/p><\/div><\/div><\/a><\/div><\/div><div class=\"clearfix\"><\/div><div style=\"padding:2.5px;\" class=\"fusion-grid-column fusion-gallery-column fusion-gallery-column-3\"><div class=\"fusion-gallery-image awb-imageframe-style awb-imageframe-style-resa\"><a href=\"https:\/\/www.boutiquedellarte.it\/wp-content\/uploads\/2025\/09\/07-GIACCA-ECOPELLICCIA-VOLPE-CON-CAPPUCCIO-2.jpg\" data-title=\"GIACCA ECOPELLICCIA VOLPE CON CAPPUCCIO\" title=\"GIACCA ECOPELLICCIA VOLPE CON CAPPUCCIO\" rel=\"noreferrer\" data-rel=\"iLightbox[gallery_image_1]\" class=\"fusion-lightbox\" target=\"_self\"><img decoding=\"async\" src=\"https:\/\/www.boutiquedellarte.it\/wp-content\/uploads\/2025\/09\/07-GIACCA-ECOPELLICCIA-VOLPE-CON-CAPPUCCIO-2.jpg\" data-orig-src=\"https:\/\/www.boutiquedellarte.it\/wp-content\/uploads\/2025\/09\/07-GIACCA-ECOPELLICCIA-VOLPE-CON-CAPPUCCIO-2.jpg\" width=\"2000\" height=\"3000\" alt=\"GIACCA ECOPELLICCIA VOLPE CON CAPPUCCIO\" title=\"GIACCA ECOPELLICCIA VOLPE CON CAPPUCCIO\" aria-label=\"GIACCA ECOPELLICCIA VOLPE CON CAPPUCCIO\" class=\"lazyload img-responsive wp-image-4572\" srcset=\"data:image\/svg+xml,%3Csvg%20xmlns%3D%27http%3A%2F%2Fwww.w3.org%2F2000%2Fsvg%27%20width%3D%272000%27%20height%3D%273000%27%20viewBox%3D%270%200%202000%203000%27%3E%3Crect%20width%3D%272000%27%20height%3D%273000%27%20fill-opacity%3D%220%22%2F%3E%3C%2Fsvg%3E\" data-srcset=\"https:\/\/www.boutiquedellarte.it\/wp-content\/uploads\/2025\/09\/07-GIACCA-ECOPELLICCIA-VOLPE-CON-CAPPUCCIO-2-200x300.jpg 200w, https:\/\/www.boutiquedellarte.it\/wp-content\/uploads\/2025\/09\/07-GIACCA-ECOPELLICCIA-VOLPE-CON-CAPPUCCIO-2-400x600.jpg 400w, https:\/\/www.boutiquedellarte.it\/wp-content\/uploads\/2025\/09\/07-GIACCA-ECOPELLICCIA-VOLPE-CON-CAPPUCCIO-2-600x900.jpg 600w, https:\/\/www.boutiquedellarte.it\/wp-content\/uploads\/2025\/09\/07-GIACCA-ECOPELLICCIA-VOLPE-CON-CAPPUCCIO-2-800x1200.jpg 800w, https:\/\/www.boutiquedellarte.it\/wp-content\/uploads\/2025\/09\/07-GIACCA-ECOPELLICCIA-VOLPE-CON-CAPPUCCIO-2-1200x1800.jpg 1200w, https:\/\/www.boutiquedellarte.it\/wp-content\/uploads\/2025\/09\/07-GIACCA-ECOPELLICCIA-VOLPE-CON-CAPPUCCIO-2.jpg 2000w\" data-sizes=\"auto\" data-orig-sizes=\"(min-width: 2200px) 100vw, (min-width: 784px) 425px, (min-width: 712px) 638px, (min-width: 640px) 712px, \" \/><div class=\"awb-imageframe-caption-container\"><div class=\"awb-imageframe-caption\"><h3 class=\"awb-imageframe-caption-title\">GIACCA ECOPELLICCIA VOLPE CON CAPPUCCIO<\/h3><p class=\"awb-imageframe-caption-text\">GIACCA ECOPELLICCIA VOLPE CON CAPPUCCIO<\/p><\/div><\/div><\/a><\/div><\/div><div style=\"padding:2.5px;\" class=\"fusion-grid-column fusion-gallery-column fusion-gallery-column-3\"><div class=\"fusion-gallery-image awb-imageframe-style awb-imageframe-style-resa\"><a href=\"https:\/\/www.boutiquedellarte.it\/wp-content\/uploads\/2025\/09\/08-GIACCA-ECOPELLICCIA-VISONE-CON-CAPPUCCIO-1.jpg\" data-title=\"GIACCA ECOPELLICCIA VISONE CON CAPPUCCIO\" title=\"GIACCA ECOPELLICCIA VISONE CON CAPPUCCIO\" rel=\"noreferrer\" data-rel=\"iLightbox[gallery_image_1]\" class=\"fusion-lightbox\" target=\"_self\"><img decoding=\"async\" src=\"https:\/\/www.boutiquedellarte.it\/wp-content\/uploads\/2025\/09\/08-GIACCA-ECOPELLICCIA-VISONE-CON-CAPPUCCIO-1.jpg\" data-orig-src=\"https:\/\/www.boutiquedellarte.it\/wp-content\/uploads\/2025\/09\/08-GIACCA-ECOPELLICCIA-VISONE-CON-CAPPUCCIO-1.jpg\" width=\"2000\" height=\"3000\" alt=\"GIACCA ECOPELLICCIA VISONE CON CAPPUCCIO\" title=\"GIACCA ECOPELLICCIA VISONE CON CAPPUCCIO\" aria-label=\"GIACCA ECOPELLICCIA VISONE CON CAPPUCCIO\" class=\"lazyload img-responsive wp-image-4574\" srcset=\"data:image\/svg+xml,%3Csvg%20xmlns%3D%27http%3A%2F%2Fwww.w3.org%2F2000%2Fsvg%27%20width%3D%272000%27%20height%3D%273000%27%20viewBox%3D%270%200%202000%203000%27%3E%3Crect%20width%3D%272000%27%20height%3D%273000%27%20fill-opacity%3D%220%22%2F%3E%3C%2Fsvg%3E\" data-srcset=\"https:\/\/www.boutiquedellarte.it\/wp-content\/uploads\/2025\/09\/08-GIACCA-ECOPELLICCIA-VISONE-CON-CAPPUCCIO-1-200x300.jpg 200w, https:\/\/www.boutiquedellarte.it\/wp-content\/uploads\/2025\/09\/08-GIACCA-ECOPELLICCIA-VISONE-CON-CAPPUCCIO-1-400x600.jpg 400w, https:\/\/www.boutiquedellarte.it\/wp-content\/uploads\/2025\/09\/08-GIACCA-ECOPELLICCIA-VISONE-CON-CAPPUCCIO-1-600x900.jpg 600w, https:\/\/www.boutiquedellarte.it\/wp-content\/uploads\/2025\/09\/08-GIACCA-ECOPELLICCIA-VISONE-CON-CAPPUCCIO-1-800x1200.jpg 800w, https:\/\/www.boutiquedellarte.it\/wp-content\/uploads\/2025\/09\/08-GIACCA-ECOPELLICCIA-VISONE-CON-CAPPUCCIO-1-1200x1800.jpg 1200w, https:\/\/www.boutiquedellarte.it\/wp-content\/uploads\/2025\/09\/08-GIACCA-ECOPELLICCIA-VISONE-CON-CAPPUCCIO-1.jpg 2000w\" data-sizes=\"auto\" data-orig-sizes=\"(min-width: 2200px) 100vw, (min-width: 784px) 425px, (min-width: 712px) 638px, (min-width: 640px) 712px, \" \/><div class=\"awb-imageframe-caption-container\"><div class=\"awb-imageframe-caption\"><h3 class=\"awb-imageframe-caption-title\">GIACCA ECOPELLICCIA VISONE CON CAPPUCCIO<\/h3><p class=\"awb-imageframe-caption-text\">GIACCA ECOPELLICCIA VISONE CON CAPPUCCIO<\/p><\/div><\/div><\/a><\/div><\/div><div style=\"padding:2.5px;\" class=\"fusion-grid-column fusion-gallery-column fusion-gallery-column-3\"><div class=\"fusion-gallery-image awb-imageframe-style awb-imageframe-style-resa\"><a href=\"https:\/\/www.boutiquedellarte.it\/wp-content\/uploads\/2025\/09\/08-GIACCA-ECOPELLICCIA-VISONE-CON-CAPPUCCIO-2.jpg\" data-title=\"GIACCA ECOPELLICCIA VISONE CON CAPPUCCIO\" title=\"GIACCA ECOPELLICCIA VISONE CON CAPPUCCIO\" rel=\"noreferrer\" data-rel=\"iLightbox[gallery_image_1]\" class=\"fusion-lightbox\" target=\"_self\"><img decoding=\"async\" src=\"https:\/\/www.boutiquedellarte.it\/wp-content\/uploads\/2025\/09\/08-GIACCA-ECOPELLICCIA-VISONE-CON-CAPPUCCIO-2.jpg\" data-orig-src=\"https:\/\/www.boutiquedellarte.it\/wp-content\/uploads\/2025\/09\/08-GIACCA-ECOPELLICCIA-VISONE-CON-CAPPUCCIO-2.jpg\" width=\"2000\" height=\"3000\" alt=\"GIACCA ECOPELLICCIA VISONE CON CAPPUCCIO\" title=\"GIACCA ECOPELLICCIA VISONE CON CAPPUCCIO\" aria-label=\"GIACCA ECOPELLICCIA VISONE CON CAPPUCCIO\" class=\"lazyload img-responsive wp-image-4576\" srcset=\"data:image\/svg+xml,%3Csvg%20xmlns%3D%27http%3A%2F%2Fwww.w3.org%2F2000%2Fsvg%27%20width%3D%272000%27%20height%3D%273000%27%20viewBox%3D%270%200%202000%203000%27%3E%3Crect%20width%3D%272000%27%20height%3D%273000%27%20fill-opacity%3D%220%22%2F%3E%3C%2Fsvg%3E\" data-srcset=\"https:\/\/www.boutiquedellarte.it\/wp-content\/uploads\/2025\/09\/08-GIACCA-ECOPELLICCIA-VISONE-CON-CAPPUCCIO-2-200x300.jpg 200w, https:\/\/www.boutiquedellarte.it\/wp-content\/uploads\/2025\/09\/08-GIACCA-ECOPELLICCIA-VISONE-CON-CAPPUCCIO-2-400x600.jpg 400w, https:\/\/www.boutiquedellarte.it\/wp-content\/uploads\/2025\/09\/08-GIACCA-ECOPELLICCIA-VISONE-CON-CAPPUCCIO-2-600x900.jpg 600w, https:\/\/www.boutiquedellarte.it\/wp-content\/uploads\/2025\/09\/08-GIACCA-ECOPELLICCIA-VISONE-CON-CAPPUCCIO-2-800x1200.jpg 800w, https:\/\/www.boutiquedellarte.it\/wp-content\/uploads\/2025\/09\/08-GIACCA-ECOPELLICCIA-VISONE-CON-CAPPUCCIO-2-1200x1800.jpg 1200w, https:\/\/www.boutiquedellarte.it\/wp-content\/uploads\/2025\/09\/08-GIACCA-ECOPELLICCIA-VISONE-CON-CAPPUCCIO-2.jpg 2000w\" data-sizes=\"auto\" data-orig-sizes=\"(min-width: 2200px) 100vw, (min-width: 784px) 425px, (min-width: 712px) 638px, (min-width: 640px) 712px, \" \/><div class=\"awb-imageframe-caption-container\"><div class=\"awb-imageframe-caption\"><h3 class=\"awb-imageframe-caption-title\">GIACCA ECOPELLICCIA VISONE CON CAPPUCCIO<\/h3><p class=\"awb-imageframe-caption-text\">GIACCA ECOPELLICCIA VISONE CON CAPPUCCIO<\/p><\/div><\/div><\/a><\/div><\/div><div class=\"clearfix\"><\/div><div style=\"padding:2.5px;\" class=\"fusion-grid-column fusion-gallery-column fusion-gallery-column-3\"><div class=\"fusion-gallery-image awb-imageframe-style awb-imageframe-style-resa\"><a href=\"https:\/\/www.boutiquedellarte.it\/wp-content\/uploads\/2025\/09\/08-GIACCA-ECOPELLICCIA-VISONE-CON-CAPPUCCIO-3.jpg\" data-title=\"GIACCA ECOPELLICCIA VISONE CON CAPPUCCIO\" title=\"GIACCA ECOPELLICCIA VISONE CON CAPPUCCIO\" rel=\"noreferrer\" data-rel=\"iLightbox[gallery_image_1]\" class=\"fusion-lightbox\" target=\"_self\"><img decoding=\"async\" src=\"https:\/\/www.boutiquedellarte.it\/wp-content\/uploads\/2025\/09\/08-GIACCA-ECOPELLICCIA-VISONE-CON-CAPPUCCIO-3.jpg\" data-orig-src=\"https:\/\/www.boutiquedellarte.it\/wp-content\/uploads\/2025\/09\/08-GIACCA-ECOPELLICCIA-VISONE-CON-CAPPUCCIO-3.jpg\" width=\"2000\" height=\"3000\" alt=\"GIACCA ECOPELLICCIA VISONE CON CAPPUCCIO\" title=\"GIACCA ECOPELLICCIA VISONE CON CAPPUCCIO\" aria-label=\"GIACCA ECOPELLICCIA VISONE CON CAPPUCCIO\" class=\"lazyload img-responsive wp-image-4578\" srcset=\"data:image\/svg+xml,%3Csvg%20xmlns%3D%27http%3A%2F%2Fwww.w3.org%2F2000%2Fsvg%27%20width%3D%272000%27%20height%3D%273000%27%20viewBox%3D%270%200%202000%203000%27%3E%3Crect%20width%3D%272000%27%20height%3D%273000%27%20fill-opacity%3D%220%22%2F%3E%3C%2Fsvg%3E\" data-srcset=\"https:\/\/www.boutiquedellarte.it\/wp-content\/uploads\/2025\/09\/08-GIACCA-ECOPELLICCIA-VISONE-CON-CAPPUCCIO-3-200x300.jpg 200w, https:\/\/www.boutiquedellarte.it\/wp-content\/uploads\/2025\/09\/08-GIACCA-ECOPELLICCIA-VISONE-CON-CAPPUCCIO-3-400x600.jpg 400w, https:\/\/www.boutiquedellarte.it\/wp-content\/uploads\/2025\/09\/08-GIACCA-ECOPELLICCIA-VISONE-CON-CAPPUCCIO-3-600x900.jpg 600w, https:\/\/www.boutiquedellarte.it\/wp-content\/uploads\/2025\/09\/08-GIACCA-ECOPELLICCIA-VISONE-CON-CAPPUCCIO-3-800x1200.jpg 800w, https:\/\/www.boutiquedellarte.it\/wp-content\/uploads\/2025\/09\/08-GIACCA-ECOPELLICCIA-VISONE-CON-CAPPUCCIO-3-1200x1800.jpg 1200w, https:\/\/www.boutiquedellarte.it\/wp-content\/uploads\/2025\/09\/08-GIACCA-ECOPELLICCIA-VISONE-CON-CAPPUCCIO-3.jpg 2000w\" data-sizes=\"auto\" data-orig-sizes=\"(min-width: 2200px) 100vw, (min-width: 784px) 425px, (min-width: 712px) 638px, (min-width: 640px) 712px, \" \/><div class=\"awb-imageframe-caption-container\"><div class=\"awb-imageframe-caption\"><h3 class=\"awb-imageframe-caption-title\">GIACCA ECOPELLICCIA VISONE CON CAPPUCCIO<\/h3><p class=\"awb-imageframe-caption-text\">GIACCA ECOPELLICCIA VISONE CON CAPPUCCIO<\/p><\/div><\/div><\/a><\/div><\/div><div style=\"padding:2.5px;\" class=\"fusion-grid-column fusion-gallery-column fusion-gallery-column-3\"><div class=\"fusion-gallery-image awb-imageframe-style awb-imageframe-style-resa\"><a href=\"https:\/\/www.boutiquedellarte.it\/wp-content\/uploads\/2025\/09\/09-BOMBER-ECOPELLICCIA-ANIMALIER-1.jpg\" data-title=\"BOMBER ECOPELLICCIA ANIMALIER\" title=\"BOMBER ECOPELLICCIA ANIMALIER\" rel=\"noreferrer\" data-rel=\"iLightbox[gallery_image_1]\" class=\"fusion-lightbox\" target=\"_self\"><img decoding=\"async\" src=\"https:\/\/www.boutiquedellarte.it\/wp-content\/uploads\/2025\/09\/09-BOMBER-ECOPELLICCIA-ANIMALIER-1.jpg\" data-orig-src=\"https:\/\/www.boutiquedellarte.it\/wp-content\/uploads\/2025\/09\/09-BOMBER-ECOPELLICCIA-ANIMALIER-1.jpg\" width=\"2000\" height=\"3000\" alt=\"BOMBER ECOPELLICCIA ANIMALIER\" title=\"BOMBER ECOPELLICCIA ANIMALIER\" aria-label=\"BOMBER ECOPELLICCIA ANIMALIER\" class=\"lazyload img-responsive wp-image-4580\" srcset=\"data:image\/svg+xml,%3Csvg%20xmlns%3D%27http%3A%2F%2Fwww.w3.org%2F2000%2Fsvg%27%20width%3D%272000%27%20height%3D%273000%27%20viewBox%3D%270%200%202000%203000%27%3E%3Crect%20width%3D%272000%27%20height%3D%273000%27%20fill-opacity%3D%220%22%2F%3E%3C%2Fsvg%3E\" data-srcset=\"https:\/\/www.boutiquedellarte.it\/wp-content\/uploads\/2025\/09\/09-BOMBER-ECOPELLICCIA-ANIMALIER-1-200x300.jpg 200w, https:\/\/www.boutiquedellarte.it\/wp-content\/uploads\/2025\/09\/09-BOMBER-ECOPELLICCIA-ANIMALIER-1-400x600.jpg 400w, https:\/\/www.boutiquedellarte.it\/wp-content\/uploads\/2025\/09\/09-BOMBER-ECOPELLICCIA-ANIMALIER-1-600x900.jpg 600w, https:\/\/www.boutiquedellarte.it\/wp-content\/uploads\/2025\/09\/09-BOMBER-ECOPELLICCIA-ANIMALIER-1-800x1200.jpg 800w, https:\/\/www.boutiquedellarte.it\/wp-content\/uploads\/2025\/09\/09-BOMBER-ECOPELLICCIA-ANIMALIER-1-1200x1800.jpg 1200w, https:\/\/www.boutiquedellarte.it\/wp-content\/uploads\/2025\/09\/09-BOMBER-ECOPELLICCIA-ANIMALIER-1.jpg 2000w\" data-sizes=\"auto\" data-orig-sizes=\"(min-width: 2200px) 100vw, (min-width: 784px) 425px, (min-width: 712px) 638px, (min-width: 640px) 712px, \" \/><div class=\"awb-imageframe-caption-container\"><div class=\"awb-imageframe-caption\"><h3 class=\"awb-imageframe-caption-title\">BOMBER ECOPELLICCIA ANIMALIER<\/h3><p class=\"awb-imageframe-caption-text\">BOMBER ECOPELLICCIA ANIMALIER<\/p><\/div><\/div><\/a><\/div><\/div><div style=\"padding:2.5px;\" class=\"fusion-grid-column fusion-gallery-column fusion-gallery-column-3\"><div class=\"fusion-gallery-image awb-imageframe-style awb-imageframe-style-resa\"><a href=\"https:\/\/www.boutiquedellarte.it\/wp-content\/uploads\/2025\/09\/09-BOMBER-ECOPELLICCIA-ANIMALIER-2.jpg\" data-title=\"BOMBER ECOPELLICCIA ANIMALIER\" title=\"BOMBER ECOPELLICCIA ANIMALIER\" rel=\"noreferrer\" data-rel=\"iLightbox[gallery_image_1]\" class=\"fusion-lightbox\" target=\"_self\"><img decoding=\"async\" src=\"https:\/\/www.boutiquedellarte.it\/wp-content\/uploads\/2025\/09\/09-BOMBER-ECOPELLICCIA-ANIMALIER-2.jpg\" data-orig-src=\"https:\/\/www.boutiquedellarte.it\/wp-content\/uploads\/2025\/09\/09-BOMBER-ECOPELLICCIA-ANIMALIER-2.jpg\" width=\"2000\" height=\"3000\" alt=\"BOMBER ECOPELLICCIA ANIMALIER\" title=\"BOMBER ECOPELLICCIA ANIMALIER\" aria-label=\"BOMBER ECOPELLICCIA ANIMALIER\" class=\"lazyload img-responsive wp-image-4582\" srcset=\"data:image\/svg+xml,%3Csvg%20xmlns%3D%27http%3A%2F%2Fwww.w3.org%2F2000%2Fsvg%27%20width%3D%272000%27%20height%3D%273000%27%20viewBox%3D%270%200%202000%203000%27%3E%3Crect%20width%3D%272000%27%20height%3D%273000%27%20fill-opacity%3D%220%22%2F%3E%3C%2Fsvg%3E\" data-srcset=\"https:\/\/www.boutiquedellarte.it\/wp-content\/uploads\/2025\/09\/09-BOMBER-ECOPELLICCIA-ANIMALIER-2-200x300.jpg 200w, https:\/\/www.boutiquedellarte.it\/wp-content\/uploads\/2025\/09\/09-BOMBER-ECOPELLICCIA-ANIMALIER-2-400x600.jpg 400w, https:\/\/www.boutiquedellarte.it\/wp-content\/uploads\/2025\/09\/09-BOMBER-ECOPELLICCIA-ANIMALIER-2-600x900.jpg 600w, https:\/\/www.boutiquedellarte.it\/wp-content\/uploads\/2025\/09\/09-BOMBER-ECOPELLICCIA-ANIMALIER-2-800x1200.jpg 800w, https:\/\/www.boutiquedellarte.it\/wp-content\/uploads\/2025\/09\/09-BOMBER-ECOPELLICCIA-ANIMALIER-2-1200x1800.jpg 1200w, https:\/\/www.boutiquedellarte.it\/wp-content\/uploads\/2025\/09\/09-BOMBER-ECOPELLICCIA-ANIMALIER-2.jpg 2000w\" data-sizes=\"auto\" data-orig-sizes=\"(min-width: 2200px) 100vw, (min-width: 784px) 425px, (min-width: 712px) 638px, (min-width: 640px) 712px, \" \/><div class=\"awb-imageframe-caption-container\"><div class=\"awb-imageframe-caption\"><h3 class=\"awb-imageframe-caption-title\">BOMBER ECOPELLICCIA ANIMALIER<\/h3><p class=\"awb-imageframe-caption-text\">BOMBER ECOPELLICCIA ANIMALIER<\/p><\/div><\/div><\/a><\/div><\/div><div class=\"clearfix\"><\/div><div style=\"padding:2.5px;\" class=\"fusion-grid-column fusion-gallery-column fusion-gallery-column-3\"><div class=\"fusion-gallery-image awb-imageframe-style awb-imageframe-style-resa\"><a href=\"https:\/\/www.boutiquedellarte.it\/wp-content\/uploads\/2025\/09\/09-BOMBER-ECOPELLICCIA-ANIMALIER-3.jpg\" data-title=\"BOMBER ECOPELLICCIA ANIMALIER\" title=\"BOMBER ECOPELLICCIA ANIMALIER\" rel=\"noreferrer\" data-rel=\"iLightbox[gallery_image_1]\" class=\"fusion-lightbox\" target=\"_self\"><img decoding=\"async\" src=\"https:\/\/www.boutiquedellarte.it\/wp-content\/uploads\/2025\/09\/09-BOMBER-ECOPELLICCIA-ANIMALIER-3.jpg\" data-orig-src=\"https:\/\/www.boutiquedellarte.it\/wp-content\/uploads\/2025\/09\/09-BOMBER-ECOPELLICCIA-ANIMALIER-3.jpg\" width=\"2000\" height=\"3000\" alt=\"BOMBER ECOPELLICCIA ANIMALIER\" title=\"BOMBER ECOPELLICCIA ANIMALIER\" aria-label=\"BOMBER ECOPELLICCIA ANIMALIER\" class=\"lazyload img-responsive wp-image-4584\" srcset=\"data:image\/svg+xml,%3Csvg%20xmlns%3D%27http%3A%2F%2Fwww.w3.org%2F2000%2Fsvg%27%20width%3D%272000%27%20height%3D%273000%27%20viewBox%3D%270%200%202000%203000%27%3E%3Crect%20width%3D%272000%27%20height%3D%273000%27%20fill-opacity%3D%220%22%2F%3E%3C%2Fsvg%3E\" data-srcset=\"https:\/\/www.boutiquedellarte.it\/wp-content\/uploads\/2025\/09\/09-BOMBER-ECOPELLICCIA-ANIMALIER-3-200x300.jpg 200w, https:\/\/www.boutiquedellarte.it\/wp-content\/uploads\/2025\/09\/09-BOMBER-ECOPELLICCIA-ANIMALIER-3-400x600.jpg 400w, https:\/\/www.boutiquedellarte.it\/wp-content\/uploads\/2025\/09\/09-BOMBER-ECOPELLICCIA-ANIMALIER-3-600x900.jpg 600w, https:\/\/www.boutiquedellarte.it\/wp-content\/uploads\/2025\/09\/09-BOMBER-ECOPELLICCIA-ANIMALIER-3-800x1200.jpg 800w, https:\/\/www.boutiquedellarte.it\/wp-content\/uploads\/2025\/09\/09-BOMBER-ECOPELLICCIA-ANIMALIER-3-1200x1800.jpg 1200w, https:\/\/www.boutiquedellarte.it\/wp-content\/uploads\/2025\/09\/09-BOMBER-ECOPELLICCIA-ANIMALIER-3.jpg 2000w\" data-sizes=\"auto\" data-orig-sizes=\"(min-width: 2200px) 100vw, (min-width: 784px) 425px, (min-width: 712px) 638px, (min-width: 640px) 712px, \" \/><div class=\"awb-imageframe-caption-container\"><div class=\"awb-imageframe-caption\"><h3 class=\"awb-imageframe-caption-title\">BOMBER ECOPELLICCIA ANIMALIER<\/h3><p class=\"awb-imageframe-caption-text\">BOMBER ECOPELLICCIA ANIMALIER<\/p><\/div><\/div><\/a><\/div><\/div><div style=\"padding:2.5px;\" class=\"fusion-grid-column fusion-gallery-column fusion-gallery-column-3\"><div class=\"fusion-gallery-image awb-imageframe-style awb-imageframe-style-resa\"><a href=\"https:\/\/www.boutiquedellarte.it\/wp-content\/uploads\/2025\/09\/25-MANTELLA-LANA-E-ECOPELLICCIA-1.jpg\" data-title=\"MANTELLA LANA E ECOPELLICCIA\" title=\"MANTELLA LANA E ECOPELLICCIA\" rel=\"noreferrer\" data-rel=\"iLightbox[gallery_image_1]\" class=\"fusion-lightbox\" target=\"_self\"><img decoding=\"async\" src=\"https:\/\/www.boutiquedellarte.it\/wp-content\/uploads\/2025\/09\/25-MANTELLA-LANA-E-ECOPELLICCIA-1.jpg\" data-orig-src=\"https:\/\/www.boutiquedellarte.it\/wp-content\/uploads\/2025\/09\/25-MANTELLA-LANA-E-ECOPELLICCIA-1.jpg\" width=\"2000\" height=\"3000\" alt=\"MANTELLA LANA E ECOPELLICCIA\" title=\"MANTELLA LANA E ECOPELLICCIA\" aria-label=\"MANTELLA LANA E ECOPELLICCIA\" class=\"lazyload img-responsive wp-image-5172\" srcset=\"data:image\/svg+xml,%3Csvg%20xmlns%3D%27http%3A%2F%2Fwww.w3.org%2F2000%2Fsvg%27%20width%3D%272000%27%20height%3D%273000%27%20viewBox%3D%270%200%202000%203000%27%3E%3Crect%20width%3D%272000%27%20height%3D%273000%27%20fill-opacity%3D%220%22%2F%3E%3C%2Fsvg%3E\" data-srcset=\"https:\/\/www.boutiquedellarte.it\/wp-content\/uploads\/2025\/09\/25-MANTELLA-LANA-E-ECOPELLICCIA-1-200x300.jpg 200w, https:\/\/www.boutiquedellarte.it\/wp-content\/uploads\/2025\/09\/25-MANTELLA-LANA-E-ECOPELLICCIA-1-400x600.jpg 400w, https:\/\/www.boutiquedellarte.it\/wp-content\/uploads\/2025\/09\/25-MANTELLA-LANA-E-ECOPELLICCIA-1-600x900.jpg 600w, https:\/\/www.boutiquedellarte.it\/wp-content\/uploads\/2025\/09\/25-MANTELLA-LANA-E-ECOPELLICCIA-1-800x1200.jpg 800w, https:\/\/www.boutiquedellarte.it\/wp-content\/uploads\/2025\/09\/25-MANTELLA-LANA-E-ECOPELLICCIA-1-1200x1800.jpg 1200w, https:\/\/www.boutiquedellarte.it\/wp-content\/uploads\/2025\/09\/25-MANTELLA-LANA-E-ECOPELLICCIA-1.jpg 2000w\" data-sizes=\"auto\" data-orig-sizes=\"(min-width: 2200px) 100vw, (min-width: 784px) 425px, (min-width: 712px) 638px, (min-width: 640px) 712px, \" \/><div class=\"awb-imageframe-caption-container\"><div class=\"awb-imageframe-caption\"><h3 class=\"awb-imageframe-caption-title\">MANTELLA LANA E ECOPELLICCIA<\/h3><p class=\"awb-imageframe-caption-text\">MANTELLA LANA E ECOPELLICCIA<\/p><\/div><\/div><\/a><\/div><\/div><div style=\"padding:2.5px;\" class=\"fusion-grid-column fusion-gallery-column fusion-gallery-column-3\"><div class=\"fusion-gallery-image awb-imageframe-style awb-imageframe-style-resa\"><a href=\"https:\/\/www.boutiquedellarte.it\/wp-content\/uploads\/2025\/09\/25-MANTELLA-LANA-E-ECOPELLICCIA-2.jpg\" data-title=\"MANTELLA LANA E ECOPELLICCIA\" title=\"MANTELLA LANA E ECOPELLICCIA\" rel=\"noreferrer\" data-rel=\"iLightbox[gallery_image_1]\" class=\"fusion-lightbox\" target=\"_self\"><img decoding=\"async\" src=\"https:\/\/www.boutiquedellarte.it\/wp-content\/uploads\/2025\/09\/25-MANTELLA-LANA-E-ECOPELLICCIA-2.jpg\" data-orig-src=\"https:\/\/www.boutiquedellarte.it\/wp-content\/uploads\/2025\/09\/25-MANTELLA-LANA-E-ECOPELLICCIA-2.jpg\" width=\"2000\" height=\"3000\" alt=\"MANTELLA LANA E ECOPELLICCIA\" title=\"MANTELLA LANA E ECOPELLICCIA\" aria-label=\"MANTELLA LANA E ECOPELLICCIA\" class=\"lazyload img-responsive wp-image-5174\" srcset=\"data:image\/svg+xml,%3Csvg%20xmlns%3D%27http%3A%2F%2Fwww.w3.org%2F2000%2Fsvg%27%20width%3D%272000%27%20height%3D%273000%27%20viewBox%3D%270%200%202000%203000%27%3E%3Crect%20width%3D%272000%27%20height%3D%273000%27%20fill-opacity%3D%220%22%2F%3E%3C%2Fsvg%3E\" data-srcset=\"https:\/\/www.boutiquedellarte.it\/wp-content\/uploads\/2025\/09\/25-MANTELLA-LANA-E-ECOPELLICCIA-2-200x300.jpg 200w, https:\/\/www.boutiquedellarte.it\/wp-content\/uploads\/2025\/09\/25-MANTELLA-LANA-E-ECOPELLICCIA-2-400x600.jpg 400w, https:\/\/www.boutiquedellarte.it\/wp-content\/uploads\/2025\/09\/25-MANTELLA-LANA-E-ECOPELLICCIA-2-600x900.jpg 600w, https:\/\/www.boutiquedellarte.it\/wp-content\/uploads\/2025\/09\/25-MANTELLA-LANA-E-ECOPELLICCIA-2-800x1200.jpg 800w, https:\/\/www.boutiquedellarte.it\/wp-content\/uploads\/2025\/09\/25-MANTELLA-LANA-E-ECOPELLICCIA-2-1200x1800.jpg 1200w, https:\/\/www.boutiquedellarte.it\/wp-content\/uploads\/2025\/09\/25-MANTELLA-LANA-E-ECOPELLICCIA-2.jpg 2000w\" data-sizes=\"auto\" data-orig-sizes=\"(min-width: 2200px) 100vw, (min-width: 784px) 425px, (min-width: 712px) 638px, (min-width: 640px) 712px, \" \/><div class=\"awb-imageframe-caption-container\"><div class=\"awb-imageframe-caption\"><h3 class=\"awb-imageframe-caption-title\">MANTELLA LANA E ECOPELLICCIA<\/h3><p class=\"awb-imageframe-caption-text\">MANTELLA LANA E ECOPELLICCIA<\/p><\/div><\/div><\/a><\/div><\/div><div class=\"clearfix\"><\/div><div style=\"padding:2.5px;\" class=\"fusion-grid-column fusion-gallery-column fusion-gallery-column-3\"><div class=\"fusion-gallery-image awb-imageframe-style awb-imageframe-style-resa\"><a href=\"https:\/\/www.boutiquedellarte.it\/wp-content\/uploads\/2025\/09\/25-MANTELLA-LANA-E-ECOPELLICCIA-3.jpg\" data-title=\"MANTELLA LANA E ECOPELLICCIA\" title=\"MANTELLA LANA E ECOPELLICCIA\" rel=\"noreferrer\" data-rel=\"iLightbox[gallery_image_1]\" class=\"fusion-lightbox\" target=\"_self\"><img decoding=\"async\" src=\"https:\/\/www.boutiquedellarte.it\/wp-content\/uploads\/2025\/09\/25-MANTELLA-LANA-E-ECOPELLICCIA-3.jpg\" data-orig-src=\"https:\/\/www.boutiquedellarte.it\/wp-content\/uploads\/2025\/09\/25-MANTELLA-LANA-E-ECOPELLICCIA-3.jpg\" width=\"2000\" height=\"3000\" alt=\"MANTELLA LANA E ECOPELLICCIA\" title=\"MANTELLA LANA E ECOPELLICCIA\" aria-label=\"MANTELLA LANA E ECOPELLICCIA\" class=\"lazyload img-responsive wp-image-5176\" srcset=\"data:image\/svg+xml,%3Csvg%20xmlns%3D%27http%3A%2F%2Fwww.w3.org%2F2000%2Fsvg%27%20width%3D%272000%27%20height%3D%273000%27%20viewBox%3D%270%200%202000%203000%27%3E%3Crect%20width%3D%272000%27%20height%3D%273000%27%20fill-opacity%3D%220%22%2F%3E%3C%2Fsvg%3E\" data-srcset=\"https:\/\/www.boutiquedellarte.it\/wp-content\/uploads\/2025\/09\/25-MANTELLA-LANA-E-ECOPELLICCIA-3-200x300.jpg 200w, https:\/\/www.boutiquedellarte.it\/wp-content\/uploads\/2025\/09\/25-MANTELLA-LANA-E-ECOPELLICCIA-3-400x600.jpg 400w, https:\/\/www.boutiquedellarte.it\/wp-content\/uploads\/2025\/09\/25-MANTELLA-LANA-E-ECOPELLICCIA-3-600x900.jpg 600w, https:\/\/www.boutiquedellarte.it\/wp-content\/uploads\/2025\/09\/25-MANTELLA-LANA-E-ECOPELLICCIA-3-800x1200.jpg 800w, https:\/\/www.boutiquedellarte.it\/wp-content\/uploads\/2025\/09\/25-MANTELLA-LANA-E-ECOPELLICCIA-3-1200x1800.jpg 1200w, https:\/\/www.boutiquedellarte.it\/wp-content\/uploads\/2025\/09\/25-MANTELLA-LANA-E-ECOPELLICCIA-3.jpg 2000w\" data-sizes=\"auto\" data-orig-sizes=\"(min-width: 2200px) 100vw, (min-width: 784px) 425px, (min-width: 712px) 638px, (min-width: 640px) 712px, \" \/><div class=\"awb-imageframe-caption-container\"><div class=\"awb-imageframe-caption\"><h3 class=\"awb-imageframe-caption-title\">MANTELLA LANA E ECOPELLICCIA<\/h3><p class=\"awb-imageframe-caption-text\">MANTELLA LANA E ECOPELLICCIA<\/p><\/div><\/div><\/a><\/div><\/div><div style=\"padding:2.5px;\" class=\"fusion-grid-column fusion-gallery-column fusion-gallery-column-3\"><div class=\"fusion-gallery-image awb-imageframe-style awb-imageframe-style-resa\"><a href=\"https:\/\/www.boutiquedellarte.it\/wp-content\/uploads\/2025\/09\/26-GIACCONE-LANA-E-ECOPELLICCIA-MANICA-CORTA-1.jpg\" data-title=\"GIACCONE LANA E ECOPELLICCIA MANICA CORTA\" title=\"GIACCONE LANA E ECOPELLICCIA MANICA CORTA\" rel=\"noreferrer\" data-rel=\"iLightbox[gallery_image_1]\" class=\"fusion-lightbox\" target=\"_self\"><img decoding=\"async\" src=\"https:\/\/www.boutiquedellarte.it\/wp-content\/uploads\/2025\/09\/26-GIACCONE-LANA-E-ECOPELLICCIA-MANICA-CORTA-1.jpg\" data-orig-src=\"https:\/\/www.boutiquedellarte.it\/wp-content\/uploads\/2025\/09\/26-GIACCONE-LANA-E-ECOPELLICCIA-MANICA-CORTA-1.jpg\" width=\"2000\" height=\"3000\" alt=\"GIACCONE LANA E ECOPELLICCIA MANICA CORTA\" title=\"GIACCONE LANA E ECOPELLICCIA MANICA CORTA\" aria-label=\"GIACCONE LANA E ECOPELLICCIA MANICA CORTA\" class=\"lazyload img-responsive wp-image-5178\" srcset=\"data:image\/svg+xml,%3Csvg%20xmlns%3D%27http%3A%2F%2Fwww.w3.org%2F2000%2Fsvg%27%20width%3D%272000%27%20height%3D%273000%27%20viewBox%3D%270%200%202000%203000%27%3E%3Crect%20width%3D%272000%27%20height%3D%273000%27%20fill-opacity%3D%220%22%2F%3E%3C%2Fsvg%3E\" data-srcset=\"https:\/\/www.boutiquedellarte.it\/wp-content\/uploads\/2025\/09\/26-GIACCONE-LANA-E-ECOPELLICCIA-MANICA-CORTA-1-200x300.jpg 200w, https:\/\/www.boutiquedellarte.it\/wp-content\/uploads\/2025\/09\/26-GIACCONE-LANA-E-ECOPELLICCIA-MANICA-CORTA-1-400x600.jpg 400w, https:\/\/www.boutiquedellarte.it\/wp-content\/uploads\/2025\/09\/26-GIACCONE-LANA-E-ECOPELLICCIA-MANICA-CORTA-1-600x900.jpg 600w, https:\/\/www.boutiquedellarte.it\/wp-content\/uploads\/2025\/09\/26-GIACCONE-LANA-E-ECOPELLICCIA-MANICA-CORTA-1-800x1200.jpg 800w, https:\/\/www.boutiquedellarte.it\/wp-content\/uploads\/2025\/09\/26-GIACCONE-LANA-E-ECOPELLICCIA-MANICA-CORTA-1-1200x1800.jpg 1200w, https:\/\/www.boutiquedellarte.it\/wp-content\/uploads\/2025\/09\/26-GIACCONE-LANA-E-ECOPELLICCIA-MANICA-CORTA-1.jpg 2000w\" data-sizes=\"auto\" data-orig-sizes=\"(min-width: 2200px) 100vw, (min-width: 784px) 425px, (min-width: 712px) 638px, (min-width: 640px) 712px, \" \/><div class=\"awb-imageframe-caption-container\"><div class=\"awb-imageframe-caption\"><h3 class=\"awb-imageframe-caption-title\">GIACCONE LANA E ECOPELLICCIA MANICA CORTA<\/h3><p class=\"awb-imageframe-caption-text\">GIACCONE LANA E ECOPELLICCIA MANICA CORTA<\/p><\/div><\/div><\/a><\/div><\/div><div style=\"padding:2.5px;\" class=\"fusion-grid-column fusion-gallery-column fusion-gallery-column-3\"><div class=\"fusion-gallery-image awb-imageframe-style awb-imageframe-style-resa\"><a href=\"https:\/\/www.boutiquedellarte.it\/wp-content\/uploads\/2025\/09\/26-GIACCONE-LANA-E-ECOPELLICCIA-MANICA-CORTA-2.jpg\" data-title=\"GIACCONE LANA E ECOPELLICCIA MANICA CORTA\" title=\"GIACCONE LANA E ECOPELLICCIA MANICA CORTA\" rel=\"noreferrer\" data-rel=\"iLightbox[gallery_image_1]\" class=\"fusion-lightbox\" target=\"_self\"><img decoding=\"async\" src=\"https:\/\/www.boutiquedellarte.it\/wp-content\/uploads\/2025\/09\/26-GIACCONE-LANA-E-ECOPELLICCIA-MANICA-CORTA-2.jpg\" data-orig-src=\"https:\/\/www.boutiquedellarte.it\/wp-content\/uploads\/2025\/09\/26-GIACCONE-LANA-E-ECOPELLICCIA-MANICA-CORTA-2.jpg\" width=\"2000\" height=\"3000\" alt=\"GIACCONE LANA E ECOPELLICCIA MANICA CORTA\" title=\"GIACCONE LANA E ECOPELLICCIA MANICA CORTA\" aria-label=\"GIACCONE LANA E ECOPELLICCIA MANICA CORTA\" class=\"lazyload img-responsive wp-image-5180\" srcset=\"data:image\/svg+xml,%3Csvg%20xmlns%3D%27http%3A%2F%2Fwww.w3.org%2F2000%2Fsvg%27%20width%3D%272000%27%20height%3D%273000%27%20viewBox%3D%270%200%202000%203000%27%3E%3Crect%20width%3D%272000%27%20height%3D%273000%27%20fill-opacity%3D%220%22%2F%3E%3C%2Fsvg%3E\" data-srcset=\"https:\/\/www.boutiquedellarte.it\/wp-content\/uploads\/2025\/09\/26-GIACCONE-LANA-E-ECOPELLICCIA-MANICA-CORTA-2-200x300.jpg 200w, https:\/\/www.boutiquedellarte.it\/wp-content\/uploads\/2025\/09\/26-GIACCONE-LANA-E-ECOPELLICCIA-MANICA-CORTA-2-400x600.jpg 400w, https:\/\/www.boutiquedellarte.it\/wp-content\/uploads\/2025\/09\/26-GIACCONE-LANA-E-ECOPELLICCIA-MANICA-CORTA-2-600x900.jpg 600w, https:\/\/www.boutiquedellarte.it\/wp-content\/uploads\/2025\/09\/26-GIACCONE-LANA-E-ECOPELLICCIA-MANICA-CORTA-2-800x1200.jpg 800w, https:\/\/www.boutiquedellarte.it\/wp-content\/uploads\/2025\/09\/26-GIACCONE-LANA-E-ECOPELLICCIA-MANICA-CORTA-2-1200x1800.jpg 1200w, https:\/\/www.boutiquedellarte.it\/wp-content\/uploads\/2025\/09\/26-GIACCONE-LANA-E-ECOPELLICCIA-MANICA-CORTA-2.jpg 2000w\" data-sizes=\"auto\" data-orig-sizes=\"(min-width: 2200px) 100vw, (min-width: 784px) 425px, (min-width: 712px) 638px, (min-width: 640px) 712px, \" \/><div class=\"awb-imageframe-caption-container\"><div class=\"awb-imageframe-caption\"><h3 class=\"awb-imageframe-caption-title\">GIACCONE LANA E ECOPELLICCIA MANICA CORTA<\/h3><p class=\"awb-imageframe-caption-text\">GIACCONE LANA E ECOPELLICCIA MANICA CORTA<\/p><\/div><\/div><\/a><\/div><\/div><div class=\"clearfix\"><\/div><div style=\"padding:2.5px;\" class=\"fusion-grid-column fusion-gallery-column fusion-gallery-column-3\"><div class=\"fusion-gallery-image awb-imageframe-style awb-imageframe-style-resa\"><a href=\"https:\/\/www.boutiquedellarte.it\/wp-content\/uploads\/2025\/09\/30-CAPPOTTINO-ECO-SHEARLING-CON-LANA-E-PIUMINO-1.jpg\" data-title=\"CAPPOTTINO ECO SHEARLING CON LANA E PIUMINO\" title=\"CAPPOTTINO ECO SHEARLING CON LANA E PIUMINO\" rel=\"noreferrer\" data-rel=\"iLightbox[gallery_image_1]\" class=\"fusion-lightbox\" target=\"_self\"><img decoding=\"async\" src=\"https:\/\/www.boutiquedellarte.it\/wp-content\/uploads\/2025\/09\/30-CAPPOTTINO-ECO-SHEARLING-CON-LANA-E-PIUMINO-1.jpg\" data-orig-src=\"https:\/\/www.boutiquedellarte.it\/wp-content\/uploads\/2025\/09\/30-CAPPOTTINO-ECO-SHEARLING-CON-LANA-E-PIUMINO-1.jpg\" width=\"2000\" height=\"3000\" alt=\"CAPPOTTINO ECO SHEARLING CON LANA E PIUMINO\" title=\"CAPPOTTINO ECO SHEARLING CON LANA E PIUMINO\" aria-label=\"CAPPOTTINO ECO SHEARLING CON LANA E PIUMINO\" class=\"lazyload img-responsive wp-image-5182\" srcset=\"data:image\/svg+xml,%3Csvg%20xmlns%3D%27http%3A%2F%2Fwww.w3.org%2F2000%2Fsvg%27%20width%3D%272000%27%20height%3D%273000%27%20viewBox%3D%270%200%202000%203000%27%3E%3Crect%20width%3D%272000%27%20height%3D%273000%27%20fill-opacity%3D%220%22%2F%3E%3C%2Fsvg%3E\" data-srcset=\"https:\/\/www.boutiquedellarte.it\/wp-content\/uploads\/2025\/09\/30-CAPPOTTINO-ECO-SHEARLING-CON-LANA-E-PIUMINO-1-200x300.jpg 200w, https:\/\/www.boutiquedellarte.it\/wp-content\/uploads\/2025\/09\/30-CAPPOTTINO-ECO-SHEARLING-CON-LANA-E-PIUMINO-1-400x600.jpg 400w, https:\/\/www.boutiquedellarte.it\/wp-content\/uploads\/2025\/09\/30-CAPPOTTINO-ECO-SHEARLING-CON-LANA-E-PIUMINO-1-600x900.jpg 600w, https:\/\/www.boutiquedellarte.it\/wp-content\/uploads\/2025\/09\/30-CAPPOTTINO-ECO-SHEARLING-CON-LANA-E-PIUMINO-1-800x1200.jpg 800w, https:\/\/www.boutiquedellarte.it\/wp-content\/uploads\/2025\/09\/30-CAPPOTTINO-ECO-SHEARLING-CON-LANA-E-PIUMINO-1-1200x1800.jpg 1200w, https:\/\/www.boutiquedellarte.it\/wp-content\/uploads\/2025\/09\/30-CAPPOTTINO-ECO-SHEARLING-CON-LANA-E-PIUMINO-1.jpg 2000w\" data-sizes=\"auto\" data-orig-sizes=\"(min-width: 2200px) 100vw, (min-width: 784px) 425px, (min-width: 712px) 638px, (min-width: 640px) 712px, \" \/><div class=\"awb-imageframe-caption-container\"><div class=\"awb-imageframe-caption\"><h3 class=\"awb-imageframe-caption-title\">CAPPOTTINO ECO SHEARLING CON LANA E PIUMINO<\/h3><p class=\"awb-imageframe-caption-text\">CAPPOTTINO ECO SHEARLING CON LANA E PIUMINO<\/p><\/div><\/div><\/a><\/div><\/div><div style=\"padding:2.5px;\" class=\"fusion-grid-column fusion-gallery-column fusion-gallery-column-3\"><div class=\"fusion-gallery-image awb-imageframe-style awb-imageframe-style-resa\"><a href=\"https:\/\/www.boutiquedellarte.it\/wp-content\/uploads\/2025\/09\/30-CAPPOTTINO-ECO-SHEARLING-CON-LANA-E-PIUMINO-2.jpg\" data-title=\"CAPPOTTINO ECO SHEARLING CON LANA E PIUMINO\" title=\"CAPPOTTINO ECO SHEARLING CON LANA E PIUMINO\" rel=\"noreferrer\" data-rel=\"iLightbox[gallery_image_1]\" class=\"fusion-lightbox\" target=\"_self\"><img decoding=\"async\" src=\"https:\/\/www.boutiquedellarte.it\/wp-content\/uploads\/2025\/09\/30-CAPPOTTINO-ECO-SHEARLING-CON-LANA-E-PIUMINO-2.jpg\" data-orig-src=\"https:\/\/www.boutiquedellarte.it\/wp-content\/uploads\/2025\/09\/30-CAPPOTTINO-ECO-SHEARLING-CON-LANA-E-PIUMINO-2.jpg\" width=\"2000\" height=\"3000\" alt=\"CAPPOTTINO ECO SHEARLING CON LANA E PIUMINO\" title=\"CAPPOTTINO ECO SHEARLING CON LANA E PIUMINO\" aria-label=\"CAPPOTTINO ECO SHEARLING CON LANA E PIUMINO\" class=\"lazyload img-responsive wp-image-5184\" srcset=\"data:image\/svg+xml,%3Csvg%20xmlns%3D%27http%3A%2F%2Fwww.w3.org%2F2000%2Fsvg%27%20width%3D%272000%27%20height%3D%273000%27%20viewBox%3D%270%200%202000%203000%27%3E%3Crect%20width%3D%272000%27%20height%3D%273000%27%20fill-opacity%3D%220%22%2F%3E%3C%2Fsvg%3E\" data-srcset=\"https:\/\/www.boutiquedellarte.it\/wp-content\/uploads\/2025\/09\/30-CAPPOTTINO-ECO-SHEARLING-CON-LANA-E-PIUMINO-2-200x300.jpg 200w, https:\/\/www.boutiquedellarte.it\/wp-content\/uploads\/2025\/09\/30-CAPPOTTINO-ECO-SHEARLING-CON-LANA-E-PIUMINO-2-400x600.jpg 400w, https:\/\/www.boutiquedellarte.it\/wp-content\/uploads\/2025\/09\/30-CAPPOTTINO-ECO-SHEARLING-CON-LANA-E-PIUMINO-2-600x900.jpg 600w, https:\/\/www.boutiquedellarte.it\/wp-content\/uploads\/2025\/09\/30-CAPPOTTINO-ECO-SHEARLING-CON-LANA-E-PIUMINO-2-800x1200.jpg 800w, https:\/\/www.boutiquedellarte.it\/wp-content\/uploads\/2025\/09\/30-CAPPOTTINO-ECO-SHEARLING-CON-LANA-E-PIUMINO-2-1200x1800.jpg 1200w, https:\/\/www.boutiquedellarte.it\/wp-content\/uploads\/2025\/09\/30-CAPPOTTINO-ECO-SHEARLING-CON-LANA-E-PIUMINO-2.jpg 2000w\" data-sizes=\"auto\" data-orig-sizes=\"(min-width: 2200px) 100vw, (min-width: 784px) 425px, (min-width: 712px) 638px, (min-width: 640px) 712px, \" \/><div class=\"awb-imageframe-caption-container\"><div class=\"awb-imageframe-caption\"><h3 class=\"awb-imageframe-caption-title\">CAPPOTTINO ECO SHEARLING CON LANA E PIUMINO<\/h3><p class=\"awb-imageframe-caption-text\">CAPPOTTINO ECO SHEARLING CON LANA E PIUMINO<\/p><\/div><\/div><\/a><\/div><\/div><div style=\"padding:2.5px;\" class=\"fusion-grid-column fusion-gallery-column fusion-gallery-column-3\"><div class=\"fusion-gallery-image awb-imageframe-style awb-imageframe-style-resa\"><a href=\"https:\/\/www.boutiquedellarte.it\/wp-content\/uploads\/2025\/09\/30-CAPPOTTINO-ECO-SHEARLING-CON-LANA-E-PIUMINO-3.jpg\" data-title=\"CAPPOTTINO ECO SHEARLING CON LANA E PIUMINO\" title=\"CAPPOTTINO ECO SHEARLING CON LANA E PIUMINO\" rel=\"noreferrer\" data-rel=\"iLightbox[gallery_image_1]\" class=\"fusion-lightbox\" target=\"_self\"><img decoding=\"async\" src=\"https:\/\/www.boutiquedellarte.it\/wp-content\/uploads\/2025\/09\/30-CAPPOTTINO-ECO-SHEARLING-CON-LANA-E-PIUMINO-3.jpg\" data-orig-src=\"https:\/\/www.boutiquedellarte.it\/wp-content\/uploads\/2025\/09\/30-CAPPOTTINO-ECO-SHEARLING-CON-LANA-E-PIUMINO-3.jpg\" width=\"2000\" height=\"3000\" alt=\"CAPPOTTINO ECO SHEARLING CON LANA E PIUMINO\" title=\"CAPPOTTINO ECO SHEARLING CON LANA E PIUMINO\" aria-label=\"CAPPOTTINO ECO SHEARLING CON LANA E PIUMINO\" class=\"lazyload img-responsive wp-image-5186\" srcset=\"data:image\/svg+xml,%3Csvg%20xmlns%3D%27http%3A%2F%2Fwww.w3.org%2F2000%2Fsvg%27%20width%3D%272000%27%20height%3D%273000%27%20viewBox%3D%270%200%202000%203000%27%3E%3Crect%20width%3D%272000%27%20height%3D%273000%27%20fill-opacity%3D%220%22%2F%3E%3C%2Fsvg%3E\" data-srcset=\"https:\/\/www.boutiquedellarte.it\/wp-content\/uploads\/2025\/09\/30-CAPPOTTINO-ECO-SHEARLING-CON-LANA-E-PIUMINO-3-200x300.jpg 200w, https:\/\/www.boutiquedellarte.it\/wp-content\/uploads\/2025\/09\/30-CAPPOTTINO-ECO-SHEARLING-CON-LANA-E-PIUMINO-3-400x600.jpg 400w, https:\/\/www.boutiquedellarte.it\/wp-content\/uploads\/2025\/09\/30-CAPPOTTINO-ECO-SHEARLING-CON-LANA-E-PIUMINO-3-600x900.jpg 600w, https:\/\/www.boutiquedellarte.it\/wp-content\/uploads\/2025\/09\/30-CAPPOTTINO-ECO-SHEARLING-CON-LANA-E-PIUMINO-3-800x1200.jpg 800w, https:\/\/www.boutiquedellarte.it\/wp-content\/uploads\/2025\/09\/30-CAPPOTTINO-ECO-SHEARLING-CON-LANA-E-PIUMINO-3-1200x1800.jpg 1200w, https:\/\/www.boutiquedellarte.it\/wp-content\/uploads\/2025\/09\/30-CAPPOTTINO-ECO-SHEARLING-CON-LANA-E-PIUMINO-3.jpg 2000w\" data-sizes=\"auto\" data-orig-sizes=\"(min-width: 2200px) 100vw, (min-width: 784px) 425px, (min-width: 712px) 638px, (min-width: 640px) 712px, \" \/><div class=\"awb-imageframe-caption-container\"><div class=\"awb-imageframe-caption\"><h3 class=\"awb-imageframe-caption-title\">CAPPOTTINO ECO SHEARLING CON LANA E PIUMINO<\/h3><p class=\"awb-imageframe-caption-text\">CAPPOTTINO ECO SHEARLING CON LANA E PIUMINO<\/p><\/div><\/div><\/a><\/div><\/div><div class=\"clearfix\"><\/div><div style=\"padding:2.5px;\" class=\"fusion-grid-column fusion-gallery-column fusion-gallery-column-3\"><div class=\"fusion-gallery-image awb-imageframe-style awb-imageframe-style-resa\"><a href=\"https:\/\/www.boutiquedellarte.it\/wp-content\/uploads\/2025\/09\/31-GIUBBOTTO-ECO-SHEARLING-CON-LANA-E-PIUMINO-1.jpg\" data-title=\"GIUBBOTTO ECO SHEARLING CON LANA E PIUMINO\" title=\"GIUBBOTTO ECO SHEARLING CON LANA E PIUMINO\" rel=\"noreferrer\" data-rel=\"iLightbox[gallery_image_1]\" class=\"fusion-lightbox\" target=\"_self\"><img decoding=\"async\" src=\"https:\/\/www.boutiquedellarte.it\/wp-content\/uploads\/2025\/09\/31-GIUBBOTTO-ECO-SHEARLING-CON-LANA-E-PIUMINO-1.jpg\" data-orig-src=\"https:\/\/www.boutiquedellarte.it\/wp-content\/uploads\/2025\/09\/31-GIUBBOTTO-ECO-SHEARLING-CON-LANA-E-PIUMINO-1.jpg\" width=\"2000\" height=\"3000\" alt=\"GIUBBOTTO ECO SHEARLING CON LANA E PIUMINO\" title=\"GIUBBOTTO ECO SHEARLING CON LANA E PIUMINO\" aria-label=\"GIUBBOTTO ECO SHEARLING CON LANA E PIUMINO\" class=\"lazyload img-responsive wp-image-5188\" srcset=\"data:image\/svg+xml,%3Csvg%20xmlns%3D%27http%3A%2F%2Fwww.w3.org%2F2000%2Fsvg%27%20width%3D%272000%27%20height%3D%273000%27%20viewBox%3D%270%200%202000%203000%27%3E%3Crect%20width%3D%272000%27%20height%3D%273000%27%20fill-opacity%3D%220%22%2F%3E%3C%2Fsvg%3E\" data-srcset=\"https:\/\/www.boutiquedellarte.it\/wp-content\/uploads\/2025\/09\/31-GIUBBOTTO-ECO-SHEARLING-CON-LANA-E-PIUMINO-1-200x300.jpg 200w, https:\/\/www.boutiquedellarte.it\/wp-content\/uploads\/2025\/09\/31-GIUBBOTTO-ECO-SHEARLING-CON-LANA-E-PIUMINO-1-400x600.jpg 400w, https:\/\/www.boutiquedellarte.it\/wp-content\/uploads\/2025\/09\/31-GIUBBOTTO-ECO-SHEARLING-CON-LANA-E-PIUMINO-1-600x900.jpg 600w, https:\/\/www.boutiquedellarte.it\/wp-content\/uploads\/2025\/09\/31-GIUBBOTTO-ECO-SHEARLING-CON-LANA-E-PIUMINO-1-800x1200.jpg 800w, https:\/\/www.boutiquedellarte.it\/wp-content\/uploads\/2025\/09\/31-GIUBBOTTO-ECO-SHEARLING-CON-LANA-E-PIUMINO-1-1200x1800.jpg 1200w, https:\/\/www.boutiquedellarte.it\/wp-content\/uploads\/2025\/09\/31-GIUBBOTTO-ECO-SHEARLING-CON-LANA-E-PIUMINO-1.jpg 2000w\" data-sizes=\"auto\" data-orig-sizes=\"(min-width: 2200px) 100vw, (min-width: 784px) 425px, (min-width: 712px) 638px, (min-width: 640px) 712px, \" \/><div class=\"awb-imageframe-caption-container\"><div class=\"awb-imageframe-caption\"><h3 class=\"awb-imageframe-caption-title\">GIUBBOTTO ECO SHEARLING CON LANA E PIUMINO<\/h3><p class=\"awb-imageframe-caption-text\">GIUBBOTTO ECO SHEARLING CON LANA E PIUMINO<\/p><\/div><\/div><\/a><\/div><\/div><div style=\"padding:2.5px;\" class=\"fusion-grid-column fusion-gallery-column fusion-gallery-column-3\"><div class=\"fusion-gallery-image awb-imageframe-style awb-imageframe-style-resa\"><a href=\"https:\/\/www.boutiquedellarte.it\/wp-content\/uploads\/2025\/09\/31-GIUBBOTTO-ECO-SHEARLING-CON-LANA-E-PIUMINO-2.jpg\" data-title=\"GIUBBOTTO ECO SHEARLING CON LANA E PIUMINO\" title=\"GIUBBOTTO ECO SHEARLING CON LANA E PIUMINO\" rel=\"noreferrer\" data-rel=\"iLightbox[gallery_image_1]\" class=\"fusion-lightbox\" target=\"_self\"><img decoding=\"async\" src=\"https:\/\/www.boutiquedellarte.it\/wp-content\/uploads\/2025\/09\/31-GIUBBOTTO-ECO-SHEARLING-CON-LANA-E-PIUMINO-2.jpg\" data-orig-src=\"https:\/\/www.boutiquedellarte.it\/wp-content\/uploads\/2025\/09\/31-GIUBBOTTO-ECO-SHEARLING-CON-LANA-E-PIUMINO-2.jpg\" width=\"2000\" height=\"3000\" alt=\"GIUBBOTTO ECO SHEARLING CON LANA E PIUMINO\" title=\"GIUBBOTTO ECO SHEARLING CON LANA E PIUMINO\" aria-label=\"GIUBBOTTO ECO SHEARLING CON LANA E PIUMINO\" class=\"lazyload img-responsive wp-image-5190\" srcset=\"data:image\/svg+xml,%3Csvg%20xmlns%3D%27http%3A%2F%2Fwww.w3.org%2F2000%2Fsvg%27%20width%3D%272000%27%20height%3D%273000%27%20viewBox%3D%270%200%202000%203000%27%3E%3Crect%20width%3D%272000%27%20height%3D%273000%27%20fill-opacity%3D%220%22%2F%3E%3C%2Fsvg%3E\" data-srcset=\"https:\/\/www.boutiquedellarte.it\/wp-content\/uploads\/2025\/09\/31-GIUBBOTTO-ECO-SHEARLING-CON-LANA-E-PIUMINO-2-200x300.jpg 200w, https:\/\/www.boutiquedellarte.it\/wp-content\/uploads\/2025\/09\/31-GIUBBOTTO-ECO-SHEARLING-CON-LANA-E-PIUMINO-2-400x600.jpg 400w, https:\/\/www.boutiquedellarte.it\/wp-content\/uploads\/2025\/09\/31-GIUBBOTTO-ECO-SHEARLING-CON-LANA-E-PIUMINO-2-600x900.jpg 600w, https:\/\/www.boutiquedellarte.it\/wp-content\/uploads\/2025\/09\/31-GIUBBOTTO-ECO-SHEARLING-CON-LANA-E-PIUMINO-2-800x1200.jpg 800w, https:\/\/www.boutiquedellarte.it\/wp-content\/uploads\/2025\/09\/31-GIUBBOTTO-ECO-SHEARLING-CON-LANA-E-PIUMINO-2-1200x1800.jpg 1200w, https:\/\/www.boutiquedellarte.it\/wp-content\/uploads\/2025\/09\/31-GIUBBOTTO-ECO-SHEARLING-CON-LANA-E-PIUMINO-2.jpg 2000w\" data-sizes=\"auto\" data-orig-sizes=\"(min-width: 2200px) 100vw, (min-width: 784px) 425px, (min-width: 712px) 638px, (min-width: 640px) 712px, \" \/><div class=\"awb-imageframe-caption-container\"><div class=\"awb-imageframe-caption\"><h3 class=\"awb-imageframe-caption-title\">GIUBBOTTO ECO SHEARLING CON LANA E PIUMINO<\/h3><p class=\"awb-imageframe-caption-text\">GIUBBOTTO ECO SHEARLING CON LANA E PIUMINO<\/p><\/div><\/div><\/a><\/div><\/div><div style=\"padding:2.5px;\" class=\"fusion-grid-column fusion-gallery-column fusion-gallery-column-3\"><div class=\"fusion-gallery-image awb-imageframe-style awb-imageframe-style-resa\"><a href=\"https:\/\/www.boutiquedellarte.it\/wp-content\/uploads\/2025\/09\/31-GIUBBOTTO-ECO-SHEARLING-CON-LANA-E-PIUMINO-3.jpg\" data-title=\"GIUBBOTTO ECO SHEARLING CON LANA E PIUMINO\" title=\"GIUBBOTTO ECO SHEARLING CON LANA E PIUMINO\" rel=\"noreferrer\" data-rel=\"iLightbox[gallery_image_1]\" class=\"fusion-lightbox\" target=\"_self\"><img decoding=\"async\" src=\"https:\/\/www.boutiquedellarte.it\/wp-content\/uploads\/2025\/09\/31-GIUBBOTTO-ECO-SHEARLING-CON-LANA-E-PIUMINO-3.jpg\" data-orig-src=\"https:\/\/www.boutiquedellarte.it\/wp-content\/uploads\/2025\/09\/31-GIUBBOTTO-ECO-SHEARLING-CON-LANA-E-PIUMINO-3.jpg\" width=\"2000\" height=\"3000\" alt=\"GIUBBOTTO ECO SHEARLING CON LANA E PIUMINO\" title=\"GIUBBOTTO ECO SHEARLING CON LANA E PIUMINO\" aria-label=\"GIUBBOTTO ECO SHEARLING CON LANA E PIUMINO\" class=\"lazyload img-responsive wp-image-5192\" srcset=\"data:image\/svg+xml,%3Csvg%20xmlns%3D%27http%3A%2F%2Fwww.w3.org%2F2000%2Fsvg%27%20width%3D%272000%27%20height%3D%273000%27%20viewBox%3D%270%200%202000%203000%27%3E%3Crect%20width%3D%272000%27%20height%3D%273000%27%20fill-opacity%3D%220%22%2F%3E%3C%2Fsvg%3E\" data-srcset=\"https:\/\/www.boutiquedellarte.it\/wp-content\/uploads\/2025\/09\/31-GIUBBOTTO-ECO-SHEARLING-CON-LANA-E-PIUMINO-3-200x300.jpg 200w, https:\/\/www.boutiquedellarte.it\/wp-content\/uploads\/2025\/09\/31-GIUBBOTTO-ECO-SHEARLING-CON-LANA-E-PIUMINO-3-400x600.jpg 400w, https:\/\/www.boutiquedellarte.it\/wp-content\/uploads\/2025\/09\/31-GIUBBOTTO-ECO-SHEARLING-CON-LANA-E-PIUMINO-3-600x900.jpg 600w, https:\/\/www.boutiquedellarte.it\/wp-content\/uploads\/2025\/09\/31-GIUBBOTTO-ECO-SHEARLING-CON-LANA-E-PIUMINO-3-800x1200.jpg 800w, https:\/\/www.boutiquedellarte.it\/wp-content\/uploads\/2025\/09\/31-GIUBBOTTO-ECO-SHEARLING-CON-LANA-E-PIUMINO-3-1200x1800.jpg 1200w, https:\/\/www.boutiquedellarte.it\/wp-content\/uploads\/2025\/09\/31-GIUBBOTTO-ECO-SHEARLING-CON-LANA-E-PIUMINO-3.jpg 2000w\" data-sizes=\"auto\" data-orig-sizes=\"(min-width: 2200px) 100vw, (min-width: 784px) 425px, (min-width: 712px) 638px, (min-width: 640px) 712px, \" \/><div class=\"awb-imageframe-caption-container\"><div class=\"awb-imageframe-caption\"><h3 class=\"awb-imageframe-caption-title\">GIUBBOTTO ECO SHEARLING CON LANA E PIUMINO<\/h3><p class=\"awb-imageframe-caption-text\">GIUBBOTTO ECO SHEARLING CON LANA E PIUMINO<\/p><\/div><\/div><\/a><\/div><\/div><div class=\"clearfix\"><\/div><\/div><\/div>\n<\/div><\/div>\n<\/div>\n<\/div>\n","protected":false},"excerpt":{"rendered":"","protected":false},"author":1,"featured_media":4792,"parent":0,"menu_order":0,"comment_status":"closed","ping_status":"closed","template":"100-width.php","meta":{"footnotes":""},"class_list":["post-4796","page","type-page","status-publish","has-post-thumbnail","hentry"],"yoast_head":"<!-- This site is optimized with the Yoast SEO plugin v28.3 - https:\/\/yoast.com\/product\/yoast-seo-wordpress\/ -->\n<title>Collezione Ecopellicce | Boutique dell\u2019Arte<\/title>\n<meta name=\"description\" content=\"Ecopellicce eleganti e moderne, qualit\u00e0 premium e modelli alla moda per uno stile sostenibile senza rinunciare al lusso.\" \/>\n<meta name=\"robots\" content=\"index, follow, max-snippet:-1, max-image-preview:large, max-video-preview:-1\" \/>\n<link rel=\"canonical\" href=\"https:\/\/www.boutiquedellarte.it\/it\/ecopellicce\/\" \/>\n<meta property=\"og:locale\" content=\"it_IT\" \/>\n<meta property=\"og:type\" content=\"article\" \/>\n<meta property=\"og:title\" content=\"Collezione Ecopellicce | Boutique dell\u2019Arte\" \/>\n<meta property=\"og:description\" content=\"Ecopellicce eleganti e moderne, qualit\u00e0 premium e modelli alla moda per uno stile sostenibile senza rinunciare al lusso.\" \/>\n<meta property=\"og:url\" content=\"https:\/\/www.boutiquedellarte.it\/it\/ecopellicce\/\" \/>\n<meta property=\"og:site_name\" content=\"Boutique dell&#039;Arte\" \/>\n<meta property=\"article:publisher\" content=\"https:\/\/www.facebook.com\/boutiquedellarte\/\" \/>\n<meta property=\"article:modified_time\" content=\"2025-09-21T11:17:50+00:00\" \/>\n<meta property=\"og:image\" content=\"https:\/\/www.boutiquedellarte.it\/wp-content\/uploads\/2025\/09\/Collezione-Ecopellicce.jpg\" \/>\n\t<meta property=\"og:image:width\" content=\"1920\" \/>\n\t<meta property=\"og:image:height\" content=\"1080\" \/>\n\t<meta property=\"og:image:type\" content=\"image\/jpeg\" \/>\n<meta name=\"twitter:card\" content=\"summary_large_image\" \/>\n<meta name=\"twitter:label1\" content=\"Tempo di lettura stimato\" \/>\n\t<meta name=\"twitter:data1\" content=\"11 minuti\" \/>\n<script type=\"application\/ld+json\" class=\"yoast-schema-graph\">{\"@context\":\"https:\\\/\\\/schema.org\",\"@graph\":[{\"@type\":\"WebPage\",\"@id\":\"https:\\\/\\\/www.boutiquedellarte.it\\\/it\\\/ecopellicce\\\/\",\"url\":\"https:\\\/\\\/www.boutiquedellarte.it\\\/it\\\/ecopellicce\\\/\",\"name\":\"Collezione Ecopellicce | Boutique dell\u2019Arte\",\"isPartOf\":{\"@id\":\"https:\\\/\\\/www.boutiquedellarte.it\\\/it\\\/#website\"},\"primaryImageOfPage\":{\"@id\":\"https:\\\/\\\/www.boutiquedellarte.it\\\/it\\\/ecopellicce\\\/#primaryimage\"},\"image\":{\"@id\":\"https:\\\/\\\/www.boutiquedellarte.it\\\/it\\\/ecopellicce\\\/#primaryimage\"},\"thumbnailUrl\":\"https:\\\/\\\/www.boutiquedellarte.it\\\/wp-content\\\/uploads\\\/2025\\\/09\\\/Collezione-Ecopellicce.jpg\",\"datePublished\":\"2025-09-11T16:54:08+00:00\",\"dateModified\":\"2025-09-21T11:17:50+00:00\",\"description\":\"Ecopellicce eleganti e moderne, qualit\u00e0 premium e modelli alla moda per uno stile sostenibile senza rinunciare al lusso.\",\"breadcrumb\":{\"@id\":\"https:\\\/\\\/www.boutiquedellarte.it\\\/it\\\/ecopellicce\\\/#breadcrumb\"},\"inLanguage\":\"it-IT\",\"potentialAction\":[{\"@type\":\"ReadAction\",\"target\":[\"https:\\\/\\\/www.boutiquedellarte.it\\\/it\\\/ecopellicce\\\/\"]}]},{\"@type\":\"ImageObject\",\"inLanguage\":\"it-IT\",\"@id\":\"https:\\\/\\\/www.boutiquedellarte.it\\\/it\\\/ecopellicce\\\/#primaryimage\",\"url\":\"https:\\\/\\\/www.boutiquedellarte.it\\\/wp-content\\\/uploads\\\/2025\\\/09\\\/Collezione-Ecopellicce.jpg\",\"contentUrl\":\"https:\\\/\\\/www.boutiquedellarte.it\\\/wp-content\\\/uploads\\\/2025\\\/09\\\/Collezione-Ecopellicce.jpg\",\"width\":1920,\"height\":1080},{\"@type\":\"BreadcrumbList\",\"@id\":\"https:\\\/\\\/www.boutiquedellarte.it\\\/it\\\/ecopellicce\\\/#breadcrumb\",\"itemListElement\":[{\"@type\":\"ListItem\",\"position\":1,\"name\":\"Home\",\"item\":\"https:\\\/\\\/www.boutiquedellarte.it\\\/it\\\/\"},{\"@type\":\"ListItem\",\"position\":2,\"name\":\"ECOPELLICCE\"}]},{\"@type\":\"WebSite\",\"@id\":\"https:\\\/\\\/www.boutiquedellarte.it\\\/it\\\/#website\",\"url\":\"https:\\\/\\\/www.boutiquedellarte.it\\\/it\\\/\",\"name\":\"Boutique dell&#039;Arte\",\"description\":\"Produzione Pellicce Italia\",\"publisher\":{\"@id\":\"https:\\\/\\\/www.boutiquedellarte.it\\\/it\\\/#organization\"},\"potentialAction\":[{\"@type\":\"SearchAction\",\"target\":{\"@type\":\"EntryPoint\",\"urlTemplate\":\"https:\\\/\\\/www.boutiquedellarte.it\\\/it\\\/?s={search_term_string}\"},\"query-input\":{\"@type\":\"PropertyValueSpecification\",\"valueRequired\":true,\"valueName\":\"search_term_string\"}}],\"inLanguage\":\"it-IT\"},{\"@type\":\"Organization\",\"@id\":\"https:\\\/\\\/www.boutiquedellarte.it\\\/it\\\/#organization\",\"name\":\"Boutique dell\u2019Arte\",\"url\":\"https:\\\/\\\/www.boutiquedellarte.it\\\/it\\\/\",\"logo\":{\"@type\":\"ImageObject\",\"inLanguage\":\"it-IT\",\"@id\":\"https:\\\/\\\/www.boutiquedellarte.it\\\/it\\\/#\\\/schema\\\/logo\\\/image\\\/\",\"url\":\"https:\\\/\\\/www.boutiquedellarte.it\\\/wp-content\\\/uploads\\\/2019\\\/10\\\/boutique-arte-logo-retina-mobile.png\",\"contentUrl\":\"https:\\\/\\\/www.boutiquedellarte.it\\\/wp-content\\\/uploads\\\/2019\\\/10\\\/boutique-arte-logo-retina-mobile.png\",\"width\":740,\"height\":80,\"caption\":\"Boutique dell\u2019Arte\"},\"image\":{\"@id\":\"https:\\\/\\\/www.boutiquedellarte.it\\\/it\\\/#\\\/schema\\\/logo\\\/image\\\/\"},\"sameAs\":[\"https:\\\/\\\/www.facebook.com\\\/boutiquedellarte\\\/\",\"https:\\\/\\\/www.instagram.com\\\/boutiquedellartefurs\\\/\"]}]}<\/script>\n<!-- \/ Yoast SEO plugin. -->","yoast_head_json":{"title":"Collezione Ecopellicce | Boutique dell\u2019Arte","description":"Ecopellicce eleganti e moderne, qualit\u00e0 premium e modelli alla moda per uno stile sostenibile senza rinunciare al lusso.","robots":{"index":"index","follow":"follow","max-snippet":"max-snippet:-1","max-image-preview":"max-image-preview:large","max-video-preview":"max-video-preview:-1"},"canonical":"https:\/\/www.boutiquedellarte.it\/it\/ecopellicce\/","og_locale":"it_IT","og_type":"article","og_title":"Collezione Ecopellicce | Boutique dell\u2019Arte","og_description":"Ecopellicce eleganti e moderne, qualit\u00e0 premium e modelli alla moda per uno stile sostenibile senza rinunciare al lusso.","og_url":"https:\/\/www.boutiquedellarte.it\/it\/ecopellicce\/","og_site_name":"Boutique dell&#039;Arte","article_publisher":"https:\/\/www.facebook.com\/boutiquedellarte\/","article_modified_time":"2025-09-21T11:17:50+00:00","og_image":[{"width":1920,"height":1080,"url":"https:\/\/www.boutiquedellarte.it\/wp-content\/uploads\/2025\/09\/Collezione-Ecopellicce.jpg","type":"image\/jpeg"}],"twitter_card":"summary_large_image","twitter_misc":{"Tempo di lettura stimato":"11 minuti"},"schema":{"@context":"https:\/\/schema.org","@graph":[{"@type":"WebPage","@id":"https:\/\/www.boutiquedellarte.it\/it\/ecopellicce\/","url":"https:\/\/www.boutiquedellarte.it\/it\/ecopellicce\/","name":"Collezione Ecopellicce | Boutique dell\u2019Arte","isPartOf":{"@id":"https:\/\/www.boutiquedellarte.it\/it\/#website"},"primaryImageOfPage":{"@id":"https:\/\/www.boutiquedellarte.it\/it\/ecopellicce\/#primaryimage"},"image":{"@id":"https:\/\/www.boutiquedellarte.it\/it\/ecopellicce\/#primaryimage"},"thumbnailUrl":"https:\/\/www.boutiquedellarte.it\/wp-content\/uploads\/2025\/09\/Collezione-Ecopellicce.jpg","datePublished":"2025-09-11T16:54:08+00:00","dateModified":"2025-09-21T11:17:50+00:00","description":"Ecopellicce eleganti e moderne, qualit\u00e0 premium e modelli alla moda per uno stile sostenibile senza rinunciare al lusso.","breadcrumb":{"@id":"https:\/\/www.boutiquedellarte.it\/it\/ecopellicce\/#breadcrumb"},"inLanguage":"it-IT","potentialAction":[{"@type":"ReadAction","target":["https:\/\/www.boutiquedellarte.it\/it\/ecopellicce\/"]}]},{"@type":"ImageObject","inLanguage":"it-IT","@id":"https:\/\/www.boutiquedellarte.it\/it\/ecopellicce\/#primaryimage","url":"https:\/\/www.boutiquedellarte.it\/wp-content\/uploads\/2025\/09\/Collezione-Ecopellicce.jpg","contentUrl":"https:\/\/www.boutiquedellarte.it\/wp-content\/uploads\/2025\/09\/Collezione-Ecopellicce.jpg","width":1920,"height":1080},{"@type":"BreadcrumbList","@id":"https:\/\/www.boutiquedellarte.it\/it\/ecopellicce\/#breadcrumb","itemListElement":[{"@type":"ListItem","position":1,"name":"Home","item":"https:\/\/www.boutiquedellarte.it\/it\/"},{"@type":"ListItem","position":2,"name":"ECOPELLICCE"}]},{"@type":"WebSite","@id":"https:\/\/www.boutiquedellarte.it\/it\/#website","url":"https:\/\/www.boutiquedellarte.it\/it\/","name":"Boutique dell&#039;Arte","description":"Produzione Pellicce Italia","publisher":{"@id":"https:\/\/www.boutiquedellarte.it\/it\/#organization"},"potentialAction":[{"@type":"SearchAction","target":{"@type":"EntryPoint","urlTemplate":"https:\/\/www.boutiquedellarte.it\/it\/?s={search_term_string}"},"query-input":{"@type":"PropertyValueSpecification","valueRequired":true,"valueName":"search_term_string"}}],"inLanguage":"it-IT"},{"@type":"Organization","@id":"https:\/\/www.boutiquedellarte.it\/it\/#organization","name":"Boutique dell\u2019Arte","url":"https:\/\/www.boutiquedellarte.it\/it\/","logo":{"@type":"ImageObject","inLanguage":"it-IT","@id":"https:\/\/www.boutiquedellarte.it\/it\/#\/schema\/logo\/image\/","url":"https:\/\/www.boutiquedellarte.it\/wp-content\/uploads\/2019\/10\/boutique-arte-logo-retina-mobile.png","contentUrl":"https:\/\/www.boutiquedellarte.it\/wp-content\/uploads\/2019\/10\/boutique-arte-logo-retina-mobile.png","width":740,"height":80,"caption":"Boutique dell\u2019Arte"},"image":{"@id":"https:\/\/www.boutiquedellarte.it\/it\/#\/schema\/logo\/image\/"},"sameAs":["https:\/\/www.facebook.com\/boutiquedellarte\/","https:\/\/www.instagram.com\/boutiquedellartefurs\/"]}]}},"_links":{"self":[{"href":"https:\/\/www.boutiquedellarte.it\/it\/wp-json\/wp\/v2\/pages\/4796","targetHints":{"allow":["GET"]}}],"collection":[{"href":"https:\/\/www.boutiquedellarte.it\/it\/wp-json\/wp\/v2\/pages"}],"about":[{"href":"https:\/\/www.boutiquedellarte.it\/it\/wp-json\/wp\/v2\/types\/page"}],"author":[{"embeddable":true,"href":"https:\/\/www.boutiquedellarte.it\/it\/wp-json\/wp\/v2\/users\/1"}],"replies":[{"embeddable":true,"href":"https:\/\/www.boutiquedellarte.it\/it\/wp-json\/wp\/v2\/comments?post=4796"}],"version-history":[{"count":5,"href":"https:\/\/www.boutiquedellarte.it\/it\/wp-json\/wp\/v2\/pages\/4796\/revisions"}],"predecessor-version":[{"id":5203,"href":"https:\/\/www.boutiquedellarte.it\/it\/wp-json\/wp\/v2\/pages\/4796\/revisions\/5203"}],"wp:featuredmedia":[{"embeddable":true,"href":"https:\/\/www.boutiquedellarte.it\/it\/wp-json\/wp\/v2\/media\/4792"}],"wp:attachment":[{"href":"https:\/\/www.boutiquedellarte.it\/it\/wp-json\/wp\/v2\/media?parent=4796"}],"curies":[{"name":"wp","href":"https:\/\/api.w.org\/{rel}","templated":true}]}}