{"id":3,"date":"2019-06-25T16:35:29","date_gmt":"2019-06-25T14:35:29","guid":{"rendered":"https:\/\/www.boutiquedellarte.it\/?page_id=3"},"modified":"2024-10-07T15:51:59","modified_gmt":"2024-10-07T13:51:59","slug":"privacy-policy","status":"publish","type":"page","link":"https:\/\/www.boutiquedellarte.it\/it\/privacy-policy\/","title":{"rendered":"Privacy Policy"},"content":{"rendered":"<div class=\"fusion-fullwidth fullwidth-box fusion-builder-row-1 nonhundred-percent-fullwidth non-hundred-percent-height-scrolling\" style=\"--awb-border-radius-top-left:0px;--awb-border-radius-top-right:0px;--awb-border-radius-bottom-right:0px;--awb-border-radius-bottom-left:0px;--awb-padding-right:30px;--awb-padding-left:30px;--awb-margin-top:40px;--awb-margin-bottom:40px;--awb-flex-wrap:wrap;\" ><\/p>\n<h2>Privacy Policy<\/h2>\n<p><strong>Informativa ai sensi dell\u2019art. 13 del Regolamento europeo 679\/2016 e consenso.<\/strong><br \/>\nAi sensi dell\u2019art. 13 del Regolamento europeo (UE) 2016\/679 (GDPR), e in relazione ai dati personali di cui boutiquedellarte.it entrer\u00e0 nella disponibilit\u00e0, comunichiamo quanto segue:<\/p>\n<p>Il sito boutiquedellarte.it raccoglie alcuni dati personali dei propri utenti.<\/p>\n<h3>Titolare del Trattamento dei Dati<\/h3>\n<p>Dina Saottini, Legale Rappresentante<br \/>\nvia A. Gandhi, 17 \u2013 25015 Desenzano del Garda (BS)<br \/>\n<strong>Tel<\/strong>. +39 030 91 07 &#8211; <strong>Email<\/strong>: info@boutiquedellarte.it<\/p>\n<h3>Tipologie di Dati raccolti<\/h3>\n<p>Attraverso strumenti come i moduli di contatto, ricezione di e-mail, contatti telefonici presenti in questo sito raccogliamo alcuni dati personali degli utenti, in modo autonomo o tramite terze parti.<br \/>\nI dati che vengono raccolti sono: nome, cognome, numero di telefono, Partita IVA, ragione sociale, email, interessi, Codice Fiscale,\u00a0 ID utente, dati di utilizzo, strumento di tracciamento,\u00a0 informazioni sul dispositivo,\u00a0 identificatori univoci di dispositivi per la pubblicit\u00e0 (Google Advertiser ID o identificatore IDFA, per esempio).<br \/>\nI dettagli completi su ciascuna tipologia di dati raccolti sono forniti nelle sezioni dedicate di questa privacy policy oppure mediante testi informativi visualizzati prima della raccolta dei dati stessi.<br \/>\nI dati personali possono essere liberamente forniti dall&#8217;utente o, nel caso di dati di utilizzo, raccolti automaticamente durante l&#8217;uso di questo sito.<br \/>\nSe non diversamente specificato, tutti i dati richiesti da questo sito sono obbligatori. Se l\u2019utente rifiuta di comunicarli, potrebbe essere impossibile fornire il servizio richiesto.<br \/>\nNei casi in cui questo sito indichi alcuni dati come facoltativi, gli utenti sono liberi di astenersi dal comunicare tali dati, senza che ci\u00f2 abbia alcuna conseguenza sulla disponibilit\u00e0 del servizio o sulla sua operativit\u00e0.<br \/>\nL\u2019utilizzo di Cookie &#8211; o di altri strumenti di tracciamento &#8211; da parte di questo sito o dei titolari dei servizi terzi utilizzati da questo sito, ove non diversamente precisato, ha la finalit\u00e0 di fornire il servizio richiesto dall&#8217;utente, oltre alle ulteriori finalit\u00e0 descritte nel presente documento e nella Cookie Policy.<br \/>\nL&#8217;utente si assume la responsabilit\u00e0 dei dati personali di terzi ottenuti, pubblicati o condivisi mediante questo sito e garantisce di avere il diritto di comunicarli o diffonderli, liberando il Titolare da qualsiasi responsabilit\u00e0 verso terzi.<\/p>\n<h3>Modalit\u00e0 e luogo del trattamento dei dati raccolti<\/h3>\n<p><strong>Modalit\u00e0 di trattamento<\/strong><br \/>\nIl Titolare adotta le opportune misure di sicurezza volte ad impedire l\u2019accesso, la divulgazione, la modifica o la distruzione non autorizzate dei dati personali.<br \/>\nIl trattamento viene effettuato mediante strumenti informatici e\/o telematici, con modalit\u00e0 organizzative e con logiche strettamente correlate alle finalit\u00e0 indicate.<br \/>\nOltre al Titolare, in alcuni casi, potrebbero avere accesso ai dati altri soggetti coinvolti nell\u2019organizzazione di questo sito (personale amministrativo, commerciale, marketing, legali, amministratori di sistema) ovvero soggetti esterni (come fornitori di servizi tecnici terzi, corrieri postali, hosting provider, societ\u00e0 informatiche, agenzie di comunicazione) nominati anche, se necessario, Responsabili del Trattamento da parte del Titolare.<br \/>\nL\u2019elenco aggiornato dei responsabili potr\u00e0 sempre essere richiesto al Titolare del trattamento.<\/p>\n<p><strong>Base giuridica del trattamento<\/strong><br \/>\nIl Titolare tratta dati personali relativi all\u2019utente in caso sussista una delle seguenti condizioni:<\/p>\n<p>L\u2019utente ha prestato il consenso per una o pi\u00f9 finalit\u00e0 specifiche;<br \/>\n<strong>NB<\/strong>: in alcuni ordinamenti il Titolare pu\u00f2 essere autorizzato a trattare dati personali senza che debba sussistere il consenso dell\u2019utente o un\u2019altra delle basi giuridiche specificate di seguito, fino a quando l\u2019utente non si opponga (\u201copt-out\u201d) a tale trattamento.<br \/>\nCi\u00f2 non \u00e8 tuttavia applicabile qualora il trattamento di dati personali sia regolato dalla legislazione europea in materia di protezione dei dati personali;<br \/>\n&#8211; il trattamento \u00e8 necessario all&#8217;esecuzione di un contratto con l\u2019Utente e\/o all&#8217;esecuzione di misure precontrattuali;<br \/>\n&#8211; il trattamento \u00e8 necessario per adempiere un obbligo legale al quale \u00e8 soggetto il Titolare;<br \/>\n&#8211; il trattamento \u00e8 necessario per l&#8217;esecuzione di un compito di interesse pubblico o per l&#8217;esercizio di pubblici poteri di cui \u00e8 investito il Titolare;<br \/>\n&#8211; il trattamento \u00e8 necessario per il perseguimento del legittimo interesse del Titolare o di terzi.<br \/>\n\u00c8 comunque sempre possibile richiedere al Titolare di chiarire la concreta base giuridica di ciascun trattamento ed in particolare di specificare se il trattamento sia basato sulla legge, previsto da un contratto o necessario per concludere un contratto.<\/p>\n<p><strong>Luogo<\/strong><br \/>\nI dati sono trattati presso le sedi operative del Titolare ed in ogni altro luogo in cui le parti coinvolte nel trattamento siano localizzate.<br \/>\nPer ulteriori informazioni, contattare il Titolare.<br \/>\nI dati personali dell\u2019utente potrebbero essere trasferiti in un paese diverso da quello in cui l\u2019utente si trova. Per ottenere ulteriori informazioni sul luogo del trattamento l\u2019utente pu\u00f2 fare riferimento alla sezione relativa ai dettagli sul trattamento dei dati personali.<\/p>\n<p>L\u2019utente ha diritto a ottenere informazioni in merito alla base giuridica del trasferimento dei propri dati al di fuori dell\u2019Unione Europea o ad un\u2019organizzazione internazionale di diritto internazionale pubblico o costituita da due o pi\u00f9 paesi, come ad esempio l\u2019ONU, nonch\u00e9 in merito alle misure di sicurezza adottate dal Titolare per proteggere i dati.<\/p>\n<p>L\u2019utente pu\u00f2 verificare se abbia luogo uno dei trasferimenti appena descritti esaminando la sezione di questo documento relativa ai dettagli sul trattamento di dati personali o chiedere informazioni al Titolare contattandolo agli estremi riportati in apertura.<\/p>\n<p><strong>Periodo di conservazione<\/strong><br \/>\nI dati sono trattati e conservati per il tempo richiesto dalle finalit\u00e0 per le quali sono stati raccolti.<\/p>\n<p>Pertanto:<\/p>\n<p>I dati personali raccolti per scopi collegati all\u2019esecuzione di un contratto tra il Titolare e l\u2019Utente saranno trattenuti sino a quando sia completata l\u2019esecuzione di tale contratto.<br \/>\nI dati personali raccolti per finalit\u00e0 riconducibili all\u2019interesse legittimo del Titolare saranno trattenuti sino al soddisfacimento di tale interesse.<br \/>\nL\u2019utente pu\u00f2 ottenere ulteriori informazioni in merito all\u2019interesse legittimo perseguito dal Titolare nelle relative sezioni di questo documento o contattando il Titolare.<br \/>\nQuando il trattamento \u00e8 basato sul consenso dell\u2019utente, il Titolare pu\u00f2 conservare i dati personali pi\u00f9 a lungo sino a quando detto consenso non venga revocato.<br \/>\nInoltre, il Titolare potrebbe essere obbligato a conservare i dati personali per un periodo pi\u00f9 lungo in ottemperanza ad un obbligo di legge o per ordine di un\u2019autorit\u00e0.<\/p>\n<p>Al termine del periodo di conservazione i dati personali saranno cancellati.<br \/>\nPertanto, alla scadenza di tale termine il diritto di accesso, cancellazione, rettificazione ed il diritto alla portabilit\u00e0 dei dati non potranno pi\u00f9 essere esercitati.<\/p>\n<h3>Finalit\u00e0 del Trattamento dei Dati raccolti<\/h3>\n<p>I dati dell\u2019utente sono raccolti per consentire al Titolare di fornire il Servizio, adempiere agli obblighi di legge, rispondere a richieste o azioni esecutive, tutelare i propri diritti ed interessi (o quelli di Utenti o di terze parti), individuare eventuali attivit\u00e0 dolose o fraudolente, nonch\u00e9 per le seguenti finalit\u00e0: Contattare l&#8217;Utente, Gestione dei tag, Visualizzazione di contenuti da piattaforme esterne e Statistica.<\/p>\n<p>Per ottenere informazioni dettagliate sulle finalit\u00e0 del trattamento e sui dati personali trattati per ciascuna finalit\u00e0, l\u2019Utente pu\u00f2 fare riferimento alla sezione \u201cDettagli sul trattamento dei Dati Personali\u201d.<\/p>\n<h3>Dettagli sul trattamento dei Dati Personali<\/h3>\n<p>I dati personali sono raccolti per le seguenti finalit\u00e0 ed utilizzando i seguenti servizi:<\/p>\n<p><strong>Contattare l&#8217;Utente<\/strong><br \/>\n<strong>Moduli di contatto<\/strong> presenti in questo sito<br \/>\nL\u2019utente, compilando con i propri dati un modulo di contatto, acconsente al loro utilizzo per rispondere alle richieste di informazioni, di preventivo, o di qualunque altra natura indicata dall\u2019intestazione del modulo.<br \/>\nDati personali trattati: Codice Fiscale, cognome e nome, email, ID Utente, numero di telefono, Partita IVA, ragione sociale, preferenze, dati facoltativi inseriti spontaneamente dall&#8217;utente nella text-area dei moduli di contatto.<\/p>\n<p><strong>Statistica<\/strong><br \/>\nI servizi contenuti nella presente sezione permettono al Titolare del trattamento di monitorare e analizzare i dati di traffico e servono a tener traccia del comportamento dell\u2019utente.<\/p>\n<p><strong>Google Analytics<\/strong> (Google Ireland Limited)<br \/>\nGoogle Analytics \u00e8 un servizio di analisi web fornito da Google Ireland Limited (\u201cGoogle\u201d). Google utilizza i dati personali raccolti allo scopo di tracciare ed esaminare l\u2019utilizzo di questo sito, compilare report e condividerli con gli altri servizi sviluppati da Google.<br \/>\nGoogle potrebbe utilizzare i dati personali per contestualizzare e personalizzare gli annunci del proprio network pubblicitario.<br \/>\nDati Personali trattati: Dati di utilizzo, Strumento di Tracciamento.<br \/>\n<strong>Gli indirizzi IP raccolti sono anonimizzati<\/strong>.<\/p>\n<p>Luogo del trattamento: Irlanda \u2013 <a href=\"https:\/\/policies.google.com\/privacy\" target=\"_blank\" rel=\"noopener\">Privacy Policy<\/a> \u2013 <a href=\"https:\/\/tools.google.com\/dlpage\/gaoptout?hl=en\" target=\"_blank\" rel=\"noopener\">Opt Out<\/a>.<\/p>\n<p><strong>Gestione dei tag<\/strong><br \/>\nQuesto tipo di servizi \u00e8 funzionale alla gestione centralizzata dei tag o script utilizzati su questo sito.<br \/>\nL&#8217;uso di tali servizi comporta il fluire dei Dati dell&#8217;Utente attraverso gli stessi e, se del caso, la loro ritenzione.<\/p>\n<p><strong>Google Tag Manager<\/strong> (Google Ireland Limited)<br \/>\nGoogle Tag Manager \u00e8 un servizio di gestione dei tag fornito da Google Ireland Limited.<br \/>\nDati Personali trattati: Dati di utilizzo; Strumento di Tracciamento.<\/p>\n<p>Luogo del trattamento: Irlanda \u2013 <a href=\"https:\/\/policies.google.com\/privacy\" target=\"_blank\" rel=\"noopener\">Privacy Policy<\/a>.<\/p>\n<p><strong>Visualizzazione di contenuti da piattaforme esterne<\/strong><br \/>\nQuesto tipo di servizi permette di visualizzare contenuti ospitati su piattaforme esterne direttamente dalle pagine di questo sito e di interagire con essi.<br \/>\nQuesto tipo di servizio potrebbe comunque raccogliere dati sul traffico web relativo alle pagine dove il servizio \u00e8 installato, anche quando gli utenti non lo utilizzano.<\/p>\n<p><strong>Google Fonts<\/strong> (Google Ireland Limited)<br \/>\nGoogle Fonts \u00e8 un servizio di visualizzazione di stili di carattere gestito da Google Ireland Limited che permette a questo sito di integrare tali contenuti all\u2019interno delle proprie pagine.<br \/>\nDati Personali trattati: Dati di utilizzo, Strumento di Tracciamento.<\/p>\n<p>Luogo del trattamento: Irlanda \u2013 <a href=\"https:\/\/policies.google.com\/privacy\" target=\"_blank\" rel=\"noopener\">Privacy Policy<\/a>.<\/p>\n<p><strong>Google Maps<\/strong> (Google Ireland Limited)<br \/>\nGoogle Maps Google Maps \u00e8 un servizio di visualizzazione di mappe gestito da Google Ireland Limited che permette a questa Applicazione di integrare tali contenuti all\u2019interno delle proprie pagine.<br \/>\nDati Personali trattati: Dati di utilizzo; Strumento di Tracciamento.<\/p>\n<p>Luogo del trattamento: Irlanda \u2013 <a href=\"https:\/\/policies.google.com\/privacy\" target=\"_blank\" rel=\"noopener\">Privacy Policy<\/a>.<\/p>\n<p><strong>Widget Video YouTube<\/strong> (Google Ireland Limited)<br \/>\nYouTube \u00e8 un servizio di visualizzazione di contenuti video gestito da Google Ireland Limited che permette a questo Sito Web di integrare tali contenuti all\u2019interno delle proprie pagine.<\/p>\n<p>Dati Personali trattati: Cookie; Dati di utilizzo.<br \/>\nLuogo del trattamento: Irlanda \u2013 <a href=\"https:\/\/policies.google.com\/privacy?hl=it\" target=\"_blank\" rel=\"noopener\"><strong>Privacy Policy<\/strong><\/a><\/p>\n<h3>Diritti dell\u2019Utente<\/h3>\n<p>Gli utenti possono esercitare determinati diritti con riferimento ai Dati trattati dal Titolare.<\/p>\n<p>In particolare, l\u2019utente ha il diritto di:<\/p>\n<p>&#8211; Revocare il consenso in ogni momento.<br \/>\nL\u2019utente pu\u00f2 revocare il consenso al trattamento dei propri dati personali precedentemente espresso.<\/p>\n<p>&#8211; Opporsi al trattamento dei propri dati. L\u2019utente pu\u00f2 opporsi al trattamento dei propri dati quando esso avviene su una base giuridica diversa dal consenso. Ulteriori dettagli sul diritto di opposizione sono indicati nella sezione sottostante.<\/p>\n<p>&#8211; Accedere ai propri dati. L\u2019utente ha diritto ad ottenere informazioni sui dati trattati dal Titolare, su determinati aspetti del trattamento ed a ricevere una copia dei dati trattati.<\/p>\n<p>&#8211; Verificare e chiedere la rettificazione. L\u2019utente pu\u00f2 verificare la correttezza dei propri dati e richiederne l\u2019aggiornamento o la correzione.<\/p>\n<p>&#8211; Ottenere la limitazione del trattamento. Quando ricorrono determinate condizioni, l\u2019utente pu\u00f2 richiedere la limitazione del trattamento dei propri dati. In tal caso il Titolare non tratter\u00e0 i Dati per alcun altro scopo se non la loro conservazione.<\/p>\n<p>&#8211; Ottenere la cancellazione o rimozione dei propri dati Personali. Quando ricorrono determinate condizioni, l\u2019utente pu\u00f2 richiedere la cancellazione dei propri dati da parte del Titolare.<\/p>\n<p>&#8211; Ricevere i propri dati o farli trasferire ad altro titolare. L\u2019utente ha diritto di ricevere i propri dati in formato strutturato, di uso comune e leggibile da dispositivo automatico e, ove tecnicamente fattibile, di ottenerne il trasferimento senza ostacoli ad un altro titolare. Questa disposizione \u00e8 applicabile quando i dati sono trattati con strumenti automatizzati ed il trattamento \u00e8 basato sul consenso dell\u2019utente, su un contratto di cui l\u2019utente \u00e8 parte o su misure contrattuali ad esso connesse.<br \/>\nproporre reclamo. L\u2019utente pu\u00f2 proporre un reclamo all\u2019autorit\u00e0 di controllo della protezione dei dati personali competente o agire in sede giudiziale.<\/p>\n<h3>Dettagli sul diritto di opposizione<\/h3>\n<p>Quando i dati personali sono trattati nell\u2019interesse pubblico, nell\u2019esercizio di pubblici poteri di cui \u00e8 investito il Titolare oppure per perseguire un interesse legittimo del Titolare, gli utenti hanno diritto ad opporsi al trattamento per motivi connessi alla loro situazione particolare.<\/p>\n<p>Si fa presente agli utenti che, ove i loro dati fossero trattati con finalit\u00e0 di marketing diretto, possono opporsi al trattamento senza fornire alcuna motivazione. Per scoprire se il Titolare tratti dati con finalit\u00e0 di marketing diretto gli Utenti possono fare riferimento alle rispettive sezioni di questo documento.<\/p>\n<h3>Come esercitare i diritti<\/h3>\n<p>Per esercitare i diritti dell\u2019Utente, gli utenti possono indirizzare una richiesta agli estremi di contatto del Titolare indicati in questo documento. Le richieste sono depositate a titolo gratuito e evase dal Titolare nel pi\u00f9 breve tempo possibile, in ogni caso entro un mese.<\/p>\n<h3>Cookie Policy<\/h3>\n<p>Questo sito fa utilizzo di Strumenti di Tracciamento. Per saperne di pi\u00f9, l\u2019utente pu\u00f2 consultare la Cookie Policy.<\/p>\n<h3>Ulteriori informazioni sul trattamento<\/h3>\n<p><strong>Difesa in giudizio<\/strong><br \/>\nI dati personali dell\u2019utente possono essere utilizzati da parte del Titolare in giudizio o nelle fasi preparatorie alla sua eventuale instaurazione per la difesa da abusi nell&#8217;utilizzo di questo sito o dei servizi connessi da parte dell\u2019utente.<br \/>\nL\u2019utente dichiara di essere consapevole che il Titolare potrebbe essere obbligato a rivelare i dati per ordine delle autorit\u00e0 pubbliche.<\/p>\n<h3>Informative specifiche<\/h3>\n<p>Su richiesta dell\u2019utente, in aggiunta alle informazioni contenute in questa privacy policy, questo sito potrebbe fornire all&#8217;utente delle informative aggiuntive e contestuali riguardanti servizi specifici, o la raccolta ed il trattamento di dati personali.<\/p>\n<h3>Log di sistema e manutenzione<\/h3>\n<p>Per necessit\u00e0 legate al funzionamento ed alla manutenzione, questo sito e gli eventuali servizi terzi da essa utilizzati potrebbero raccogliere log di sistema, ossia file che registrano le interazioni e che possono contenere anche dati personali, quali l\u2019indirizzo IP Utente.<\/p>\n<p><strong>Informazioni non contenute in questa policy<\/strong><br \/>\nUlteriori informazioni in relazione al trattamento dei Dati Personali potranno essere richieste in qualsiasi momento al Titolare del Trattamento utilizzando gli estremi di contatto.<\/p>\n<p><strong>Risposta alle richieste \u201cDo Not Track\u201d<\/strong><br \/>\nQuesta Applicazione non supporta le richieste \u201cDo Not Track\u201d.<br \/>\nPer scoprire se gli eventuali servizi di terze parti utilizzati le supportino, l&#8217;Utente \u00e8 invitato a consultare le rispettive privacy policy.<\/p>\n<p><strong>Modifiche a questa privacy policy<\/strong><br \/>\nIl Titolare del Trattamento si riserva il diritto di apportare modifiche alla presente privacy policy in qualunque momento notificandolo agli utenti su questa pagina e, se possibile, qualora tecnicamente e legalmente fattibile, inviando una notifica agli utenti attraverso uno degli estremi di contatto di cui \u00e8 in possesso.<\/p>\n<p>Qualora le modifiche interessino trattamenti la cui base giuridica \u00e8 il consenso, il Titolare provveder\u00e0 a raccogliere nuovamente il consenso dell\u2019Utente, se necessario.<\/p>\n<h3>Sicurezza di navigazione e inserimento dati personali<\/h3>\n<p>Per assicurare la totale sicurezza durante la navigazione e l\u2019inserimento di dati personali che precedono la transazione vera e propria, Risarcimento Assistito utilizza la tecnologia SSL (Secure Socket Layer).<\/p>\n<p>Questa tecnologia cifra e protegge i dati inviati tramite internet.<\/p>\n<p>A protocollo SSL attivato , comparir\u00e0 nella parte superiore del browser un lucchetto con la barra degli indirizzi di colore verde, e cliccando si otterranno informazioni sulla registrazione del certificato digitale SSL.<\/p>\n<p>Inoltre, nella parte superiore del browser, l\u2019URL inizier\u00e0 con \u201chttps\u201d invece di \u201chttp\u201d, questo assicura la protezione dei dati per la pagina in cui il cliente si trova.<br \/>\n&#8212;&#8211;<\/p>\n<h2>Privacy Reg. UE 679\/2016<\/h2>\n<p>Informativa sulla protezione dati personali resa sensi dell&#8217;art. 13 del Reg. UE 679\/2016 (Regolamento europeo sulla protezione dei dati personali) rivolta a coloro che interagiscono con i servizi web forniti dal sito ma non anche per altri siti web eventualmente consultati dall&#8217;utente tramite link.<\/p>\n<p><strong>Politiche di sicurezza adottate nel nostro sito e Informativa Utente<\/strong><\/p>\n<p><strong>Dati forniti volontariamente dall\u2019utente<\/strong>.<\/p>\n<p>Possono essere raccolte le seguenti categorie di dati personali:<br \/>\n&#8211; Dati di contatto: cognome, nome, luogo e data di nascita, codice fiscale, indirizzo, numero di<br \/>\ntelefono, numero di cellulare, indirizzo email, partita iva.<br \/>\n&#8211; Altri dati personali: informazioni in merito alla attivit\u00e0 economica e relative informazioni, dati bancari ecc<br \/>\n&#8211; Utilizzo del sito web: informazioni relative alle modalit\u00e0 con cui utilizza il nostro sito: il nostro sito fa uso di file di log<br \/>\nnei quali vengono conservate informazioni raccolte in maniera automatizzata durante le visite degli utenti.<br \/>\nLe informazioni raccolte potrebbero essere le seguenti:<br \/>\n&#8211; indirizzo internet protocol (IP)<br \/>\n&#8211; tipo di browser e parametri del dispositivo usato per connettersi al sito<br \/>\n&#8211; nome dell&#8217;internet service provider (ISP)<br \/>\n&#8211; data e orario di visita<br \/>\n&#8211; pagina web di provenienza del visitatore<br \/>\n&#8211; eventualmente il numero di click<\/p>\n<p>Le suddette informazioni sono trattate in forma automatizzata e raccolte in forma esclusivamente aggregata al<br \/>\nfine di verificare il corretto funzionamento del sito e per motivi di sicurezza.<br \/>\nA fini di sicurezza (filtri antispam, firewall, rilevazione virus), i dati registrati automaticamente possono eventualmente comprendere anche dati personali come l&#8217;indirizzo Ip, che potrebbe essere utilizzato, al fine di bloccare tentativi di danneggiamento al sito medesimo o di recare danno ad altri utenti, o comunque attivit\u00e0 dannose o costituenti reato. Tali dati non sono mai utilizzati per l&#8217;identificazione o la profilazione dell&#8217;utente, ma solo a fini di tutela del sito e dei suoi utenti.<\/p>\n<p>Boutique dell&#8217;Arte non richiede di fornire, secondo quanto previsto dall\u2019art. 9 del GDPR, dati personali che rivelino l&#8217;origine razziale o etnica, le opinioni politiche, le convinzioni religiose o filosofiche, o l&#8217;appartenenza sindacale, dati genetici, dati biometrici intesi a identificare in modo univoco una persona fisica, dati relativi alla salute o alla vita sessuale o all&#8217;orientamento sessuale della persona. <\/p>\n<p>L&#8217;invio facoltativo, esplicito e volontario di posta elettronica agli indirizzi indicati su questo sito comporta la successiva acquisizione dell&#8217;indirizzo del mittente, necessario per dare risposta alle richieste, nonch\u00e9 degli eventuali altri dati personali inseriti nella missiva.<\/p>\n<p>Il trattamento a cui saranno sottoposti i dati personali di cui sopra ha unicamente lo scopo di permettere alla nostra Societ\u00e0, Titolare del trattamento, di rispondere a domande, dubbi, richieste di chiarimenti, o per accogliere i suggerimenti degli utenti.<\/p>\n<p>I dati non saranno soggetti a diffusione e potranno essere conosciuti da collaboratori della nostra Societ\u00e0 specificatamente autorizzati a trattarli, in qualit\u00e0 di Responsabili o Incaricati.<\/p>\n<p>La normativa sulla privacy (artt. 15-22 del Regolamento) garantisce all\u2019Interessato il diritto di accedere in ogni momento ai dati che lo riguardano, nonch\u00e9 di richiedere la loro rettifica e\/o integrazione, se inesatti o incompleti, la loro cancellazione o la limitazione del loro trattamento, se ne ricorrono i presupposti, di opporsi al trattamento per motivi legati alla situazione particolare dell\u2019Interessato, di richiedere la portabilit\u00e0 dei dati forniti, ove trattati in modo automatizzato e sulla base del consenso o per l\u2019esecuzione di un contratto, nei limiti di quanto previsto dal Regolamento (art. 20).<\/p>\n<p><strong>Titolare del trattamento<\/strong> \u00e8 Dina Saottini, Legale Rappresentante \u2013 via A. Gandhi, 17 \u2013 25015 Desenzano del Garda (BS), a Sua disposizione per ogni eventuale dubbio o chiarimento: a tale scopo potr\u00e0 contattarla al recapito\u00a0info@boutiquedellarte.it\u00a0e al quale potr\u00e0 rivolgersi, oltre che per l\u2019esercizio dei Suoi diritti, anche per conoscere l\u2019elenco aggiornato delle categorie dei destinatari dei dati.\u00a0 \u2028<\/p>\n<p>Resta fermo il Suo diritto di presentare reclamo all\u2019Autorit\u00e0 italiana, il Garante Privacy, ove ritenuto necessario per la tutela dei Suoi dati personali e dei Suoi diritti in materia. <\/p>\n<p>Specifiche informative di sintesi verranno progressivamente riportate o visualizzate nelle pagine del sito predisposte per particolari servizi a richiesta. <\/p>\n<p>L&#8217;utente \u00e8 libero di fornire i dati personali riportati nei moduli di richiesta o comunque indicati nel corso di contatti con l&#8217;Ufficio aziendale per sollecitare l&#8217;invio di materiale informativo o di altre comunicazioni. <\/p>\n<p>Il loro mancato conferimento pu\u00f2 comportare l&#8217;impossibilit\u00e0 di ottenere quanto richiesto.\u2028\u2028 <\/p>\n<p><strong>Dati di navigazione<\/strong> \u2028<\/p>\n<p>I sistemi informatici e le procedure software preposte al funzionamento di questo sito web acquisiscono, nel corso del loro normale esercizio, alcuni dati personali la cui trasmissione \u00e8 implicita nell&#8217;uso dei protocolli di comunicazione di Internet.<br \/>\nSi tratta di informazioni che non sono raccolte per essere associate a interessati identificati ma che per loro stessa natura potrebbero permettere, attraverso elaborazioni ed associazioni con dati detenuti da terzi, di identificare gli utenti.<br \/>\nIn questa categoria di dati rientrano gli indirizzi IP o i nomi a dominio dei computer utilizzati dagli utenti che si connettono al sito, gli indirizzi in notazione URI (Uniform Resource Identifier) delle risorse richieste, l&#8217;orario della richiesta, il metodo utilizzato nel sottoporre la richiesta al server, la dimensione del file ottenuto in risposta, il codice numerico indicante lo stato della risposta data dal server (buon fine, errore, ecc.) ed altri parametri relativi al sistema operativo e all&#8217;ambiente informatico dell&#8217;utente.<br \/>\nQuesti dati vengono utilizzati al solo fine di ricavare informazioni statistiche anonime sull&#8217;uso del sito, per controllarne il corretto funzionamento e vengono periodicamente cancellati.<br \/>\nI dati potrebbero essere utilizzati per l&#8217;accertamento di responsabilit\u00e0 in caso di ipotetici reati informatici. <\/p>\n<p><strong>Modalit\u00e0 del trattamento<\/strong> \u2028<\/p>\n<p>I dati personali sono trattati con strumenti automatizzati per il tempo strettamente necessario a conseguire gli scopi per cui sono stati raccolti.\u00a0\u2028<br \/>\nSpecifiche misure di sicurezza sono osservate per prevenire la perdita dei dati, usi illeciti o non corretti ed accessi non autorizzati.\u2028\u2028 <\/p>\n<p>Conserviamo i dati personali solo per il tempo necessario al conseguimento delle finalit\u00e0 per le quali sono stati raccolti o per qualsiasi altra finalit\u00e0 collegata.<br \/>\nPertanto se i dati personali sono trattati per due differenti finalit\u00e0, conserveremo tali dati fino a che non cesser\u00e0 la finalit\u00e0 con il termine pi\u00f9 lungo, tuttavia non tratteremo pi\u00f9 i dati personali per quella finalit\u00e0 il cui periodo di conservazione sia venuto meno.<\/p>\n<p><strong>Politiche Privacy<\/strong> <\/p>\n<p>La nostra Societ\u00e0\u00a0tratta dati personali di terzi &#8211; clienti effettivi e potenziali, collaboratori, &#8211; adottando da sempre ogni misura necessaria per garantire la riservatezza e la sicurezza dei dati trattati.<br \/>\nAgli addetti che trattano dati personali sono state fornite istruzioni specifiche e sono destinatari di un piano di formazione ed aggiornamento continuo; La Societ\u00e0 acquisisce i soli dati personali strettamente necessari all\u2019espletamento dei servizi richiesti o delle finalit\u00e0 per cui sono stati raccolti fornendo specifica informativa; <\/p>\n<p>Al fine di garantire l\u2019esercizio dei diritti previsti dagli artt. 15-22 del Regolamento (accesso alle informazioni ed altri diritti) e per fornire ogni ulteriore indicazione in materia di protezione dei dati personali, ciascun interessato pu\u00f2 prendere contatto con il Responsabile per la protezione dei dati scrivendo a info@boutiquedellarte.it, per ottenere la conferma dell&#8217;esistenza o meno di dati personali che lo riguardano, anche se non ancora registrati, e la loro comunicazione in forma intelligibile. \u2028 <\/p>\n<p>Rivolgendosi al Responsabile per il riscontro l&#8217;interessato ha inoltre la possibilit\u00e0 di:<br \/>\n&#8211; ottenere l&#8217;indicazione sull&#8217;origine, sulle finalit\u00e0 e sulle modalit\u00e0 di trattamento dei dati che lo riguardano;<br \/>\n&#8211; ottenere la cancellazione, la trasformazione in forma anonima, la limitazione del trattamento, l&#8217;aggiornamento, la rettifica e\/o l&#8217;integrazione dei dati;<br \/>\n&#8211; opporsi per motivi legittimi al trattamento dei dati personali, previsto a fini di vendita, di invio di materiale pubblicitario e di ricerche di mercato;<br \/>\n&#8211; ottenere informazioni circa i soggetti o le categorie di soggetti cui i dati vengono comunicati o che possono venirne a conoscenza, in qualit\u00e0 di Responsabili o di Incaricati;<br \/>\n&#8211; ottenere informazioni circa i soggetti che possono venirne a conoscenza in qualit\u00e0 di Responsabili o di Incaricati, anche a seguito di attivit\u00e0 prestate da altre societ\u00e0 del Gruppo sulla base di contratti di service;<br \/>\n&#8211; richiedere la portabilit\u00e0 dei dati da Lei forniti, ove trattati in modo automatizzato e sulla base del consenso o di un contratto di cui l\u2019Interessato sia parte, nei limiti di quanto previsto dal Regolamento (art. 20).\u2028\u2028 <\/p>\n<p><strong>Informative consenso<\/strong> <\/p>\n<p>Di seguito riportiamo l\u2019elenco delle informative:\u2028<\/p>\n<p>Informativa trattamento dati comuni\u2028 Informativa ai sensi del Regolamento (UE) n. 679\/2016 \u2013 Regolamento europeo sulla protezione dei dati In conformit\u00e0 all&#8217;art. 13 del Regolamento (UE) n. 679\/2016 \u2013 Regolamento europeo sulla protezione dei dati (di seguito \u201cil Regolamento\u201d), la sottoscritta Societ\u00e0 &#8211; in qualit\u00e0 di Titolare &#8211; La informa sull&#8217;uso dei Suoi dati personali e sui Suoi diritti.<br \/>\n<strong>1)<\/strong> <strong>Finalit\u00e0 del trattamento dei dati personali<\/strong> La Societ\u00e0 tratta i dati personali da Lei forniti al fine di poter dare esecuzione al presente incarico per la riparazione, fornitura di beni o la prestazione d&#8217;opera o di servizi. Il conferimento dei dati potr\u00e0 essere obbligatorio in base alla legge, regolamento o normativa comunitaria o strettamente necessario per adempiere agli obblighi connessi ai predetti incarichi e pertanto, qualora Lei non intenda fornire i dati richiesti, non sar\u00e0 possibile assolvere a tali obblighi.<br \/>\nIl rilascio facoltativo di alcuni ulteriori dati relativi a Suoi recapiti pu\u00f2, inoltre, risultare utile per agevolare l\u2019invio di avvisi e comunicazioni di servizio. <\/p>\n<p><strong>2) Modalit\u00e0 di trattamento dei dati personali<\/strong> Il trattamento dei dati pu\u00f2 essere effettuato anche con l&#8217;ausilio di mezzi elettronici o comunque automatizzati, con modalit\u00e0 e procedure strettamente necessarie al perseguimento delle finalit\u00e0 sopradescritte ed in modo da garantire la sicurezza dei dati stessi. <\/p>\n<p><strong>3) Comunicazione e diffusione dei dati personali<\/strong> I Suoi dati non saranno soggetti a diffusione n\u00e9 verranno comunicati a terzi; essi saranno trattati con idonee modalit\u00e0 e procedure, anche informatiche e telematiche, solo dal personale incaricato delle strutture della nostra Societ\u00e0 preposte alla fornitura del servizio di riparazione dei cristalli, essi saranno custoditi nel pieno rispetto delle misure di sicurezza previste dalla normativa relativa alla protezione dei dati personali e saranno conservati per i tempi previsti dalla normativa in materia di conservazione di documenti a fini amministrativi, contabili, fiscali, contrattuali. <\/p>\n<p><strong>4) Diritti dell&#8217;interessato<\/strong> La normativa sulla privacy (artt. 15-22 del Regolamento) Le garantisce il diritto di accedere in ogni momento ai dati che La riguardano, nonch\u00e9 alla loro rettifica e\/o integrazione, se inesatti o incompleti, alla loro cancellazione o alla limitazione del loro trattamento, se ne ricorrono i presupposti, all\u2019opposizione al loro trattamento per motivi legati alla Sua situazione particolare, alla portabilit\u00e0 dei dati da Lei forniti, ove trattati in modo automatizzato per le prestazioni contrattuali da Lei richieste, nei limiti di quanto previsto dal Regolamento (art. 20). <\/p>\n<p>Titolare del trattamento dei Suoi dati \u00e8 Dina Saottini, con sede legale in via A. Gandhi, 17, 25015 Desenzano del Garda (BS) \u2013\u00a0info@boutiquedellarte.it, in persona del legale rappresentante Dina Saottini in qualit\u00e0 di titolare del trattamento. Il \u201ctitolare per la protezione dei dati\u201d \u00e8 a Sua disposizione per ogni eventuale dubbio o chiarimento: a tale scopo potr\u00e0 contattarlo presso l\u2019indicata sede al quale potr\u00e0 rivolgersi, oltre che per l\u2019esercizio dei Suoi diritti, anche per conoscere l\u2019elenco aggiornato delle categorie dei destinatari dei dati. Resta fermo il Suo diritto di presentare reclamo all\u2019Autorit\u00e0 italiana, il Garante Privacy, ove ritenuto necessario per la tutela dei Suoi dati personali e dei Suoi diritti in materia.<\/p>\n<h1>Privacy D.Lgs. 196\/2003<\/h1>\n<p>La salvaguardia della riservatezza dei dati personali costituisce per Boutique dell&#8217;Arte un impegno primario; per tale ragione le nostre attivit\u00e0 Web vengono gestite in accordo con le leggi sulla protezione e sulla sicurezza dei dati.<br \/>\nIl presente documento, denominato &#8220;Privacy&#8221;, contiene informazioni relative alla raccolta e alla gestione dei dati relativi agli utenti da parte di <a href=\"https:\/\/www.boutiquedellarte.it\/\">boutiquedellarte.it<\/a>.<br \/>\nQuesta Policy potr\u00e0 essere modificata o aggiornata per adeguarsi alle caratteristiche dei servizi offerti da <a href=\"https:\/\/www.boutiquedellarte.it\/\">boutiquedellarte.it<\/a> .<br \/>\nAi sensi dell&#8217;art.13 del D.Lgs. 196\/2003 si dichiara quanto segue:<br \/>\n<strong>Raccolta e utilizzo dei dati personali<\/strong>.<br \/>\nRaccogliamo informazioni riguardanti il profilo dei nostri visitatori: informazioni personali (nome, societ\u00e0, indirizzo e-mail, ecc.) fornitoci volontariamente dall&#8217;utente. Il trattamento che verr\u00e0 compiuto sui dati personali forniti potr\u00e0 comprendere le seguenti attivit\u00e0: raccolta, registrazione, organizzazione, conservazione, elaborazione, modificazione, comunicazione, cancellazione e distruzione. La finalit\u00e0 del trattamento ha il solo scopo di poter erogare le nostre prestazioni di servizi e consentire la necessaria gestione, oltre l&#8217;esercizio di attivit\u00e0 che comprendono a titolo esemplificativo:<\/p>\n<ol>\n<li>elaborazione di dati per statistiche interne;<\/li>\n<li>attivit\u00e0 operative per la gestione interna. La compilazione di moduli, (form) o l&#8217;invio di messaggi mediante il sito <a href=\"https:\/\/www.boutiquedellarte.it\/\">boutiquedellarte.it<\/a> comporta il consenso al trattamento dei dati personali forniti e per le finalit\u00e0 sopra citate.<br \/>\nLe informazioni che verranno raccolte attraverso i vari moduli di iscrizione a servizi di <a href=\"https:\/\/www.boutiquedellarte.it\">www.boutiquedellarte.it<\/a> saranno trattate, protette e controllate, nel rispetto delle misure di sicurezza, con mezzi in grado di prevenire il rischio di perdita o distruzione, di accesso non autorizzato o di trattamento non consentito, ovvero di lesione all&#8217;integrit\u00e0 o alla riservatezza dei dati.<\/li>\n<\/ol>\n<p>Boutique dell&#8217;Arte si riserva la facolt\u00e0 di fornire i dati raccolti a soggetti terzi, ad essa legati per servizi di gestione, mantenimento e funzionamento del suo sito internet oltre che per esigenze interne e per ottemperanza ad obblighi di legge. Sui terzi cos\u00ec individuati, comunque, grava il divieto di utilizzare le informazioni, a cui possono accedere (al fine di fornire i servizi sopra elencati), per fini diversi dalla fornitura del servizio stesso.<\/p>\n<ol start=\"3\">\n<li><strong>Sicurezza nella trasmissione dei dati<\/strong>.<br \/>\nIn ottemperanza a quanto richiesto dal disciplinare tecnico in materia di misure minime di sicurezza (Artt. da 33 a 36 del codice sulla Privacy), il sito di <a href=\"https:\/\/www.boutiquedellarte.it\/\">boutiquedellarte.it<\/a> ha messo in atto procedure fisiche, elettroniche e manageriali per salvaguardare e assicurare la sicurezza delle informazioni che l&#8217;utente ha fornito on line, da perdita, utilizzo improprio o errato nonch\u00e9 da alterazione.<\/li>\n<\/ol>\n<p>E&#8217; importante ricordare che i dati personali vengono forniti al sito attraverso internet viaggiando attraverso sistemi che non sono controllabili o controllati da Boutique dell&#8217;Arte e potrebbero essere intercettati da terzi non autorizzati.<\/p>\n<ol start=\"4\">\n<li>Links esterni al sito web <a href=\"https:\/\/www.boutiquedellarte.it\/\">www.boutiquedellarte.it<\/a> potrebbero contenere links ad altri siti web, gestiti da societ\u00e0 collegate o non collegate. Quest&#8217;ultima non \u00e8 responsabile per i contenuti ed il rispetto della normativa sulla Privacy da parte di siti collegati a cui si \u00e8 fatto riferimento. Si consiglia pertanto di leggere attentamente la dichiarazione sulla privacy di ciascun sito visitato.<\/li>\n<li><strong>Diritti degli interessati<\/strong>. Accesso ai dati e reclami. Gli artt.7 e 8 del D.Lgs. 196\/2003 stabiliscono i diritti e le facolt\u00e0 che possono essere esercitate in merito al trattamento dei dati conferiti. In particolare l&#8217;interessato pu\u00f2 ottenere dal titolare la conferma dell&#8217;esistenza o meno di propri dati personali e che tali vengano messi a disposizione in forma comprensibile. L&#8217;interessato pu\u00f2 altres\u00ec chiedere di conoscere l&#8217;origine dei dati, nonch\u00e9 la logica e le finalit\u00e0 su cui si basa il trattamento.<\/li>\n<\/ol>\n<p><a href=\"https:\/\/www.boutiquedellarte.it\/\">www.boutiquedellarte.it<\/a> si impegna ad un&#8217;equa e rapida risoluzione all&#8217;insorgere di qualsiasi controversia sulla politica della privacy.<\/p>\n<ol start=\"6\">\n<li>Consenso espresso dell&#8217;interessato Ai sensi degli artt. 23 e 24 del D.Lgs. 196\/2003, viene richiesto il consenso espresso dell&#8217;interessato all&#8217;utilizzo dei dati da parte di <a href=\"https:\/\/www.boutiquedellarte.it\/\">www.boutiquedellarte.it<\/a> per finalit\u00e0 diverse da quelle precedentemente indicate, ed in particolare: elaborazione di ricerche di mercato interne e statistiche.<\/li>\n<\/ol>\n<h2><strong>TUTELA DEI DATI PERSONALI<\/strong><\/h2>\n<p>Ai sensi dell&#8217;art. 13, D.lgs. n. 196\/03 e successive modifiche ed integrazioni (\u201cCodice Privacy\u201d), La informiamo che i suoi dati personali saranno trattati, anche con strumenti elettronici, da Boutique dell&#8217;Arte, con sede legale in via A. Gandhi, 17, 25015 Desenzano del Garda (BS) &#8211; <a href=\"mailto:info@boutiquedellarte.it\">info@boutiquedellarte.it<\/a>, in persona del legale rappresentante Dina Saottini in qualit\u00e0 di titolare del trattamento ai fini dell\u2019esecuzione dei contratti, dell\u2019evasione delle richieste e della prestazione dei servizi da Lei richiesti, nonch\u00e9 per l\u2019adempimento di obblighi previsti da leggi e regolamenti, nazionali e\/o comunitari. La mancata compilazione dei campi obbligatori contrassegnati con un asterisco [*] comporter\u00e0 l\u2019impossibilit\u00e0 per Boutique dell&#8217;Arte di proseguire la fornitura dei servizi da Lei richiesti. In relazione a tale finalit\u00e0, Le sar\u00e0 chiesto di prestare il Suo consenso al relativo trattamento. La informiamo che potr\u00e0 in ogni momento esercitare i diritti di cui all\u2019articolo 7, Codice Privacy, inviando una e-mail a info@boutiquedellarte.it La invitiamo in ogni caso ad aggiornare i Suoi dati in caso di variazioni, nonch\u00e9 a prendere visione del testo completo dell\u2019informativa sotto riportato.\u2028Trascrizione dell\u2019art. 13 D. Lgs. 30 giugno 2003, n. 196<\/p>\n<h3>1 &#8211; INFORMATIVA<\/h3>\n<p><strong>1<\/strong>\u00a0L\u2019interessato o la persona presso la quale sono raccolti i dati personali, sono previamente informati oralmente o per iscritto circa: <\/p>\n<p><strong>1.1<\/strong> le finalit\u00e0 e le modalit\u00e0 del trattamento cui sono destinati i dati;<br \/>\n<strong>1.2<\/strong> la natura obbligatoria o facoltativa del conferimento dei dati;<br \/>\n<strong>1.3<\/strong> le conseguenze di un eventuale rifiuto di rispondere;<br \/>\n<strong>1.4<\/strong> i soggetti o le categorie di soggetti ai quali i dati personali possono essere comunicati o che possono venirne a conoscenza in qualit\u00e0 di responsabili o incaricati, e l&#8217;ambito di diffusione dei dati medesimi;<br \/>\n<strong>1.5<\/strong> i diritti di cui all&#8217;articolo 7;<br \/>\n<strong>1.6<\/strong> gli estremi identificativi del titolare e, se designati, del rappresentante nel territorio dello Stato ai sensi dell&#8217;articolo 5 e del responsabile. Quando il titolare ha designato pi\u00f9 responsabili \u00e8 indicato almeno uno di essi, indicando il sito della rete di comunicazione o le modalit\u00e0 attraverso le quali \u00e8 conoscibile in modo agevole l&#8217;elenco aggiornato dei responsabili. Quando \u00e8 stato designato un responsabile per il riscontro all&#8217;interessato in caso di esercizio dei diritti di cui all&#8217;articolo 7, \u00e8 indicato tale responsabile. <\n\n\nstrong>2<\/strong> L&#8217;informativa di cui al comma 1 contiene anche gli elementi previsti da specifiche disposizioni del presente codice e pu\u00f2 non comprendere gli elementi gi\u00e0 noti alla persona che fornisce i dati o la cui conoscenza pu\u00f2 ostacolare in concreto l&#8217;espletamento, da parte di un soggetto pubblico, di funzioni ispettive o di controllo svolte per finalit\u00e0 di difesa o sicurezza dello Stato oppure di prevenzione, accertamento o repressione di reati. <\/p>\n<p><strong>3<\/strong> Il Garante pu\u00f2 individuare con proprio provvedimento modalit\u00e0 semplificate per l&#8217;informativa fornita in particolare da servizi telefonici di assistenza e informazione al pubblico. <\/p>\n<p><strong>4<\/strong> Se i dati personali non sono raccolti presso l&#8217;interessato, l&#8217;informativa di cui al comma 1, comprensiva delle categorie di dati trattati, \u00e8 data al medesimo interessato all&#8217;atto della registrazione dei dati o, quando \u00e8 prevista la loro comunicazione, non oltre la prima comunicazione. <\/p>\n<p><strong>5<\/strong> La disposizione di cui al comma 4 non si applica quando:<br \/>\n<strong>5.1<\/strong> i dati sono trattati in base ad un obbligo previsto dalla legge, da un regolamento o dalla normativa comunitaria;<br \/>\n<strong>5.2<\/strong> i dati sono trattati ai fini dello svolgimento delle investigazioni difensive di cui alla legge 7 dicembre 2000, n. 397, o, comunque, per far valere o difendere un diritto in sede giudiziaria, sempre che i dati siano trattati esclusivamente per tali finalit\u00e0 e per il periodo strettamente necessario al loro perseguimento;<br \/>\n<strong>5.3<\/strong> l&#8217;informativa all&#8217;interessato comporta un impiego di mezzi che il Garante, prescrivendo eventuali misure appropriate, dichiari manifestamente sproporzionati rispetto al diritto tutelato, ovvero si riveli, a giudizio del Garante, impossibile.\u2028Trascrizione dell\u2019art. 7 (D.Lgs. 30 giugno 2003, n.196)<\/p>\n<h3><strong>2 &#8211; Diritto di accesso ai dati personali ed altri diritti<\/strong><\/h3>\n<p><strong>1<\/strong>\u00a0L&#8217;interessato ha diritto di ottenere la conferma dell&#8217;esistenza o meno di dati personali che lo riguardano, anche se non ancora registrati, e la loro comunicazione in forma intelligibile. <\/p>\n<p><strong>2<\/strong> L&#8217;interessato ha diritto di ottenere l&#8217;indicazione:<br \/>\n<strong>2.1<\/strong> dell&#8217;origine dei dati personali;<br \/>\n<strong>2.2<\/strong> delle finalit\u00e0 e modalit\u00e0 del trattamento;<br \/>\n<strong>2.3<\/strong> della logica applicata in caso di trattamento effettuato con l&#8217;ausilio di strumenti elettronici;<br \/>\n<strong>2.4<\/strong> degli estremi identificativi del titolare, dei responsabili e del rappresentante designato ai sensi dell&#8217;articolo 5, comma 2;<br \/>\n<strong>2.5<\/strong> dei soggetti o delle categorie di soggetti ai quali i dati personali possono essere comunicati o che possono venirne a conoscenza in qualit\u00e0 di rappresentante designato nel territorio dello Stato, di responsabili o incaricati. <\/p>\n<p><strong>3<\/strong> L&#8217;interessato ha diritto di ottenere:<br \/>\n<strong>3.1<\/strong> l&#8217;aggiornamento, la rettificazione ovvero, quando vi ha interesse, l&#8217;integrazione dei dati;<br \/>\n<strong>3.2<\/strong> la cancellazione, la trasformazione in forma anonima o il blocco dei dati trattati in violazione di legge, compresi quelli di cui non \u00e8 necessaria la conservazione in relazione agli scopi per i quali i dati sono stati raccolti o successivamente trattati;<br \/>\n<strong>3.3<\/strong> l&#8217;attestazione che le operazioni di cui alle lettere a) e b) sono state portate a conoscenza, anche per quanto riguarda il loro contenuto, di coloro ai quali i dati sono stati comunicati o diffusi, eccettuato il caso in cui tale adempimento si rivela impossibile o comporta un impiego di mezzi manifestamente sproporzionato rispetto al diritto tutelato. <\/p>\n<p><strong>4<\/strong> L&#8217;interessato ha diritto di opporsi, in tutto o in parte:<br \/>\n<strong>4.1<\/strong> per motivi legittimi al trattamento dei dati personali che lo riguardano, ancorch\u00e9 pertinenti allo scopo della raccolta;\u20284.2 al trattamento di dati personali che lo riguardano a fini di invio di materiale pubblicitario o di vendita diretta o per il compimento di ricerche di mercato o di comunicazione commerciale.<\/p>\n<h3><strong>3 &#8211; Sicurezza di navigazione e inserimento dati personali<\/strong><\/h3>\n<p>Per assicurare la totale sicurezza durante la navigazione e l\u2019inserimento di dati personali che precedono la transazione vera e propria, Boutique dell&#8217;Arte utilizza la tecnologia SSL (Secure Socket Layer).<br \/>\nQuesta tecnologia cifra e protegge i dati inviati tramite internet.<br \/>\nA protocollo SSL attivato , comparir\u00e0 nella parte superiore del browser un lucchetto con la barra degli indirizzi di colore verde, e cliccando si otterranno informazioni sulla registrazione del certificato digitale SSL. Inoltre, nella parte superiore del browser, l\u2019URL inizier\u00e0 con \u201chttps\u201d invece di \u201chttp\u201d, questo assicura la protezione dei dati per la pagina in cui il cliente si trova. <\/div>\n","protected":false},"excerpt":{"rendered":"","protected":false},"author":1,"featured_media":0,"parent":0,"menu_order":0,"comment_status":"closed","ping_status":"open","template":"","meta":{"footnotes":""},"class_list":["post-3","page","type-page","status-publish","hentry"],"yoast_head":"<!-- This site is optimized with the Yoast SEO plugin v28.3 - https:\/\/yoast.com\/product\/yoast-seo-wordpress\/ -->\n<title>Privacy Policy | Boutique dell&#039;Arte<\/title>\n<meta name=\"robots\" content=\"noindex, nofollow\" \/>\n<meta property=\"og:locale\" content=\"it_IT\" \/>\n<meta property=\"og:type\" content=\"article\" \/>\n<meta property=\"og:title\" content=\"Privacy Policy | Boutique dell&#039;Arte\" \/>\n<meta property=\"og:url\" content=\"https:\/\/www.boutiquedellarte.it\/it\/privacy-policy\/\" \/>\n<meta property=\"og:site_name\" content=\"Boutique dell&#039;Arte\" \/>\n<meta property=\"article:publisher\" content=\"https:\/\/www.facebook.com\/boutiquedellarte\/\" \/>\n<meta property=\"article:modified_time\" content=\"2024-10-07T13:51:59+00:00\" \/>\n<meta property=\"og:image\" content=\"https:\/\/www.boutiquedellarte.it\/wp-content\/uploads\/2025\/09\/Collezione-Donna.jpg\" \/>\n\t<meta property=\"og:image:width\" content=\"1920\" \/>\n\t<meta property=\"og:image:height\" content=\"1080\" \/>\n\t<meta property=\"og:image:type\" content=\"image\/jpeg\" \/>\n<meta name=\"twitter:card\" content=\"summary_large_image\" \/>\n<meta name=\"twitter:label1\" content=\"Tempo di lettura stimato\" \/>\n\t<meta name=\"twitter:data1\" content=\"32 minuti\" \/>\n<script type=\"application\/ld+json\" class=\"yoast-schema-graph\">{\"@context\":\"https:\\\/\\\/schema.org\",\"@graph\":[{\"@type\":\"WebPage\",\"@id\":\"https:\\\/\\\/www.boutiquedellarte.it\\\/it\\\/privacy-policy\\\/\",\"url\":\"https:\\\/\\\/www.boutiquedellarte.it\\\/it\\\/privacy-policy\\\/\",\"name\":\"Privacy Policy | Boutique dell&#039;Arte\",\"isPartOf\":{\"@id\":\"https:\\\/\\\/www.boutiquedellarte.it\\\/it\\\/#website\"},\"datePublished\":\"2019-06-25T14:35:29+00:00\",\"dateModified\":\"2024-10-07T13:51:59+00:00\",\"breadcrumb\":{\"@id\":\"https:\\\/\\\/www.boutiquedellarte.it\\\/it\\\/privacy-policy\\\/#breadcrumb\"},\"inLanguage\":\"it-IT\",\"potentialAction\":[{\"@type\":\"ReadAction\",\"target\":[\"https:\\\/\\\/www.boutiquedellarte.it\\\/it\\\/privacy-policy\\\/\"]}]},{\"@type\":\"BreadcrumbList\",\"@id\":\"https:\\\/\\\/www.boutiquedellarte.it\\\/it\\\/privacy-policy\\\/#breadcrumb\",\"itemListElement\":[{\"@type\":\"ListItem\",\"position\":1,\"name\":\"Home\",\"item\":\"https:\\\/\\\/www.boutiquedellarte.it\\\/it\\\/\"},{\"@type\":\"ListItem\",\"position\":2,\"name\":\"Privacy Policy\"}]},{\"@type\":\"WebSite\",\"@id\":\"https:\\\/\\\/www.boutiquedellarte.it\\\/it\\\/#website\",\"url\":\"https:\\\/\\\/www.boutiquedellarte.it\\\/it\\\/\",\"name\":\"Boutique dell&#039;Arte\",\"description\":\"Produzione Pellicce Italia\",\"publisher\":{\"@id\":\"https:\\\/\\\/www.boutiquedellarte.it\\\/it\\\/#organization\"},\"potentialAction\":[{\"@type\":\"SearchAction\",\"target\":{\"@type\":\"EntryPoint\",\"urlTemplate\":\"https:\\\/\\\/www.boutiquedellarte.it\\\/it\\\/?s={search_term_string}\"},\"query-input\":{\"@type\":\"PropertyValueSpecification\",\"valueRequired\":true,\"valueName\":\"search_term_string\"}}],\"inLanguage\":\"it-IT\"},{\"@type\":\"Organization\",\"@id\":\"https:\\\/\\\/www.boutiquedellarte.it\\\/it\\\/#organization\",\"name\":\"Boutique dell\u2019Arte\",\"url\":\"https:\\\/\\\/www.boutiquedellarte.it\\\/it\\\/\",\"logo\":{\"@type\":\"ImageObject\",\"inLanguage\":\"it-IT\",\"@id\":\"https:\\\/\\\/www.boutiquedellarte.it\\\/it\\\/#\\\/schema\\\/logo\\\/image\\\/\",\"url\":\"https:\\\/\\\/www.boutiquedellarte.it\\\/wp-content\\\/uploads\\\/2019\\\/10\\\/boutique-arte-logo-retina-mobile.png\",\"contentUrl\":\"https:\\\/\\\/www.boutiquedellarte.it\\\/wp-content\\\/uploads\\\/2019\\\/10\\\/boutique-arte-logo-retina-mobile.png\",\"width\":740,\"height\":80,\"caption\":\"Boutique dell\u2019Arte\"},\"image\":{\"@id\":\"https:\\\/\\\/www.boutiquedellarte.it\\\/it\\\/#\\\/schema\\\/logo\\\/image\\\/\"},\"sameAs\":[\"https:\\\/\\\/www.facebook.com\\\/boutiquedellarte\\\/\",\"https:\\\/\\\/www.instagram.com\\\/boutiquedellartefurs\\\/\"]}]}<\/script>\n<!-- \/ Yoast SEO plugin. -->","yoast_head_json":{"title":"Privacy Policy | Boutique dell&#039;Arte","robots":{"index":"noindex","follow":"nofollow"},"og_locale":"it_IT","og_type":"article","og_title":"Privacy Policy | Boutique dell&#039;Arte","og_url":"https:\/\/www.boutiquedellarte.it\/it\/privacy-policy\/","og_site_name":"Boutique dell&#039;Arte","article_publisher":"https:\/\/www.facebook.com\/boutiquedellarte\/","article_modified_time":"2024-10-07T13:51:59+00:00","og_image":[{"width":1920,"height":1080,"url":"https:\/\/www.boutiquedellarte.it\/wp-content\/uploads\/2025\/09\/Collezione-Donna.jpg","type":"image\/jpeg"}],"twitter_card":"summary_large_image","twitter_misc":{"Tempo di lettura stimato":"32 minuti"},"schema":{"@context":"https:\/\/schema.org","@graph":[{"@type":"WebPage","@id":"https:\/\/www.boutiquedellarte.it\/it\/privacy-policy\/","url":"https:\/\/www.boutiquedellarte.it\/it\/privacy-policy\/","name":"Privacy Policy | Boutique dell&#039;Arte","isPartOf":{"@id":"https:\/\/www.boutiquedellarte.it\/it\/#website"},"datePublished":"2019-06-25T14:35:29+00:00","dateModified":"2024-10-07T13:51:59+00:00","breadcrumb":{"@id":"https:\/\/www.boutiquedellarte.it\/it\/privacy-policy\/#breadcrumb"},"inLanguage":"it-IT","potentialAction":[{"@type":"ReadAction","target":["https:\/\/www.boutiquedellarte.it\/it\/privacy-policy\/"]}]},{"@type":"BreadcrumbList","@id":"https:\/\/www.boutiquedellarte.it\/it\/privacy-policy\/#breadcrumb","itemListElement":[{"@type":"ListItem","position":1,"name":"Home","item":"https:\/\/www.boutiquedellarte.it\/it\/"},{"@type":"ListItem","position":2,"name":"Privacy Policy"}]},{"@type":"WebSite","@id":"https:\/\/www.boutiquedellarte.it\/it\/#website","url":"https:\/\/www.boutiquedellarte.it\/it\/","name":"Boutique dell&#039;Arte","description":"Produzione Pellicce Italia","publisher":{"@id":"https:\/\/www.boutiquedellarte.it\/it\/#organization"},"potentialAction":[{"@type":"SearchAction","target":{"@type":"EntryPoint","urlTemplate":"https:\/\/www.boutiquedellarte.it\/it\/?s={search_term_string}"},"query-input":{"@type":"PropertyValueSpecification","valueRequired":true,"valueName":"search_term_string"}}],"inLanguage":"it-IT"},{"@type":"Organization","@id":"https:\/\/www.boutiquedellarte.it\/it\/#organization","name":"Boutique dell\u2019Arte","url":"https:\/\/www.boutiquedellarte.it\/it\/","logo":{"@type":"ImageObject","inLanguage":"it-IT","@id":"https:\/\/www.boutiquedellarte.it\/it\/#\/schema\/logo\/image\/","url":"https:\/\/www.boutiquedellarte.it\/wp-content\/uploads\/2019\/10\/boutique-arte-logo-retina-mobile.png","contentUrl":"https:\/\/www.boutiquedellarte.it\/wp-content\/uploads\/2019\/10\/boutique-arte-logo-retina-mobile.png","width":740,"height":80,"caption":"Boutique dell\u2019Arte"},"image":{"@id":"https:\/\/www.boutiquedellarte.it\/it\/#\/schema\/logo\/image\/"},"sameAs":["https:\/\/www.facebook.com\/boutiquedellarte\/","https:\/\/www.instagram.com\/boutiquedellartefurs\/"]}]}},"_links":{"self":[{"href":"https:\/\/www.boutiquedellarte.it\/it\/wp-json\/wp\/v2\/pages\/3","targetHints":{"allow":["GET"]}}],"collection":[{"href":"https:\/\/www.boutiquedellarte.it\/it\/wp-json\/wp\/v2\/pages"}],"about":[{"href":"https:\/\/www.boutiquedellarte.it\/it\/wp-json\/wp\/v2\/types\/page"}],"author":[{"embeddable":true,"href":"https:\/\/www.boutiquedellarte.it\/it\/wp-json\/wp\/v2\/users\/1"}],"replies":[{"embeddable":true,"href":"https:\/\/www.boutiquedellarte.it\/it\/wp-json\/wp\/v2\/comments?post=3"}],"version-history":[{"count":2,"href":"https:\/\/www.boutiquedellarte.it\/it\/wp-json\/wp\/v2\/pages\/3\/revisions"}],"predecessor-version":[{"id":3480,"href":"https:\/\/www.boutiquedellarte.it\/it\/wp-json\/wp\/v2\/pages\/3\/revisions\/3480"}],"wp:attachment":[{"href":"https:\/\/www.boutiquedellarte.it\/it\/wp-json\/wp\/v2\/media?parent=3"}],"curies":[{"name":"wp","href":"https:\/\/api.w.org\/{rel}","templated":true}]}}